{"id":20,"date":"2016-11-17T08:55:42","date_gmt":"2016-11-17T07:55:42","guid":{"rendered":"http:\/\/blog.u-bourgogne.fr\/recherche-translationnelle-cancerologie\/?page_id=20"},"modified":"2019-10-29T21:02:16","modified_gmt":"2019-10-29T20:02:16","slug":"modalites","status":"publish","type":"page","link":"https:\/\/blog.ube.fr\/recherche-translationnelle-cancerologie\/modalites\/","title":{"rendered":"Modalit\u00e9s"},"content":{"rendered":"<p>La formation consiste en un module de 38 heures regroup\u00e9es sur une semaine, organis\u00e9 sous forme de cours et de d\u00e9bats.<\/p>\n<p>Les cours et les d\u00e9bats ont pour objectif de faire comprendre par les sp\u00e9cialistes de diff\u00e9rentes disciplines la d\u00e9marche et les imp\u00e9ratifs de leur recherche aux professionnels d&#8217;autres disciplines ou aux \u00e9tudiants. Des d\u00e9bats sont organis\u00e9s entre des praticiens de diff\u00e9rentes disciplines, des patients et les \u00e9tudiants, pour traiter de sujets multidisciplinaires.<\/p>\n<p>La <strong>formation sera dispens\u00e9e<\/strong> \u00e0 <strong>Dijon<\/strong> du <strong>16 au 20 mars 2020<\/strong>. Vous pouvez d&#8217;ores et d\u00e9j\u00e0 consulter le programme.<\/p>\n<table border=\"0\" cellspacing=\"20\" cellpadding=\"0\" align=\"center\">\n<tbody>\n<tr>\n<td valign=\"middle\"><img loading=\"lazy\" decoding=\"async\" class=\"aligncenter\" src=\"http:\/\/blog.ube.fr\/recherche-translationnelle-cancerologie\/wp-content\/uploads\/sites\/66\/2016\/12\/ubfc.png\" width=\"155\" height=\"82\" \/><\/td>\n<td valign=\"middle\" width=\"50\"><\/td>\n<td valign=\"middle\"><img loading=\"lazy\" decoding=\"async\" src=\"http:\/\/blog.ube.fr\/recherche-translationnelle-cancerologie\/wp-content\/uploads\/sites\/66\/2016\/12\/logo-psl.png\" width=\"155\" height=\"83\" \/><\/td>\n<td valign=\"middle\" width=\"50\"><\/td>\n<td valign=\"middle\"><img loading=\"lazy\" decoding=\"async\" class=\"aligncenter\" src=\"http:\/\/blog.ube.fr\/recherche-translationnelle-cancerologie\/wp-content\/uploads\/sites\/66\/2017\/12\/canceropole.png\" width=\"160\" height=\"47\" \/><span id=\"transmark\" style=\"width: 0px;height: 0px\"><\/span><\/td>\n<\/tr>\n<\/tbody>\n<\/table>\n<p>&nbsp;<\/p>\n","protected":false},"excerpt":{"rendered":"<p>La formation consiste en un module de 38 heures regroup\u00e9es sur une semaine, organis\u00e9 sous forme de cours et de d\u00e9bats. Les cours et les d\u00e9bats ont pour objectif de faire comprendre par les sp\u00e9cialistes de diff\u00e9rentes disciplines la d\u00e9marche et les imp\u00e9ratifs de leur recherche aux professionnels d&#8217;autres disciplines ou aux \u00e9tudiants. Des d\u00e9bats<\/p>\n<p><a class=\"button\" href=\"https:\/\/blog.ube.fr\/recherche-translationnelle-cancerologie\/modalites\/\" title=\"More\">  Voir plus \u2192<\/a><\/p>\n","protected":false},"author":260,"featured_media":0,"parent":0,"menu_order":0,"comment_status":"closed","ping_status":"closed","template":"","meta":{"footnotes":""},"class_list":["post-20","page","type-page","status-publish","hentry"],"_links":{"self":[{"href":"https:\/\/blog.ube.fr\/recherche-translationnelle-cancerologie\/wp-json\/wp\/v2\/pages\/20","targetHints":{"allow":["GET"]}}],"collection":[{"href":"https:\/\/blog.ube.fr\/recherche-translationnelle-cancerologie\/wp-json\/wp\/v2\/pages"}],"about":[{"href":"https:\/\/blog.ube.fr\/recherche-translationnelle-cancerologie\/wp-json\/wp\/v2\/types\/page"}],"author":[{"embeddable":true,"href":"https:\/\/blog.ube.fr\/recherche-translationnelle-cancerologie\/wp-json\/wp\/v2\/users\/260"}],"replies":[{"embeddable":true,"href":"https:\/\/blog.ube.fr\/recherche-translationnelle-cancerologie\/wp-json\/wp\/v2\/comments?post=20"}],"version-history":[{"count":13,"href":"https:\/\/blog.ube.fr\/recherche-translationnelle-cancerologie\/wp-json\/wp\/v2\/pages\/20\/revisions"}],"predecessor-version":[{"id":203,"href":"https:\/\/blog.ube.fr\/recherche-translationnelle-cancerologie\/wp-json\/wp\/v2\/pages\/20\/revisions\/203"}],"wp:attachment":[{"href":"https:\/\/blog.ube.fr\/recherche-translationnelle-cancerologie\/wp-json\/wp\/v2\/media?parent=20"}],"curies":[{"name":"wp","href":"https:\/\/api.w.org\/{rel}","templated":true}]}}