{"id":104,"date":"2016-12-07T10:05:12","date_gmt":"2016-12-07T09:05:12","guid":{"rendered":"http:\/\/blog.u-bourgogne.fr\/recherche-translationnelle-cancerologie\/?page_id=104"},"modified":"2020-03-09T11:29:46","modified_gmt":"2020-03-09T10:29:46","slug":"programme","status":"publish","type":"page","link":"https:\/\/blog.ube.fr\/recherche-translationnelle-cancerologie\/programme\/","title":{"rendered":"Programme"},"content":{"rendered":"<h3><strong><img loading=\"lazy\" decoding=\"async\" class=\"alignnone\" src=\"http:\/\/blog.ube.fr\/recherche-translationnelle-cancerologie\/wp-content\/uploads\/sites\/66\/2016\/12\/calendar.png\" alt=\"calendrier\" width=\"48\" height=\"48\" \/> Du 16 au 20 mars 2020 , UFR des Sciences de Sant\u00e9, Dijon<span id=\"transmark\" style=\"width: 0px;height: 0px\"><\/span><\/strong><\/h3>\n<p style=\"text-align: left\"><em> UFR des Sciences de Sant\u00e9, 7 Boulevard Jeanne d\u2019Arc, Dijon<\/em><\/p>\n<hr \/>\n<p><strong>Lundi 16 mars<br \/>\n<\/strong><\/p>\n<p style=\"padding-left: 30px\">9h \u2013 11h Aspects fondamentaux des cancers, application \u00e0 la RTC, <em>C. Paul<\/em><\/p>\n<p style=\"padding-left: 30px\">11h \u2013 13h Sociologie et RTC, <em>N. Amsellem<br \/>\n<\/em><\/p>\n<p style=\"padding-left: 30px\">14h\u00a0\u2013 16h <strong>D\u00e9bat<\/strong>: Qu&#8217;est-ce que la recherche fondamentale, pr\u00e9clinique, clinique, translationnelle? <em>L. Dubrez, N. Isambert, N. Amsellem, B. Gibert<br \/>\n<\/em><\/p>\n<p style=\"padding-left: 30px\">16h \u2013 18h Traitement des cancers (hors chirurgie), <em>N. Isambert<\/em><\/p>\n<hr \/>\n<p><strong>Mardi 17 mars<br \/>\n<\/strong><\/p>\n<p style=\"padding-left: 30px\">9h \u2013 11h Essais cliniques, m\u00e9thodologie et RTC , <em>M. Bardou<br \/>\n<\/em><\/p>\n<p style=\"padding-left: 30px\">11h \u2013 13h Diff\u00e9rentes approches de la RTC<em>, S. Besle<\/em><\/p>\n<p style=\"padding-left: 30px\">14h \u2013 16h\u00a0 <strong>D\u00e9bat<\/strong> : Qu&#8217;est-ce qu&#8217;un cancer, un traitement, un essai clinique pour un patient, un clinicien, un biologiste, un \u00e9conomiste? <em>G. Berger, JD. Fumet, AG. Le-Corroller, A. Paldi<br \/>\n<\/em><\/p>\n<p style=\"padding-left: 30px\">16h \u2013 18h\u00a0 Chirurgie des cancers et RTC<em>, D. Orry<br \/>\n<\/em><\/p>\n<hr \/>\n<p><strong>Mercredi 18 mars<br \/>\n<\/strong><\/p>\n<p style=\"padding-left: 30px\">9h \u2013 11h \u00c9pid\u00e9miologie des cancers et RTC, <em>D. Dabakuyo<\/em><\/p>\n<p style=\"padding-left: 30px\">11h \u2013 13h Montage d\u2019un projet en RTC, C. Paul<em><br \/>\n<\/em><\/p>\n<p style=\"padding-left: 30px\">14h \u2013 16h <strong>D\u00e9bat<\/strong> : Qu&#8217;est-ce la pr\u00e9vention des cancers (susceptibilit\u00e9, risque, facteurs environnementaux, d\u00e9pistage&#8230;)? <em>S. Manfredi<\/em><em><strong>, <\/strong>I. Millot, S. Gomez<br \/>\n<\/em><\/p>\n<p style=\"padding-left: 30px\">16h \u2013 18h Application dans la pratique des r\u00e9sultats de la RTC, <em>E Limagne<br \/>\n<\/em><\/p>\n<hr \/>\n<p><strong>Jeudi 19 mars<br \/>\n<\/strong><\/p>\n<p style=\"padding-left: 30px\">9h \u2013 11h Soins palliatifs et RTC, <em>G. Economos<br \/>\n<\/em><\/p>\n<p style=\"padding-left: 30px\">11h \u2013 13h Ethique et RTC \/ Pr\u00e9sentation d\u2018un projet de RTC, <em>NJ. Mazen\/C. Paul<\/em><\/p>\n<p style=\"padding-left: 30px\">14h \u2013 16h <strong>D\u00e9bat<\/strong> : Les \u00e9changes Recherche \/ Industrie et RTC,F. Boschetti, <em>C. Berthet, C. Paul, F. Denat<br \/>\n<\/em><\/p>\n<p style=\"padding-left: 30px\">16h \u2013 18h Apports respectifs \u00e9conomie de la sant\u00e9 \/ RTC, <em>C. Lejeune<\/em><\/p>\n<hr \/>\n<p><strong>Vendredi 20 mars<br \/>\n<\/strong><\/p>\n<p style=\"padding-left: 30px\">9h \u2013 11h Chimie et RTC, <em>D. Monchaud<\/em><\/p>\n<p style=\"padding-left: 30px\">11h \u2013 13 h Chronobiologie et chronoth\u00e9rapie des cancers et RTC, <em>S. Dulong<\/em><\/p>\n<p style=\"padding-left: 30px\">14h \u2013 16h Psycho-oncologie et RTC,\u00a0<em>L. Montalescot<\/em><\/p>\n<p style=\"padding-left: 30px\">16h \u2013 18h Examen, <em>C. Paul<\/em><\/p>\n<p>&nbsp;<\/p>\n<p style=\"text-align: center\"><a href=\"http:\/\/blog.ube.fr\/recherche-translationnelle-cancerologie\/wp-content\/uploads\/sites\/66\/2020\/03\/ProgrammeRTC.pdf\" target=\"_blank\" rel=\"noopener noreferrer\"><img loading=\"lazy\" decoding=\"async\" class=\"transparent aligncenter\" src=\"\/\/blog.ube.fr\/recherche-translationnelle-cancerologie\/wp-content\/uploads\/sites\/66\/2016\/12\/calendar.png\" alt=\"png\" width=\"50\" height=\"50\" \/><\/a><\/p>\n<table border=\"0\" cellspacing=\"20\" cellpadding=\"0\" align=\"center\">\n<tbody>\n<tr>\n<td valign=\"middle\"><img loading=\"lazy\" decoding=\"async\" class=\"aligncenter\" src=\"http:\/\/blog.ube.fr\/recherche-translationnelle-cancerologie\/wp-content\/uploads\/sites\/66\/2016\/12\/ubfc.png\" width=\"155\" height=\"82\" \/><\/td>\n<td valign=\"middle\" width=\"50\"><\/td>\n<td valign=\"middle\"><img loading=\"lazy\" decoding=\"async\" src=\"http:\/\/blog.ube.fr\/recherche-translationnelle-cancerologie\/wp-content\/uploads\/sites\/66\/2016\/12\/logo-psl.png\" width=\"155\" height=\"83\" \/><\/td>\n<td valign=\"middle\" width=\"50\"><\/td>\n<td valign=\"middle\"><img loading=\"lazy\" decoding=\"async\" class=\"aligncenter\" src=\"http:\/\/blog.ube.fr\/recherche-translationnelle-cancerologie\/wp-content\/uploads\/sites\/66\/2017\/12\/canceropole.png\" width=\"160\" height=\"47\" \/><\/td>\n<\/tr>\n<\/tbody>\n<\/table>\n","protected":false},"excerpt":{"rendered":"<p>Du 16 au 20 mars 2020 , UFR des Sciences de Sant\u00e9, Dijon UFR des Sciences de Sant\u00e9, 7 Boulevard Jeanne d\u2019Arc, Dijon Lundi 16 mars 9h \u2013 11h Aspects fondamentaux des cancers, application \u00e0 la RTC, C. Paul 11h \u2013 13h Sociologie et RTC, N. Amsellem 14h\u00a0\u2013 16h D\u00e9bat: Qu&#8217;est-ce que la recherche fondamentale,<\/p>\n<p><a class=\"button\" href=\"https:\/\/blog.ube.fr\/recherche-translationnelle-cancerologie\/programme\/\" title=\"More\">  Voir plus \u2192<\/a><\/p>\n","protected":false},"author":260,"featured_media":0,"parent":0,"menu_order":0,"comment_status":"closed","ping_status":"closed","template":"","meta":{"footnotes":""},"class_list":["post-104","page","type-page","status-publish","hentry"],"_links":{"self":[{"href":"https:\/\/blog.ube.fr\/recherche-translationnelle-cancerologie\/wp-json\/wp\/v2\/pages\/104","targetHints":{"allow":["GET"]}}],"collection":[{"href":"https:\/\/blog.ube.fr\/recherche-translationnelle-cancerologie\/wp-json\/wp\/v2\/pages"}],"about":[{"href":"https:\/\/blog.ube.fr\/recherche-translationnelle-cancerologie\/wp-json\/wp\/v2\/types\/page"}],"author":[{"embeddable":true,"href":"https:\/\/blog.ube.fr\/recherche-translationnelle-cancerologie\/wp-json\/wp\/v2\/users\/260"}],"replies":[{"embeddable":true,"href":"https:\/\/blog.ube.fr\/recherche-translationnelle-cancerologie\/wp-json\/wp\/v2\/comments?post=104"}],"version-history":[{"count":28,"href":"https:\/\/blog.ube.fr\/recherche-translationnelle-cancerologie\/wp-json\/wp\/v2\/pages\/104\/revisions"}],"predecessor-version":[{"id":245,"href":"https:\/\/blog.ube.fr\/recherche-translationnelle-cancerologie\/wp-json\/wp\/v2\/pages\/104\/revisions\/245"}],"wp:attachment":[{"href":"https:\/\/blog.ube.fr\/recherche-translationnelle-cancerologie\/wp-json\/wp\/v2\/media?parent=104"}],"curies":[{"name":"wp","href":"https:\/\/api.w.org\/{rel}","templated":true}]}}