{"id":76,"date":"2014-12-16T14:47:14","date_gmt":"2014-12-16T13:47:14","guid":{"rendered":"http:\/\/blog.u-bourgogne.fr\/mastert2m\/?page_id=76"},"modified":"2026-01-18T20:19:56","modified_gmt":"2026-01-18T19:19:56","slug":"documents","status":"publish","type":"page","link":"https:\/\/blog.ube.fr\/mastert2m-en\/documents\/","title":{"rendered":"Documents"},"content":{"rendered":"<h3 style=\"text-align: justify;\">Pr\u00e9sentation du Master :<\/h3>\n<ul style=\"text-align: justify;\">\n<li><a href=\"https:\/\/blog.ube.fr\/mastert2m\/wp-content\/uploads\/sites\/12\/2020\/09\/fm-traduction-interpretation.pdf\" target=\"_blank\" rel=\"noopener noreferrer\">Fiche mention (version 2020-21)<\/a><\/li>\n<li><a href=\"http:\/\/blog.ube.fr\/mastert2m\/?p=914\" target=\"_blank\" rel=\"noopener noreferrer\">Pr\u00e9sentation de la formation<\/a><\/li>\n<li><a title=\"Fiche fili\u00e8re M1 T2M\" href=\"https:\/\/langues-communication.u-bourgogne.fr\/wp-content\/uploads\/2021\/01\/T2M1_2020_080320.pdf\" target=\"_blank\" rel=\"noopener noreferrer\">Fiche fili\u00e8re M1<\/a><\/li>\n<li>Fiches fili\u00e8re M2 :\n<ul>\n<li><a href=\"https:\/\/langues-communication.u-bourgogne.fr\/wp-content\/uploads\/2021\/01\/T2M2_STAGE_090320.pdf\">M2 option stage<\/a><\/li>\n<li><a href=\"https:\/\/langues-communication.u-bourgogne.fr\/wp-content\/uploads\/2021\/01\/T2M2_ALTERNANT_professionnalisation_080320.pdf\">M2 parcours alternant &#8211; contrat de professionalisation<\/a><\/li>\n<li><a href=\"https:\/\/langues-communication.u-bourgogne.fr\/wp-content\/uploads\/2021\/01\/T2M2_ALTERNANT_apprentissage_080320.pdf\">M2 parcours alternant &#8211; contrat d&#8217;apprentissage<\/a><\/li>\n<\/ul>\n<\/li>\n<\/ul>\n<h3 style=\"text-align: justify;\">Stages :<\/h3>\n<ul style=\"text-align: justify;\">\n<li><a href=\"http:\/\/blog.ube.fr\/mastert2m\/?p=911\">M\u00e9mo stages<\/a>, vad\u00e9m\u00e9cum concernant la recherche et le d\u00e9roulement d&#8217;un stage, les bourses, etc.<\/li>\n<li><a href=\"https:\/\/blog.ube.fr\/mastert2m\/wp-content\/uploads\/sites\/12\/2019\/12\/NotesDeStage_T2M1_2019-20.pdf\">Consignes de r\u00e9daction M1<\/a> (mises \u00e0 jour pour 2019-20)<\/li>\n<li><a href=\"https:\/\/blog.ube.fr\/mastert2m\/wp-content\/uploads\/sites\/12\/2020\/03\/NotesDeStage_T2M2_2019-20.pdf\" target=\"_blank\" rel=\"noopener noreferrer\">Consignes de r\u00e9daction M2<\/a>\u00a0(mises \u00e0 jour pour 2019-20)<\/li>\n<li>Conventions de stage : contacter le <a href=\"mailto:olivier.crochemore-delon@u-bourgogne.fr\">correspondant administratif<\/a> ou votre responsable p\u00e9dagogique. Attention, le contexte du d\u00e9confinement n\u00e9cessite une proc\u00e9dure sp\u00e9cifique !<\/li>\n<li>Documents \u00e0 faire remplir par l&#8217;entreprise:\n<ul>\n<li>Attestation de stage (<a href=\"http:\/\/blog.ube.fr\/mastert2m\/?p=448\" target=\"_blank\" rel=\"noopener noreferrer\">version fran\u00e7aise<\/a> &#8211; <a href=\"http:\/\/blog.ube.fr\/mastert2m\/?p=447\" target=\"_blank\" rel=\"noopener noreferrer\">version anglaise<\/a>)<\/li>\n<li>Fiche d&#8217;\u00e9valuation (<a href=\"http:\/\/blog.ube.fr\/mastert2m\/?p=662\">version fran\u00e7aise<\/a> &#8211; <a href=\"http:\/\/blog.ube.fr\/mastert2m\/?p=663\">version anglaise<\/a> &#8211; <a href=\"http:\/\/blog.ube.fr\/mastert2m\/?p=660\">version allemande<\/a> &#8211; <a href=\"http:\/\/blog.ube.fr\/mastert2m\/?p=661\">version espagnole<\/a> &#8211; <a href=\"http:\/\/blog.ube.fr\/mastert2m\/?p=664\">version italienne<\/a>)<\/li>\n<\/ul>\n<\/li>\n<\/ul>\n<h3 style=\"text-align: justify;\">Alternance :<\/h3>\n<ul style=\"text-align: justify;\">\n<li><a href=\"http:\/\/blog.ube.fr\/mastert2m\/wp-content\/uploads\/sites\/12\/2019\/05\/calendrier-2019-2020-M2-T2M.pdf\">Calendrier alternance\u00a0<\/a><\/li>\n<li><a href=\"http:\/\/sefca.u-bourgogne.fr\/images\/stories\/stories\/docs\/plaquette-Alternance-MAJ2019.pdf\">D\u00e9pliant sur l&#8217;alternance \u00e0 l&#8217;UB<\/a> et <a href=\"http:\/\/sefca.u-bourgogne.fr\/images\/stories\/Images\/alternance\/Guide_Pratique_Alternance_Oct_2017.pdf\">Guide pratique de l&#8217;alternance<\/a>.<\/li>\n<li>Pour d&#8217;autres documents utiles, voir le site du <a href=\"http:\/\/sefca.u-bourgogne.fr\/infos-pratiques.html\" target=\"_blank\" rel=\"noopener noreferrer\">SEFCA<\/a>.<\/li>\n<\/ul>\n<h3 style=\"text-align: justify;\">Taxe d&#8217;apprentissage :<\/h3>\n<ul>\n<li style=\"text-align: justify;\"><a href=\"http:\/\/blog.ube.fr\/mastert2m\/wp-content\/uploads\/sites\/12\/2014\/12\/flyer-taxe-T2M-FINAL.pdf\">Taxe d&#8217;apprentissage &#8211; plaquette<\/a><\/li>\n<li style=\"text-align: justify;\"><a href=\"http:\/\/blog.ube.fr\/mastert2m\/wp-content\/uploads\/sites\/12\/2014\/12\/lettre-T2M-taxe-2017_2.pdf\">Taxe d&#8217;apprentissage &#8211; lettre aux entreprises<\/a><\/li>\n<\/ul>\n","protected":false},"excerpt":{"rendered":"<p>Pr\u00e9sentation du Master : Fiche mention (version 2020-21) Pr\u00e9sentation de la formation Fiche fili\u00e8re M1 Fiches fili\u00e8re M2 : M2 option stage M2 parcours alternant &#8211; contrat de professionalisation M2 parcours alternant &#8211; contrat d&#8217;apprentissage Stages : M\u00e9mo stages, vad\u00e9m\u00e9cum concernant la recherche et le d\u00e9roulement d&#8217;un stage, les bourses, etc. Consignes de r\u00e9daction M1&hellip;<\/p>\n<p class=\"more-link-p\"><a class=\"btn btn-primary\" href=\"https:\/\/blog.ube.fr\/mastert2m-en\/documents\/\">Voir plus &rarr;<\/a><\/p>\n","protected":false},"author":23,"featured_media":0,"parent":0,"menu_order":0,"comment_status":"open","ping_status":"open","template":"","meta":{"_exactmetrics_skip_tracking":false,"_exactmetrics_sitenote_active":false,"_exactmetrics_sitenote_note":"","_exactmetrics_sitenote_category":0,"footnotes":""},"class_list":["post-76","page","type-page","status-publish","hentry"],"_links":{"self":[{"href":"https:\/\/blog.ube.fr\/mastert2m-en\/wp-json\/wp\/v2\/pages\/76","targetHints":{"allow":["GET"]}}],"collection":[{"href":"https:\/\/blog.ube.fr\/mastert2m-en\/wp-json\/wp\/v2\/pages"}],"about":[{"href":"https:\/\/blog.ube.fr\/mastert2m-en\/wp-json\/wp\/v2\/types\/page"}],"author":[{"embeddable":true,"href":"https:\/\/blog.ube.fr\/mastert2m-en\/wp-json\/wp\/v2\/users\/23"}],"replies":[{"embeddable":true,"href":"https:\/\/blog.ube.fr\/mastert2m-en\/wp-json\/wp\/v2\/comments?post=76"}],"version-history":[{"count":13,"href":"https:\/\/blog.ube.fr\/mastert2m-en\/wp-json\/wp\/v2\/pages\/76\/revisions"}],"predecessor-version":[{"id":462,"href":"https:\/\/blog.ube.fr\/mastert2m-en\/wp-json\/wp\/v2\/pages\/76\/revisions\/462"}],"wp:attachment":[{"href":"https:\/\/blog.ube.fr\/mastert2m-en\/wp-json\/wp\/v2\/media?parent=76"}],"curies":[{"name":"wp","href":"https:\/\/api.w.org\/{rel}","templated":true}]}}