{"id":659,"date":"2017-12-07T14:44:26","date_gmt":"2017-12-07T13:44:26","guid":{"rendered":"http:\/\/blog.u-bourgogne.fr\/master-nutrition-sante\/?page_id=659"},"modified":"2026-04-08T08:24:25","modified_gmt":"2026-04-08T06:24:25","slug":"actualites-3","status":"publish","type":"page","link":"https:\/\/blog.ube.fr\/master-nutrition-sante\/actualites-3\/","title":{"rendered":"Actualit\u00e9s"},"content":{"rendered":"<div class=\"xdj266r x14z9mp xat24cr x1lziwak x1vvkbs x126k92a\">\n<h2>Offre d&#8217;alternance en R&amp;D du 03 Avril 2026<\/h2>\n<p>Veuillez trouver cette offre d&#8217;alternance chez Yoplait au lien suivant: <a href=\"https:\/\/fa-epmr-saasfaprod1.fa.ocs.oraclecloud.com\/hcmUI\/CandidateExperience\/fr\/sites\/Sodiaal-nous-rejoindre\/job\/845\/?utm_medium=jobshare&amp;utm_source=External+Job+Share\" target=\"_blank\" rel=\"noopener\">R&amp;D YOPLAIT<\/a><\/p>\n<h2><img loading=\"lazy\" decoding=\"async\" class=\"\" src=\"http:\/\/blog.ube.fr\/master-nutrition-sante\/wp-content\/uploads\/sites\/70\/2026\/04\/Diapositive1.jpg\" alt=\"\" width=\"634\" height=\"357\" \/><\/h2>\n<hr \/>\n<h2>Offre d&#8217;alternance en R&amp;D du 01 Avril 2026<\/h2>\n<p>Veuillez trouver cette offre au lien suivant: <a href=\"http:\/\/blog.ube.fr\/master-nutrition-sante\/wp-content\/uploads\/sites\/70\/2026\/04\/Alternance-RD-ERHARD.jpg\" target=\"_blank\" rel=\"noopener\">R&amp;D ERHARD<\/a><\/p>\n<p><img loading=\"lazy\" decoding=\"async\" class=\"\" src=\"http:\/\/blog.ube.fr\/master-nutrition-sante\/wp-content\/uploads\/sites\/70\/2026\/04\/Alternance-RD-ERHARD.jpg\" alt=\"\" width=\"643\" height=\"929\" \/><\/p>\n<hr \/>\n<h2>Offre d&#8217;alternance \u00e0 ne pas manquer en pr\u00e9vention !<\/h2>\n<p><img decoding=\"async\" src=\"Janvier 2026\u00a0 : Les bons r\u00e9flexes pour bien vieillir !\" alt=\"\" \/>Veuillez trouver cette offre au lien suivant: <a href=\"http:\/\/blog.ube.fr\/master-nutrition-sante\/wp-content\/uploads\/sites\/70\/2026\/04\/Alternance-DDC-Restauration-Collective.jpg\" target=\"_blank\" rel=\"noopener\">DDC Restauration Collective<\/a><\/p>\n<h2><img loading=\"lazy\" decoding=\"async\" class=\"\" src=\"http:\/\/blog.ube.fr\/master-nutrition-sante\/wp-content\/uploads\/sites\/70\/2026\/04\/Alternance-DDC-Restauration-Collective.jpg\" alt=\"\" width=\"1193\" height=\"671\" \/><img decoding=\"async\" class=\"aligncenter\" src=\"http:\/\/blog.ube.fr\/master-nutrition-sante\/wp-content\/uploads\/sites\/70\/2026\/04\/DirectionDIRECTION-DES-COLLEGES1.pdf\" alt=\"\" \/><\/h2>\n<hr \/>\n<h2>Janvier 2026\u00a0 : Les bons r\u00e9flexes pour bien vieillir !<\/h2>\n<p>Les \u00e9tudiants du Master 2 Nutrition Sant\u00e9 de l\u2019Universit\u00e9 Bourgogne Europe ont eu l&#8217;opportunit\u00e9 de mener un projet concret autour du bien vieillir, en collaboration avec la Carsat Bourgogne Franche-Comt\u00e9, la FAPA Seniors 21 &#8211; F\u00e9d\u00e9ration d&#8217;Actions de Pr\u00e9vention pour l&#8217;Autonomie.<\/p>\n<p>\u00c0 travers trois journ\u00e9es d\u2019ateliers, Linda et Lucas ont eu l\u2019occasion d\u2019\u00e9changer et de mettre en pratique leurs connaissances au contact de seniors et de jeunes retrait\u00e9s. Lors de chaque journ\u00e9e, ils ont anim\u00e9 des ateliers ludiques et interactifs, mettant en lumi\u00e8re le r\u00f4le essentiel de la nutrition et de l\u2019activit\u00e9 physique dans le maintien de la sant\u00e9, de l\u2019autonomie et de la qualit\u00e9 de vie avec l\u2019avanc\u00e9e en \u00e2ge.<\/p>\n<p>Ce projet interdisciplinaire a permis de conjuguer savoirs scientifiques, pr\u00e9vention et actions de terrain, tout en favorisant de riches \u00e9changes interg\u00e9n\u00e9rationnels. Une exp\u00e9rience \u00e0 la fois professionnalisante et engag\u00e9e, au service de la promotion de la sant\u00e9 et du bien vieillir.<\/p>\n<hr \/>\n<\/div>\n<div class=\"x14z9mp xat24cr x1lziwak x1vvkbs xtlvy1s x126k92a\">\n<div dir=\"auto\">\n<h2>D\u00e9cembre 2025 : Pr\u00e9vention nutritionnelle et sportive : retour sur le projet de terrain<\/h2>\n<p>Atelier \u00ab La nutrition au service de la performance f\u00e9minine \u00bb lors du tournoi futsal U18 f\u00e9minin \u00e0 Gevrey-Chambertin avec comme public cible les U14-U19 d\u2019\u00e9quipes f\u00e9minines de football (80 participantes).<\/p>\n<p>Dans le cadre \u00e0 la fois du Programme \u00c9ducatif F\u00e9d\u00e9ral (PEF) de la FFF &#8211; F\u00e9d\u00e9ration Fran\u00e7aise de Football et du dispositif &#8220;Toutes Foot&#8221;, une action de pr\u00e9vention nutritionnelle associant information, pr\u00e9vention et participation active des sportives au service de la performance et de la sant\u00e9 \u00e0 long terme, a \u00e9t\u00e9 men\u00e9e aupr\u00e8s d\u2019\u00e9quipes f\u00e9minines de football par Louna et Pierrick, dans le cadre de leur projet de terrain. Cette intervention avait pour objectif de sensibiliser les joueuses au r\u00f4le essentiel de l\u2019alimentation dans la r\u00e9gulation de la glyc\u00e9mie et son impact direct sur la performance sportive.<\/p>\n<p>Le choix de cette th\u00e9matique repose sur l\u2019importance du glucose, principal substrat \u00e9nerg\u00e9tique lors des efforts intermittents et r\u00e9p\u00e9t\u00e9s, caract\u00e9ristiques du football. L\u2019action s\u2019est d\u00e9roul\u00e9e en deux temps. Une premi\u00e8re partie th\u00e9orique a permis de pr\u00e9senter les notions de glyc\u00e9mie, d\u2019indice glyc\u00e9mique et leurs impacts physiologiques. Nos \u00e9tudiants ont expliqu\u00e9 le r\u00f4le des glucides dans l\u2019organisme et les effets des aliments \u00e0 indice glyc\u00e9mique \u00e9lev\u00e9 ou bas sur l\u2019\u00e9nergie, la r\u00e9cup\u00e9ration et la performance, en s\u2019appuyant sur des bases scientifiques accessibles et adapt\u00e9es au public. Dans un second temps, un atelier participatif a \u00e9t\u00e9 propos\u00e9 afin de favoriser l\u2019appropriation des connaissances. Les joueuses ont ensuite travaill\u00e9 en groupe \u00e0 la construction d\u2019un petit-d\u00e9jeuner et d\u2019un d\u00e9jeuner \u00e9quilibr\u00e9s visant \u00e0 maintenir une glyc\u00e9mie stable.<\/p>\n<\/div>\n<\/div>\n<hr \/>\n<h2>03\/09\/2025 &#8211; 16\u00e8me \u00e9dition du Colloque Nutrition Sant\u00e9 : \u00ab Nutrition, Sant\u00e9 et Performance en Sports d\u2019Endurance : De l\u2019Amateur \u00e0 l\u2019Athl\u00e8te de Haut Niveau \u00bb<\/h2>\n<p>Cette anne\u0301e, notre 16\u00e8me \u00e9dition aura pour the\u0300me : \u201cNutrition, Sant\u00e9 et Performance en Sports d\u2019Endurance : De l\u2019Amateur \u00e0 l\u2019Athl\u00e8te de Haut Niveau\u201d et se tiendra le 3 septembre 2025 au po\u0302le AAFE de l\u2019Universite\u0301 de Bourgogne. L\u2019objectif de ce colloque est de poser les bases d\u2019une alimentation adapte\u0301e aux besoins des sportifs, qu\u2019ils soient amateurs ou athle\u0300tes de haut niveau, tout en e\u0301veillant la curiosite\u0301 autour des innovations actuelles en nutrition sportive. Ce moment de rencontre et d\u2019e\u0301change re\u0301unira scientifiques et professionnels spe\u0301cialise\u0301s dans ce domaine. Le projet s\u2019adresse aux e\u0301tudiants en Master 1 et 2 Nutrition Sante\u0301, ainsi qu\u2019a\u0300 d\u2019autres e\u0301tudiants inte\u0301resse\u0301s par le sujet, tels que les e\u0301tudiants en STAPS, ou de l\u2019UFR sante\u0301, ainsi qu\u2019aux enseignants de l\u2019universite\u0301 et au grand public.<\/p>\n<p><a href=\"http:\/\/blog.ube.fr\/master-nutrition-sante\/wp-content\/uploads\/sites\/70\/2025\/05\/Affiche-Colloque-Nutrition-Sante-2025-3-scaled.jpg\" target=\"_blank\" rel=\"noopener\"><img loading=\"lazy\" decoding=\"async\" class=\"aligncenter\" title=\"http:\/\/blog.ube.fr\/master-nutrition-sante\/wp-content\/uploads\/sites\/70\/2025\/05\/Affiche-Colloque-Nutrition-Sante-2025-3-scaled.jpg\" src=\"http:\/\/blog.ube.fr\/master-nutrition-sante\/wp-content\/uploads\/sites\/70\/2025\/05\/Affiche-Colloque-Nutrition-Sante-2025-3-scaled.jpg\" alt=\"\" width=\"384\" height=\"543\" \/><\/a><\/p>\n<hr \/>\n<h2>Formation action courte \u00ab Nutrition et Vieillissement \u00bb \u2013 10, 11 et 12\/02\/2025<\/h2>\n<p>Le Master 2 Nutrition Sant\u00e9 reconduit sa formation courte les 10, 11 et 12 f\u00e9vrier prochain \u00ab Nutrition et vieillissement : mieux connaitre les effets du vieillissement pour agir pr\u00e9cocement et efficacement \u00bb<\/p>\n<p>Public vis\u00e9 : m\u00e9decins et \u00e9tudiants en m\u00e9decine de 2\u00e8me et 3\u00e8me cycle, pharmaciens et \u00e9tudiants en pharmacie du 2\u00e8me et 3\u00e8me cycle, infirmiers dipl\u00f4m\u00e9s d&#8217;\u00e9tat, aides soignants, aidants professionnels, kin\u00e9sith\u00e9rapeutes, di\u00e9t\u00e9ticiens, personnels exer\u00e7ant en institution g\u00e9riatrique, ou autres candidats r\u00e9pondant aux pr\u00e9-requis et ayant suivi quatre ann\u00e9es d&#8217;\u00e9tudes sup\u00e9rieures.<\/p>\n<p>Date limite d\u2019inscription : le 5 f\u00e9vrier 2025 \u00e0 l\u2019adresse suivante : <a href=\"mailto:formation.continue-svte@u-bourgogne.fr\" target=\"_blank\" rel=\"noopener\">formation.continue-svte@u-bourgogne.fr<\/a><\/p>\n<p><a href=\"http:\/\/blog.ube.fr\/master-nutrition-sante\/wp-content\/uploads\/sites\/70\/2025\/01\/Flyer-Action-Courte-Nutrition-et-Vieillissement_Page_1.jpg\" target=\"_blank\" rel=\"noopener\"><img loading=\"lazy\" decoding=\"async\" class=\"alignleft\" title=\"http:\/\/blog.ube.fr\/master-nutrition-sante\/wp-content\/uploads\/sites\/70\/2025\/01\/Flyer-Action-Courte-Nutrition-et-Vieillissement_Page_1.jpg\" src=\"http:\/\/blog.ube.fr\/master-nutrition-sante\/wp-content\/uploads\/sites\/70\/2025\/01\/Flyer-Action-Courte-Nutrition-et-Vieillissement_Page_1.jpg\" alt=\"\" width=\"406\" height=\"574\" \/><\/a><a href=\"http:\/\/blog.ube.fr\/master-nutrition-sante\/wp-content\/uploads\/sites\/70\/2025\/01\/Flyer-Action-Courte-Nutrition-et-Vieillissement_Page_2.jpg\" target=\"_blank\" rel=\"noopener\"><img loading=\"lazy\" decoding=\"async\" class=\"alignleft\" title=\"http:\/\/blog.ube.fr\/master-nutrition-sante\/wp-content\/uploads\/sites\/70\/2025\/01\/Flyer-Action-Courte-Nutrition-et-Vieillissement_Page_2.jpg\" src=\"http:\/\/blog.ube.fr\/master-nutrition-sante\/wp-content\/uploads\/sites\/70\/2025\/01\/Flyer-Action-Courte-Nutrition-et-Vieillissement_Page_2.jpg\" alt=\"\" width=\"406\" height=\"574\" \/><\/a><\/p>\n<p>&nbsp;<\/p>\n<p>&nbsp;<\/p>\n<p>&nbsp;<\/p>\n<p>&nbsp;<\/p>\n<p>&nbsp;<\/p>\n<p>&nbsp;<\/p>\n<p>&nbsp;<\/p>\n<p>&nbsp;<\/p>\n<p>&nbsp;<\/p>\n<p>&nbsp;<\/p>\n<p>&nbsp;<\/p>\n<p>&nbsp;<\/p>\n<p>&nbsp;<\/p>\n<p>&nbsp;<\/p>\n<p>&nbsp;<\/p>\n<p>&nbsp;<\/p>\n<hr \/>\n<h2>Le Master Nutrition Sant\u00e9 en visite au SIAL 2024<\/h2>\n<p>Les \u00e9tudiants du Master 1 et Master 2 Nutrition Sant\u00e9 se sont rendus au SIAL 2024, le plus grand salon international sur l&#8217;alimentation, \u00e0 Villepinte le lundi 21 octobre 2024.<\/p>\n<p>Ensemble, ils ont pu d\u00e9couvrir les innovations de pointe et les nouvelles tendances qui red\u00e9finissent l&#8217;industrie alimentaire. Une occasion unique pour eux de rencontrer des professionnels passionn\u00e9s, d&#8217;\u00e9changer des id\u00e9es et de renforcer leur r\u00e9seau.<\/p>\n<p>Rendez-vous en 2026 !!!<\/p>\n<p><a href=\"http:\/\/blog.ube.fr\/master-nutrition-sante\/wp-content\/uploads\/sites\/70\/2024\/12\/1729671851075.jpg\" target=\"_blank\" rel=\"noopener\"><img loading=\"lazy\" decoding=\"async\" class=\"alignnone\" title=\"http:\/\/blog.ube.fr\/master-nutrition-sante\/wp-content\/uploads\/sites\/70\/2024\/12\/1729671851075.jpg\" src=\"http:\/\/blog.ube.fr\/master-nutrition-sante\/wp-content\/uploads\/sites\/70\/2024\/12\/1729671851075.jpg\" alt=\"\" width=\"784\" height=\"598\" \/><\/a><\/p>\n<hr \/>\n<h2>S&#8217;est tenue hier, le 05\/09\/2024, la 15\u00e8me \u00e9dition du Colloque Nutrition Sant\u00e9 !!<\/h2>\n<p>Cette 15\u00e8me \u00e9dition sous le th\u00e8me de &#8220;l&#8217;Histoire de l&#8217;alimentation&#8221; fut un v\u00e9ritable succ\u00e8s avec des pr\u00e9sentations et une organisation de grandes qualit\u00e9s !!<\/p>\n<p>Rendez-vous en 2025 pour la 16\u00e8me \u00e9dition.<\/p>\n<h2><img loading=\"lazy\" decoding=\"async\" class=\"alignleft\" src=\"http:\/\/blog.ube.fr\/master-nutrition-sante\/wp-content\/uploads\/sites\/70\/2024\/06\/Affiche_colloque.jpg\" alt=\"\" width=\"343\" height=\"484\" \/><img loading=\"lazy\" decoding=\"async\" class=\"alignnone\" src=\"http:\/\/blog.ube.fr\/master-nutrition-sante\/wp-content\/uploads\/sites\/70\/2024\/06\/Programme_colloque.jpg\" alt=\"\" width=\"347\" height=\"485\" \/><\/h2>\n<hr \/>\n<h2>Le 21 octobre 2024 le Master 2 Nutrition Sant\u00e9 va au SIAL, accompagn\u00e9 des M1 NS !!<\/h2>\n<p>D\u00e9codez le futur de la FOOD !<\/p>\n<p>Pendant 5 jours (19 au 23 octobre 2024), <a href=\"https:\/\/www.sialparis.fr\/\">SIAL Paris<\/a> Nord Villepinte devient la source d\u2019inspiration internationale de l\u2019alimentaire.<\/p>\n<p>Nous partirons, le 21 octobre, \u00e0 la d\u00e9couverte des tendances et innovations actuelles de l\u2019industrie agroalimentaire mondiale au travers de<\/p>\n<ul>\n<li>130 pays exposants<\/li>\n<li>7.500 exposants<\/li>\n<li>285.000 professionnels<img loading=\"lazy\" decoding=\"async\" class=\"aligncenter\" title=\"http:\/\/blog.ube.fr\/master-nutrition-sante\/wp-content\/uploads\/sites\/70\/2024\/07\/SIAL.jpg\" src=\"http:\/\/blog.ube.fr\/master-nutrition-sante\/wp-content\/uploads\/sites\/70\/2024\/07\/SIAL.jpg\" alt=\"\" width=\"1212\" height=\"682\" \/><\/li>\n<\/ul>\n<hr \/>\n<h2>14\u00e8me \u00e9dition du colloque Nutrition Sant\u00e9 &#8211; 07\/09\/2023<\/h2>\n<div class=\"x11i5rnm xat24cr x1mh8g0r x1vvkbs xtlvy1s x126k92a\">\n<div dir=\"auto\">\u00ab Transition alimentaire : un regard nouveau sur notre assiette \u00bb.<\/div>\n<div dir=\"auto\"><span style=\"font-size: 16px;\">De nos jours, l\u2019impact de notre alimentation sur l\u2019environnement pr\u00e9occupe de nombreux citoyens. Au c\u0153ur du challenge \u00e9cologique qui s\u2019impose, notre syst\u00e8me alimentaire est un levier essentiel que nous devons consid\u00e9rer. Les informations sont nombreuses et parfois contradictoires ce qui rend cette transition difficile \u00e0 appr\u00e9hender. Cette journ\u00e9e proposera une synth\u00e8se des connaissances et des propositions pratiques. Ainsi avertis nous serons plus en mesure d\u2019agir en cons\u00e9quence et de nous nourrir durablement. Nous vous donnons rendez-vous le jeudi 07\/09\/2023 au p\u00f4le AAFE sur le campus universitaire.<\/span><\/div>\n<\/div>\n<div dir=\"auto\"><\/div>\n<hr \/>\n<h2>Vita&#8217;CONNECT 2023 : le Master 2 Nutrition Sant\u00e9 pr\u00e9sent lors de cet \u00e9v\u00e9nement !!<\/h2>\n<p>Un grand merci \u00e0 toute l&#8217;\u00e9quipe de VITAGORA de nous avoir invit\u00e9s \u00e0 cette superbe journ\u00e9e d\u00e9di\u00e9e \u00e0 l&#8217;innovation alimentaire et la comp\u00e9titivit\u00e9 des entreprises de la fili\u00e8re agroalimentaire, autour de conf\u00e9rences, ateliers et \u00e9changes avec les acteurs du domaine.<\/p>\n<p><img loading=\"lazy\" decoding=\"async\" class=\"aligncenter\" src=\"http:\/\/blog.ube.fr\/master-nutrition-sante\/wp-content\/uploads\/sites\/70\/2023\/05\/Vita-connect.jpg\" alt=\"\" width=\"1223\" height=\"688\" \/><\/p>\n<hr \/>\n<h2>Taxe d&#8217;apprentissage 2022\/2023<\/h2>\n<p>Entreprises, partenaires, le versement de la taxe d\u2019apprentissage \u00e0 l\u2019\u00e9tablissement de votre choix est une modalit\u00e9 pr\u00e9vue par la loi pour vous acquitter de cet imp\u00f4t.<\/p>\n<p><strong>Pour la r\u00e9ussite des talents de demain, choisissez le Master 2 Nutrition Sant\u00e9 !!!!<\/strong><\/p>\n<p>Le Master 2 Nutrition Sant\u00e9 propose deux parcours de formation : Professionnel et Recherche. D\u2019une part, il forme des futurs cadres des industries agroalimentaires et de sant\u00e9, ainsi que des professionnels habilit\u00e9s \u00e0 travailler dans des organismes de sant\u00e9 publique et des cabinets de conseil. D\u2019autre part, il forme \u00e0 la recherche fondamentale ou appliqu\u00e9e, constituant ainsi une porte d\u2019entr\u00e9e unique vers la poursuite en doctorat et le m\u00e9tier de chercheur dans les domaines de la nutrition et de la sant\u00e9.<br \/>\nLa taxe d\u2019apprentissage repr\u00e9sente une source importante de financement pour le fonctionnement de notre formation. Gr\u00e2ce \u00e0 votre soutien, il nous sera possible d\u2019acqu\u00e9rir de nouveaux outils p\u00e9dagogiques, de faire intervenir des experts de premier plan, et de financer nos sorties universitaires (Salon International de l\u2019Alimentation, conf\u00e9rences de la Soci\u00e9t\u00e9 Fran\u00e7aise de Nutrition\u2026).<\/p>\n<p>En une seule et unique d\u00e9marche, <a href=\"https:\/\/www.soltea.education.gouv.fr\/espace-public\/\" target=\"_blank\" rel=\"noopener\">la plateforme SOLT\u00e9A<\/a> permet d\u00e9sormais aux employeurs de mentionner jusqu&#8217;au 5 octobre 2023, les \u00e9tablissements destinataires du solde de la taxe d\u2019apprentissage en toute neutralit\u00e9 et transparence.<\/p>\n<p>Versez la taxe via la DSN puis ensuite indiquez l&#8217;affectation du solde vers\u00e9 via la plateforme SOLT\u00e9a. Retrouvez facilement notre formation sur SOLT\u00e9A par notre code UAI : 0211314P et code RNCP : 28078<\/p>\n<p><a href=\"https:\/\/www.soltea.education.gouv.fr\/espace-public\/connexion-lespace-prive\" target=\"_blank\" rel=\"noopener\">Platefome de versement 2023<\/a><\/p>\n<p><img decoding=\"async\" class=\"aligncenter\" src=\"http:\/\/blog.ube.fr\/master-nutrition-sante\/wp-content\/uploads\/sites\/70\/2023\/01\/Visuel_2023.jpg\" alt=\"\" \/><\/p>\n<hr \/>\n<h2>Projet de terrain CARSAT \u2013 28\/02\/2023<\/h2>\n<p>Dans le cadre de notre collaboration avec la Carsat Bourgogne-Franche-Comt\u00e9 et FAPA Seniors 21, nos \u00e9tudiantes ont l\u2019opportunit\u00e9 d\u2019intervenir \u00e0 nouveau le mardi 28 f\u00e9vrier 2023 \u00e0 14h30 \u00e0 la salle polyvalente de Perrigny-Les-Dijon lors d\u2019une r\u00e9union d\u2019information \u00e0 destination des seniors. L\u2019objectif de cette pr\u00e9sentation est d\u2019apporter aux retrait\u00e9s de la r\u00e9gion des informations de premier niveau sur la nutrition orient\u00e9es autour des recommandations nutritionnelles en lien avec le programme national nutrition sant\u00e9 (PNNS).<\/p>\n<p>Le choix de Mathilde, Malaurie, Julie et Aude est de leur faire d\u00e9couvrir le k\u00e9fir, une boisson issue de la fermentation du lait ou de jus de fruits sucr\u00e9s, pr\u00e9par\u00e9s \u00e0 l\u2019aide de \u00ab grains de k\u00e9fir \u00bb, un levain constitu\u00e9 essentiellement de bact\u00e9ries lactiques et de levures. Boisson, encore tr\u00e8s peu consomm\u00e9e en France.<\/p>\n<p>Tout au long de cette pr\u00e9sentation, des liens seront r\u00e9alis\u00e9s avec \u00ab Les ateliers bon jours \u00bb afin d\u2019inciter les seniors \u00e0 y participer pour les accompagner dans le \u00ab bien vieillir \u00bb.<\/p>\n<p><a href=\"http:\/\/blog.ube.fr\/master-nutrition-sante\/wp-content\/uploads\/sites\/70\/2023\/02\/Visuel_28_02.png\"><img loading=\"lazy\" decoding=\"async\" class=\"aligncenter\" title=\"http:\/\/blog.ube.fr\/master-nutrition-sante\/wp-content\/uploads\/sites\/70\/2023\/02\/Visuel_28_02.png\" src=\"http:\/\/blog.ube.fr\/master-nutrition-sante\/wp-content\/uploads\/sites\/70\/2023\/02\/Visuel_28_02.png\" alt=\"\" width=\"413\" height=\"584\" \/><\/a><\/p>\n<hr \/>\n<h2>Le Master 2 Nutrition Sant\u00e9 sur le stand Bleu-Blanc-C\u0153ur au Salon International de l&#8217;Agriculture 2023<\/h2>\n<p>Retour en images sur la collaboration Bleu-Blanc-C\u0153ur du 25 f\u00e9vrier lors du salon de l\u2019Agriculture 2023<\/p>\n<p>Interview vid\u00e9o de nos \u00e9tudiantes : <a href=\"https:\/\/urlz.fr\/kWWD\" target=\"_blank\" rel=\"noopener\">https:\/\/urlz.fr\/kWWD<\/a><\/p>\n<p>Pour en savoir plus : <a href=\"https:\/\/urlz.fr\/kWWw\" target=\"_blank\" rel=\"noopener\">https:\/\/urlz.fr\/kWWw<\/a><\/p>\n<p><a href=\"http:\/\/blog.ube.fr\/master-nutrition-sante\/wp-content\/uploads\/sites\/70\/2023\/02\/333025842_110381925245531_4455741297085036704_n.jpg\" target=\"_blank\" rel=\"noopener\"><img loading=\"lazy\" decoding=\"async\" class=\"alignnone\" title=\"http:\/\/blog.ube.fr\/master-nutrition-sante\/wp-content\/uploads\/sites\/70\/2023\/02\/333025842_110381925245531_4455741297085036704_n.jpg\" src=\"http:\/\/blog.ube.fr\/master-nutrition-sante\/wp-content\/uploads\/sites\/70\/2023\/02\/333025842_110381925245531_4455741297085036704_n.jpg\" alt=\"\" width=\"314\" height=\"240\" \/><\/a>\u00a0<a href=\"http:\/\/blog.ube.fr\/master-nutrition-sante\/wp-content\/uploads\/sites\/70\/2023\/02\/332995076_570491401693222_4718756535204031136_n.jpg\" target=\"_blank\" rel=\"noopener\"><img loading=\"lazy\" decoding=\"async\" class=\"alignnone\" title=\"http:\/\/blog.ube.fr\/master-nutrition-sante\/wp-content\/uploads\/sites\/70\/2023\/02\/332995076_570491401693222_4718756535204031136_n.jpg\" src=\"http:\/\/blog.ube.fr\/master-nutrition-sante\/wp-content\/uploads\/sites\/70\/2023\/02\/332995076_570491401693222_4718756535204031136_n.jpg\" alt=\"\" width=\"181\" height=\"242\" \/><\/a>\u00a0<a href=\"http:\/\/blog.ube.fr\/master-nutrition-sante\/wp-content\/uploads\/sites\/70\/2023\/02\/333210143_187722683889493_1654032024598786521_n.jpg\" target=\"_blank\" rel=\"noopener\"><img loading=\"lazy\" decoding=\"async\" class=\"alignnone\" title=\"http:\/\/blog.ube.fr\/master-nutrition-sante\/wp-content\/uploads\/sites\/70\/2023\/02\/333210143_187722683889493_1654032024598786521_n.jpg\" src=\"http:\/\/blog.ube.fr\/master-nutrition-sante\/wp-content\/uploads\/sites\/70\/2023\/02\/333210143_187722683889493_1654032024598786521_n.jpg\" alt=\"\" width=\"321\" height=\"241\" \/><\/a><\/p>\n<hr \/>\n<h2>Projet de terrain Bleu-Blanc-C\u0153ur &#8211; le 25 f\u00e9vrier 2023<\/h2>\n<p>Ce samedi c&#8217;est le d\u00e9but du Salon International de l&#8217;Agriculture qui se d\u00e9roulera du 25 f\u00e9vrier au 5 mars 2023 \u00e0 Paris. A cette occasion, nos \u00e9tudiantes,\u00a0Ana\u00efs, Justine et Caroline vous donnent rendez-vous lors de la premi\u00e8re journ\u00e9e dans le cadre de notre collaboration avec l\u2019Association\u00a0Bleu-Blanc-Coeur.<\/p>\n<p>Elles seront pr\u00e9sentes sur le stand Bleu-Blanc-Coeur le samedi 25 f\u00e9vrier (Pavillon 1 &#8211; stand E031) pour vous pr\u00e9senter les supports cr\u00e9\u00e9s pendant ces semaines de projet de terrain, notamment, les fiches recettes et les menus pour chacune des saisons. Ce sont notamment les recettes du printemps qui seront valoris\u00e9es, saison qui d\u00e9butera juste apr\u00e8s la fin de ce salon.<\/p>\n<p>Voici le menu propos\u00e9 pour la saison du printemps, avec l&#8217;exemple d&#8217;une recette.<\/p>\n<p>Les recettes des autres menus de saisons : <a href=\"https:\/\/bleu-blanc-coeur.org\/menus-equilibres\/\" target=\"_blank\" rel=\"noopener\">https:\/\/bleu-blanc-coeur.org\/menus-equilibres\/<\/a><\/p>\n<p>N&#8217;h\u00e9sitez pas \u00e0 venir les rencontrer !!!<\/p>\n<p><a href=\"http:\/\/blog.ube.fr\/master-nutrition-sante\/wp-content\/uploads\/sites\/70\/2023\/02\/Capture-decran-2023-02-22-a-16.21.31.png\"><img loading=\"lazy\" decoding=\"async\" class=\"alignnone\" title=\"http:\/\/blog.ube.fr\/master-nutrition-sante\/wp-content\/uploads\/sites\/70\/2023\/02\/Capture-decran-2023-02-22-a-16.21.31.png\" src=\"http:\/\/blog.ube.fr\/master-nutrition-sante\/wp-content\/uploads\/sites\/70\/2023\/02\/Capture-decran-2023-02-22-a-16.21.31.png\" alt=\"\" width=\"462\" height=\"326\" \/><\/a> <a href=\"http:\/\/blog.ube.fr\/master-nutrition-sante\/wp-content\/uploads\/sites\/70\/2023\/02\/Capture-decran-2023-02-22-a-16.23.00.png\"><img loading=\"lazy\" decoding=\"async\" class=\"alignnone\" title=\"http:\/\/blog.ube.fr\/master-nutrition-sante\/wp-content\/uploads\/sites\/70\/2023\/02\/Capture-decran-2023-02-22-a-16.23.00.png\" src=\"http:\/\/blog.ube.fr\/master-nutrition-sante\/wp-content\/uploads\/sites\/70\/2023\/02\/Capture-decran-2023-02-22-a-16.23.00.png\" alt=\"\" width=\"453\" height=\"326\" \/><\/a><\/p>\n<hr \/>\n<h2>Projet de terrain CARSAT &#8211; le 21 f\u00e9vrier 2023<\/h2>\n<p>Retour en images sur l&#8217;intervention de nos \u00e9tudiantes, Mathilde Gombac, Aude Lavoil, Julie Guyon et Malaurie Darmancier dans le cadre de notre collaboration avec la Carsat Bourgogne-Franche-Comt\u00e9 et FAPA Seniors 21. Cette r\u00e9union d\u2019information \u00e0 destination des seniors s&#8217;est d\u00e9roul\u00e9 \u00e0 la Maison des S\u00e9niors \u00e0 Dijon. Elle avait pour objectif d\u2019apporter aux retrait\u00e9s de la r\u00e9gion des informations de premier niveau sur la nutrition orient\u00e9es autour des recommandations nutritionnelles en lien avec le programme national nutrition sant\u00e9 (PNNS) et \u00e0 travers un atelier ludique et \u00e9ducatif.<\/p>\n<p>Le choix de nos \u00e9tudiantes s&#8217;est port\u00e9 sur la d\u00e9couverte du k\u00e9fir, une boisson issue de la fermentation du lait ou de jus de fruits sucr\u00e9s, pr\u00e9par\u00e9s \u00e0 l\u2019aide de \u00ab grains de k\u00e9fir \u00bb, un levain constitu\u00e9 essentiellement de bact\u00e9ries lactiques et de levures. Boisson, encore tr\u00e8s peu consomm\u00e9e en France.<\/p>\n<p>Tout au long de cette pr\u00e9sentation, des liens ont \u00e9t\u00e9 r\u00e9alis\u00e9 avec \u00ab Les ateliers bon jours \u00bb afin d\u2019inciter les seniors \u00e0 y participer pour les accompagner dans le \u00ab bien vieillir \u00bb.<\/p>\n<p><a href=\"http:\/\/blog.ube.fr\/master-nutrition-sante\/wp-content\/uploads\/sites\/70\/2023\/02\/Photo_atelier-001.jpg\" target=\"_blank\" rel=\"noopener\"><img loading=\"lazy\" decoding=\"async\" class=\"alignnone\" title=\"http:\/\/blog.ube.fr\/master-nutrition-sante\/wp-content\/uploads\/sites\/70\/2023\/02\/Photo_atelier-001.jpg\" src=\"http:\/\/blog.ube.fr\/master-nutrition-sante\/wp-content\/uploads\/sites\/70\/2023\/02\/Photo_atelier-001.jpg\" alt=\"\" width=\"424\" height=\"318\" \/><\/a> <a href=\"http:\/\/blog.ube.fr\/master-nutrition-sante\/wp-content\/uploads\/sites\/70\/2023\/02\/Photo_atelier_2.jpg\" target=\"_blank\" rel=\"noopener\"><img loading=\"lazy\" decoding=\"async\" class=\"alignnone\" title=\"http:\/\/blog.ube.fr\/master-nutrition-sante\/wp-content\/uploads\/sites\/70\/2023\/02\/Photo_atelier_2.jpg\" src=\"http:\/\/blog.ube.fr\/master-nutrition-sante\/wp-content\/uploads\/sites\/70\/2023\/02\/Photo_atelier_2.jpg\" alt=\"\" width=\"431\" height=\"319\" \/><\/a><\/p>\n<hr \/>\n<h2>&#8220;Rapprochement Master 2 Nutrition Sant\u00e9 et Professionnels : un pari gagnant-gagnant&#8221;<\/h2>\n<h2>Le 16 Mars 2023 \u00e0 l&#8217;UFR SVTE &#8211; Universit\u00e9 de Bourgogne<\/h2>\n<p><span class=\"break-words\"><span dir=\"ltr\">Partenaires professionnels, le Master 2 Nutrition Sant\u00e9 vous invite au sein de l&#8217;UFR SVTE afin :<\/span><\/span><\/p>\n<p><span class=\"break-words\"><span dir=\"ltr\">&#8211; de mieux conna\u00eetre les besoins actuels de vos secteurs d&#8217;activit\u00e9,<br \/>\n&#8211; de vous pr\u00e9senter les comp\u00e9tences de nos \u00e9tudiants souhaitant \u00e9voluer dans vos domaines. Ils seront vos collaborateurs de demain via la formation en alternance (contrat de professionnalisation, contrat d&#8217;apprentissage).<\/span><\/span><\/p>\n<p><span class=\"break-words\"><span dir=\"ltr\"><br \/>\nActeurs dans les domaines de\u00a0la nutrition, sant\u00e9, agroalimentaire, R&amp;D,\u00a0pr\u00e9vention nutritionnelle,\u00a0restauration collective,\u00a0innovation alimentaire,\u00a0industries de sant\u00e9,\u00a0conseil en nutrition, venez nous rencontrer lors de la matinale du 16 mars 2023. Possibilit\u00e9 de participation en pr\u00e9sentiel ou en distanciel.<br \/>\n<\/span><\/span><\/p>\n<p><span class=\"break-words\"><span dir=\"ltr\">Renseignements et inscription gratuite jusqu&#8217;au 9 mars 2023 \u00e0 \u2b07<br \/>\n<a href=\"mailto:communication.sefca@u-bourgogne.fr\" data-attribute-index=\"21\">communication.sefca@u-bourgogne.fr<\/a>\u00a0et <a href=\"mailto:jerome.bellenger@u-bourgogne.fr\" data-attribute-index=\"22\">jerome.bellenger@u-bourgogne.fr<\/a><\/span><\/span><\/p>\n<p><a href=\"http:\/\/blog.ube.fr\/master-nutrition-sante\/wp-content\/uploads\/sites\/70\/2023\/01\/Matinale-16-Mars-2023.png\" target=\"_blank\" rel=\"noopener\"><img loading=\"lazy\" decoding=\"async\" class=\"aligncenter\" title=\"http:\/\/blog.ube.fr\/master-nutrition-sante\/wp-content\/uploads\/sites\/70\/2023\/01\/Matinale-16-Mars-2023.png\" src=\"http:\/\/blog.ube.fr\/master-nutrition-sante\/wp-content\/uploads\/sites\/70\/2023\/01\/Matinale-16-Mars-2023.png\" alt=\"\" width=\"437\" height=\"625\" \/><\/a><\/p>\n<p>&nbsp;<\/p>\n<hr \/>\n<h2>Projet de terrain CARSAT \u2013 19\/01\/2023<\/h2>\n<p>Gr\u00e2ce \u00e0 une nouvelle collaboration avec la Carsat Bourgogne-Franche-Comt\u00e9 et FAPA Seniors 21, nos \u00e9tudiantes ont l\u2019opportunit\u00e9 d&#8217;intervenir le jeudi 19 janvier 2023 \u00e0 14h \u00e0 la Maison des S\u00e9niors lors d\u2019une r\u00e9union d\u2019information \u00e0 destination des seniors. L\u2019objectif de cette pr\u00e9sentation est d\u2019apporter aux retrait\u00e9s de la r\u00e9gion des informations de premier niveau sur la nutrition orient\u00e9es autour des recommandations nutritionnelles en lien avec le programme national nutrition sant\u00e9 (PNNS).<br \/>\nLe choix de Mathilde, Malaurie, Julie et Aude est de leur faire d\u00e9couvrir le k\u00e9fir, une boisson issue de la fermentation du lait ou de jus de fruits sucr\u00e9s, pr\u00e9par\u00e9s \u00e0 l\u2019aide de \u00ab grains de k\u00e9fir \u00bb, un levain constitu\u00e9 essentiellement de bact\u00e9ries lactiques et de levures. Boisson, enco<span style=\"font-size: 16px;\">re tr\u00e8s peu consomm\u00e9e en France.\u00a0<\/span><\/p>\n<p>Tout au long de cette pr\u00e9sentation, des liens seront r\u00e9alis\u00e9s avec \u00ab Les ateliers bon jours \u00bb afin d\u2019inciter les seniors \u00e0 y participer pour les accompagner dans le \u00ab bien vieillir \u00bb.<\/p>\n<p><a href=\"http:\/\/blog.ube.fr\/master-nutrition-sante\/wp-content\/uploads\/sites\/70\/2023\/01\/Visuel_19_01.jpg\" target=\"_blank\" rel=\"noopener\"><img loading=\"lazy\" decoding=\"async\" class=\"aligncenter\" title=\"http:\/\/blog.ube.fr\/master-nutrition-sante\/wp-content\/uploads\/sites\/70\/2023\/01\/Visuel_19_01.jpg\" src=\"http:\/\/blog.ube.fr\/master-nutrition-sante\/wp-content\/uploads\/sites\/70\/2023\/01\/Visuel_19_01.jpg\" alt=\"\" width=\"413\" height=\"584\" \/><\/a><\/p>\n<hr \/>\n<h2>Association ALUMN&#8217; TA NUTRITION<\/h2>\n<p><img loading=\"lazy\" decoding=\"async\" class=\"alignleft\" src=\"http:\/\/blog.ube.fr\/master-nutrition-sante\/wp-content\/uploads\/sites\/70\/2024\/10\/Logo_texte_2023.png\" alt=\"\" width=\"159\" height=\"159\" \/>Saviez-vous qu\u2019il existe une association ALUMN\u2019 TA NUTRITION cr\u00e9\u00e9e en 2021 par les \u00e9tudiants du Master 2 Nutrition Sant\u00e9 ?<\/p>\n<p>Le but : rassembler un maximum d\u2019anciens \u00e9l\u00e8ves de la formation afin de favoriser les \u00e9changes autour de l\u2019exp\u00e9rience professionnelle et personnelle de chacun. Les 5 euros annuel de participation nous serviront \u00e0 court et long terme \u00e0 organiser des \u00e9v\u00e9nements (repas, rencontre, &#8230;) afin de retrouver des anciennes t\u00eates, \u00e9largir son r\u00e9seau et passer un bon moment tous ensemble. De plus il se pourrait que, pour certains d\u2019entre vous, vous trouviez votre prochain collaborateur, partenaire ou employ\u00e9 !<\/p>\n<p>On compte sur votre enthousiasme pour que ce projet voit le jour !<\/p>\n<p>\u00c0 vous de jouer : <a href=\"https:\/\/blog.ube.fr\/master-nutrition-sante\/adhesion-modalites\/\" target=\"_blank\" rel=\"noopener\">https:\/\/blog.ube.fr\/master-nutrition-sante\/adhesion-modalites\/<\/a><\/p>\n<p>Et surtout\u2026 Restez connect\u00e9 pour la suite de l\u2019aventure ! &#8221;<\/p>\n<hr \/>\n<h2>Formation courte &#8220;Nutrition et Vieillissement&#8221; &#8211; 10 et 11\/01\/2023<\/h2>\n<p>Le Master 2 Nutrition Sant\u00e9 reconduit sa formation courte (16 heures) les 10 et 11 janvier prochain &#8220;Nutrition et vieillissement : mieux connaitre les effets du vieillissement pour agir pr\u00e9cocement et efficacement&#8221;<\/p>\n<p>Public vis\u00e9 : m\u00e9decins, pharmaciens, aides soignants, kin\u00e9sith\u00e9rapeutes, di\u00e9t\u00e9ticiens, personnels exer\u00e7ant en institution de g\u00e9riatrie.<\/p>\n<p>L&#8217;ensemble de la formation est valid\u00e9e par une attestation de stage et une \u00e9valuation \u00e9crite \u00e0 la fin de la formation avec obtention d&#8217;une certification en cas de note sup\u00e9rieure \u00e0 10.<\/p>\n<p>Date limite d\u2019inscription : le 06 janvier 2023 \u00e0 l&#8217;adresse suivante : <a href=\"mailto:formation.continue-svte@u-bourgogne.fr\" target=\"_blank\" rel=\"noopener\">formation.continue-svte@u-bourgogne.fr<\/a><\/p>\n<p><a href=\"http:\/\/blog.ube.fr\/master-nutrition-sante\/wp-content\/uploads\/sites\/70\/2023\/01\/Actions-courte-Nutrition-et-vieillissement.jpg\"><img loading=\"lazy\" decoding=\"async\" class=\"aligncenter\" title=\"http:\/\/blog.ube.fr\/master-nutrition-sante\/wp-content\/uploads\/sites\/70\/2023\/01\/Actions-courte-Nutrition-et-vieillissement.jpg\" src=\"http:\/\/blog.ube.fr\/master-nutrition-sante\/wp-content\/uploads\/sites\/70\/2023\/01\/Actions-courte-Nutrition-et-vieillissement.jpg\" alt=\"\" width=\"444\" height=\"628\" \/><\/a><\/p>\n<hr \/>\n<h2>Journ\u00e9es des Masters de l\u2019UFR SVTE \u2013 17\/11\/2022<\/h2>\n<p>La Journ\u00e9e Des Masters s\u2019est tenue le 17 novembre 2022. Les \u00e9tudiantes de l\u2019\u00e9quipe communication du Master Nutrition Sant\u00e9, pr\u00e9sentes sur leur stand ont accueilli les \u00e9tudiants de diff\u00e9rents niveaux et parcours de licences et masters de l\u2019UFR Sciences Vie Terre Environnement et ont r\u00e9pondu \u00e0 leurs nombreuses questions.<\/p>\n<p>Tout au long de cet \u00e9v\u00e9nement, les \u00e9tudiants des diff\u00e9rents masters pr\u00e9sents ont partag\u00e9 leur exp\u00e9rience, leur parcours, ainsi qu\u2019\u00e9clair\u00e9 les \u00e9tudiants cherchant des r\u00e9ponses sur les diff\u00e9rentes d\u00e9bouch\u00e9s possibles pour la suite de leur formation.<\/p>\n<p>Nous remercions \u00e0 nouveau tous les \u00e9tudiants, intervenants et \u00e9tudiants volontaires ayant particip\u00e9 au bon d\u00e9roulement de cette matin\u00e9e.<\/p>\n<p>Rendez-vous l\u2019ann\u00e9e prochaine pour une nouvelle \u00e9dition\u00a0!<img decoding=\"async\" class=\"alignnone\" title=\"http:\/\/blog.ube.fr\/master-nutrition-sante\/wp-content\/uploads\/sites\/70\/2022\/12\/Affiche-JDM-1.pdf\" src=\"http:\/\/blog.ube.fr\/master-nutrition-sante\/wp-content\/uploads\/sites\/70\/2022\/12\/Affiche-JDM-1.pdf\" alt=\"\" \/><a href=\"http:\/\/blog.ube.fr\/master-nutrition-sante\/wp-content\/uploads\/sites\/70\/2022\/12\/Affiche-JDM-1-scaled.jpg\"><img loading=\"lazy\" decoding=\"async\" class=\"aligncenter\" title=\"http:\/\/blog.ube.fr\/master-nutrition-sante\/wp-content\/uploads\/sites\/70\/2022\/12\/Affiche-JDM-1-scaled.jpg\" src=\"http:\/\/blog.ube.fr\/master-nutrition-sante\/wp-content\/uploads\/sites\/70\/2022\/12\/Affiche-JDM-1-scaled.jpg\" alt=\"\" width=\"446\" height=\"631\" \/><\/a><\/p>\n<hr \/>\n<h2>Nouveau partenariat avec Bleu-Blanc-Coeur<\/h2>\n<p>Cette ann\u00e9e, Ana\u00efs, Justine et Caroline ont comme projet de terrain de promouvoir la d\u00e9marche &#8220;Bleu-Blanc-C\u0153ur&#8221;. C&#8217;est un projet qui d\u00e9fend les valeurs du bien-manger, de l&#8217;\u00e9cologie et du mieux vivre ensemble.<br \/>\nIl est possible de rejoindre la communaut\u00e9 pour recevoir les actualit\u00e9s et acc\u00e9der \u00e0 l&#8217;espace Membres : <a href=\"https:\/\/lnkd.in\/dTVhH2Hs\" target=\"_blank\" rel=\"noopener\">https:\/\/lnkd.in\/dTVhH2Hs<\/a><\/p>\n<p><a href=\"http:\/\/blog.ube.fr\/master-nutrition-sante\/wp-content\/uploads\/sites\/70\/2022\/10\/Capture.jpg\" target=\"_blank\" rel=\"noopener\"><img loading=\"lazy\" decoding=\"async\" class=\"aligncenter\" src=\"http:\/\/blog.ube.fr\/master-nutrition-sante\/wp-content\/uploads\/sites\/70\/2022\/10\/Capture.jpg\" alt=\"\" width=\"560\" height=\"310\" \/><\/a><\/p>\n<hr \/>\n<h2>Le 17 octobre 2022 le Master 2 Nutrition Sant\u00e9 va au SIAL !!<\/h2>\n<p>Pendant 5 jours (15 au 19 octobre 2022), <a href=\"https:\/\/www.sialparis.fr\/\">SIAL Paris<\/a> devient la source d&#8217;inspiration internationale de l&#8217;alimentaire.<\/p>\n<p>Nous partirons donc \u00e0 la d\u00e9couverte des tendances et innovations actuelles de l&#8217;industrie agroalimentaire mondiale au travers de<\/p>\n<p>&#8211; 119 pays exposants<\/p>\n<p>&#8211; 7200 exposants<\/p>\n<p>&#8211; 21 secteurs d&#8217;exposition<\/p>\n<p><img loading=\"lazy\" decoding=\"async\" class=\"aligncenter\" src=\"http:\/\/blog.ube.fr\/master-nutrition-sante\/wp-content\/uploads\/sites\/70\/2022\/10\/Diapositive1.jpg\" alt=\"\" width=\"501\" height=\"347\" \/><\/p>\n<hr \/>\n<h2>13\u00e8me \u00e9dition du colloque Nutrition Sant\u00e9 : &#8220;Les r\u00e9seaux sociaux : une alimentation sous influence ?&#8221; &#8211; 08\/09\/2022<\/h2>\n<p>L\u2019organisation du Colloque Nutrition Sant\u00e9 est l\u2019un des projets de terrain majeurs r\u00e9alis\u00e9s tous les ans par des \u00e9tudiants du Master 2 Nutrition Sant\u00e9 autour de diff\u00e9rents th\u00e8mes en lien avec la nutrition et la sant\u00e9. Cet \u00e9v\u00e9nement permet de r\u00e9unir des professionnels d\u2019horizons diff\u00e9rents qui interviendront sur un th\u00e8me d\u2019actualit\u00e9 dans le but de sensibiliser et d\u2019informer le grand public.<\/p>\n<p>\u00c0 l\u2019occasion de cette 13\u00e8me \u00e9dition du colloque, l\u2019\u00e9quipe d\u2019\u00e9tudiants charg\u00e9e cette ann\u00e9e de l\u2019organiser a choisi d\u2019aborder le th\u00e8me suivant : <strong>\u201cLes r\u00e9seaux sociaux : une alimentation sous influence ?\u201d<\/strong><\/p>\n<p>Retrouvez toutes les informations en lien avec cette journ\u00e9e <a href=\"https:\/\/blog.ube.fr\/master-nutrition-sante\/edition-2022\/\" target=\"_blank\" rel=\"noopener\">en cliquant sur ce lien<\/a><\/p>\n<p><img loading=\"lazy\" decoding=\"async\" class=\"aligncenter\" title=\"http:\/\/blog.ube.fr\/master-nutrition-sante\/wp-content\/uploads\/sites\/70\/2022\/06\/Affiche-1-colloque-NS-scaled.jpg\" src=\"http:\/\/blog.ube.fr\/master-nutrition-sante\/wp-content\/uploads\/sites\/70\/2022\/06\/Affiche-1-colloque-NS-scaled.jpg\" alt=\"\" width=\"274\" height=\"387\" \/><\/p>\n<hr \/>\n<h2>Taxe d&#8217;apprentissage 2021\/2022<\/h2>\n<p>Entreprises, partenaires, le versement de la taxe d\u2019apprentissage \u00e0 l\u2019\u00e9tablissement de votre choix est une modalit\u00e9 pr\u00e9vue par la loi pour vous acquitter de cet imp\u00f4t. <strong>Choisissez le Master 2 Nutrition Sant\u00e9 !!!!<\/strong><\/p>\n<p>Le Master 2 Nutrition Sant\u00e9 propose deux parcours de formation : Professionnel et Recherche. D\u2019une part, il forme des futurs cadres des industries agroalimentaires et de sant\u00e9, ainsi que des professionnels habilit\u00e9s \u00e0 travailler dans des organismes de sant\u00e9 publique et des cabinets de conseil. D\u2019autre part, il forme \u00e0 la recherche fondamentale ou appliqu\u00e9e, constituant ainsi une porte d\u2019entr\u00e9e unique vers la poursuite en doctorat et le m\u00e9tier de chercheur dans les domaines de la nutrition et de la sant\u00e9.<br \/>\nLa taxe d\u2019apprentissage repr\u00e9sente une source importante de financement pour le fonctionnement de notre formation. Gr\u00e2ce \u00e0 votre soutien, il nous sera possible d\u2019acqu\u00e9rir de nouveaux outils p\u00e9dagogiques, de faire intervenir des experts de premier plan, et de financer nos sorties universitaires (Salon International de l\u2019Alimentation, conf\u00e9rences de la Soci\u00e9t\u00e9 Fran\u00e7aise de Nutrition\u2026).<br \/>\nVous avez la possibilit\u00e9 de nous verser une partie de votre taxe par l\u2019interm\u00e9diaire d\u2019un organisme collecteur agr\u00e9\u00e9.<\/p>\n<p>Bordereau de versement \u00e0 compl\u00e9ter et \u00e0 nous retourner par courriel \u00e0 : masternutritionsante@u-bourgogne.fr ou par courrier \u00e0 : UFR SVTE &#8211; Master 2 Nutrition Sant\u00e9 &#8211; 6 boulevard Gabriel &#8211; 21000 DIJON<\/p>\n<p><img loading=\"lazy\" decoding=\"async\" src=\"http:\/\/blog.ube.fr\/master-nutrition-sante\/wp-content\/uploads\/sites\/70\/2022\/03\/TA-20212.jpg\" alt=\"\" width=\"1179\" height=\"607\" \/><\/p>\n<div dir=\"auto\">\n<div dir=\"auto\">\n<hr \/>\n<h2>Projet de terrain CARSAT &#8211; 24\/01 et 15\/02\/2022<\/h2>\n<p>Gr\u00e2ce \u00e0 une collaboration avec la Carsat Bourgogne-Franche-Comt\u00e9 et FAPA Seniors 21, nos \u00e9tudiantes ont eu l\u2019opportunit\u00e9 de pouvoir intervenir le lundi 24 janvier et le mardi 15 f\u00e9vrier 2022 lors d&#8217;une r\u00e9union d\u2019information \u00e0 destination des seniors. L\u2019objectif de cette pr\u00e9sentation \u00e9tait d&#8217;apporter aux retrait\u00e9s de la r\u00e9gion des informations de premier niveau sur la nutrition orient\u00e9es autour des recommandations nutritionnelles en lien avec le programme national nutrition sant\u00e9 (PNNS).<br \/>\nLe choix d&#8217;Axelle, \u00c9lisa, Julie, Marie et Zohra a donc \u00e9t\u00e9 de leur faire d\u00e9couvrir le pois chiche, une l\u00e9gumineuse encore tr\u00e8s peu consomm\u00e9e en France. Elles ont effectu\u00e9 une introduction sur les sens et la n\u00e9ophobie alimentaire puis un d\u00e9veloppement autour du pois chiche (son histoire dans le monde et en France, ses qualit\u00e9s nutritionnelles, ses avantages et inconv\u00e9nients sur la sant\u00e9, la fa\u00e7on dont on peut le consommer, et enfin un c\u00f4t\u00e9 cuisine avec une proposition de quelques recettes).<br \/>\nTout au long de cette pr\u00e9sentation, des liens ont \u00e9t\u00e9 r\u00e9alis\u00e9s avec \u00ab Les ateliers bon jours \u00bb afin d\u2019inciter les seniors \u00e0 y participer pour les accompagner dans le \u00ab bien vieillir \u00bb.<\/p>\n<p><img loading=\"lazy\" decoding=\"async\" class=\"\" src=\"http:\/\/blog.ube.fr\/master-nutrition-sante\/wp-content\/uploads\/sites\/70\/2022\/03\/image0-001.jpg\" alt=\"\" width=\"448\" height=\"375\" \/> \u00a0<img loading=\"lazy\" decoding=\"async\" class=\"\" src=\"http:\/\/blog.ube.fr\/master-nutrition-sante\/wp-content\/uploads\/sites\/70\/2022\/03\/IMG_0804.jpg\" alt=\"\" width=\"500\" height=\"375\" \/><\/p>\n<\/div>\n<\/div>\n<div class=\"sqddsqdsq\">\n<div dir=\"auto\">\n<div dir=\"auto\">\n<hr \/>\n<h2>Journ\u00e9es des Masters de l&#8217;UFR SVTE &#8211; 10\/11\/2021<\/h2>\n<p>La Journ\u00e9e Des Masters s&#8217;est tenue le 10 novembre 2021. Les \u00e9tudiantes de l\u2019\u00e9quipe communication du Master Nutrition Sant\u00e9, pr\u00e9sentes sur leur stand ont accueilli les \u00e9tudiants de diff\u00e9rents niveaux et parcours de licences et masters de l\u2019UFR Sciences Vie Terre Environnement et ont r\u00e9pondu \u00e0 leurs nombreuses questions.<\/p>\n<p>Tout au long de cet \u00e9v\u00e9nement, les \u00e9tudiants des diff\u00e9rents masters pr\u00e9sents ont partag\u00e9 leur exp\u00e9rience, leur parcours, ainsi qu\u2019\u00e9clair\u00e9 les \u00e9tudiants cherchant des r\u00e9ponses sur les diff\u00e9rentes d\u00e9bouch\u00e9s possibles pour la suite de leur formation.<\/p>\n<p>Nous remercions \u00e0 nouveau tous les \u00e9tudiants, intervenants et \u00e9tudiants volontaires ayant particip\u00e9 au bon d\u00e9roulement de cette matin\u00e9e.<\/p>\n<p>Rendez-vous l\u2019ann\u00e9e prochaine pour une nouvelle \u00e9dition\u00a0!<\/p>\n<p><img decoding=\"async\" src=\"http:\/\/blog.ube.fr\/master-nutrition-sante\/wp-content\/uploads\/sites\/70\/2021\/11\/Diapositive1-2.jpg\" alt=\"\" \/><\/p>\n<hr \/>\n<h2><img decoding=\"async\" class=\"aligncenter\" src=\"http:\/\/blog.ube.fr\/master-nutrition-sante\/wp-content\/uploads\/sites\/70\/2021\/07\/logo-apprentissage_imagelarge-001.jpg\" alt=\"\" \/><\/h2>\n<h2 style=\"text-align: left;\">Le Contrat d&#8217;Apprentissage arrive au M2 Nutrition Sant\u00e9 !<\/h2>\n<p>A partir de la rentr\u00e9e 2021 &#8211; 2022 le M2 NS reste ouvert au <strong>Contrat de Professionnalisation<\/strong> mais il sera \u00e9galement ouvert en alternance par <strong>Contrat d&#8217;Apprentissage<\/strong> (droit priv\u00e9\/public, professions lib\u00e9rales, associations).<\/p>\n<p>Contacts formation : <a href=\"mailto:jerome.bellenger@u-bourgogne.fr\" rel=\"\">J\u00e9r\u00f4me Bellenger<\/a> et <a href=\"mailto:michel.narce@u-bourgogne.fr\" rel=\"\">Michel Narce<\/a><\/p>\n<p>Contact administratif : <a href=\"mailto: formation.continue-svte@u-bourgogne.fr\" rel=\"\">SEFCA &#8211; UFR SVTE \/ Universit\u00e9 de Bourgogne<\/a><\/p>\n<p>Pour plus d&#8217;informations: <a href=\"https:\/\/www.enseignementsup-recherche.gouv.fr\/cid20247\/www.enseignementsup-recherche.gouv.fr\/cid20247\/www.enseignementsup-recherche.gouv.fr\/cid20247\/l-alternance-dans-le-superieur.html\" target=\"_blank\" rel=\"noopener\">alternance dans le Sup\u00e9rieur<\/a><\/p>\n<p><a href=\"http:\/\/blog.ube.fr\/master-nutrition-sante\/wp-content\/uploads\/sites\/70\/2021\/07\/Alternances-scaled.jpg\"><img loading=\"lazy\" decoding=\"async\" class=\"aligncenter\" src=\"http:\/\/blog.ube.fr\/master-nutrition-sante\/wp-content\/uploads\/sites\/70\/2021\/07\/Alternances-scaled.jpg\" alt=\"\" width=\"585\" height=\"329\" \/><\/a><\/p>\n<hr \/>\n<h2>Journ\u00e9es des Masters de l&#8217;UFR SVTE &#8211; 10\/11\/2021<\/h2>\n<p>L\u2019UFR SVTE de l&#8217;universit\u00e9 de Bourgogne \u2013 Franche-Comt\u00e9 va une fois encore accueillir la Journ\u00e9e des Masters. Cet \u00e9v\u00e9nement, port\u00e9 par les \u00e9tudiants du Master 2 Nutrition Sant\u00e9 dans le cadre du projet de terrain &#8220;Communication&#8221;, se d\u00e9roulera le mercredi 10 novembre de 9h \u00e0 14h dans le hall du b\u00e2timent Gabriel.<\/p>\n<p>IMPORTANT : dans le contexte de la crise sanitaire, le port du masque sera obligatoire et le pass sanitaire sera demand\u00e9 pour les \u00e9tudiants issus d&#8217;autres universit\u00e9s !<\/p>\n<p><img loading=\"lazy\" decoding=\"async\" class=\"aligncenter\" title=\"http:\/\/blog.ube.fr\/master-nutrition-sante\/wp-content\/uploads\/sites\/70\/2021\/10\/Affiche-JDM.png\" src=\"http:\/\/blog.ube.fr\/master-nutrition-sante\/wp-content\/uploads\/sites\/70\/2021\/10\/Affiche-JDM.png\" alt=\"\" width=\"294\" height=\"416\" \/><\/p>\n<\/div>\n<div dir=\"auto\">\n<hr \/>\n<div class=\"sqddsqdsq\">\n<div dir=\"auto\">\n<div dir=\"auto\">\n<h2>La 4\u00e8me \u00e9cole clinique de la SFN sur le th\u00e8me : &#8220;Qualit\u00e9 de l&#8217;alimentation : Quelles informations ?&#8221;<\/h2>\n<p>La Soci\u00e9t\u00e9 Fran\u00e7aise de Nutrition (SFN) a organis\u00e9 le 1er Octobre 2020, sous forme de Webinaire, la <strong>4\u00e8me \u00c9cole Clinique<\/strong> ayant cette ann\u00e9e pour th\u00e8me: <em><strong>\u201cQualit\u00e9 de l\u2019alimentation : Quelles informations ?\u201d<\/strong><\/em>. De nombreuses pr\u00e9sentations abordant des th\u00e8mes d&#8217;actualit\u00e9s ont \u00e9t\u00e9 r\u00e9alis\u00e9es puis cela a \u00e9t\u00e9 r\u00e9sum\u00e9 par les \u00e9tudiants de notre Master 2 Nutrition Sant\u00e9!<\/p>\n<\/div>\n<p>Vous pouvez les retrouver en cliquant sur ce <a style=\"color: blue;\" href=\"http:\/\/blog.ube.fr\/master-nutrition-sante\/4eme-ecole-clinique-de-la-sfn\/\" target=\"_blank\" rel=\"noopener\">lien<\/a> !<\/p>\n<hr \/>\n<div dir=\"auto\">\n<h2 style=\"color: #77b5fe;\"><strong style=\"color: #77b5fe;\">Bleu<\/strong><strong style=\"color: #666666;\">-Blanc-<\/strong><strong style=\"color: #ff69b4;\">Coeur<\/strong><\/h2>\n<\/div>\n<div dir=\"auto\">Pour la deuxi\u00e8me ann\u00e9e cons\u00e9cutive, des \u00e9tudiantes du Master 2 Nutrition Sant\u00e9 de l&#8217;Universit\u00e9 de Bourgogne vont s&#8217;impliquer jusqu&#8217;en f\u00e9vrier 2021 dans un projet avec BLEU-BLANC-COEUR dans le cadre de leur formation.<\/div>\n<div dir=\"auto\"><\/div>\n<div dir=\"auto\">Ce projet tuteur\u00e9 va avoir pour but de les placer dans des situations concr\u00e8tes qu&#8217;ils seront susceptibles de rencontrer pendant leurs parcours professionnels.<\/div>\n<div dir=\"auto\">Il consistera \u00e0 cr\u00e9er un jeu de cartes p\u00e9dagogique Bleu-Blanc-C\u0153ur \u00e0 utiliser en consultation de nutrition ou en ateliers de pr\u00e9vention nutritionnelle.<\/div>\n<div dir=\"auto\">Ce jeu pourra permettre \u00e0 des personnes qui sont peu inform\u00e9es sur la nutrition, d\u2019en apprendre davantage sur les aliments qu\u2019ils consomment et les cartes disposeront d&#8217;une information exclusive en plus qui pourra porter sur des aspects de nutrition, de production, de sant\u00e9 animale ou de pr\u00e9servation de l&#8217;environnement.<\/div>\n<div dir=\"auto\"><\/div>\n<div dir=\"auto\">Ce projet vous int\u00e9resse et vous souhaiteriez les aider en donnant votre avis aux \u00e9tudiantes ? Faites-leur savoir d\u00e8s maintenant :<\/div>\n<div dir=\"auto\"><a class=\"oajrlxb2 g5ia77u1 qu0x051f esr5mh6w e9989ue4 r7d6kgcz rq0escxv nhd2j8a9 nc684nl6 p7hjln8o kvgmc6g5 cxmmr5t8 oygrvhab hcukyx3x jb3vyjys rz4wbd8a qt6c0cv9 a8nywdso i1ao9s8h esuyzwwr f1sip0of lzcic4wl py34i1dx gpro0wi8\" role=\"link\" href=\"https:\/\/docs.google.com\/forms\/d\/e\/1FAIpQLSdh0EDvQ9OjsKE1786bnWFHyNDcdz7dCVNFSE8xn3_40E8r4Q\/viewform?fbclid=IwAR1b_j84JxH2cisYn4Csq2dqBAIK9WEnbLp0NXzXt5gUS5x19Vvcy0rbdyk\" target=\"_blank\" rel=\"nofollow noopener noreferrer\">https:\/\/docs.google.com\/&#8230;\/1FAIpQLSdh0EDvQ9OjsK&#8230;\/viewform<\/a><\/div>\n<h2><img loading=\"lazy\" decoding=\"async\" class=\"aligncenter\" src=\"http:\/\/blog.ube.fr\/master-nutrition-sante\/wp-content\/uploads\/sites\/70\/2019\/12\/Nouveau-logo-png.png\" alt=\"\" width=\"298\" height=\"273\" \/><\/h2>\n<h2><\/h2>\n<hr \/>\n<h2>Forum INITIATIV\u2019 Emploi-Stages<\/h2>\n<div dir=\"auto\">\n<div class=\"kvgmc6g5 cxmmr5t8 oygrvhab hcukyx3x c1et5uql ii04i59q\">\n<div dir=\"auto\">Vous \u00eates \u00e9tudiants, jeunes dipl\u00f4m\u00e9s, et \u00eates \u00e0 la recherche d&#8217;un stage ou d&#8217;un emploi ? Des entreprises de tous secteurs professionnels viennent \u00e0 votre rencontre le jeudi 19 novembre 2020 de 15h \u00e0 18h \u00e0 la salle Multiplex (campus dijonnais) pour la 13\u00e8me \u00e9dition du Forum Initiativ&#8217;Emplois-Stages !<\/div>\n<\/div>\n<div class=\"o9v6fnle cxmmr5t8 oygrvhab hcukyx3x c1et5uql ii04i59q\">\n<div dir=\"auto\">De plus, d&#8217;autres \u00e9v\u00e9nements virtuels et en pr\u00e9sentiel sont pr\u00e9vus du 16 au 19 novembre 2020. Retrouvez toutes les infos sur le site Entreprises : <a href=\"https:\/\/bit.ly\/3bXqpdK\" target=\"_blank\" rel=\"noopener\">https:\/\/bit.ly\/3bXqpdK<\/a><\/div>\n<\/div>\n<div class=\"o9v6fnle cxmmr5t8 oygrvhab hcukyx3x c1et5uql ii04i59q\">\n<div dir=\"auto\"><span class=\"pq6dq46d tbxw36s4 knj5qynh kvgmc6g5 ditlmg2l oygrvhab nvdbi5me sf5mxxl7 gl3lb2sf hhz5lgdu\"><img loading=\"lazy\" decoding=\"async\" src=\"https:\/\/static.xx.fbcdn.net\/images\/emoji.php\/v9\/t26\/1.5\/16\/1f449_1f3fc.png\" alt=\"\ud83d\udc49\ud83c\udffc\" width=\"16\" height=\"16\" \/><\/span> Venez \u00e9changer avec des professionnels, vous renseigner sur leurs m\u00e9tiers, consulter leurs offres et \u00e9couter leurs conseils.<\/div>\n<div dir=\"auto\"><\/div>\n<\/div>\n<\/div>\n<\/div>\n<div dir=\"auto\"><img loading=\"lazy\" decoding=\"async\" class=\"aligncenter\" src=\"http:\/\/blog.ube.fr\/master-nutrition-sante\/wp-content\/uploads\/sites\/70\/2021\/05\/Forum_Initiatv_Emploi.jpg\" alt=\"\" width=\"720\" height=\"243\" \/><\/div>\n<div dir=\"auto\">\n<hr \/>\n<h2>Journ\u00e9es des Masters de l&#8217;UFR SVTE &#8211; 12\/11\/2020 &#8211; Report\u00e9e \u00e0 une date ult\u00e9rieure du fait de la crise sanitaire<\/h2>\n<\/div>\n<div dir=\"auto\"><span class=\"pq6dq46d tbxw36s4 knj5qynh kvgmc6g5 ditlmg2l oygrvhab nvdbi5me sf5mxxl7 gl3lb2sf hhz5lgdu\"><img loading=\"lazy\" decoding=\"async\" src=\"https:\/\/static.xx.fbcdn.net\/images\/emoji.php\/v9\/t86\/1.5\/16\/1f4cd.png\" alt=\"\ud83d\udccd\" width=\"16\" height=\"16\" \/><\/span><span class=\"pq6dq46d tbxw36s4 knj5qynh kvgmc6g5 ditlmg2l oygrvhab nvdbi5me sf5mxxl7 gl3lb2sf hhz5lgdu\"><img loading=\"lazy\" decoding=\"async\" src=\"https:\/\/static.xx.fbcdn.net\/images\/emoji.php\/v9\/t92\/1.5\/16\/1f4e2.png\" alt=\"\ud83d\udce2\" width=\"16\" height=\"16\" \/><\/span> <strong>Objectif Master<\/strong> : Les \u00e9tudiants des diff\u00e9rents Masters de l&#8217;UFR vous accueillent sur leur stand le jeudi 12 novembre de 9h \u00e0 13h \u00e0 la salle Multiplex o\u00f9 se d\u00e9roulera la journ\u00e9e des Masters <span class=\"pq6dq46d tbxw36s4 knj5qynh kvgmc6g5 ditlmg2l oygrvhab nvdbi5me sf5mxxl7 gl3lb2sf hhz5lgdu\"><img loading=\"lazy\" decoding=\"async\" src=\"https:\/\/static.xx.fbcdn.net\/images\/emoji.php\/v9\/tb2\/1.5\/16\/32_20e3.png\" alt=\"2\ufe0f\u20e3\" width=\"16\" height=\"16\" \/><\/span><span class=\"pq6dq46d tbxw36s4 knj5qynh kvgmc6g5 ditlmg2l oygrvhab nvdbi5me sf5mxxl7 gl3lb2sf hhz5lgdu\"><img loading=\"lazy\" decoding=\"async\" src=\"https:\/\/static.xx.fbcdn.net\/images\/emoji.php\/v9\/t74\/1.5\/16\/30_20e3.png\" alt=\"0\ufe0f\u20e3\" width=\"16\" height=\"16\" \/><\/span><span class=\"pq6dq46d tbxw36s4 knj5qynh kvgmc6g5 ditlmg2l oygrvhab nvdbi5me sf5mxxl7 gl3lb2sf hhz5lgdu\"><img loading=\"lazy\" decoding=\"async\" src=\"https:\/\/static.xx.fbcdn.net\/images\/emoji.php\/v9\/tb2\/1.5\/16\/32_20e3.png\" alt=\"2\ufe0f\u20e3\" width=\"16\" height=\"16\" \/><\/span><span class=\"pq6dq46d tbxw36s4 knj5qynh kvgmc6g5 ditlmg2l oygrvhab nvdbi5me sf5mxxl7 gl3lb2sf hhz5lgdu\"><img loading=\"lazy\" decoding=\"async\" src=\"https:\/\/static.xx.fbcdn.net\/images\/emoji.php\/v9\/t74\/1.5\/16\/30_20e3.png\" alt=\"0\ufe0f\u20e3\" width=\"16\" height=\"16\" \/><\/span>.<\/div>\n<\/div>\n<div class=\"o9v6fnle cxmmr5t8 oygrvhab hcukyx3x c1et5uql ii04i59q\">\n<div dir=\"auto\">Seront pr\u00e9sents durant cette journ\u00e9e les masters des mentions Nutrition et Sciences des Aliments, Biologie de la Conservation, Biodiversit\u00e9 \u00c9cologie \u00c9volution et Biologie Sant\u00e9 <span class=\"pq6dq46d tbxw36s4 knj5qynh kvgmc6g5 ditlmg2l oygrvhab nvdbi5me sf5mxxl7 gl3lb2sf hhz5lgdu\"><img loading=\"lazy\" decoding=\"async\" src=\"https:\/\/static.xx.fbcdn.net\/images\/emoji.php\/v9\/t88\/1.5\/16\/1f9ec.png\" alt=\"\ud83e\uddec\" width=\"16\" height=\"16\" \/><\/span><span class=\"pq6dq46d tbxw36s4 knj5qynh kvgmc6g5 ditlmg2l oygrvhab nvdbi5me sf5mxxl7 gl3lb2sf hhz5lgdu\"><img loading=\"lazy\" decoding=\"async\" src=\"https:\/\/static.xx.fbcdn.net\/images\/emoji.php\/v9\/t7\/1.5\/16\/1f9eb.png\" alt=\"\ud83e\uddeb\" width=\"16\" height=\"16\" \/><\/span><span class=\"pq6dq46d tbxw36s4 knj5qynh kvgmc6g5 ditlmg2l oygrvhab nvdbi5me sf5mxxl7 gl3lb2sf hhz5lgdu\"><img loading=\"lazy\" decoding=\"async\" src=\"https:\/\/static.xx.fbcdn.net\/images\/emoji.php\/v9\/t86\/1.5\/16\/1f9ea.png\" alt=\"\ud83e\uddea\" width=\"16\" height=\"16\" \/><\/span>.<\/div>\n<div dir=\"auto\">De multiples pr\u00e9sentations au programmes:<\/div>\n<div dir=\"auto\">\u00a0 \u00a0 \u00a0 &#8211; Les diff\u00e9rents Masters ;<\/div>\n<div dir=\"auto\">\u00a0 \u00a0 \u00a0 &#8211; Les diff\u00e9rentes mentions et modes d&#8217;alternance, de la th\u00e8se et ses d\u00e9bouch\u00e9s ;<\/div>\n<div dir=\"auto\">\u00a0 \u00a0 \u00a0 &#8211; Les stages \u00e0 l&#8217;\u00e9tranger avec t\u00e9moignages d&#8217;\u00e9tudiants, \u00e9changes avec les \u00e9tudiants et responsables sur les diff\u00e9rents stands.<\/div>\n<div dir=\"auto\"><\/div>\n<div dir=\"auto\">Ton avenir ? Trouvons-le ensemble<span class=\"pq6dq46d tbxw36s4 knj5qynh kvgmc6g5 ditlmg2l oygrvhab nvdbi5me sf5mxxl7 gl3lb2sf hhz5lgdu\"><img loading=\"lazy\" decoding=\"async\" src=\"https:\/\/static.xx.fbcdn.net\/images\/emoji.php\/v9\/tfe\/1.5\/16\/203c.png\" alt=\"\u203c\ufe0f\" width=\"16\" height=\"16\" \/><\/span><\/div>\n<\/div>\n<p><img loading=\"lazy\" decoding=\"async\" class=\"aligncenter\" src=\"http:\/\/blog.ube.fr\/master-nutrition-sante\/wp-content\/uploads\/sites\/70\/2020\/12\/posterr.jpg\" alt=\"\" width=\"679\" height=\"291\" \/><\/p>\n<div dir=\"auto\"><\/div>\n<div class=\"hider\" style=\"background-color: white; width: 100%; margin-top: -0;\">\n<hr \/>\n<h2>4\u00e8me \u00c9cole Clinique de la Soci\u00e9t\u00e9 Fran\u00e7aise de Nutrition<\/h2>\n<p>La SFN organise, le 1er Octobre 2020 sa 4\u00e8me Ecole Clinique qui aura pour th\u00e8me &#8220;<strong>Qualit\u00e9 de l&#8217;alimentation: quelles informations?<\/strong>&#8220;.<br \/>\nCette Journ\u00e9e se d\u00e9roulera en distanciel sous forme de <strong>WEBINAIRE<\/strong> en partenariat avec BIOFORTIS.<br \/>\nLe replay de la journ\u00e9e sera disponible sur le site de la SFN au cours du mois d&#8217;octobre 2020.<\/p>\n<p><a href=\"https:\/\/blog.ube.fr\/master-nutrition-sante\/4eme-ecole-clinique-de-la-sfn\/\" target=\"_blank\" rel=\"noopener\">Le r\u00e9sum\u00e9 des conf\u00e9rences par nos \u00e9tudiants<\/a><\/p>\n<h2><a href=\"http:\/\/blog.ube.fr\/master-nutrition-sante\/wp-content\/uploads\/sites\/70\/2020\/09\/Capture-du2019\u00e9cran-2020-09-16-091519.jpg\" target=\"_blank\" rel=\"noopener\"><img loading=\"lazy\" decoding=\"async\" class=\"aligncenter\" title=\"http:\/\/blog.ube.fr\/master-nutrition-sante\/wp-content\/uploads\/sites\/70\/2020\/09\/Capture-du2019\u00e9cran-2020-09-16-091519.jpg\" src=\"http:\/\/blog.ube.fr\/master-nutrition-sante\/wp-content\/uploads\/sites\/70\/2020\/09\/Capture-du2019\u00e9cran-2020-09-16-091519.jpg\" alt=\"\" width=\"405\" height=\"561\" \/><\/a><\/h2>\n<hr \/>\n<h2>12\u00e8me \u00e9dition du colloque Nutrition Sant\u00e9 &#8211; 10 septembre 2021<\/h2>\n<p>L\u2019organisation du Colloque Nutrition Sant\u00e9 est l\u2019un des projets de terrain majeurs r\u00e9alis\u00e9s tous les ans par des \u00e9tudiants du Master 2 Nutrition Sant\u00e9 autour de diff\u00e9rents th\u00e8mes en lien avec la nutrition et la sant\u00e9. Cet \u00e9v\u00e9nement permet de r\u00e9unir des professionnels d\u2019horizons diff\u00e9rents qui interviendront sur un th\u00e8me d\u2019actualit\u00e9 dans le but de sensibiliser et d\u2019informer le grand public. D\u00e9borah, Fanny, No\u00e9mie et Salom\u00e9, porteuses du projet, ont choisi le th\u00e8me : \u00ab Nutrition et Sport : Quelle alimentation choisir lors d\u2019une activit\u00e9 sportive ? \u00bb. Nous vous donnons rendez-vous le jeudi 10 Septembre 2020 au p\u00f4le AAFE sur le campus universitaire (Esplanade \u00c9rasme).<\/p>\n<p>Entr\u00e9e libre et gratuite, inscription obligatoire en cliquant sur <a href=\"https:\/\/bit.ly\/39POJdZ\" target=\"_blank\" rel=\"noopener noreferrer\">ce lien<\/a><\/p>\n<p><a href=\"http:\/\/blog.ube.fr\/master-nutrition-sante\/wp-content\/uploads\/sites\/70\/2020\/01\/GraphiqueColl\u00e9-2.png\"><img loading=\"lazy\" decoding=\"async\" class=\"aligncenter\" src=\"http:\/\/blog.ube.fr\/master-nutrition-sante\/wp-content\/uploads\/sites\/70\/2020\/01\/GraphiqueColl\u00e9-2.png\" alt=\"\" width=\"447\" height=\"663\" \/><\/a><\/p>\n<hr \/>\n<h2>Pr\u00e9sentation des outils Bleu-Blanc-C\u0153ur &#8211; 04\/02\/2020<\/h2>\n<p>Dans le cadre des projets de terrain du M2 Nutrition Sant\u00e9, venez rencontrer l&#8217;association Bleu-Blanc-Coeur et nos \u00e9tudiantes, le mardi 4 f\u00e9vrier 2020, pour un atelier de pr\u00e9sentation de nouveaux outils p\u00e9dagogiques pour la patient\u00e8le des professionnels de sant\u00e9. Un outil digital, imagin\u00e9 par nos \u00e9tudiantes, pour expliquer aux patients le r\u00f4le des om\u00e9ga 3 et des antioxydants, un jeu de cartes pour faire le point sur les sources d&#8217;om\u00e9ga 3, un quiz qui reprend les id\u00e9es re\u00e7ues en mati\u00e8re de nutrition et durabilit\u00e9&#8230;vous en r\u00eaviez, nos \u00e9tudiantes sont en train de le faire pour vous ! Venez d\u00e9couvrir tout cela et donner votre avis pour faire avancer leur projet.<\/p>\n<p><a href=\"http:\/\/blog.ube.fr\/master-nutrition-sante\/wp-content\/uploads\/sites\/70\/2020\/02\/Carton-invitation.jpg\"><img loading=\"lazy\" decoding=\"async\" class=\"aligncenter\" src=\"http:\/\/blog.ube.fr\/master-nutrition-sante\/wp-content\/uploads\/sites\/70\/2020\/02\/Carton-invitation.jpg\" alt=\"\" width=\"453\" height=\"453\" \/><\/a><\/p>\n<hr \/>\n<h2>Journ\u00e9es des Masters de l&#8217;UFR SVTE &#8211; 14\/11\/2019<\/h2>\n<p>Cette ann\u00e9e encore, l\u2019Universit\u00e9 de Bourgogne \u2013 Franche- Comt\u00e9 et AgroSup Dijon reconduisent la Journ\u00e9e des Masters. Cet \u00e9v\u00e9nement, port\u00e9 par les \u00e9tudiants du master 2 Nutrition Sant\u00e9 dans le cadre des projets de terrain, se d\u00e9roulera le jeudi 14 novembre de 9h \u00e0 14h dans le hall du b\u00e2timent Gabriel. Parcourez le programme en cliquant sur <a href=\"http:\/\/blog.ube.fr\/master-nutrition-sante\/wp-content\/uploads\/sites\/70\/2019\/11\/Planning_JDM_2019.png\" target=\"_blank\" rel=\"noopener noreferrer\">ce lien<\/a>.<\/p>\n<p><a href=\"http:\/\/blog.ube.fr\/master-nutrition-sante\/wp-content\/uploads\/sites\/70\/2019\/11\/Affiche_JDM_2019.png\"><img loading=\"lazy\" decoding=\"async\" class=\"aligncenter\" src=\"http:\/\/blog.ube.fr\/master-nutrition-sante\/wp-content\/uploads\/sites\/70\/2019\/11\/Affiche_JDM_2019.png\" alt=\"\" width=\"460\" height=\"650\" \/><\/a><\/p>\n<hr \/>\n<h2>3\u00e8me \u00c9cole Clinique de la Soci\u00e9t\u00e9 Fran\u00e7aise de Nutrition (S.F.N.) &#8211; 26\/09\/2019<\/h2>\n<p>Dans le cadre de leurs enseignements de master 2, la promotion 2019\/2020 se rendra \u00e0 AgroParisTech le 26 septembre 2019 pour la troisi\u00e8me \u00c9cole Clinique de la Soci\u00e9t\u00e9 Fran\u00e7aise de Nutrition.<\/p>\n<p>Th\u00e8me abord\u00e9 : &#8220;Polluants et alimentation&#8221;<\/p>\n<h2><a href=\"http:\/\/blog.ube.fr\/master-nutrition-sante\/wp-content\/uploads\/sites\/70\/2019\/09\/SFN_3eme-Ecole-Clinique-Publication-2.jpg\"><img loading=\"lazy\" decoding=\"async\" class=\"aligncenter\" src=\"http:\/\/blog.ube.fr\/master-nutrition-sante\/wp-content\/uploads\/sites\/70\/2019\/09\/SFN_3eme-Ecole-Clinique-Publication-2.jpg\" alt=\"\" width=\"463\" height=\"631\" \/><\/a><\/h2>\n<hr \/>\n<h2>Journ\u00e9e Portes Ouvertes &#8211; 06\/02\/2019<\/h2>\n<p>L&#8217;\u00e9quipe Communication du Master Nutrition Sant\u00e9, compos\u00e9e de 4 \u00e9tudiants, \u00e9tait pr\u00e9sente lors de cette journ\u00e9e. Elle a re\u00e7u, au niveau du stand &#8220;Nutrition et Sciences des Aliments&#8221;, bon nombre de lyc\u00e9ens provenant de divers horizons au sein de l&#8217;UFR Sciences Vie Terre Environnement. Tout au long de cet \u00e9v\u00e9nement, les \u00e9tudiants du Master Nutrition Sant\u00e9 ont partag\u00e9 leur exp\u00e9rience, leur parcours, ainsi que les diff\u00e9rentes voies possibles pour acc\u00e9der \u00e0 leur formation.<\/p>\n<hr \/>\n<h2>Intervention nutritionnelle femmes enceintes &#8211; Une journ\u00e9e \u00e9quilibr\u00e9e &#8211; 25\/01\/2019<\/h2>\n<p>Dans le cadre de leur <a href=\"http:\/\/blog.ube.fr\/master-nutrition-sante\/nos-projets\/\" target=\"_blank\" rel=\"noopener noreferrer\">projet de terrain<\/a>, cinq de nos \u00e9tudiantes vous proposent de participer \u00e0 divers ateliers portant sur la nutrition sp\u00e9cifique de la femme enceinte. Le troisi\u00e8me volet portera sur le th\u00e8me suivant : &#8220;une journ\u00e9e \u00e9quilibr\u00e9e&#8221; et se d\u00e9roulera le vendredi 25 janvier de 14h \u00e0 15h30 au CHU de Dijon<\/p>\n<p><a href=\"http:\/\/blog.ube.fr\/master-nutrition-sante\/wp-content\/uploads\/sites\/70\/2018\/11\/Flyers-projet-maternit\u00e9.jpg\" target=\"_blank\" rel=\"noopener noreferrer\"><img loading=\"lazy\" decoding=\"async\" class=\"aligncenter\" src=\"http:\/\/blog.ube.fr\/master-nutrition-sante\/wp-content\/uploads\/sites\/70\/2018\/11\/Flyers-projet-maternit\u00e9.jpg\" alt=\"\" width=\"534\" height=\"377\" \/><\/a><\/p>\n<hr \/>\n<h2>Intervention nutritionnelle femmes enceintes &#8211; Les bienfaits des lipides &#8211; 21\/12\/2018<\/h2>\n<p>Nos \u00e9tudiantes vous proposent de participer \u00e0 un deuxi\u00e8me atelier sur les femmes enceintes. Ce nouveau volet portera sur les bienfaits des lipides et se d\u00e9roulera le vendredi 21 d\u00e9cembre de 14h \u00e0 15h30 au CHU de Dijon<\/p>\n<hr \/>\n<h2>Intervention nutritionnelle femmes enceintes &#8211; Les sucres cach\u00e9s &#8211; 30\/11\/2018<\/h2>\n<p>Dans le cadre de leur projet de terrain, cinq de nos \u00e9tudiantes vous proposent de participer \u00e0 divers ateliers portant sur la nutrition sp\u00e9cifique de la femme enceinte. Le premier volet portera sur les sucres cach\u00e9s et se d\u00e9roulera le vendredi 30 novembre de 14h \u00e0 15h30 au CHU de Dijon<\/p>\n<hr \/>\n<h2>5\u00e8me \u00e9dition &#8220;Objectif Master&#8221; &#8211; 15\/11\/2018<\/h2>\n<p>Cette ann\u00e9e encore, l\u2019<a href=\"http:\/\/www.ubfc.fr\/\" target=\"_blank\" rel=\"noopener noreferrer\">Universit\u00e9 de Bourgogne \u2013 Franche- Comt\u00e9<\/a> et <a href=\"https:\/\/www.agrosupdijon.fr\/\" target=\"_blank\" rel=\"noopener noreferrer\">AgroSup Dijon<\/a> reconduisent la Journ\u00e9e des Masters, renomm\u00e9e cette ann\u00e9e en &#8220;Objectif Master&#8221;. Cet \u00e9v\u00e9nement se d\u00e9roulera le jeudi 15 novembre 2018 de 9h \u00e0 13h \u00e0 l&#8217;UFR SVTE et sera organis\u00e9 quasi int\u00e9gralement par le &#8220;<a href=\"http:\/\/blog.ube.fr\/master-nutrition-sante\/nos-projets\/\">Projet Communication<\/a>&#8221; du Master Nutrition Sant\u00e9.<\/p>\n<hr \/>\n<h2>12\u00e8me \u00c9cole de la Soci\u00e9t\u00e9 Fran\u00e7aise de Nutrition (S.F.N.) &#8211; 13\/11\/2018<\/h2>\n<p>Comme chaque ann\u00e9e, nos \u00e9tudiants se rendront \u00e0 Paris pour l&#8217;\u00e9cole de la Soci\u00e9t\u00e9 Fran\u00e7aise de Nutrition. La 12\u00e8me \u00e9dition aura pour th\u00e8me : <a href=\"http:\/\/sf-nutrition.org\/evenements\/12eme-ecole-sfn-nutrition-lipidique-facteurs-associes-et-cancer-mardi-13-novembre-2018\/\" target=\"_blank\" rel=\"noopener noreferrer\">&#8220;Nutrition lipidique, facteurs associ\u00e9s et cancer?&#8221;<\/a><\/p>\n<h2><a href=\"http:\/\/blog.ube.fr\/master-nutrition-sante\/wp-content\/uploads\/sites\/70\/2018\/09\/SFN_12emeEcole-Publication-Web.jpg\" rel=\"noopener\"><img loading=\"lazy\" decoding=\"async\" class=\"aligncenter\" src=\"http:\/\/blog.ube.fr\/master-nutrition-sante\/wp-content\/uploads\/sites\/70\/2018\/09\/SFN_12emeEcole-Publication-Web.jpg\" alt=\"Ecole_SFN\" width=\"500\" height=\"680\" \/><\/a><\/h2>\n<hr \/>\n<h2>Salon International de l&#8217;Alimentation (S.I.A.L.) &#8211; 23\/10\/2018<\/h2>\n<p>Le <a href=\"https:\/\/www.sialparis.fr\/\" target=\"_blank\" rel=\"noopener noreferrer\">SIAL<\/a> est un salon international professionnel de l&#8217;alimentation qui rassemble pr\u00e8s de 200 pays et a lieu tous les 2 ans au Parc des Expositions \u00e0 Villepinte. Visite pr\u00e9vue pour nos \u00e9tudiants le 23\/10.<\/p>\n<h2><a href=\"http:\/\/blog.ube.fr\/master-nutrition-sante\/wp-content\/uploads\/sites\/70\/2018\/06\/SIAL-2018.jpg\" rel=\"noopener\"><img loading=\"lazy\" decoding=\"async\" class=\"aligncenter\" src=\"http:\/\/blog.ube.fr\/master-nutrition-sante\/wp-content\/uploads\/sites\/70\/2018\/06\/SIAL-2018.jpg\" alt=\"\" width=\"686\" height=\"335\" \/><\/a><\/h2>\n<hr \/>\n<h2>1\u00e8re \u00c9cole Clinique de la Soci\u00e9t\u00e9 Fran\u00e7aise de Nutrition (S.F.N.) &#8211; 27\/09\/2018<\/h2>\n<p>Dans le cadre de leurs enseignements de master 2, la promotion 2018\/2019 se rendra \u00e0 AgroParisTech le 27 septembre 2018 pour la premi\u00e8re \u00c9cole Clinique de la Soci\u00e9t\u00e9 Fran\u00e7aise de Nutrition.<\/p>\n<p>Th\u00e8me abord\u00e9 : <strong>&#8220;<\/strong><a href=\"http:\/\/sf-nutrition.org\/evenements\/1ere-ecole-clinique-sfn-regimes-dexclusion-2\/\" target=\"_blank\" rel=\"noopener noreferrer\">Les r\u00e9gimes d&#8217;exclusion, pourquoi ? pour qui ?&#8221;<\/a><\/p>\n<p><a href=\"http:\/\/blog.ube.fr\/master-nutrition-sante\/wp-content\/uploads\/sites\/70\/2018\/09\/SFN_1ere-Ecole-Clinique-Publication-Web.jpg\" target=\"_blank\" rel=\"noopener noreferrer\"><img loading=\"lazy\" decoding=\"async\" class=\"aligncenter\" src=\"http:\/\/blog.ube.fr\/master-nutrition-sante\/wp-content\/uploads\/sites\/70\/2018\/09\/SFN_1ere-Ecole-Clinique-Publication-Web.jpg\" alt=\"Ecole_clinique_SFN\" width=\"500\" height=\"680\" \/><\/a><\/p>\n<hr \/>\n<h2>10\u00e8me \u00e9dition du colloque Nutrition Sant\u00e9 &#8211; 13\/09\/2018<\/h2>\n<p>Retour en images sur l&#8217;\u00e9dition 2018 du colloque Nutrition Sant\u00e9 : &#8220;Le bien-\u00eatre au c\u0153ur de notre assiette&#8221;<\/p>\n<p>[metaslider id=949]<\/p>\n<hr \/>\n<h2>Journ\u00e9e Portes Ouvertes &#8211; 31\/01\/2018<\/h2>\n<p>Les \u00e9tudiants de l&#8217;\u00e9quipe Communication du Master Nutrition Sant\u00e9 \u00e9taient pr\u00e9sents sur le stand &#8220;Nutrition et Sciences des Aliments&#8221; et ont accueilli \u00e0 bras ouverts, les lyc\u00e9ens et autres \u00e9tudiants de tout horizon au sein de l&#8217;UFR Sciences Vie Terre Environnement. Ces derniers \u00e9taient inform\u00e9s des diff\u00e9rents parcours repr\u00e9sent\u00e9s et les \u00e9tudiants du Master Nutrition Sant\u00e9, v\u00eatis de leur pull de promotion, ont partag\u00e9 leur exp\u00e9rience.<\/p>\n<hr \/>\n<h2>Le Master Nutrition Sant\u00e9 dans Le Monde Campus &#8211; 24\/01\/2018<\/h2>\n<p>A l\u2019heure de l\u2019alimentation durable et des scandales agroalimentaires, les formations en nutrition et en sant\u00e9 sont en plein essor. Tour d&#8217;horizon de quelques formations reconnues dont le master Nutrition Sant\u00e9.<\/p>\n<p><a href=\"http:\/\/www.lemonde.fr\/campus\/article\/2018\/01\/24\/pour-les-etudiants-en-master-nutrition-pas-question-d-ameliorer-le-big-mac_5246378_4401467.html\" target=\"_blank\" rel=\"noopener noreferrer\">Pour les \u00e9tudiants en master nutrition, \u00ab pas question d\u2019am\u00e9liorer le Big Mac ! \u00bb<\/a><\/p>\n<hr \/>\n<h2>Journ\u00e9e de la Soci\u00e9t\u00e9 Fran\u00e7aise de la Nutrition &#8211; 23\/11\/2017<\/h2>\n<p>Le 23 novembre dernier avait lieu la 10\u00e8me \u00e9dition de l&#8217;\u00e9cole de la <a href=\"http:\/\/sf-nutrition.org\/\">SFN<\/a>. Les \u00e9tudiants du Master Nutrition Sant\u00e9 ont eu la chance de pouvoir participer \u00e0 cet \u00e9v\u00e9nement regroupant des professionnels de la nutrition. Au programme, les &#8220;Nanoparticules et Alimentation&#8221;, sujet abord\u00e9 par diff\u00e9rents intervenants sp\u00e9cialis\u00e9s dans le milieu.<\/p>\n<p><a href=\"http:\/\/blog.ube.fr\/master-nutrition-sante\/wp-content\/uploads\/sites\/70\/2017\/12\/20171123_162236.jpg\" target=\"_blank\" rel=\"noopener noreferrer\"><img loading=\"lazy\" decoding=\"async\" class=\"aligncenter\" src=\"http:\/\/blog.ube.fr\/master-nutrition-sante\/wp-content\/uploads\/sites\/70\/2017\/12\/20171123_162236.jpg\" alt=\"\" width=\"685\" height=\"514\" \/><\/a><\/p>\n<hr \/>\n<h2>Journ\u00e9e des Masters &#8211; 16\/11\/2017<\/h2>\n<p>Cette ann\u00e9e, l\u2019<a href=\"http:\/\/www.ubfc.fr\/\" target=\"_blank\" rel=\"noopener noreferrer\">Universit\u00e9 de Bourgogne \u2013 Franche- Comt\u00e9<\/a> et AgroSup Dijon reconduisent la Journ\u00e9e des Masters. Cet \u00e9v\u00e9nement a eu le lieu jeudi 16 novembre 2017 de 9h \u00e0 13h \u00e0 la Facult\u00e9 de Biologie et a \u00e9t\u00e9 organis\u00e9 quasi int\u00e9gralement par le &#8220;<a href=\"http:\/\/blog.ube.fr\/master-nutrition-sante\/nos-projets\/\">Projet Communication<\/a>&#8221; du Master Nutrition Sant\u00e9.<\/p>\n<p>La Journ\u00e9e des Masters a pour but d&#8217;aider les futurs \u00e9tudiants en Master 2 \u00e0 construire leur avenir \u00e0 travers des conf\u00e9rences et des stands repr\u00e9sentant <a href=\"http:\/\/ufr-svte.u-bourgogne.fr\/formation\/master.html\">chaque Master<\/a> autour des th\u00e8mes de l&#8217;Alimentation, de la Nutrition, de l&#8217;Environnement, de la Sant\u00e9 ou encore de l\u2019\u00c9cologie.<\/p>\n<p>Plus d&#8217;informations sur l&#8217;<a href=\"http:\/\/blog.ube.fr\/master-nutrition-sante\/?p=581\">affiche et le programme<\/a> de la Journ\u00e9e des Masters du 16\/11\/2017<\/p>\n<\/div>\n<\/div>\n<\/div>\n<\/div>\n","protected":false},"excerpt":{"rendered":"<p>Offre d&#8217;alternance en R&amp;D du 03 Avril 2026 Veuillez trouver cette offre d&#8217;alternance chez Yoplait au lien suivant: R&amp;D YOPLAIT Offre d&#8217;alternance en R&amp;D du 01 Avril 2026 Veuillez trouver cette offre au lien suivant: R&amp;D ERHARD Offre d&#8217;alternance \u00e0 ne pas manquer en pr\u00e9vention ! Veuillez trouver cette offre au lien suivant: DDC Restauration&hellip;<\/p>\n<p class=\"more-link-p\"><a class=\"btn btn-primary\" href=\"https:\/\/blog.ube.fr\/master-nutrition-sante\/actualites-3\/\">Voir plus &rarr;<\/a><\/p>\n","protected":false},"author":1234,"featured_media":0,"parent":0,"menu_order":0,"comment_status":"closed","ping_status":"closed","template":"","meta":{"_exactmetrics_skip_tracking":false,"_exactmetrics_sitenote_active":false,"_exactmetrics_sitenote_note":"","_exactmetrics_sitenote_category":0,"footnotes":""},"class_list":["post-659","page","type-page","status-publish","hentry"],"_links":{"self":[{"href":"https:\/\/blog.ube.fr\/master-nutrition-sante\/wp-json\/wp\/v2\/pages\/659","targetHints":{"allow":["GET"]}}],"collection":[{"href":"https:\/\/blog.ube.fr\/master-nutrition-sante\/wp-json\/wp\/v2\/pages"}],"about":[{"href":"https:\/\/blog.ube.fr\/master-nutrition-sante\/wp-json\/wp\/v2\/types\/page"}],"author":[{"embeddable":true,"href":"https:\/\/blog.ube.fr\/master-nutrition-sante\/wp-json\/wp\/v2\/users\/1234"}],"replies":[{"embeddable":true,"href":"https:\/\/blog.ube.fr\/master-nutrition-sante\/wp-json\/wp\/v2\/comments?post=659"}],"version-history":[{"count":440,"href":"https:\/\/blog.ube.fr\/master-nutrition-sante\/wp-json\/wp\/v2\/pages\/659\/revisions"}],"predecessor-version":[{"id":5464,"href":"https:\/\/blog.ube.fr\/master-nutrition-sante\/wp-json\/wp\/v2\/pages\/659\/revisions\/5464"}],"wp:attachment":[{"href":"https:\/\/blog.ube.fr\/master-nutrition-sante\/wp-json\/wp\/v2\/media?parent=659"}],"curies":[{"name":"wp","href":"https:\/\/api.w.org\/{rel}","templated":true}]}}