{"id":5083,"date":"2025-09-16T08:40:05","date_gmt":"2025-09-16T06:40:05","guid":{"rendered":"https:\/\/blog.u-bourgogne.fr\/master-nutrition-sante\/?page_id=5083"},"modified":"2025-09-16T08:43:07","modified_gmt":"2025-09-16T06:43:07","slug":"projet-2024","status":"publish","type":"page","link":"https:\/\/blog.ube.fr\/master-nutrition-sante\/projet-2024\/","title":{"rendered":"Projet 2024"},"content":{"rendered":"<p>Voici les diff\u00e9rents projets de terrain qui sont r\u00e9alis\u00e9s durant l&#8217;ann\u00e9e par les \u00e9tudiants ne disposant pas d&#8217;un contrat d&#8217;alternance.<\/p>\n<h2>Projet Communication :<\/h2>\n<p><a href=\"http:\/\/blog.ube.fr\/master-nutrition-sante\/wp-content\/uploads\/sites\/70\/2025\/04\/Visuel_equipe_communication.jpg\" target=\"_blank\" rel=\"noopener\"><img loading=\"lazy\" decoding=\"async\" class=\"alignleft\" title=\"http:\/\/blog.ube.fr\/master-nutrition-sante\/wp-content\/uploads\/sites\/70\/2025\/04\/Visuel_equipe_communication.jpg\" src=\"http:\/\/blog.ube.fr\/master-nutrition-sante\/wp-content\/uploads\/sites\/70\/2025\/04\/Visuel_equipe_communication.jpg\" alt=\"\" width=\"256\" height=\"256\" \/><\/a><\/p>\n<p>Cette ann\u00e9e, le projet de terrain \u00ab Communication \u00bb du master est encadr\u00e9 par une \u00e9quipe compos\u00e9e d&#8217;\u00c9lisa, Audrey, Ninon et Emma<strong>.<\/strong> L\u2019objectif de ce projet est de faire la promotion du Master au travers de 3 missions :<\/p>\n<p>&#8211; Le d\u00e9veloppement des r\u00e9seaux sociaux pour se faire conna\u00eetre par notre cible principale les \u00e9tudiants et les entreprises en lien avec la nutrition.<\/p>\n<p>&#8211; Promotion du Master aupr\u00e8s des \u00e9tudiants lors de la \u00ab\u00a0Journ\u00e9e des Masters de l\u2019UFR SVTE\u00a0\u00bb<\/p>\n<p>&#8211; Promotion de l\u2019association \u00ab <a href=\"https:\/\/blog.ube.fr\/master-nutrition-sante\/presentation-de-lasso\/\">Alumn\u2019 Ta Nutrition<\/a> \u00bb. Cr\u00e9atifs et engag\u00e9s, les membres de l&#8217;\u00e9quipe contribuent \u00e0 renforcer la visibilit\u00e9 du Master 2 et \u00e0 sensibiliser le public \u00e0 l&#8217;importance de la nutrition pour une vie saine.<\/p>\n<p>&nbsp;<\/p>\n<hr \/>\n<h2>Projet Colloque :<\/h2>\n<p><a href=\"http:\/\/blog.ube.fr\/master-nutrition-sante\/wp-content\/uploads\/sites\/70\/2025\/04\/Visuel_equipe_colloque.jpg\" target=\"_blank\" rel=\"noopener\"><img loading=\"lazy\" decoding=\"async\" class=\"alignleft\" title=\"http:\/\/blog.ube.fr\/master-nutrition-sante\/wp-content\/uploads\/sites\/70\/2025\/04\/Visuel_equipe_colloque.jpg\" src=\"http:\/\/blog.ube.fr\/master-nutrition-sante\/wp-content\/uploads\/sites\/70\/2025\/04\/Visuel_equipe_colloque.jpg\" alt=\"\" width=\"256\" height=\"256\" \/><\/a>Chaque ann\u00e9e, un groupe d&#8217;\u00e9tudiants du Master 2 organisent un colloque se d\u00e9roulant \u00e0 la mi-septembre de l&#8217;ann\u00e9e suivante.<\/p>\n<p>Cette ann\u00e9e Pauline, Manon, Juliette, Camille et Marie sont en charge de l&#8217;organisation de l&#8217;\u00e9dition 2025, la 16\u00e8me.<\/p>\n<p>Elle se d\u00e9roulera le<strong> mercredi 3 septembre 2025<\/strong>, au p\u00f4le AAFE, sur la campus universitaire de Dijon.<\/p>\n<p>Th\u00e9matique de cette nouvelle \u00e9dition : <strong>\u00ab Nutrition, Sant\u00e9 et Performance en Sports d\u2019Endurance : De l\u2019Amateur \u00e0 l\u2019Athl\u00e8te de Haut Niveau \u00bb<\/strong><\/p>\n<p><span style=\"font-size: 16px;\">Le colloque dispose d&#8217;un profil Instagram : <a href=\"https:\/\/www.instagram.com\/colloquenutritionsante\" target=\"_blank\" rel=\"noopener\">@colloquenutritionsante<\/a> et d&#8217;une page <a href=\"https:\/\/www.facebook.com\/ColloqueNutritionSante\" target=\"_blank\" rel=\"noopener\">Facebook<\/a><\/span><\/p>\n<h2><\/h2>\n<p>&nbsp;<\/p>\n<hr \/>\n<h2>Projet CARSAT :<\/h2>\n<p><a href=\"http:\/\/blog.ube.fr\/master-nutrition-sante\/wp-content\/uploads\/sites\/70\/2025\/04\/Visuel_equipe_Carsat.jpg\" target=\"_blank\" rel=\"noopener\"><img loading=\"lazy\" decoding=\"async\" class=\"alignleft\" title=\"http:\/\/blog.ube.fr\/master-nutrition-sante\/wp-content\/uploads\/sites\/70\/2025\/04\/Visuel_equipe_Carsat.jpg\" src=\"http:\/\/blog.ube.fr\/master-nutrition-sante\/wp-content\/uploads\/sites\/70\/2025\/04\/Visuel_equipe_Carsat.jpg\" alt=\"\" width=\"256\" height=\"256\" \/><\/a>Dans le cadre de leur Master 2 Nutrition Sant\u00e9, Morgane, Ma\u00e8va, Cassandra et Alexia ont r\u00e9cemment partag\u00e9 leur expertise avec l\u2019organisme de la <a href=\"https:\/\/www.carsat-bfc.fr\/\">CARSAT<\/a>, via un partenariat que nous avons maintenant depuis plusieurs ann\u00e9es.<\/p>\n<p>Engag\u00e9s dans une initiative concr\u00e8te en faveur de la sant\u00e9, ces jeunes talents ont appliqu\u00e9 leurs connaissances fra\u00eechement acquises au service d\u2019une noble cause : <strong>la lutte contre la d\u00e9nutrition chez les jeunes retrait\u00e9s<\/strong>.<\/p>\n<p>Ces \u00e9tudiantes passionn\u00e9es par la pr\u00e9vention sant\u00e9, mettent en lumi\u00e8re leur engagement envers la sant\u00e9 publique et leur contribution significative \u00e0 la CARSAT. Leurs comp\u00e9tences en nutrition ont \u00e9t\u00e9 mises \u00e0 profit pour enrichir les initiatives de cet organisme d\u00e9di\u00e9 \u00e0 la protection sociale.<\/p>\n<p>&nbsp;<\/p>\n<hr \/>\n<h2>Les Entrepreneuriales :<\/h2>\n<p>Chaque ann\u00e9e, certains \u00e9tudiants participent aux <a href=\"https:\/\/www.lesentrep.fr\/territoires\/bourgogne\/\" target=\"_blank\" rel=\"noopener noreferrer\">Entrepreneuriales<\/a>. C&#8217;est une tr\u00e8s belle exp\u00e9rience leur permettant de d\u00e9couvrir le monde de l&#8217;entreprise via la cr\u00e9ation, en \u00e9quipe, d&#8217;une start up avec l&#8217;aide de parrains et de coachs !!<img loading=\"lazy\" decoding=\"async\" class=\"\" src=\"http:\/\/blog.ube.fr\/master-nutrition-sante\/wp-content\/uploads\/sites\/70\/2024\/01\/Entreup.jpg\" alt=\"\" width=\"614\" height=\"345\" \/><\/p>\n","protected":false},"excerpt":{"rendered":"<p>Voici les diff\u00e9rents projets de terrain qui sont r\u00e9alis\u00e9s durant l&#8217;ann\u00e9e par les \u00e9tudiants ne disposant pas d&#8217;un contrat d&#8217;alternance. Projet Communication : Cette ann\u00e9e, le projet de terrain \u00ab Communication \u00bb du master est encadr\u00e9 par une \u00e9quipe compos\u00e9e d&#8217;\u00c9lisa, Audrey, Ninon et Emma. L\u2019objectif de ce projet est de faire la promotion du&hellip;<\/p>\n<p class=\"more-link-p\"><a class=\"btn btn-primary\" href=\"https:\/\/blog.ube.fr\/master-nutrition-sante\/projet-2024\/\">Voir plus &rarr;<\/a><\/p>\n","protected":false},"author":306,"featured_media":0,"parent":0,"menu_order":0,"comment_status":"closed","ping_status":"closed","template":"","meta":{"_exactmetrics_skip_tracking":false,"_exactmetrics_sitenote_active":false,"_exactmetrics_sitenote_note":"","_exactmetrics_sitenote_category":0,"footnotes":""},"class_list":["post-5083","page","type-page","status-publish","hentry"],"_links":{"self":[{"href":"https:\/\/blog.ube.fr\/master-nutrition-sante\/wp-json\/wp\/v2\/pages\/5083","targetHints":{"allow":["GET"]}}],"collection":[{"href":"https:\/\/blog.ube.fr\/master-nutrition-sante\/wp-json\/wp\/v2\/pages"}],"about":[{"href":"https:\/\/blog.ube.fr\/master-nutrition-sante\/wp-json\/wp\/v2\/types\/page"}],"author":[{"embeddable":true,"href":"https:\/\/blog.ube.fr\/master-nutrition-sante\/wp-json\/wp\/v2\/users\/306"}],"replies":[{"embeddable":true,"href":"https:\/\/blog.ube.fr\/master-nutrition-sante\/wp-json\/wp\/v2\/comments?post=5083"}],"version-history":[{"count":2,"href":"https:\/\/blog.ube.fr\/master-nutrition-sante\/wp-json\/wp\/v2\/pages\/5083\/revisions"}],"predecessor-version":[{"id":5085,"href":"https:\/\/blog.ube.fr\/master-nutrition-sante\/wp-json\/wp\/v2\/pages\/5083\/revisions\/5085"}],"wp:attachment":[{"href":"https:\/\/blog.ube.fr\/master-nutrition-sante\/wp-json\/wp\/v2\/media?parent=5083"}],"curies":[{"name":"wp","href":"https:\/\/api.w.org\/{rel}","templated":true}]}}