{"id":4341,"date":"2023-09-25T14:12:32","date_gmt":"2023-09-25T12:12:32","guid":{"rendered":"https:\/\/blog.u-bourgogne.fr\/master-nutrition-sante\/?page_id=4341"},"modified":"2023-09-25T14:16:12","modified_gmt":"2023-09-25T12:16:12","slug":"projet-2020","status":"publish","type":"page","link":"https:\/\/blog.ube.fr\/master-nutrition-sante\/projet-2020\/","title":{"rendered":"Projet 2020"},"content":{"rendered":"<p>Voici les diff\u00e9rents projets de terrain qui sont r\u00e9alis\u00e9s durant l\u2019ann\u00e9e (pour les \u00e9tudiants ne disposant pas d\u2019un contrat de professionnalisation).<\/p>\n<h2>Projet Communication et Colloque :<\/h2>\n<p><a href=\"http:\/\/blog.ube.fr\/master-nutrition-sante\/wp-content\/uploads\/sites\/70\/2023\/09\/ProjetCommMontage.jpg\" target=\"_blank\" rel=\"noopener\"><img loading=\"lazy\" decoding=\"async\" class=\"aligncenter\" title=\"http:\/\/blog.ube.fr\/master-nutrition-sante\/wp-content\/uploads\/sites\/70\/2023\/09\/ProjetCommMontage.jpg\" src=\"http:\/\/blog.ube.fr\/master-nutrition-sante\/wp-content\/uploads\/sites\/70\/2023\/09\/ProjetCommMontage.jpg\" alt=\"\" width=\"422\" height=\"234\" \/><\/a><\/p>\n<h2>Projet sensibilisation \u00e0 la d\u00e9nutrition chez les personnes \u00e2g\u00e9es :<\/h2>\n<h2><a href=\"http:\/\/blog.ube.fr\/master-nutrition-sante\/wp-content\/uploads\/sites\/70\/2023\/09\/ProjetDenutAfficheHall.jpg\" target=\"_blank\" rel=\"noopener\"><img loading=\"lazy\" decoding=\"async\" class=\"aligncenter\" title=\"http:\/\/blog.ube.fr\/master-nutrition-sante\/wp-content\/uploads\/sites\/70\/2023\/09\/ProjetDenutAfficheHall.jpg\" src=\"http:\/\/blog.ube.fr\/master-nutrition-sante\/wp-content\/uploads\/sites\/70\/2023\/09\/ProjetDenutAfficheHall.jpg\" alt=\"\" width=\"422\" height=\"231\" \/><\/a>Projet pr\u00e9vention surpoids et ob\u00e9sit\u00e9 :<\/h2>\n<p><a href=\"http:\/\/blog.ube.fr\/master-nutrition-sante\/wp-content\/uploads\/sites\/70\/2023\/09\/ProjetObesite.jpg\" target=\"_blank\" rel=\"noopener\"><img loading=\"lazy\" decoding=\"async\" class=\"aligncenter\" title=\"http:\/\/blog.ube.fr\/master-nutrition-sante\/wp-content\/uploads\/sites\/70\/2023\/09\/ProjetObesite.jpg\" src=\"http:\/\/blog.ube.fr\/master-nutrition-sante\/wp-content\/uploads\/sites\/70\/2023\/09\/ProjetObesite.jpg\" alt=\"\" width=\"423\" height=\"238\" \/><\/a><\/p>\n<h2>Projet communication pour association Bleu-Blanc-Coeur :<\/h2>\n<p><a href=\"http:\/\/blog.ube.fr\/master-nutrition-sante\/wp-content\/uploads\/sites\/70\/2023\/09\/ProjetCommBBC.jpg\" target=\"_blank\" rel=\"noopener\"><img loading=\"lazy\" decoding=\"async\" class=\"aligncenter\" title=\"http:\/\/blog.ube.fr\/master-nutrition-sante\/wp-content\/uploads\/sites\/70\/2023\/09\/ProjetCommBBC.jpg\" src=\"http:\/\/blog.ube.fr\/master-nutrition-sante\/wp-content\/uploads\/sites\/70\/2023\/09\/ProjetCommBBC.jpg\" alt=\"\" width=\"422\" height=\"235\" \/><\/a><\/p>\n","protected":false},"excerpt":{"rendered":"<p>Voici les diff\u00e9rents projets de terrain qui sont r\u00e9alis\u00e9s durant l\u2019ann\u00e9e (pour les \u00e9tudiants ne disposant pas d\u2019un contrat de professionnalisation). Projet Communication et Colloque : Projet sensibilisation \u00e0 la d\u00e9nutrition chez les personnes \u00e2g\u00e9es : Projet pr\u00e9vention surpoids et ob\u00e9sit\u00e9 : Projet communication pour association Bleu-Blanc-Coeur :<\/p>\n<p class=\"more-link-p\"><a class=\"btn btn-primary\" href=\"https:\/\/blog.ube.fr\/master-nutrition-sante\/projet-2020\/\">Voir plus &rarr;<\/a><\/p>\n","protected":false},"author":306,"featured_media":0,"parent":0,"menu_order":0,"comment_status":"closed","ping_status":"closed","template":"","meta":{"_exactmetrics_skip_tracking":false,"_exactmetrics_sitenote_active":false,"_exactmetrics_sitenote_note":"","_exactmetrics_sitenote_category":0,"footnotes":""},"class_list":["post-4341","page","type-page","status-publish","hentry"],"_links":{"self":[{"href":"https:\/\/blog.ube.fr\/master-nutrition-sante\/wp-json\/wp\/v2\/pages\/4341","targetHints":{"allow":["GET"]}}],"collection":[{"href":"https:\/\/blog.ube.fr\/master-nutrition-sante\/wp-json\/wp\/v2\/pages"}],"about":[{"href":"https:\/\/blog.ube.fr\/master-nutrition-sante\/wp-json\/wp\/v2\/types\/page"}],"author":[{"embeddable":true,"href":"https:\/\/blog.ube.fr\/master-nutrition-sante\/wp-json\/wp\/v2\/users\/306"}],"replies":[{"embeddable":true,"href":"https:\/\/blog.ube.fr\/master-nutrition-sante\/wp-json\/wp\/v2\/comments?post=4341"}],"version-history":[{"count":4,"href":"https:\/\/blog.ube.fr\/master-nutrition-sante\/wp-json\/wp\/v2\/pages\/4341\/revisions"}],"predecessor-version":[{"id":5103,"href":"https:\/\/blog.ube.fr\/master-nutrition-sante\/wp-json\/wp\/v2\/pages\/4341\/revisions\/5103"}],"wp:attachment":[{"href":"https:\/\/blog.ube.fr\/master-nutrition-sante\/wp-json\/wp\/v2\/media?parent=4341"}],"curies":[{"name":"wp","href":"https:\/\/api.w.org\/{rel}","templated":true}]}}