{"id":4291,"date":"2023-09-22T13:27:10","date_gmt":"2023-09-22T11:27:10","guid":{"rendered":"https:\/\/blog.u-bourgogne.fr\/master-nutrition-sante\/?page_id=4291"},"modified":"2025-09-16T08:52:23","modified_gmt":"2025-09-16T06:52:23","slug":"projet-2022","status":"publish","type":"page","link":"https:\/\/blog.ube.fr\/master-nutrition-sante\/projet-2022\/","title":{"rendered":"Projet 2022"},"content":{"rendered":"<p>Voici les diff\u00e9rents projets de terrain qui sont r\u00e9alis\u00e9s durant l&#8217;ann\u00e9e par les \u00e9tudiants ne disposant pas d&#8217;un contrat d&#8217;alternance.<\/p>\n<h2>Projet Communication :<\/h2>\n<p><img loading=\"lazy\" decoding=\"async\" class=\"alignleft\" src=\"http:\/\/blog.ube.fr\/master-nutrition-sante\/wp-content\/uploads\/sites\/70\/2023\/01\/AVPageView-16012023-135349-1.jpg\" alt=\"\" width=\"290\" height=\"259\" \/>Cette ann\u00e9e, le projet de terrain &#8220;Communication&#8221; du Master fait l&#8217;objet d&#8217;un travail transversal au sein de la promotion et est men\u00e9 par l\u2019ensemble de la promotion.<\/p>\n<p>L&#8217;objectif de ce projet est de faire la promotion du Master au travers de 3 missions principales :<\/p>\n<p>Mise \u00e0 jour du site internet et des diff\u00e9rents autres r\u00e9seaux sociaux notamment la page <a href=\"https:\/\/www.facebook.com\/M2.NutriSante\">Facebook <\/a><\/p>\n<p>Promotion du Master aupr\u00e8s des \u00e9tudiants lors de la &#8220;Journ\u00e9e des Masters de l&#8217;UFR SVTE&#8221; et des &#8220;Journ\u00e9es Portes Ouvertes&#8221;.<\/p>\n<p>Promotion de l&#8217;association <a href=\"https:\/\/blog.ube.fr\/master-nutrition-sante\/statuts-association\/\" target=\"_blank\" rel=\"noopener\">&#8220;Alumn&#8217; Ta Nutrition&#8221;<\/a><\/p>\n<h2><\/h2>\n<h2><\/h2>\n<h2>Projet Colloque : 14\u00e8me \u00e9dition<\/h2>\n<p><img loading=\"lazy\" decoding=\"async\" class=\"alignleft\" src=\"http:\/\/blog.ube.fr\/master-nutrition-sante\/wp-content\/uploads\/sites\/70\/2023\/02\/Colloque.jpg\" alt=\"\" width=\"215\" height=\"215\" \/>Chaque ann\u00e9e, un groupe d&#8217;\u00e9tudiants du Master 2 organisent un colloque se d\u00e9roulant \u00e0 la mi-septembre de l&#8217;ann\u00e9e suivante.<\/p>\n<p>Cette ann\u00e9e \u00c9milie, Lucie et Thomas sont en charge de l&#8217;organisation de l&#8217;\u00e9dition 2023, la 14\u00e8me.<\/p>\n<p>Elle se d\u00e9roulera le jeudi 7 septembre 2023 sur la campus universitaire de Dijon.<\/p>\n<p>Th\u00e9matique de cette nouvelle \u00e9dition : &#8220;Transition alimentaire : un regard nouveau sur notre assiette&#8221;<\/p>\n<p><span style=\"font-size: 16px;\">Le colloque dispose d&#8217;un profil Instagram : <a href=\"https:\/\/www.instagram.com\/colloquenutritionsante\" target=\"_blank\" rel=\"noopener\">@colloquenutritionsante<\/a> et d&#8217;une page <a href=\"https:\/\/www.facebook.com\/ColloqueNutritionSante\" target=\"_blank\" rel=\"noopener\">Facebook<\/a><\/span><\/p>\n<h2><\/h2>\n<h2>Projet CARSAT :<\/h2>\n<p><img loading=\"lazy\" decoding=\"async\" class=\"alignleft\" src=\"http:\/\/blog.ube.fr\/master-nutrition-sante\/wp-content\/uploads\/sites\/70\/2023\/01\/Visuel1.jpg\" alt=\"\" width=\"199\" height=\"267\" \/>Comme en 2021\/2022, une collaboration avec la Caisse d&#8217;Assurance Retraite et de la Sant\u00e9 Au Travail de la r\u00e9gion Bourgogne-France-Comt\u00e9 a permis de mettre en place un projet de terrain nomm\u00e9 <strong>CARSAT<\/strong>. Cet organisme de la S\u00e9curit\u00e9 sociale, intervient sur la retraite, les risques professionnels et la sant\u00e9. Elle est pr\u00e9sente aux c\u00f4t\u00e9s des salari\u00e9s et des entreprises tout au long de la vie professionnelle et pendant la retraite. C&#8217;est un acteur \u00e9conomique important de notre r\u00e9gion qui agit au quotidien pour un service public de qualit\u00e9<\/p>\n<p>Il est men\u00e9 par Mathilde, Julie, Malaurie et Aude.<\/p>\n<p><span style=\"font-size: 16px;\">L&#8217;objectif de ce projet est de faire de la pr\u00e9vention primaire aupr\u00e8s des personnes nouvellement retrait\u00e9es au travers de 2 missions principales : m<\/span>ettre \u00e0 jour le contenu de l&#8217;atelier Nutrition de la CARSAT en lien avec les rep\u00e8res du PNNS 4 et cr\u00e9er une animation Nutrition lors d&#8217;une journ\u00e9e th\u00e9matique pr\u00e9vention.<\/p>\n<h2><\/h2>\n<h2><\/h2>\n<h2>Promotion de la d\u00e9marche &#8220;Bleu-Blanc-Coeur&#8221; :<\/h2>\n<p><img loading=\"lazy\" decoding=\"async\" class=\"alignleft\" src=\"http:\/\/blog.ube.fr\/master-nutrition-sante\/wp-content\/uploads\/sites\/70\/2023\/01\/AVPageView-16012023-140715.jpg\" alt=\"\" width=\"207\" height=\"219\" \/>Cette ann\u00e9e, Ana\u00efs, Justine et Caroline ont comme projet de terrain de promouvoir la d\u00e9marche &#8220;Bleu-Blanc-C\u0153ur&#8221;. C&#8217;est un projet qui d\u00e9fend les valeurs du bien-manger, de l&#8217;\u00e9cologie et du mieux vivre ensemble. Ce nouveau partenariat entre Bleu-Blanc-Coeur et le Master 2 Nutrition Sant\u00e9 \u00e0 pour but d&#8217;aider le grand public \u00e0 am\u00e9liorer leur consommation d&#8217;om\u00e9ga-3 et de fibres \u00e0 travers :<\/p>\n<p>* la cr\u00e9ation de fiches ingr\u00e9dients pour les produits BBC via le logiciel Youmeal,<\/p>\n<p>* l&#8217;\u00e9laboration d&#8217;un questionnaire et la conception de 4 semaines de menus pour chaque saison, \u00e0 partir de recettes \u00e9quilibr\u00e9es<\/p>\n<p>* la conception de menus<\/p>\n<h2>Les Entrepreneuriales :<\/h2>\n<p>Chaque ann\u00e9e, certains \u00e9tudiants participent aux <a href=\"https:\/\/www.lesentrep.fr\/territoires\/bourgogne\/\" target=\"_blank\" rel=\"noopener noreferrer\">entrepreneuriales<\/a>. C&#8217;est une tr\u00e8s belle exp\u00e9rience leur permettant de d\u00e9couvrir le monde de l&#8217;entreprise via la cr\u00e9ation, en \u00e9quipe, d&#8217;une start up avec l&#8217;aide de parrains et de coachs !!<\/p>\n<p>Cette ann\u00e9e, par exemple, des \u00e9tudiants du M2 participent \u00e0 la conception d&#8217;applications mobiles facilitant la mise en relation entre producteurs et consommateurs&#8230; D&#8217;autres contribuent \u00e0 l&#8217;\u00e9laboration d&#8217;une barre de c\u00e9r\u00e9ales aux l\u00e9gumes&#8230;<\/p>\n<p><img loading=\"lazy\" decoding=\"async\" class=\"wp-image-1526 aligncenter\" src=\"http:\/\/blog.ube.fr\/master-nutrition-sante\/wp-content\/uploads\/sites\/70\/2019\/12\/1D96E87F9A544F459FC5A80AEA9D681A-300x188.jpg\" alt=\"\" width=\"401\" height=\"251\" srcset=\"https:\/\/blog.ube.fr\/master-nutrition-sante\/wp-content\/uploads\/sites\/70\/2019\/12\/1D96E87F9A544F459FC5A80AEA9D681A-300x188.jpg 300w, https:\/\/blog.ube.fr\/master-nutrition-sante\/wp-content\/uploads\/sites\/70\/2019\/12\/1D96E87F9A544F459FC5A80AEA9D681A-768x480.jpg 768w, https:\/\/blog.ube.fr\/master-nutrition-sante\/wp-content\/uploads\/sites\/70\/2019\/12\/1D96E87F9A544F459FC5A80AEA9D681A.jpg 960w\" sizes=\"auto, (max-width: 401px) 100vw, 401px\" \/><\/p>\n<p>&nbsp;<\/p>\n<p>&nbsp;<\/p>\n","protected":false},"excerpt":{"rendered":"<p>Voici les diff\u00e9rents projets de terrain qui sont r\u00e9alis\u00e9s durant l&#8217;ann\u00e9e par les \u00e9tudiants ne disposant pas d&#8217;un contrat d&#8217;alternance. Projet Communication : Cette ann\u00e9e, le projet de terrain &#8220;Communication&#8221; du Master fait l&#8217;objet d&#8217;un travail transversal au sein de la promotion et est men\u00e9 par l\u2019ensemble de la promotion. L&#8217;objectif de ce projet est&hellip;<\/p>\n<p class=\"more-link-p\"><a class=\"btn btn-primary\" href=\"https:\/\/blog.ube.fr\/master-nutrition-sante\/projet-2022\/\">Voir plus &rarr;<\/a><\/p>\n","protected":false},"author":306,"featured_media":0,"parent":0,"menu_order":0,"comment_status":"closed","ping_status":"closed","template":"","meta":{"_exactmetrics_skip_tracking":false,"_exactmetrics_sitenote_active":false,"_exactmetrics_sitenote_note":"","_exactmetrics_sitenote_category":0,"footnotes":""},"class_list":["post-4291","page","type-page","status-publish","hentry"],"_links":{"self":[{"href":"https:\/\/blog.ube.fr\/master-nutrition-sante\/wp-json\/wp\/v2\/pages\/4291","targetHints":{"allow":["GET"]}}],"collection":[{"href":"https:\/\/blog.ube.fr\/master-nutrition-sante\/wp-json\/wp\/v2\/pages"}],"about":[{"href":"https:\/\/blog.ube.fr\/master-nutrition-sante\/wp-json\/wp\/v2\/types\/page"}],"author":[{"embeddable":true,"href":"https:\/\/blog.ube.fr\/master-nutrition-sante\/wp-json\/wp\/v2\/users\/306"}],"replies":[{"embeddable":true,"href":"https:\/\/blog.ube.fr\/master-nutrition-sante\/wp-json\/wp\/v2\/comments?post=4291"}],"version-history":[{"count":4,"href":"https:\/\/blog.ube.fr\/master-nutrition-sante\/wp-json\/wp\/v2\/pages\/4291\/revisions"}],"predecessor-version":[{"id":5089,"href":"https:\/\/blog.ube.fr\/master-nutrition-sante\/wp-json\/wp\/v2\/pages\/4291\/revisions\/5089"}],"wp:attachment":[{"href":"https:\/\/blog.ube.fr\/master-nutrition-sante\/wp-json\/wp\/v2\/media?parent=4291"}],"curies":[{"name":"wp","href":"https:\/\/api.w.org\/{rel}","templated":true}]}}