{"id":4027,"date":"2023-01-25T09:51:24","date_gmt":"2023-01-25T08:51:24","guid":{"rendered":"https:\/\/blog.u-bourgogne.fr\/master-nutrition-sante\/?page_id=4027"},"modified":"2024-11-12T11:50:07","modified_gmt":"2024-11-12T10:50:07","slug":"edition-2023","status":"publish","type":"page","link":"https:\/\/blog.ube.fr\/master-nutrition-sante\/edition-2023\/","title":{"rendered":"\u00c9dition 2024"},"content":{"rendered":"<h1 class=\"entry-title\"><span style=\"font-size: 30px;\">Colloque Nutrition Sant\u00e9, 15\u00e8me \u00e9dition<\/span><\/h1>\n<div class=\"entry-content\">\n<p>\u00ab\u00a0<strong>Comprendre l\u2019alimentation d\u2019<span id=\"OBJ_PREFIX_DWT4420_com_zimbra_date\" class=\"Object\" role=\"link\">hier<\/span>\u00a0pour mieux penser celle de\u00a0<span id=\"OBJ_PREFIX_DWT4418_com_zimbra_date\" class=\"Object\" role=\"link\"><span id=\"OBJ_PREFIX_DWT4421_com_zimbra_date\" class=\"Object\" role=\"link\">demain<\/span><\/span><\/strong>\u00a0\u00bb le jeudi 5 septembre au P\u00f4le AAFE<\/p>\n<p>Bienvenue \u00e0 la 15e \u00e9dition du colloque Nutrition Sant\u00e9, o\u00f9 le 5 septembre 2024, sur le campus de l\u2019Universit\u00e9 de Bourgogne, nous vous invitons \u00e0 un voyage captivant dans le temps avec le th\u00e8me : \u00ab\u00a0Comprendre l\u2019alimentation d\u2019hier pour mieux penser \u00e0 celle de demain\u00a0\u00bb. Attachez vos ceintures pour une exploration multidisciplinaire alliant nutrition, arch\u00e9ologie, m\u00e9decine, et sociologie, avec un objectif passionnant : d\u00e9cortiquer le pass\u00e9 pour \u00e9clairer l\u2019avenir de notre alimentation. Pourquoi ce choix ? Parce que l\u2019histoire de l\u2019alimentation n\u2019est pas une simple r\u00e9trospective, mais un guide qui nous permet de comprendre le pr\u00e9sent et de fa\u00e7onner un futur nourri d\u2019exp\u00e9riences pass\u00e9es. Nous croyons que l\u2019histoire de l\u2019alimentation d\u00e9tient les cl\u00e9s pour d\u00e9coder notre soci\u00e9t\u00e9 moderne. En tirant des le\u00e7ons de la m\u00e9moire collective, nous pouvons orienter nos actions futures et inspirer des progr\u00e8s significatifs. Attendez-vous \u00e0 des analyses \u00e9clair\u00e9es sur la sant\u00e9, la s\u00e9curit\u00e9 des aliments, et m\u00eame \u00e0 une escapade intrigante dans la capitale des ducs de Bourgogne. Cependant, ne vous arr\u00eatez pas l\u00e0. Restez connect\u00e9s sur nos r\u00e9seaux sociaux, Instagram et Facebook, pour d\u00e9couvrir les intervenants passionnants qui rythmeront cette journ\u00e9e exceptionnelle. Rejoignez-nous pour comprendre les diff\u00e9rentes facettes de l\u2019alimentation, avec une vision ancr\u00e9e dans le pass\u00e9, \u00e9clairant notre chemin vers un avenir encore plus d\u00e9lectable. Ensemble, explorons les pages de l\u2019histoire pour mieux savourer les chapitres \u00e0 venir.<\/p>\n<p><a href=\"http:\/\/blog.ube.fr\/master-nutrition-sante\/wp-content\/uploads\/sites\/70\/2024\/06\/Affiche_colloque.jpg\" target=\"_blank\" rel=\"noopener\"><img loading=\"lazy\" decoding=\"async\" class=\"alignleft\" title=\"http:\/\/blog.ube.fr\/master-nutrition-sante\/wp-content\/uploads\/sites\/70\/2024\/06\/Affiche_colloque.jpg\" src=\"http:\/\/blog.ube.fr\/master-nutrition-sante\/wp-content\/uploads\/sites\/70\/2024\/06\/Affiche_colloque.jpg\" alt=\"\" width=\"682\" height=\"963\" \/><\/a><\/p>\n<\/div>\n<p>&nbsp;<\/p>\n<p>&nbsp;<\/p>\n<p>&nbsp;<\/p>\n<p>&nbsp;<\/p>\n<p>&nbsp;<\/p>\n<p>&nbsp;<\/p>\n<p>&nbsp;<\/p>\n<p>&nbsp;<\/p>\n<p>&nbsp;<\/p>\n<p>&nbsp;<\/p>\n<p>&nbsp;<\/p>\n<p>&nbsp;<\/p>\n<p>&nbsp;<\/p>\n<p>&nbsp;<\/p>\n<p>&nbsp;<\/p>\n<p>&nbsp;<\/p>\n<p>&nbsp;<\/p>\n<p>&nbsp;<\/p>\n<p>&nbsp;<\/p>\n<p>&nbsp;<\/p>\n<p>&nbsp;<\/p>\n<p>&nbsp;<\/p>\n<p>&nbsp;<\/p>\n<p>&nbsp;<\/p>\n<p>&nbsp;<\/p>\n<p>&nbsp;<\/p>\n<h1>Le programme :<\/h1>\n<p><a href=\"http:\/\/blog.ube.fr\/master-nutrition-sante\/wp-content\/uploads\/sites\/70\/2024\/06\/Programme_colloque.jpg\" target=\"_blank\" rel=\"noopener\"><img loading=\"lazy\" decoding=\"async\" class=\"alignleft\" title=\"http:\/\/blog.ube.fr\/master-nutrition-sante\/wp-content\/uploads\/sites\/70\/2024\/06\/Programme_colloque.jpg\" src=\"http:\/\/blog.ube.fr\/master-nutrition-sante\/wp-content\/uploads\/sites\/70\/2024\/06\/Programme_colloque.jpg\" alt=\"\" width=\"681\" height=\"952\" \/><\/a><\/p>\n<p>&nbsp;<\/p>\n<p>&nbsp;<\/p>\n<p>&nbsp;<\/p>\n<p>&nbsp;<\/p>\n<p>&nbsp;<\/p>\n<p>&nbsp;<\/p>\n<p>&nbsp;<\/p>\n<p>&nbsp;<\/p>\n<p>&nbsp;<\/p>\n<p>&nbsp;<\/p>\n<p>&nbsp;<\/p>\n<p>&nbsp;<\/p>\n<p>&nbsp;<\/p>\n<p>&nbsp;<\/p>\n<p>&nbsp;<\/p>\n<p>&nbsp;<\/p>\n<p>&nbsp;<\/p>\n<p>&nbsp;<\/p>\n<p>&nbsp;<\/p>\n<p>&nbsp;<\/p>\n<p>&nbsp;<\/p>\n<p>&nbsp;<\/p>\n<p>&nbsp;<\/p>\n<p>&nbsp;<\/p>\n<p>&nbsp;<\/p>\n<p>&nbsp;<\/p>\n<h1>L&#8217;\u00e9quipe colloque :<\/h1>\n<h1><a href=\"http:\/\/blog.ube.fr\/master-nutrition-sante\/wp-content\/uploads\/sites\/70\/2024\/07\/Visuel_panneau_colloque.png\" target=\"_blank\" rel=\"noopener\"><img loading=\"lazy\" decoding=\"async\" class=\"alignleft\" title=\"http:\/\/blog.ube.fr\/master-nutrition-sante\/wp-content\/uploads\/sites\/70\/2024\/07\/Visuel_panneau_colloque.png\" src=\"http:\/\/blog.ube.fr\/master-nutrition-sante\/wp-content\/uploads\/sites\/70\/2024\/07\/Visuel_panneau_colloque.png\" alt=\"\" width=\"436\" height=\"306\" \/><\/a><img loading=\"lazy\" decoding=\"async\" class=\"alignnone\" title=\"http:\/\/blog.ube.fr\/master-nutrition-sante\/wp-content\/uploads\/sites\/70\/2024\/01\/projet-COM-2024.png\" src=\"http:\/\/blog.ube.fr\/master-nutrition-sante\/wp-content\/uploads\/sites\/70\/2024\/01\/projet-COM-2024.png\" alt=\"\" width=\"437\" height=\"306\" \/><img decoding=\"async\" class=\"alignnone\" title=\"https:\/\/blog.ube.fr\/master-nutrition-sante\/affiche_colloque\/\" src=\"https:\/\/blog.ube.fr\/master-nutrition-sante\/affiche_colloque\/\" alt=\"\" width=\"1399\" \/><\/h1>\n","protected":false},"excerpt":{"rendered":"<p>Colloque Nutrition Sant\u00e9, 15\u00e8me \u00e9dition \u00ab\u00a0Comprendre l\u2019alimentation d\u2019hier\u00a0pour mieux penser celle de\u00a0demain\u00a0\u00bb le jeudi 5 septembre au P\u00f4le AAFE Bienvenue \u00e0 la 15e \u00e9dition du colloque Nutrition Sant\u00e9, o\u00f9 le 5 septembre 2024, sur le campus de l\u2019Universit\u00e9 de Bourgogne, nous vous invitons \u00e0 un voyage captivant dans le temps avec le th\u00e8me : \u00ab\u00a0Comprendre&hellip;<\/p>\n<p class=\"more-link-p\"><a class=\"btn btn-primary\" href=\"https:\/\/blog.ube.fr\/master-nutrition-sante\/edition-2023\/\">Voir plus &rarr;<\/a><\/p>\n","protected":false},"author":306,"featured_media":0,"parent":0,"menu_order":0,"comment_status":"closed","ping_status":"closed","template":"","meta":{"_exactmetrics_skip_tracking":false,"_exactmetrics_sitenote_active":false,"_exactmetrics_sitenote_note":"","_exactmetrics_sitenote_category":0,"footnotes":""},"class_list":["post-4027","page","type-page","status-publish","hentry"],"_links":{"self":[{"href":"https:\/\/blog.ube.fr\/master-nutrition-sante\/wp-json\/wp\/v2\/pages\/4027","targetHints":{"allow":["GET"]}}],"collection":[{"href":"https:\/\/blog.ube.fr\/master-nutrition-sante\/wp-json\/wp\/v2\/pages"}],"about":[{"href":"https:\/\/blog.ube.fr\/master-nutrition-sante\/wp-json\/wp\/v2\/types\/page"}],"author":[{"embeddable":true,"href":"https:\/\/blog.ube.fr\/master-nutrition-sante\/wp-json\/wp\/v2\/users\/306"}],"replies":[{"embeddable":true,"href":"https:\/\/blog.ube.fr\/master-nutrition-sante\/wp-json\/wp\/v2\/comments?post=4027"}],"version-history":[{"count":45,"href":"https:\/\/blog.ube.fr\/master-nutrition-sante\/wp-json\/wp\/v2\/pages\/4027\/revisions"}],"predecessor-version":[{"id":4866,"href":"https:\/\/blog.ube.fr\/master-nutrition-sante\/wp-json\/wp\/v2\/pages\/4027\/revisions\/4866"}],"wp:attachment":[{"href":"https:\/\/blog.ube.fr\/master-nutrition-sante\/wp-json\/wp\/v2\/media?parent=4027"}],"curies":[{"name":"wp","href":"https:\/\/api.w.org\/{rel}","templated":true}]}}