{"id":3966,"date":"2023-01-16T12:58:21","date_gmt":"2023-01-16T11:58:21","guid":{"rendered":"https:\/\/blog.u-bourgogne.fr\/master-nutrition-sante\/?page_id=3966"},"modified":"2023-01-16T15:05:15","modified_gmt":"2023-01-16T14:05:15","slug":"projet-2021","status":"publish","type":"page","link":"https:\/\/blog.ube.fr\/master-nutrition-sante\/projet-2021\/","title":{"rendered":"Projet 2021"},"content":{"rendered":"<p>Voici les diff\u00e9rents projets de terrain qui sont r\u00e9alis\u00e9s durant l\u2019ann\u00e9e (pour les \u00e9tudiants ne disposant pas d\u2019un contrat de professionnalisation).<\/p>\n<h2>Projet Communication :<\/h2>\n<p><a href=\"http:\/\/blog.ube.fr\/master-nutrition-sante\/wp-content\/uploads\/sites\/70\/2021\/10\/Capture-de\u0301cran-2021-10-26-a\u0300-18.35.44.png\" target=\"_blank\" rel=\"noopener\"><img loading=\"lazy\" decoding=\"async\" class=\"alignleft\" src=\"http:\/\/blog.ube.fr\/master-nutrition-sante\/wp-content\/uploads\/sites\/70\/2021\/10\/Capture-de\u0301cran-2021-10-26-a\u0300-18.35.44.png\" alt=\"\" width=\"185\" height=\"251\" \/><\/a>Cette ann\u00e9e, le projet de terrain &#8220;Communication&#8221; du Master fait l&#8217;objet d&#8217;un travail transversal au sein de la promotion. Il est men\u00e9 par Alix, Gina et Cl\u00e9mence.<\/p>\n<p>L&#8217;objectif de ce projet est de faire la promotion du Master au travers de 2 missions principales :<\/p>\n<p>Mise \u00e0 jour du site internet et des diff\u00e9rents autres r\u00e9seaux sociaux notamment la page <a href=\"https:\/\/www.facebook.com\/M2.NutriSante\">Facebook <\/a><em style=\"font-size: 16px;\">(R\u00e9alis\u00e9 par les \u00e9l\u00e8ves en charge les pr\u00e9c\u00e9dentes ann\u00e9es<\/em><span style=\"font-size: 16px;\">)<\/span><\/p>\n<p>Promotion du Master aupr\u00e8s des \u00e9tudiants lors de la &#8220;Journ\u00e9e des Masters de l&#8217;UFR SVTE&#8221; et des &#8220;Journ\u00e9es Portes Ouvertes&#8221; (<em>R\u00e9alis\u00e9 par Alix, Gina et Cl\u00e9mence).<\/em><\/p>\n<p>La finalit\u00e9 de ce projet est d&#8217;\u00e9changer avec les \u00e9tudiants, de faire conna\u00eetre notre master et de sensibiliser les \u00e9tudiants sur les d\u00e9bouch\u00e9s.<\/p>\n<p><em>Nouveaut\u00e9 de cette ann\u00e9e 2021<\/em> : la cr\u00e9ation de l&#8217;association &#8220;Alumn&#8217; la nutrition&#8221; dans le but de former un r\u00e9seau d&#8217;anciens \u00e9l\u00e8ves (alumni) ainsi que de professionnels pour les \u00e9tudiants pr\u00e9sents et futurs.<\/p>\n<p>&nbsp;<\/p>\n<h2>Projet Colloque : 13\u00e8me \u00e9dition<\/h2>\n<p><a href=\"http:\/\/blog.ube.fr\/master-nutrition-sante\/wp-content\/uploads\/sites\/70\/2021\/10\/Capture-de\u0301cran-2021-10-26-a\u0300-16.48.21.png\" target=\"_blank\" rel=\"noopener\"><img loading=\"lazy\" decoding=\"async\" class=\"alignleft wp-image-2734\" style=\"font-style: normal; font-variant-ligatures: normal; font-variant-caps: normal; font-weight: 400; font-family: Times; font-size: 16px;\" src=\"http:\/\/blog.ube.fr\/master-nutrition-sante\/wp-content\/uploads\/sites\/70\/2021\/10\/Capture-de\u0301cran-2021-10-26-a\u0300-16.48.21-300x257.png\" alt=\"\" width=\"179\" height=\"154\" srcset=\"https:\/\/blog.ube.fr\/master-nutrition-sante\/wp-content\/uploads\/sites\/70\/2021\/10\/Capture-de\u0301cran-2021-10-26-a\u0300-16.48.21-300x257.png 300w, https:\/\/blog.ube.fr\/master-nutrition-sante\/wp-content\/uploads\/sites\/70\/2021\/10\/Capture-de\u0301cran-2021-10-26-a\u0300-16.48.21.png 765w\" sizes=\"auto, (max-width: 179px) 100vw, 179px\" \/><\/a>Chaque ann\u00e9e, un groupe d&#8217;\u00e9tudiants du Master 2 organisent un colloque se d\u00e9roulant \u00e0 la mi-septembre de l&#8217;ann\u00e9e suivante.<\/p>\n<p>Cette ann\u00e9e B\u00e9rang\u00e8re, Fanny, Lorine, Cl\u00e9ment et Ma\u00e8ve sont en charge de l&#8217;organisation de l&#8217;\u00e9dition 2022, la 13\u00e8me avec comme th\u00e9matique cette ann\u00e9e sur : &#8220;Les r\u00e9seaux sociaux, une alimentation sous influence ?&#8221;<\/p>\n<p><span style=\"font-size: 16px;\">Le colloque dispose d&#8217;un profil Instagram : <a href=\"https:\/\/www.instagram.com\/colloquenutritionsante\" target=\"_blank\" rel=\"noopener\">@colloquenutritionsante<\/a>.<\/span><\/p>\n<p>Retrouvez le programme, ainsi que toutes les informations concernant la future \u00e9dition du colloque Nutrition Sant\u00e9 <a href=\"https:\/\/blog.ube.fr\/master-nutrition-sante\/edition-2022\/\" target=\"_blank\" rel=\"noopener\">sur notre site<\/a> ainsi que sur <a href=\"https:\/\/www.facebook.com\/ColloqueNutritionSante\/\" target=\"_blank\" rel=\"noopener noreferrer\">la page Facebook.<\/a><\/p>\n<h2>Projet CARSAT :<\/h2>\n<p><a href=\"http:\/\/blog.ube.fr\/master-nutrition-sante\/wp-content\/uploads\/sites\/70\/2021\/10\/Capture-de\u0301cran-2021-10-29-a\u0300-18.59.48.png\" target=\"_blank\" rel=\"noopener\"><img loading=\"lazy\" decoding=\"async\" class=\"alignleft\" src=\"http:\/\/blog.ube.fr\/master-nutrition-sante\/wp-content\/uploads\/sites\/70\/2021\/10\/Capture-de\u0301cran-2021-10-29-a\u0300-18.59.48.png\" alt=\"\" width=\"204\" height=\"155\" \/><\/a>Cette ann\u00e9e, une collaboration avec la Caisse d&#8217;Assurance Retraite et de la Sant\u00e9 Au Travail de la r\u00e9gion Bourgogne-France-Comt\u00e9 a permis de mettre en place un nouveau projet de terrain nomm\u00e9 &#8220;<strong>CARSAT<\/strong>&#8220;. Il est men\u00e9 par Axelle, \u00c9lisa, Julie, Marie et Zohra.<\/p>\n<p><span style=\"font-size: 16px;\">L&#8217;objectif de ce projet est de faire de la pr\u00e9vention primaire aupr\u00e8s des personnes nouvellement retrait\u00e9es au travers de 2 missions principales : m<\/span>ettre \u00e0 jour le contenu de l&#8217;atelier Nutrition de la CARSAT en lien avec les rep\u00e8res du PNNS 4 et cr\u00e9er une animation Nutrition lors d&#8217;une journ\u00e9e th\u00e9matique pr\u00e9vention.<\/p>\n<p>Retour sur leurs deux interventions du <a href=\"https:\/\/blog.ube.fr\/master-nutrition-sante\/actualites-3\/\" target=\"_blank\" rel=\"noopener\">24\/01 et du 15\/02\/2022<\/a> (page actualit\u00e9 \u00e0 d\u00e9rouler pour les retrouver)<\/p>\n<p>&nbsp;<\/p>\n<h2>Les Entrepreneuriales :<\/h2>\n<p>Chaque ann\u00e9e, certains \u00e9tudiants participent aux <a href=\"https:\/\/www.lesentrep.fr\/territoires\/bourgogne\/\" target=\"_blank\" rel=\"noopener noreferrer\">entrepreneuriales<\/a>. C&#8217;est une tr\u00e8s belle exp\u00e9rience leur permettant de d\u00e9couvrir le monde de l&#8217;entreprise via la cr\u00e9ation, en \u00e9quipe, d&#8217;une start up avec l&#8217;aide de parrains et de coachs !!<\/p>\n<p>Cette ann\u00e9e, par exemple, des \u00e9tudiants du M2 participent \u00e0 la conception d&#8217;applications mobiles facilitant la mise en relation entre producteurs et consommateurs&#8230; D&#8217;autres contribuent \u00e0 l&#8217;\u00e9laboration d&#8217;une barre de c\u00e9r\u00e9ales aux l\u00e9gumes&#8230;<\/p>\n<p><img loading=\"lazy\" decoding=\"async\" class=\"wp-image-1526 aligncenter\" src=\"http:\/\/blog.ube.fr\/master-nutrition-sante\/wp-content\/uploads\/sites\/70\/2019\/12\/1D96E87F9A544F459FC5A80AEA9D681A-300x188.jpg\" alt=\"\" width=\"401\" height=\"251\" srcset=\"https:\/\/blog.ube.fr\/master-nutrition-sante\/wp-content\/uploads\/sites\/70\/2019\/12\/1D96E87F9A544F459FC5A80AEA9D681A-300x188.jpg 300w, https:\/\/blog.ube.fr\/master-nutrition-sante\/wp-content\/uploads\/sites\/70\/2019\/12\/1D96E87F9A544F459FC5A80AEA9D681A-768x480.jpg 768w, https:\/\/blog.ube.fr\/master-nutrition-sante\/wp-content\/uploads\/sites\/70\/2019\/12\/1D96E87F9A544F459FC5A80AEA9D681A.jpg 960w\" sizes=\"auto, (max-width: 401px) 100vw, 401px\" \/><\/p>\n<p>&nbsp;<\/p>\n","protected":false},"excerpt":{"rendered":"<p>Voici les diff\u00e9rents projets de terrain qui sont r\u00e9alis\u00e9s durant l\u2019ann\u00e9e (pour les \u00e9tudiants ne disposant pas d\u2019un contrat de professionnalisation). Projet Communication : Cette ann\u00e9e, le projet de terrain &#8220;Communication&#8221; du Master fait l&#8217;objet d&#8217;un travail transversal au sein de la promotion. Il est men\u00e9 par Alix, Gina et Cl\u00e9mence. L&#8217;objectif de ce projet&hellip;<\/p>\n<p class=\"more-link-p\"><a class=\"btn btn-primary\" href=\"https:\/\/blog.ube.fr\/master-nutrition-sante\/projet-2021\/\">Voir plus &rarr;<\/a><\/p>\n","protected":false},"author":306,"featured_media":0,"parent":0,"menu_order":0,"comment_status":"closed","ping_status":"closed","template":"","meta":{"_exactmetrics_skip_tracking":false,"_exactmetrics_sitenote_active":false,"_exactmetrics_sitenote_note":"","_exactmetrics_sitenote_category":0,"footnotes":""},"class_list":["post-3966","page","type-page","status-publish","hentry"],"_links":{"self":[{"href":"https:\/\/blog.ube.fr\/master-nutrition-sante\/wp-json\/wp\/v2\/pages\/3966","targetHints":{"allow":["GET"]}}],"collection":[{"href":"https:\/\/blog.ube.fr\/master-nutrition-sante\/wp-json\/wp\/v2\/pages"}],"about":[{"href":"https:\/\/blog.ube.fr\/master-nutrition-sante\/wp-json\/wp\/v2\/types\/page"}],"author":[{"embeddable":true,"href":"https:\/\/blog.ube.fr\/master-nutrition-sante\/wp-json\/wp\/v2\/users\/306"}],"replies":[{"embeddable":true,"href":"https:\/\/blog.ube.fr\/master-nutrition-sante\/wp-json\/wp\/v2\/comments?post=3966"}],"version-history":[{"count":7,"href":"https:\/\/blog.ube.fr\/master-nutrition-sante\/wp-json\/wp\/v2\/pages\/3966\/revisions"}],"predecessor-version":[{"id":4006,"href":"https:\/\/blog.ube.fr\/master-nutrition-sante\/wp-json\/wp\/v2\/pages\/3966\/revisions\/4006"}],"wp:attachment":[{"href":"https:\/\/blog.ube.fr\/master-nutrition-sante\/wp-json\/wp\/v2\/media?parent=3966"}],"curies":[{"name":"wp","href":"https:\/\/api.w.org\/{rel}","templated":true}]}}