{"id":3441,"date":"2022-04-19T10:21:27","date_gmt":"2022-04-19T08:21:27","guid":{"rendered":"https:\/\/blog.u-bourgogne.fr\/master-nutrition-sante\/?page_id=3441"},"modified":"2024-07-01T15:00:49","modified_gmt":"2024-07-01T13:00:49","slug":"presentation-des-sponsors","status":"publish","type":"page","link":"https:\/\/blog.ube.fr\/master-nutrition-sante\/presentation-des-sponsors\/","title":{"rendered":"Pr\u00e9sentation des partenaires"},"content":{"rendered":"<p>L\u2019organisation du colloque n\u00e9cessite un investissement financier et mat\u00e9riel important, raison pour laquelle nous cherchons chaque ann\u00e9e des partenaires. Pour ce faire, nous faisons appel \u00e0 des entreprises locales afin de promouvoir notre belle r\u00e9gion.\u00a0Nous souhaitons adresser nos sinc\u00e8res remerciements \u00e0 nos partenaires qui par leur soutien permettent \u00e0 nos \u00e9tudiants de mener \u00e0 bien leur projet.<\/p>\n<h2>Vitagora :<\/h2>\n<p><img loading=\"lazy\" decoding=\"async\" class=\"alignleft\" src=\"http:\/\/blog.ube.fr\/master-nutrition-sante\/wp-content\/uploads\/sites\/70\/2022\/04\/Logo-Vitagora-FRombre-SIMPLE-15-09.png\" alt=\"\" width=\"68\" height=\"63\" \/><a href=\"https:\/\/www.vitagora.com\/\" target=\"_blank\" rel=\"noopener\">Vitagora<\/a> est un p\u00f4le de comp\u00e9titivit\u00e9 labellis\u00e9 depuis 2005 s\u2019adressant \u00e0 la fili\u00e8re agroalimentaire. Pr\u00e9sent dans les r\u00e9gions Bourgogne-Franche-Comt\u00e9 et \u00cele-de-France, Vitagora r\u00e9unis plus de 570 membres \u00e0 l\u2019heure actuelle.<br \/>\nSa mission ? Favoriser le d\u00e9veloppement, la performance industrielle et l\u2019innovation de ses membres. Pour cela Vitagora d\u00e9ploie un panel de services et d&#8217;outils autour de deux champs d\u2019action : l&#8217;animation d&#8217;un \u00e9cosyst\u00e8me international permettant \u00e0 ses membres d\u2019innover de mani\u00e8re agile pour une alimentation savoureuse, saine et durable, et l\u2019accompagnement des entreprises de l\u2019agroalimentaire dans la r\u00e9solution de leurs probl\u00e9matiques du quotidien. Repr\u00e9sentant officiel de l\u2019ANIA en Bourgogne-Franche-Comt\u00e9, et d\u00e9tenteur depuis d\u00e9cembre 2015 du Gold Label d\u2019excellence d\u00e9cern\u00e9 par l\u2019ESCA.<\/p>\n<p><iframe loading=\"lazy\" height=\"530\" src=\"https:\/\/mediaserveur.u-bourgogne.fr\/permalink\/v1263f3e752905d4sg8t\/iframe\/\" width=\"720\"><\/iframe><\/p>\n<h2>Le Cassissium :<\/h2>\n<p><img loading=\"lazy\" decoding=\"async\" class=\"alignleft\" src=\"http:\/\/blog.ube.fr\/master-nutrition-sante\/wp-content\/uploads\/sites\/70\/2022\/06\/Capture1.jpg\" alt=\"\" width=\"140\" height=\"56\" \/>Distillateur liquoriste depuis 1923, V\u00e9drenne \u00e9labore des cr\u00e8mes de cassis, cr\u00e8mes de fruits, des liqueurs, des eaux-de-vie, des marcs et fines de Bourgogne, ainsi que des sirops. R\u00e9guli\u00e8rement m\u00e9daill\u00e9e pour la qualit\u00e9 des ses productions, la maison V\u00e9drenne a trois boutiques de vente au d\u00e9tail en Bourgogne : \u00e0 Dijon, Beaune et Nuits-Saint-Georges. Site remarquable du go\u00fbt, Le Cassissium est un espace enti\u00e8rement d\u00e9di\u00e9 au cassis : exposition, films, visites guid\u00e9es de l&#8217;entreprise V\u00e9drenne, d\u00e9gustation. C\u2019est ainsi que le Cassissium, comme chaque ann\u00e9e, nous permet la d\u00e9couverte de leurs produits lors du colloque nutrition sant\u00e9 2022.<\/p>\n<p><a href=\"https:\/\/www.cassissium.fr\/fr\/accueil\/\" target=\"_blank\" rel=\"noopener\">Le site du Cassissium<\/a><\/p>\n<h2>Vertical&#8217;Art :<\/h2>\n<p><img loading=\"lazy\" decoding=\"async\" class=\"alignleft\" src=\"http:\/\/blog.ube.fr\/master-nutrition-sante\/wp-content\/uploads\/sites\/70\/2024\/07\/Logo_Vertical_Art.png\" alt=\"\" width=\"164\" height=\"164\" \/>Depuis 2023, la premi\u00e8re salle 100% blocs de C\u00f4te-d\u2019Or a ouvert ses portes \u00e0 Dijon. Vertical\u2019Art vous propose un super spot de grimpe renouvel\u00e9s tous les mois pour tous, novices ou confirm\u00e9s de tout \u00e2ge.<br \/>\nVous pouvez profiter dans ces murs de cours d\u2019escalade et de stage, mais pas seulement, en plus d\u2019un espace d\u00e9di\u00e9 au sport, d\u2019autres espaces de vie sont propos\u00e9s par la structure, comme un espace bar-restaurant engag\u00e9 au local pour en profiter entre amis, coll\u00e8gues et famille, parfait pour une petite soir\u00e9e apr\u00e8s une bonne su\u00e9e !<\/p>\n<p><a href=\"https:\/\/dijon.vertical-art.fr\/\" target=\"_blank\" rel=\"noopener\">Le site de Vertical&#8217;Art<\/a><\/p>\n<h2>La f\u00e9d\u00e9ration Etudiante de Bourgogne Inter-Associative<\/h2>\n<p><img loading=\"lazy\" decoding=\"async\" class=\"alignleft\" src=\"http:\/\/blog.ube.fr\/master-nutrition-sante\/wp-content\/uploads\/sites\/70\/2024\/07\/Logo_Febia.png\" alt=\"\" width=\"164\" height=\"164\" \/>La f\u00e9d\u00e9ration Etudiante de Bourgogne Inter-Associative ou plus commun\u00e9ment appel\u00e9e \u00ab FEBIA \u00bb est un projet local qui a vu le jour en 2020 et qui est aujourd\u2019hui la premi\u00e8re coordination associative bourguignonne de jeunes et \u00e9tudiants. Elle regroupe plus de 30 associations \u00e9tudiantes dans l\u2019optique de f\u00e9d\u00e9rer l\u2019ensemble des \u00e9tudiants de l\u2019enseignement sup\u00e9rieur de Bourgogne. Avec cette initiative, la f\u00e9d\u00e9ration ambitionne de toucher tous les aspects de la vie \u00e9tudiante, et c\u2019est donc attribuer plusieurs devoirs, \u00e0 savoir : l\u2019innovation sociale, la pr\u00e9vention et sensibilisation aux discriminations, les relations internationales, les questions du d\u00e9veloppement durable, l\u2019acc\u00e8s \u00e0 la culture, la formation associative, l\u2019accompagnement des associations, l\u2019enseignement sup\u00e9rieur et la recherche, les repr\u00e9sentations, les affaires sociales et pour finir l\u2019orientation et l\u2019insertion professionnelle.<br \/>\nDans le cadre du colloque, leur action qui sera mis en lumi\u00e8re est la distribution en circuit court de l\u00e9gumes bio et de saison via les paniers solidaires de 5 euros pour les \u00e9tudiants.<\/p>\n","protected":false},"excerpt":{"rendered":"<p>L\u2019organisation du colloque n\u00e9cessite un investissement financier et mat\u00e9riel important, raison pour laquelle nous cherchons chaque ann\u00e9e des partenaires. Pour ce faire, nous faisons appel \u00e0 des entreprises locales afin de promouvoir notre belle r\u00e9gion.\u00a0Nous souhaitons adresser nos sinc\u00e8res remerciements \u00e0 nos partenaires qui par leur soutien permettent \u00e0 nos \u00e9tudiants de mener \u00e0 bien&hellip;<\/p>\n<p class=\"more-link-p\"><a class=\"btn btn-primary\" href=\"https:\/\/blog.ube.fr\/master-nutrition-sante\/presentation-des-sponsors\/\">Voir plus &rarr;<\/a><\/p>\n","protected":false},"author":306,"featured_media":0,"parent":0,"menu_order":0,"comment_status":"closed","ping_status":"closed","template":"","meta":{"_exactmetrics_skip_tracking":false,"_exactmetrics_sitenote_active":false,"_exactmetrics_sitenote_note":"","_exactmetrics_sitenote_category":0,"footnotes":""},"class_list":["post-3441","page","type-page","status-publish","hentry"],"_links":{"self":[{"href":"https:\/\/blog.ube.fr\/master-nutrition-sante\/wp-json\/wp\/v2\/pages\/3441","targetHints":{"allow":["GET"]}}],"collection":[{"href":"https:\/\/blog.ube.fr\/master-nutrition-sante\/wp-json\/wp\/v2\/pages"}],"about":[{"href":"https:\/\/blog.ube.fr\/master-nutrition-sante\/wp-json\/wp\/v2\/types\/page"}],"author":[{"embeddable":true,"href":"https:\/\/blog.ube.fr\/master-nutrition-sante\/wp-json\/wp\/v2\/users\/306"}],"replies":[{"embeddable":true,"href":"https:\/\/blog.ube.fr\/master-nutrition-sante\/wp-json\/wp\/v2\/comments?post=3441"}],"version-history":[{"count":57,"href":"https:\/\/blog.ube.fr\/master-nutrition-sante\/wp-json\/wp\/v2\/pages\/3441\/revisions"}],"predecessor-version":[{"id":4688,"href":"https:\/\/blog.ube.fr\/master-nutrition-sante\/wp-json\/wp\/v2\/pages\/3441\/revisions\/4688"}],"wp:attachment":[{"href":"https:\/\/blog.ube.fr\/master-nutrition-sante\/wp-json\/wp\/v2\/media?parent=3441"}],"curies":[{"name":"wp","href":"https:\/\/api.w.org\/{rel}","templated":true}]}}