{"id":2378,"date":"2021-01-11T15:16:08","date_gmt":"2021-01-11T14:16:08","guid":{"rendered":"http:\/\/blog.u-bourgogne.fr\/master-nutrition-sante\/?page_id=2378"},"modified":"2024-02-06T14:42:45","modified_gmt":"2024-02-06T13:42:45","slug":"temoignages-des-anciens-etudiants","status":"publish","type":"page","link":"https:\/\/blog.ube.fr\/master-nutrition-sante\/temoignages-des-anciens-etudiants\/","title":{"rendered":"T\u00e9moignages d&#8217;anciens et actuels \u00e9tudiants"},"content":{"rendered":"<p><img loading=\"lazy\" decoding=\"async\" class=\"\" src=\"http:\/\/blog.ube.fr\/master-nutrition-sante\/wp-content\/uploads\/sites\/70\/2024\/02\/Mathias.jpg\" alt=\"\" width=\"1068\" height=\"601\" \/><\/p>\n<p><img loading=\"lazy\" decoding=\"async\" class=\"\" src=\"http:\/\/blog.ube.fr\/master-nutrition-sante\/wp-content\/uploads\/sites\/70\/2024\/02\/Marie-MYOT.jpg\" alt=\"\" width=\"1068\" height=\"601\" \/><\/p>\n<p><img loading=\"lazy\" decoding=\"async\" class=\"\" src=\"http:\/\/blog.ube.fr\/master-nutrition-sante\/wp-content\/uploads\/sites\/70\/2024\/02\/Solange-Xailly.jpg\" alt=\"\" width=\"1068\" height=\"601\" \/><\/p>\n<p><img loading=\"lazy\" decoding=\"async\" class=\"\" src=\"http:\/\/blog.ube.fr\/master-nutrition-sante\/wp-content\/uploads\/sites\/70\/2024\/02\/Pauline-Vicchi.jpg\" alt=\"\" width=\"1070\" height=\"602\" \/><\/p>\n<p><img loading=\"lazy\" decoding=\"async\" class=\"\" src=\"http:\/\/blog.ube.fr\/master-nutrition-sante\/wp-content\/uploads\/sites\/70\/2024\/02\/Emma-Berger.jpg\" alt=\"\" width=\"1072\" height=\"603\" \/><\/p>\n<p><strong>T\u00e9moignage 1 :<\/strong> Amandine a effectu\u00e9 son ann\u00e9e de M2 en formation initiale pendant l\u2019ann\u00e9e scolaire 2016\/2017. Le contenu de la formation lui a apport\u00e9 une connaissance globale de la nutrition mais \u00e9galement une m\u00e9thode de travail efficace pour apprendre rapidement et savoir o\u00f9 chercher les informations pertinentes afin de d\u00e9velopper de bonnes connaissances m\u00eame \u00e0 l\u2019issue du master. Les diff\u00e9rents projets propos\u00e9s pendant l\u2019ann\u00e9e lui ont permis de gagner en maturit\u00e9, en autonomie, en capacit\u00e9 de travail d\u2019\u00e9quipe mais aussi en assurance, en particulier \u00e0 l\u2019oral.<\/p>\n<p>Elle a vraiment appr\u00e9ci\u00e9 l\u2019autonomie accord\u00e9e pendant cette formation et l\u2019efficacit\u00e9 de son \u00e9quipe p\u00e9dagogique. Elle a effectu\u00e9 son stage de fin d\u2019\u00e9tudes \u00e0 Colmar au sein de l\u2019entreprise Fysiki o\u00f9 un CDD de 8 mois lui a \u00e9t\u00e9 propos\u00e9. Elle a ensuite travaill\u00e9 dans un cabinet de di\u00e9t\u00e9tique, HTC Sant\u00e9, \u00e0 Nancy, puis pour l\u2019entreprise So Shape. Amandine a finalement d\u00e9cid\u00e9 de s\u2019\u00e9loigner du domaine de la nutrition pour des raisons personnelles et est maintenant officier dans l\u2019arm\u00e9e de l\u2019air.<\/p>\n<p><strong>T\u00e9moignage 2\u00a0:<\/strong> Aurore est de la promotion 2014\/2015. Malgr\u00e9 une situation personnelle particuli\u00e8re, Aurore a quand m\u00eame pu effectuer sa formation en formation initiale sur 1 an et demi et valider son dipl\u00f4me gr\u00e2ce \u00e0 la grande capacit\u00e9 d\u2019adaptation des responsables de la formation. Le contenu du master lui a apport\u00e9 de solides connaissances en nutrition mais \u00e9galement des comp\u00e9tences plus transverses comme la r\u00e9alisation de pr\u00e9sentations orales, la r\u00e9daction de rapports ou la capacit\u00e9 de travailler en \u00e9quipe, et ce sont ces comp\u00e9tences qui sont les plus importantes dans son emploi actuel. Elle a effectu\u00e9 son stage de fin d\u2019\u00e9tudes en tant qu\u2019ing\u00e9nieur R&amp;D junior au sein du service de recherche et d\u00e9veloppement chez Jacquet \u00e0 Riom dans le Puy-de-D\u00f4me.<\/p>\n<p>\u00c0 la suite de son dipl\u00f4me et gr\u00e2ce \u00e0 son master scientifique, Aurore a \u00e9t\u00e9 recrut\u00e9e pour se reconvertir dans l\u2019informatique. Apr\u00e8s une formation de 3 mois, elle a \u00e9t\u00e9 embauch\u00e9e chez CGI en tant qu\u2019ing\u00e9nieur des technologies de l\u2019information. Aujourd\u2019hui, elle travaille toujours dans l\u2019informatique sur diff\u00e9rents projets.<\/p>\n<p><strong>T\u00e9moignage 3\u00a0:<\/strong> Valentin a suivi son ann\u00e9e de M2 NS Pro en formation initiale. Cette formation s\u2019est tr\u00e8s bien d\u00e9roul\u00e9e, elle lui a permis d\u2019acqu\u00e9rir des connaissances solides en nutrition et micronutrition\u00a0; gr\u00e2ce au DU\u00a0; mais aussi de nombreuses comp\u00e9tences transversales comme r\u00e9diger des comptes-rendus, mener des pr\u00e9sentations \u00e0 l\u2019oral, travailler en \u00e9quipe, mener des projets, etc. Il a appr\u00e9ci\u00e9 les mati\u00e8res de communication, marketing et management op\u00e9rationnel qu\u2019il aurait aim\u00e9 voir encore plus pr\u00e9sentes au niveau de l\u2019emploi du temps. A son avis, ce sont des connaissances essentielles pour l\u2019insertion dans le monde de l\u2019entreprise.<\/p>\n<p>Valentin a effectu\u00e9 son stage au sein de NATUREX\u00a0: PART OF GIVAUDAN \u00e0 Avignon en tant qu\u2019Assistant Chef de produit en nutraceutiques (orient\u00e9e marketing et gestion de projet). Par la suite, il a \u00e9t\u00e9 engag\u00e9 en tant que coordinateur de projet et formateur au sein d\u2019un laboratoire de compl\u00e9ments alimentaires en France. Son travail consiste \u00e0 coordonner des \u00e9quipes de la formulation d\u2019un produit jusqu\u2019\u00e0 sa promotion vis-\u00e0-vis des clients (pharmaciens, m\u00e9decins et grand public).<\/p>\n","protected":false},"excerpt":{"rendered":"<p>T\u00e9moignage 1 : Amandine a effectu\u00e9 son ann\u00e9e de M2 en formation initiale pendant l\u2019ann\u00e9e scolaire 2016\/2017. Le contenu de la formation lui a apport\u00e9 une connaissance globale de la nutrition mais \u00e9galement une m\u00e9thode de travail efficace pour apprendre rapidement et savoir o\u00f9 chercher les informations pertinentes afin de d\u00e9velopper de bonnes connaissances m\u00eame&hellip;<\/p>\n<p class=\"more-link-p\"><a class=\"btn btn-primary\" href=\"https:\/\/blog.ube.fr\/master-nutrition-sante\/temoignages-des-anciens-etudiants\/\">Voir plus &rarr;<\/a><\/p>\n","protected":false},"author":3205,"featured_media":0,"parent":0,"menu_order":0,"comment_status":"closed","ping_status":"closed","template":"","meta":{"_exactmetrics_skip_tracking":false,"_exactmetrics_sitenote_active":false,"_exactmetrics_sitenote_note":"","_exactmetrics_sitenote_category":0,"footnotes":""},"class_list":["post-2378","page","type-page","status-publish","hentry"],"_links":{"self":[{"href":"https:\/\/blog.ube.fr\/master-nutrition-sante\/wp-json\/wp\/v2\/pages\/2378","targetHints":{"allow":["GET"]}}],"collection":[{"href":"https:\/\/blog.ube.fr\/master-nutrition-sante\/wp-json\/wp\/v2\/pages"}],"about":[{"href":"https:\/\/blog.ube.fr\/master-nutrition-sante\/wp-json\/wp\/v2\/types\/page"}],"author":[{"embeddable":true,"href":"https:\/\/blog.ube.fr\/master-nutrition-sante\/wp-json\/wp\/v2\/users\/3205"}],"replies":[{"embeddable":true,"href":"https:\/\/blog.ube.fr\/master-nutrition-sante\/wp-json\/wp\/v2\/comments?post=2378"}],"version-history":[{"count":22,"href":"https:\/\/blog.ube.fr\/master-nutrition-sante\/wp-json\/wp\/v2\/pages\/2378\/revisions"}],"predecessor-version":[{"id":4612,"href":"https:\/\/blog.ube.fr\/master-nutrition-sante\/wp-json\/wp\/v2\/pages\/2378\/revisions\/4612"}],"wp:attachment":[{"href":"https:\/\/blog.ube.fr\/master-nutrition-sante\/wp-json\/wp\/v2\/media?parent=2378"}],"curies":[{"name":"wp","href":"https:\/\/api.w.org\/{rel}","templated":true}]}}