{"id":2232,"date":"2020-12-01T14:28:42","date_gmt":"2020-12-01T13:28:42","guid":{"rendered":"http:\/\/blog.u-bourgogne.fr\/master-nutrition-sante\/?page_id=2232"},"modified":"2023-01-16T15:04:54","modified_gmt":"2023-01-16T14:04:54","slug":"projet-2019","status":"publish","type":"page","link":"https:\/\/blog.ube.fr\/master-nutrition-sante\/projet-2019\/","title":{"rendered":"Projet 2019"},"content":{"rendered":"<p>Voici les diff\u00e9rents projets de terrain qui sont r\u00e9alis\u00e9s durant l&#8217;ann\u00e9e (pour les \u00e9tudiants ne disposant pas d&#8217;un contrat de professionnalisation).<\/p>\n<h2>Communication :<\/h2>\n<p>Cette ann\u00e9e, le projet de terrain &#8220;Communication&#8221; du Master fait l&#8217;objet d&#8217;un travail transversal au sein de la promotion.<\/p>\n<p><img loading=\"lazy\" decoding=\"async\" class=\" wp-image-1525 alignright\" style=\"font-family: -webkit-standard; font-style: normal; font-size: 16px;\" src=\"http:\/\/blog.ube.fr\/master-nutrition-sante\/wp-content\/uploads\/sites\/70\/2019\/12\/4034E781FA644BB6A047D07464212D03-300x200.jpg\" alt=\"\" width=\"419\" height=\"279\" srcset=\"https:\/\/blog.ube.fr\/master-nutrition-sante\/wp-content\/uploads\/sites\/70\/2019\/12\/4034E781FA644BB6A047D07464212D03-300x200.jpg 300w, https:\/\/blog.ube.fr\/master-nutrition-sante\/wp-content\/uploads\/sites\/70\/2019\/12\/4034E781FA644BB6A047D07464212D03-768x512.jpg 768w, https:\/\/blog.ube.fr\/master-nutrition-sante\/wp-content\/uploads\/sites\/70\/2019\/12\/4034E781FA644BB6A047D07464212D03.jpg 960w\" sizes=\"auto, (max-width: 419px) 100vw, 419px\" \/><\/p>\n<p>L&#8217;objectif de ce projet est de faire la promotion du Master au travers de 2 missions principales :<\/p>\n<ul>\n<li>Mise \u00e0 jour du site internet et de la page <a href=\"https:\/\/www.facebook.com\/M2.NutriSante\">Facebook <\/a><em style=\"font-size: 16px;\">(R\u00e9alis\u00e9 par Ana\u00efs, Lisa et Marine<\/em><span style=\"font-size: 16px;\">)<\/span><\/li>\n<\/ul>\n<ul>\n<li>Promotion du Master aupr\u00e8s des \u00e9tudiants lors de la &#8220;Journ\u00e9e des Masters de l&#8217;UFR SVTE&#8221; et des &#8220;Journ\u00e9es Portes Ouvertes&#8221; (<em>R\u00e9alis\u00e9 par Etienne, Fanny, No\u00e9mie, Pierre et Salom\u00e9<\/em>)<\/li>\n<\/ul>\n<p>La finalit\u00e9 de ce projet est d&#8217;\u00e9changer avec les \u00e9tudiants, de faire conna\u00eetre notre master et de\u00a0sensibiliser les \u00e9tudiants sur les d\u00e9bouch\u00e9s.<\/p>\n<p>&nbsp;<\/p>\n<p>&nbsp;<\/p>\n<h2>Colloque :<\/h2>\n<p><img loading=\"lazy\" decoding=\"async\" class=\" wp-image-1519 alignright\" src=\"http:\/\/blog.ube.fr\/master-nutrition-sante\/wp-content\/uploads\/sites\/70\/2019\/12\/FullSizeRender-1-300x197.jpeg\" alt=\"\" width=\"410\" height=\"269\" srcset=\"https:\/\/blog.ube.fr\/master-nutrition-sante\/wp-content\/uploads\/sites\/70\/2019\/12\/FullSizeRender-1-300x197.jpeg 300w, https:\/\/blog.ube.fr\/master-nutrition-sante\/wp-content\/uploads\/sites\/70\/2019\/12\/FullSizeRender-1-1024x671.jpeg 1024w, https:\/\/blog.ube.fr\/master-nutrition-sante\/wp-content\/uploads\/sites\/70\/2019\/12\/FullSizeRender-1-768x503.jpeg 768w, https:\/\/blog.ube.fr\/master-nutrition-sante\/wp-content\/uploads\/sites\/70\/2019\/12\/FullSizeRender-1.jpeg 1080w\" sizes=\"auto, (max-width: 410px) 100vw, 410px\" \/>Chaque ann\u00e9e, les \u00e9tudiantes du master organisent un colloque se d\u00e9roulant \u00e0 la mi-septembre de l&#8217;ann\u00e9e suivante. Cette ann\u00e9e D\u00e9borah, Fanny, No\u00e9mie, et Salom\u00e9 ont en charge l&#8217;organisation de l&#8217;\u00e9dition 2020, la 12i\u00e8me. Retrouvez le programme, ainsi que toutes les informations concernant le colloque <a href=\"http:\/\/www.colloque-nutrition-sante.fr\/\" target=\"_blank\" rel=\"noopener noreferrer\">sur leur site<\/a> ainsi que sur <a href=\"https:\/\/www.facebook.com\/ColloqueNutritionSante\/\" target=\"_blank\" rel=\"noopener noreferrer\">la page Facebook.<\/a><\/p>\n<p><span style=\"text-decoration: underline;\">Nouveaut\u00e9 2019:<\/span> Le colloque dispose maintenant d&#8217;un profil Instagram @colloquenutritionsante.\u00a0N&#8217;h\u00e9sitez pas \u00e0 le consulter et \u00e0 le suivre afin d&#8217;\u00eatre au courant des derni\u00e8res actualit\u00e9s!!<\/p>\n<p>&nbsp;<\/p>\n<p>&nbsp;<\/p>\n<p>&nbsp;<\/p>\n<h2>Promotion de la d\u00e9marche &#8220;Bleu-Blanc-Coeur&#8221; :<\/h2>\n<p><img loading=\"lazy\" decoding=\"async\" class=\" wp-image-1518 alignright\" src=\"http:\/\/blog.ube.fr\/master-nutrition-sante\/wp-content\/uploads\/sites\/70\/2019\/12\/IMG_5819-300x225.jpg\" alt=\"\" width=\"411\" height=\"308\" srcset=\"https:\/\/blog.ube.fr\/master-nutrition-sante\/wp-content\/uploads\/sites\/70\/2019\/12\/IMG_5819-300x225.jpg 300w, https:\/\/blog.ube.fr\/master-nutrition-sante\/wp-content\/uploads\/sites\/70\/2019\/12\/IMG_5819-1024x768.jpg 1024w, https:\/\/blog.ube.fr\/master-nutrition-sante\/wp-content\/uploads\/sites\/70\/2019\/12\/IMG_5819-768x576.jpg 768w, https:\/\/blog.ube.fr\/master-nutrition-sante\/wp-content\/uploads\/sites\/70\/2019\/12\/IMG_5819-1536x1152.jpg 1536w, https:\/\/blog.ube.fr\/master-nutrition-sante\/wp-content\/uploads\/sites\/70\/2019\/12\/IMG_5819-2048x1536.jpg 2048w\" sizes=\"auto, (max-width: 411px) 100vw, 411px\" \/><\/p>\n<p><img loading=\"lazy\" decoding=\"async\" class=\"wp-image-1528 alignright\" style=\"font-family: -webkit-standard; font-style: normal; font-size: 16px;\" src=\"http:\/\/blog.ube.fr\/master-nutrition-sante\/wp-content\/uploads\/sites\/70\/2019\/12\/Nouveau-logo-png.png\" alt=\"\" width=\"79\" height=\"72\" \/><\/p>\n<p>Cette ann\u00e9e, Ana\u00efs, L\u00e9a, Lisa, Marine et Meriem ont comme projet de terrain de promouvoir la d\u00e9marche &#8220;Bleu Blanc Coeur&#8221;. C&#8217;est un projet qui d\u00e9fend les valeurs du bien-manger, de l&#8217;\u00e9cologie et du mieux vivre ensemble.<\/p>\n<p>Il s&#8217;agit de cr\u00e9er des outils p\u00e9dagogiques et de communication \u00e0 destination des professionnels de sant\u00e9 afin d&#8217;\u00e9duquer le patient sur des sujets d&#8217;actualit\u00e9s en nutrition.<\/p>\n<p>&nbsp;<\/p>\n<p>&nbsp;<\/p>\n<h2><\/h2>\n<h2><\/h2>\n<h2>Les Entrepreneuriales :<\/h2>\n<p>Chaque ann\u00e9e, quelques \u00e9tudiants participent aux <a href=\"https:\/\/www.lesentrep.fr\/territoires\/bourgogne\/\" target=\"_blank\" rel=\"noopener noreferrer\">entrepreneuriales<\/a>. C&#8217;est une tr\u00e8s belle exp\u00e9rience leur permettant de d\u00e9couvrir le monde de l&#8217;entreprise via la cr\u00e9ation, en \u00e9quipe, d&#8217;une start up avec l&#8217;aide de parrains et de coachs !!<\/p>\n<p>&nbsp;<\/p>\n<p><img loading=\"lazy\" decoding=\"async\" class=\"wp-image-1526 aligncenter\" src=\"http:\/\/blog.ube.fr\/master-nutrition-sante\/wp-content\/uploads\/sites\/70\/2019\/12\/1D96E87F9A544F459FC5A80AEA9D681A-300x188.jpg\" alt=\"\" width=\"401\" height=\"251\" srcset=\"https:\/\/blog.ube.fr\/master-nutrition-sante\/wp-content\/uploads\/sites\/70\/2019\/12\/1D96E87F9A544F459FC5A80AEA9D681A-300x188.jpg 300w, https:\/\/blog.ube.fr\/master-nutrition-sante\/wp-content\/uploads\/sites\/70\/2019\/12\/1D96E87F9A544F459FC5A80AEA9D681A-768x480.jpg 768w, https:\/\/blog.ube.fr\/master-nutrition-sante\/wp-content\/uploads\/sites\/70\/2019\/12\/1D96E87F9A544F459FC5A80AEA9D681A.jpg 960w\" sizes=\"auto, (max-width: 401px) 100vw, 401px\" \/><\/p>\n","protected":false},"excerpt":{"rendered":"<p>Voici les diff\u00e9rents projets de terrain qui sont r\u00e9alis\u00e9s durant l&#8217;ann\u00e9e (pour les \u00e9tudiants ne disposant pas d&#8217;un contrat de professionnalisation). Communication : Cette ann\u00e9e, le projet de terrain &#8220;Communication&#8221; du Master fait l&#8217;objet d&#8217;un travail transversal au sein de la promotion. L&#8217;objectif de ce projet est de faire la promotion du Master au travers&hellip;<\/p>\n<p class=\"more-link-p\"><a class=\"btn btn-primary\" href=\"https:\/\/blog.ube.fr\/master-nutrition-sante\/projet-2019\/\">Voir plus &rarr;<\/a><\/p>\n","protected":false},"author":3205,"featured_media":0,"parent":0,"menu_order":0,"comment_status":"closed","ping_status":"closed","template":"","meta":{"_exactmetrics_skip_tracking":false,"_exactmetrics_sitenote_active":false,"_exactmetrics_sitenote_note":"","_exactmetrics_sitenote_category":0,"footnotes":""},"class_list":["post-2232","page","type-page","status-publish","hentry"],"_links":{"self":[{"href":"https:\/\/blog.ube.fr\/master-nutrition-sante\/wp-json\/wp\/v2\/pages\/2232","targetHints":{"allow":["GET"]}}],"collection":[{"href":"https:\/\/blog.ube.fr\/master-nutrition-sante\/wp-json\/wp\/v2\/pages"}],"about":[{"href":"https:\/\/blog.ube.fr\/master-nutrition-sante\/wp-json\/wp\/v2\/types\/page"}],"author":[{"embeddable":true,"href":"https:\/\/blog.ube.fr\/master-nutrition-sante\/wp-json\/wp\/v2\/users\/3205"}],"replies":[{"embeddable":true,"href":"https:\/\/blog.ube.fr\/master-nutrition-sante\/wp-json\/wp\/v2\/comments?post=2232"}],"version-history":[{"count":2,"href":"https:\/\/blog.ube.fr\/master-nutrition-sante\/wp-json\/wp\/v2\/pages\/2232\/revisions"}],"predecessor-version":[{"id":4005,"href":"https:\/\/blog.ube.fr\/master-nutrition-sante\/wp-json\/wp\/v2\/pages\/2232\/revisions\/4005"}],"wp:attachment":[{"href":"https:\/\/blog.ube.fr\/master-nutrition-sante\/wp-json\/wp\/v2\/media?parent=2232"}],"curies":[{"name":"wp","href":"https:\/\/api.w.org\/{rel}","templated":true}]}}