{"id":2227,"date":"2020-12-01T14:25:57","date_gmt":"2020-12-01T13:25:57","guid":{"rendered":"http:\/\/blog.u-bourgogne.fr\/master-nutrition-sante\/?page_id=2227"},"modified":"2023-09-25T14:47:40","modified_gmt":"2023-09-25T12:47:40","slug":"projet-2018","status":"publish","type":"page","link":"https:\/\/blog.ube.fr\/master-nutrition-sante\/projet-2018\/","title":{"rendered":"Projet 2018"},"content":{"rendered":"<p>Lorsque nous ne sommes pas en alternance, diff\u00e9rents projets de terrain nous sont propos\u00e9s.<\/p>\n<h2>Projet Communication :<\/h2>\n<p><img loading=\"lazy\" decoding=\"async\" class=\"alignleft\" src=\"http:\/\/blog.ube.fr\/master-nutrition-sante\/wp-content\/uploads\/sites\/70\/2023\/01\/AVPageView-16012023-144338.jpg\" alt=\"\" width=\"293\" height=\"198\" \/>Cette ann\u00e9e, Valentin, Ousrat, Antony et Baptiste ont en charge le projet &#8220;Communication du Master&#8221;. L&#8217;objectif de ce projet est de faire la promotion du Master au travers de 3 missions principales :<\/p>\n<p>Mise \u00e0 jour du site internet, de la page <a href=\"https:\/\/www.facebook.com\/M2.NutriSante\">Facebook<\/a><\/p>\n<p>Promotion du Master aupr\u00e8s des \u00e9tudiants lors de la &#8220;Journ\u00e9e des Masters de l&#8217;UFR SVTE&#8221; et des &#8220;Journ\u00e9es Portes Ouvertes&#8221;<\/p>\n<p>Demande de la taxe d&#8217;apprentissage aupr\u00e8s des entreprises<\/p>\n<h2><\/h2>\n<h2>Projet Colloque :<\/h2>\n<p><img loading=\"lazy\" decoding=\"async\" class=\"alignleft\" src=\"http:\/\/blog.ube.fr\/master-nutrition-sante\/wp-content\/uploads\/sites\/70\/2023\/01\/AVPageView-16012023-144650.jpg\" alt=\"\" width=\"285\" height=\"181\" \/>Chaque ann\u00e9e, les \u00e9tudiantes du master organisent un colloque se d\u00e9roulant \u00e0 la mi-septembre de l&#8217;ann\u00e9e suivante. Cette ann\u00e9e Manon, Claire, A\u00efssata, et Floriane ont en charge l&#8217;organisation de l&#8217;\u00e9dition 2019, la 11i\u00e8me.<\/p>\n<p>Th\u00e9matique : &#8220;Face aux nouvelles attentes du consommateur : l&#8217;innovation alimentaire, une solution pour demain ?&#8221;<\/p>\n<p>Retrouvez le programme, ainsi que toutes les informations concernant le colloque sur<a href=\"https:\/\/www.facebook.com\/ColloqueNutritionSante\/\" target=\"_blank\" rel=\"noopener noreferrer\"> la page Facebook.<\/a><\/p>\n<h2><\/h2>\n<h2><\/h2>\n<h2>Projet Pr\u00e9vention et \u00e9ducation :<\/h2>\n<p><span style=\"font-size: 16px;\"><img loading=\"lazy\" decoding=\"async\" class=\"alignleft\" src=\"http:\/\/blog.ube.fr\/master-nutrition-sante\/wp-content\/uploads\/sites\/70\/2023\/01\/AVPageView-16012023-145158.jpg\" alt=\"\" width=\"289\" height=\"203\" \/>Ce projet permet aux \u00e9tudiants d&#8217;avoir \u00e0 mener des actions d&#8217;\u00e9ducation et de pr\u00e9vention nutritionnelle aupr\u00e8s de diff\u00e9rents publics. <\/span>Cette ann\u00e9e, une action a \u00e9t\u00e9 men\u00e9e sur le th\u00e8me : <span class=\"_5yl5\">&#8220;Nutrition des femmes enceintes&#8221;. <\/span><\/p>\n<p><span class=\"_5yl5\">Marine, Aude, Amandine, \u00c9lodie et Jennifer interviennent au sein de la maternit\u00e9 du CHU de Dijon, aupr\u00e8s des femmes enceintes. <\/span><span class=\"_5yl5\">Elles ont mis en place trois ateliers portant sur les sucres cach\u00e9s, les bienfaits des lipides et une journ\u00e9e \u00e9quilibr\u00e9e. <\/span><span class=\"_5yl5\">Ces ateliers ont pour objectif principal de sensibiliser les femmes enceintes \u00e0 une alimentation saine, afin d\u2019am\u00e9liorer leur sant\u00e9 ainsi que celle de leurs futurs b\u00e9b\u00e9s via l\u2019alimentation.<\/span><\/p>\n<p>&nbsp;<\/p>\n<h2>Les Entrepreneuriales :<\/h2>\n<p>Chaque ann\u00e9e, quelques \u00e9tudiants participent aux <a href=\"https:\/\/www.les-entrepreneuriales.fr\/region\/bourgogne\/\" target=\"_blank\" rel=\"noopener noreferrer\">entrepreneuriales<\/a>. C&#8217;est une tr\u00e8s belle exp\u00e9rience leur permettant de d\u00e9couvrir le monde de l&#8217;entreprise via la cr\u00e9ation, en \u00e9quipe, d&#8217;une entreprise avec l&#8217;aide de parrains et de coachs !!<\/p>\n","protected":false},"excerpt":{"rendered":"<p>Lorsque nous ne sommes pas en alternance, diff\u00e9rents projets de terrain nous sont propos\u00e9s. Projet Communication : Cette ann\u00e9e, Valentin, Ousrat, Antony et Baptiste ont en charge le projet &#8220;Communication du Master&#8221;. L&#8217;objectif de ce projet est de faire la promotion du Master au travers de 3 missions principales : Mise \u00e0 jour du site&hellip;<\/p>\n<p class=\"more-link-p\"><a class=\"btn btn-primary\" href=\"https:\/\/blog.ube.fr\/master-nutrition-sante\/projet-2018\/\">Voir plus &rarr;<\/a><\/p>\n","protected":false},"author":3205,"featured_media":0,"parent":0,"menu_order":0,"comment_status":"closed","ping_status":"closed","template":"","meta":{"_exactmetrics_skip_tracking":false,"_exactmetrics_sitenote_active":false,"_exactmetrics_sitenote_note":"","_exactmetrics_sitenote_category":0,"footnotes":""},"class_list":["post-2227","page","type-page","status-publish","hentry"],"_links":{"self":[{"href":"https:\/\/blog.ube.fr\/master-nutrition-sante\/wp-json\/wp\/v2\/pages\/2227","targetHints":{"allow":["GET"]}}],"collection":[{"href":"https:\/\/blog.ube.fr\/master-nutrition-sante\/wp-json\/wp\/v2\/pages"}],"about":[{"href":"https:\/\/blog.ube.fr\/master-nutrition-sante\/wp-json\/wp\/v2\/types\/page"}],"author":[{"embeddable":true,"href":"https:\/\/blog.ube.fr\/master-nutrition-sante\/wp-json\/wp\/v2\/users\/3205"}],"replies":[{"embeddable":true,"href":"https:\/\/blog.ube.fr\/master-nutrition-sante\/wp-json\/wp\/v2\/comments?post=2227"}],"version-history":[{"count":16,"href":"https:\/\/blog.ube.fr\/master-nutrition-sante\/wp-json\/wp\/v2\/pages\/2227\/revisions"}],"predecessor-version":[{"id":4353,"href":"https:\/\/blog.ube.fr\/master-nutrition-sante\/wp-json\/wp\/v2\/pages\/2227\/revisions\/4353"}],"wp:attachment":[{"href":"https:\/\/blog.ube.fr\/master-nutrition-sante\/wp-json\/wp\/v2\/media?parent=2227"}],"curies":[{"name":"wp","href":"https:\/\/api.w.org\/{rel}","templated":true}]}}