{"id":210,"date":"2017-03-31T12:21:03","date_gmt":"2017-03-31T10:21:03","guid":{"rendered":"http:\/\/blog.u-bourgogne.fr\/master-nutrition-sante\/?page_id=210"},"modified":"2026-04-08T11:10:57","modified_gmt":"2026-04-08T09:10:57","slug":"contrat-de-professionnalisation","status":"publish","type":"page","link":"https:\/\/blog.ube.fr\/master-nutrition-sante\/contrat-de-professionnalisation\/","title":{"rendered":"L&#8217;alternance en M2NS"},"content":{"rendered":"<p>Le Master 2 Nutrition Sant\u00e9 de l&#8217;Universit\u00e9 Bourgogne Europe propose une formation par alternance (<strong>contrat de professionnalisation<\/strong> ou <strong>contrat d&#8217;apprentissage<\/strong>)<\/p>\n<p>Cela permet d\u2019alterner des p\u00e9riodes de travail en entreprise et des p\u00e9riodes d\u2019enseignement en centre de formation en vue d\u2019obtenir un dipl\u00f4me ou une qualification professionnelle<\/p>\n<p><a href=\"http:\/\/blog.ube.fr\/master-nutrition-sante\/wp-content\/uploads\/sites\/70\/2025\/09\/APO-10MNM2-APP-524-2025-F029D-Calendrier-de-formation-previsionnel.pdf\" target=\"_blank\" rel=\"noopener\">Calendrier de formation 2025-2026<\/a><\/p>\n<p>Les informations sur <a href=\"https:\/\/travail-emploi.gouv.fr\/formation-professionnelle\/formation-en-alternance-10751\/contrat-de-professionnalisation\" target=\"_blank\" rel=\"noopener\">le contrat de professionnalisation<\/a> et <a href=\"https:\/\/travail-emploi.gouv.fr\/le-contrat-dapprentissage\" target=\"_blank\" rel=\"noopener\">le contrat d&#8217;apprentissage<\/a><\/p>\n<p><img loading=\"lazy\" decoding=\"async\" class=\"\" src=\"http:\/\/blog.ube.fr\/master-nutrition-sante\/wp-content\/uploads\/sites\/70\/2024\/01\/Image-Alternants.png\" alt=\"\" width=\"571\" height=\"401\" \/><\/p>\n<p>Objectifs<\/p>\n<p><strong>Pour l&#8217;entreprise<\/strong>:<br \/>\nFormer un nouveau collaborateur aux techniques et m\u00e9thodes de l\u2019entreprise<br \/>\nFaciliter l\u2019int\u00e9gration d\u2019un nouveau salari\u00e9 et v\u00e9rifier ses aptitudes \u00e0 occuper le poste propos\u00e9<\/p>\n<p><strong>Pour le salari\u00e9<\/strong>:<br \/>\nPr\u00e9parer un dipl\u00f4me ou un titre \u00e0 finalit\u00e9 professionnelle<br \/>\nApprendre un m\u00e9tier<br \/>\nSe construire une exp\u00e9rience professionnelle<br \/>\nFaciliter son insertion ou sa r\u00e9insertion professionnelle<\/p>\n<p><strong>Avantages pour l&#8217;employeur<\/strong><br \/>\nNon prise en compte du salari\u00e9 dans le calcul de l\u2019effectif de votre entreprise<br \/>\nPrise en charge du co\u00fbt de la formation par votre OPCA<br \/>\nR\u00e9duction des exon\u00e9rations de cotisations sur les bas salaires dite \u00ab Fillon \u00bb<br \/>\nAide de l\u2019\u00c9tat vers\u00e9e par P\u00f4le emploi pour les moins de 26 ans en fonction de la taille de l\u2019entreprise (1100\u20ac \u00e0 2200\u20ac)<\/p>\n<h2>Structures concern\u00e9es<\/h2>\n<p><strong>Sont ainsi principalement concern\u00e9es<\/strong>:<br \/>\nLes entreprises du secteur priv\u00e9 \u00e9tablies ou domicili\u00e9es en France (M\u00e9tropole &amp; DOM)<br \/>\nCertaines associations en fonction de leur statut<br \/>\nLes Caisses d\u2019Allocation Familiales<br \/>\nLes Groupements d\u2019Int\u00e9r\u00eats Publics suivant le statut juridique<\/p>\n<p>Les organismes consulaires (CCI, chambre des m\u00e9tiers, chambre d\u2019agriculture)<br \/>\nL\u2019\u00c9tat, les collectivit\u00e9s territoriales, les \u00e9tablissements publics de type CSCP<\/p>\n<h2>Contacts<\/h2>\n<p>Service de Formation Continue de l&#8217;Universit\u00e9 de Bourgogne : <strong><a href=\"mailto:formation.continue-svte@u-bourgogne.fr\" target=\"_blank\" rel=\"noopener noreferrer\">formation.continue-svte@u-bourgogne.fr<\/a><\/strong><\/p>\n","protected":false},"excerpt":{"rendered":"<p>Le Master 2 Nutrition Sant\u00e9 de l&#8217;Universit\u00e9 Bourgogne Europe propose une formation par alternance (contrat de professionnalisation ou contrat d&#8217;apprentissage) Cela permet d\u2019alterner des p\u00e9riodes de travail en entreprise et des p\u00e9riodes d\u2019enseignement en centre de formation en vue d\u2019obtenir un dipl\u00f4me ou une qualification professionnelle Calendrier de formation 2025-2026 Les informations sur le contrat&hellip;<\/p>\n<p class=\"more-link-p\"><a class=\"btn btn-primary\" href=\"https:\/\/blog.ube.fr\/master-nutrition-sante\/contrat-de-professionnalisation\/\">Voir plus &rarr;<\/a><\/p>\n","protected":false},"author":305,"featured_media":2555,"parent":0,"menu_order":0,"comment_status":"closed","ping_status":"closed","template":"","meta":{"_exactmetrics_skip_tracking":false,"_exactmetrics_sitenote_active":false,"_exactmetrics_sitenote_note":"","_exactmetrics_sitenote_category":0,"footnotes":""},"class_list":["post-210","page","type-page","status-publish","has-post-thumbnail","hentry"],"_links":{"self":[{"href":"https:\/\/blog.ube.fr\/master-nutrition-sante\/wp-json\/wp\/v2\/pages\/210","targetHints":{"allow":["GET"]}}],"collection":[{"href":"https:\/\/blog.ube.fr\/master-nutrition-sante\/wp-json\/wp\/v2\/pages"}],"about":[{"href":"https:\/\/blog.ube.fr\/master-nutrition-sante\/wp-json\/wp\/v2\/types\/page"}],"author":[{"embeddable":true,"href":"https:\/\/blog.ube.fr\/master-nutrition-sante\/wp-json\/wp\/v2\/users\/305"}],"replies":[{"embeddable":true,"href":"https:\/\/blog.ube.fr\/master-nutrition-sante\/wp-json\/wp\/v2\/comments?post=210"}],"version-history":[{"count":41,"href":"https:\/\/blog.ube.fr\/master-nutrition-sante\/wp-json\/wp\/v2\/pages\/210\/revisions"}],"predecessor-version":[{"id":5489,"href":"https:\/\/blog.ube.fr\/master-nutrition-sante\/wp-json\/wp\/v2\/pages\/210\/revisions\/5489"}],"wp:featuredmedia":[{"embeddable":true,"href":"https:\/\/blog.ube.fr\/master-nutrition-sante\/wp-json\/wp\/v2\/media\/2555"}],"wp:attachment":[{"href":"https:\/\/blog.ube.fr\/master-nutrition-sante\/wp-json\/wp\/v2\/media?parent=210"}],"curies":[{"name":"wp","href":"https:\/\/api.w.org\/{rel}","templated":true}]}}