{"id":163,"date":"2017-03-10T15:58:23","date_gmt":"2017-03-10T14:58:23","guid":{"rendered":"http:\/\/blog.u-bourgogne.fr\/master-nutrition-sante\/?page_id=163"},"modified":"2026-03-06T13:37:37","modified_gmt":"2026-03-06T12:37:37","slug":"nos-projets","status":"publish","type":"page","link":"https:\/\/blog.ube.fr\/master-nutrition-sante\/nos-projets\/","title":{"rendered":"Nos actions"},"content":{"rendered":"<p>Voici les diff\u00e9rents projets de terrain qui sont r\u00e9alis\u00e9s durant l&#8217;ann\u00e9e par les \u00e9tudiants ne disposant pas d&#8217;un contrat d&#8217;alternance.<\/p>\n<h2>Projet ASPTT Cyclisme :<\/h2>\n<p><a href=\"http:\/\/blog.ube.fr\/master-nutrition-sante\/wp-content\/uploads\/sites\/70\/2026\/03\/Nouveau-projet.jpg\" target=\"_blank\" rel=\"noopener\"><img loading=\"lazy\" decoding=\"async\" class=\"alignleft\" title=\"http:\/\/blog.ube.fr\/master-nutrition-sante\/wp-content\/uploads\/sites\/70\/2026\/03\/Nouveau-projet.jpg\" src=\"http:\/\/blog.ube.fr\/master-nutrition-sante\/wp-content\/uploads\/sites\/70\/2026\/03\/Nouveau-projet.jpg\" alt=\"\" width=\"189\" height=\"189\" \/><\/a><\/p>\n<p>Cette ann\u00e9e, nous avons un nouveau projet de terrain men\u00e9 par nos deux \u00e9tudiants, Louna et Pierrick : &#8220;Pr\u00e9vention nutritionnelle et sportive&#8221;. A cet effet, deux ateliers ont \u00e9t\u00e9 mis en place depuis la rentr\u00e9e de septembre aupr\u00e8s de la section cyclisme de l&#8217;ASPTT Dijon, un en novembre et un fin janvier. Deux autres ateliers sont pr\u00e9vus avec le groupe comp\u00e9tition. Leurs actions consistent en de la pr\u00e9vention nutritionnelle sportive, pour deux niveaux de groupes (un groupe jeune\/ado et un groupe comp\u00e9tition 18-30 ans).<\/p>\n<p>Ce projet s&#8217;inscrit dans l&#8217;int\u00e9r\u00eat d&#8217;am\u00e9liorer les performances des cyclistes, de r\u00e9duire les risques de blessures et de leur apporter des informations dans la dimension physiologique de l&#8217;activit\u00e9 sportive qu&#8217;ils pratiquent. Ces ateliers se sont construits autour de th\u00e8mes importants comme l&#8217;hydratation, l&#8217;apport de substrats \u00e9nerg\u00e9tiques, comment composer son assiette de fa\u00e7on optimale, et des conseils pour les cas pratiques en sortie (boisson isotonique maison, barre de c\u00e9r\u00e9ales\u2026).<\/p>\n<hr \/>\n<h2>Projet Colloque :<\/h2>\n<p>Chaque ann\u00e9e, un groupe d&#8217;\u00e9tudiants du Master 2 organisent un colloque se d\u00e9roulant \u00e0 la mi-septembre de l&#8217;ann\u00e9e suivante.<\/p>\n<p>Cette ann\u00e9e Oph\u00e9lie et Coralie sont en charge de l&#8217;organisation de l&#8217;\u00e9dition 2026, la 17\u00e8me.<\/p>\n<p>Elle se d\u00e9roulera le<strong> jeudi 17 septembre 2026<\/strong>, au p\u00f4le AAFE, sur la campus universitaire de Dijon.<\/p>\n<p>Th\u00e9matique de cette nouvelle \u00e9dition : <strong>\u00ab L&#8217;\u00e9ducation r\u00e9git-elle notre alimentation ? \u00bb<\/strong><\/p>\n<hr \/>\n<h2>Projet CARSAT :<\/h2>\n<p><a href=\"http:\/\/blog.ube.fr\/master-nutrition-sante\/wp-content\/uploads\/sites\/70\/2026\/03\/Nouveau-projet-3.jpg\" target=\"_blank\" rel=\"noopener\"><img loading=\"lazy\" decoding=\"async\" class=\"alignleft\" title=\"http:\/\/blog.ube.fr\/master-nutrition-sante\/wp-content\/uploads\/sites\/70\/2026\/03\/Nouveau-projet-3.jpg\" src=\"http:\/\/blog.ube.fr\/master-nutrition-sante\/wp-content\/uploads\/sites\/70\/2026\/03\/Nouveau-projet-3.jpg\" alt=\"\" width=\"189\" height=\"189\" \/><\/a><\/p>\n<p>Dans le cadre de leur Master 2 Nutrition Sant\u00e9, Linda et Lucas ont r\u00e9cemment partag\u00e9 leur expertise avec l\u2019organisme de la <a href=\"https:\/\/www.carsat-bfc.fr\/\">CARSAT<\/a> et de la <a href=\"https:\/\/www.fapaseniors21.fr\/\" target=\"_blank\" rel=\"noopener\">FAPA S\u00e9niors 21<\/a>, via un partenariat que nous avons maintenant depuis plusieurs ann\u00e9es.<\/p>\n<p>Engag\u00e9s dans une initiative concr\u00e8te en faveur de la sant\u00e9, ces jeunes talents ont appliqu\u00e9 leurs connaissances fra\u00eechement acquises au service d\u2019une noble cause : l<strong>es bons r\u00e9flexes pour bien vieillir ! <\/strong><\/p>\n<p>\u00c0 travers trois journ\u00e9es d\u2019ateliers, Linda et Lucas ont eu l\u2019occasion d\u2019\u00e9changer et de mettre en pratique leurs connaissances au contact de seniors et de jeunes retrait\u00e9s. Lors de chaque journ\u00e9e, ils ont anim\u00e9 des ateliers ludiques et interactifs, mettant en lumi\u00e8re le r\u00f4le essentiel de la nutrition et de l\u2019activit\u00e9 physique dans le maintien de la sant\u00e9, de l\u2019autonomie et de la qualit\u00e9 de vie avec l\u2019avanc\u00e9e en \u00e2ge. Ce projet interdisciplinaire a permis de conjuguer savoirs scientifiques, pr\u00e9vention et actions de terrain, tout en favorisant de riches \u00e9changes interg\u00e9n\u00e9rationnels. Une exp\u00e9rience \u00e0 la fois professionnalisante et engag\u00e9e, au service de la promotion de la sant\u00e9 et du bien vieillir.<\/p>\n<hr \/>\n<h2>Les Entrepreneuriales :<\/h2>\n<p>Chaque ann\u00e9e, certains \u00e9tudiants participent aux <a href=\"https:\/\/www.lesentrep.fr\/territoires\/bourgogne\/\" target=\"_blank\" rel=\"noopener noreferrer\">Entrepreneuriales<\/a>. C&#8217;est une tr\u00e8s belle exp\u00e9rience leur permettant de d\u00e9couvrir le monde de l&#8217;entreprise via la cr\u00e9ation, en \u00e9quipe, d&#8217;une start up avec l&#8217;aide de parrains et de coachs !!<img loading=\"lazy\" decoding=\"async\" class=\"\" src=\"http:\/\/blog.ube.fr\/master-nutrition-sante\/wp-content\/uploads\/sites\/70\/2024\/01\/Entreup.jpg\" alt=\"\" width=\"614\" height=\"345\" \/><\/p>\n<h2>Les actions des ann\u00e9es pr\u00e9c\u00e9dentes :<\/h2>\n<ul>\n<li><a href=\"https:\/\/blog.ube.fr\/master-nutrition-sante\/projet-2024\/\" target=\"_blank\" rel=\"noopener\">Ann\u00e9e 2024<\/a><\/li>\n<li><a href=\"https:\/\/blog.ube.fr\/master-nutrition-sante\/projet_2023\/\" target=\"_blank\" rel=\"noopener\">Ann\u00e9e 2023<\/a><\/li>\n<li><a href=\"https:\/\/blog.ube.fr\/master-nutrition-sante\/projet-2022\/\" target=\"_blank\" rel=\"noopener\">Ann\u00e9e 2022<\/a><\/li>\n<li><a href=\"https:\/\/blog.ube.fr\/master-nutrition-sante\/projet-2021\/\" target=\"_blank\" rel=\"noopener\">Ann\u00e9e 2021<\/a><\/li>\n<li><a href=\"https:\/\/blog.ube.fr\/master-nutrition-sante\/projet-2020\/\" target=\"_blank\" rel=\"noopener\">Ann\u00e9e 2020<\/a><\/li>\n<li><a href=\"https:\/\/blog.ube.fr\/master-nutrition-sante\/projet-2019\/\" target=\"_blank\" rel=\"noopener\">Ann\u00e9e 2019<\/a><\/li>\n<li><a href=\"https:\/\/blog.ube.fr\/master-nutrition-sante\/projet-2018\/\" target=\"_blank\" rel=\"noopener\">Ann\u00e9e 2018<\/a><\/li>\n<li><a href=\"https:\/\/blog.ube.fr\/master-nutrition-sante\/projet-2017\/\" target=\"_blank\" rel=\"noopener\">Ann\u00e9e 2017<\/a><\/li>\n<\/ul>\n<p>&nbsp;<\/p>\n","protected":false},"excerpt":{"rendered":"<p>Voici les diff\u00e9rents projets de terrain qui sont r\u00e9alis\u00e9s durant l&#8217;ann\u00e9e par les \u00e9tudiants ne disposant pas d&#8217;un contrat d&#8217;alternance. Projet ASPTT Cyclisme : Cette ann\u00e9e, nous avons un nouveau projet de terrain men\u00e9 par nos deux \u00e9tudiants, Louna et Pierrick : &#8220;Pr\u00e9vention nutritionnelle et sportive&#8221;. A cet effet, deux ateliers ont \u00e9t\u00e9 mis en&hellip;<\/p>\n<p class=\"more-link-p\"><a class=\"btn btn-primary\" href=\"https:\/\/blog.ube.fr\/master-nutrition-sante\/nos-projets\/\">Voir plus &rarr;<\/a><\/p>\n","protected":false},"author":306,"featured_media":0,"parent":0,"menu_order":0,"comment_status":"closed","ping_status":"closed","template":"","meta":{"_exactmetrics_skip_tracking":false,"_exactmetrics_sitenote_active":false,"_exactmetrics_sitenote_note":"","_exactmetrics_sitenote_category":0,"footnotes":""},"class_list":["post-163","page","type-page","status-publish","hentry"],"_links":{"self":[{"href":"https:\/\/blog.ube.fr\/master-nutrition-sante\/wp-json\/wp\/v2\/pages\/163","targetHints":{"allow":["GET"]}}],"collection":[{"href":"https:\/\/blog.ube.fr\/master-nutrition-sante\/wp-json\/wp\/v2\/pages"}],"about":[{"href":"https:\/\/blog.ube.fr\/master-nutrition-sante\/wp-json\/wp\/v2\/types\/page"}],"author":[{"embeddable":true,"href":"https:\/\/blog.ube.fr\/master-nutrition-sante\/wp-json\/wp\/v2\/users\/306"}],"replies":[{"embeddable":true,"href":"https:\/\/blog.ube.fr\/master-nutrition-sante\/wp-json\/wp\/v2\/comments?post=163"}],"version-history":[{"count":413,"href":"https:\/\/blog.ube.fr\/master-nutrition-sante\/wp-json\/wp\/v2\/pages\/163\/revisions"}],"predecessor-version":[{"id":5433,"href":"https:\/\/blog.ube.fr\/master-nutrition-sante\/wp-json\/wp\/v2\/pages\/163\/revisions\/5433"}],"wp:attachment":[{"href":"https:\/\/blog.ube.fr\/master-nutrition-sante\/wp-json\/wp\/v2\/media?parent=163"}],"curies":[{"name":"wp","href":"https:\/\/api.w.org\/{rel}","templated":true}]}}