{"id":910,"date":"2019-07-18T11:16:23","date_gmt":"2019-07-18T09:16:23","guid":{"rendered":"http:\/\/blog.u-bourgogne.fr\/master-cac\/?page_id=910"},"modified":"2019-07-19T09:37:18","modified_gmt":"2019-07-19T07:37:18","slug":"stages","status":"publish","type":"page","link":"https:\/\/blog.ube.fr\/master-cac\/contenu\/stages\/","title":{"rendered":"Stages"},"content":{"rendered":"<h2>Missions en entreprise<\/h2>\n<div id=\"maincontent\">\n<div class=\"item-page\">\n<p>Pour une\u00a0<strong>insertion optimale en milieu professionnel<\/strong>, l&#8217;\u00e9tudiant doit valider deux stages durant son Master :<\/p>\n<ul>\n<li>Un stage de\u00a0<strong>3 mois<\/strong> minimum en premi\u00e8re ann\u00e9e \u00e0 partir de mi-Avril :<\/li>\n<\/ul>\n<p style=\"text-align: center\"><a href=\"http:\/\/blog.ube.fr\/master-cac\/wp-content\/uploads\/sites\/115\/2019\/07\/M1_CAC_FI.png\"><img decoding=\"async\" src=\"http:\/\/blog.ube.fr\/master-cac\/wp-content\/uploads\/sites\/115\/2019\/07\/M1_CAC_FI.png\" alt=\"\" \/><\/a><\/p>\n<ul>\n<li>Un stage de\u00a0<strong>4\u00a0mois<\/strong>\u00a0minimum en deuxi\u00e8me ann\u00e9e \u00e0 partir d&#8217;Avril :<\/li>\n<\/ul>\n<p style=\"text-align: center\"><a href=\"http:\/\/blog.ube.fr\/master-cac\/wp-content\/uploads\/sites\/115\/2019\/07\/M2_CAC_FI.png\"><img decoding=\"async\" src=\"http:\/\/blog.ube.fr\/master-cac\/wp-content\/uploads\/sites\/115\/2019\/07\/M2_CAC_FI.png\" alt=\"\" \/><\/a><\/p>\n<p>Ces stages permettront aux \u00e9tudiants d&#8217;\u00eatre pleinement form\u00e9s pour leur entr\u00e9e dans la vie active.<\/p>\n<p>Principalement r\u00e9alis\u00e9s en entreprise, ces stages permettent la\u00a0<strong>mise en application<\/strong>\u00a0de leurs comp\u00e9tences et de leurs connaissances dans une structure d&#8217;analyse et de contr\u00f4le. Ils sont soumis \u00e0 gratification.<\/p>\n<\/div>\n<\/div>\n<h2>\u00a0<a id=\"contenu.missions\"><\/a><\/h2>\n<hr \/>\n<h2>Statistiques<\/h2>\n<p align=\"center\"><strong>Stagiaires M1-M2<br \/>\n<\/strong><em>Promotions 2018-2019 (mise \u00e0 jour : Juillet 2019)<\/em><\/p>\n<table style=\"width: 99.6721%;border-style: solid;border-color: #ffffff\">\n<tbody>\n<tr>\n<td style=\"width: 50.1988%;text-align: center\">Dur\u00e9e des stages des M1<\/td>\n<td style=\"width: 99.1769%;text-align: center\">Dur\u00e9e des stages des M2<\/td>\n<\/tr>\n<tr>\n<td style=\"width: 50.1988%;text-align: center\"><a href=\"http:\/\/blog.ube.fr\/master-cac\/wp-content\/uploads\/sites\/115\/2019\/07\/dur\u00e9e-stage-M1-2019.jpg\"><img loading=\"lazy\" decoding=\"async\" class=\"alignnone\" src=\"http:\/\/blog.ube.fr\/master-cac\/wp-content\/uploads\/sites\/115\/2019\/07\/dur\u00e9e-stage-M1-2019.jpg\" alt=\"\" width=\"521\" height=\"313\" \/><\/a><\/td>\n<td style=\"width: 99.1769%;text-align: center\"><a href=\"http:\/\/blog.ube.fr\/master-cac\/wp-content\/uploads\/sites\/115\/2019\/07\/dur\u00e9e-stage-M2-e1563519817962.jpg\"><img loading=\"lazy\" decoding=\"async\" class=\"\" src=\"http:\/\/blog.ube.fr\/master-cac\/wp-content\/uploads\/sites\/115\/2019\/07\/dur\u00e9e-stage-M2-e1563519817962.jpg\" alt=\"\" width=\"492\" height=\"275\" \/><\/a><\/td>\n<\/tr>\n<tr>\n<td style=\"width: 149.376%;text-align: center\" colspan=\"2\">Secteurs d&#8217;activit\u00e9 M1 et M2 confondus<\/td>\n<\/tr>\n<tr>\n<td style=\"width: 149.376%;text-align: center\" colspan=\"2\"><a href=\"http:\/\/blog.ube.fr\/master-cac\/wp-content\/uploads\/sites\/115\/2019\/07\/entreprises_secteur-stages2019.jpg\"><img loading=\"lazy\" decoding=\"async\" class=\"aligncenter\" src=\"http:\/\/blog.ube.fr\/master-cac\/wp-content\/uploads\/sites\/115\/2019\/07\/entreprises_secteur-stages2019.jpg\" alt=\"\" width=\"493\" height=\"270\" \/><\/a><\/td>\n<\/tr>\n<\/tbody>\n<\/table>\n<p>&nbsp;<\/p>\n","protected":false},"excerpt":{"rendered":"<p>Missions en entreprise Pour une\u00a0insertion optimale en milieu professionnel, l&#8217;\u00e9tudiant doit valider deux stages durant son Master : Un stage de\u00a03 mois minimum en premi\u00e8re ann\u00e9e \u00e0 partir de mi-Avril : Un stage de\u00a04\u00a0mois\u00a0minimum en deuxi\u00e8me ann\u00e9e \u00e0 partir d&#8217;Avril : Ces stages permettront aux \u00e9tudiants d&#8217;\u00eatre pleinement form\u00e9s pour leur entr\u00e9e dans la vie&hellip;<\/p>\n<p class=\"more-link-p\"><a class=\"btn btn-primary\" href=\"https:\/\/blog.ube.fr\/master-cac\/contenu\/stages\/\">Voir plus &rarr;<\/a><\/p>\n","protected":false},"author":378,"featured_media":0,"parent":59,"menu_order":0,"comment_status":"closed","ping_status":"closed","template":"","meta":{"footnotes":""},"class_list":["post-910","page","type-page","status-publish","hentry"],"_links":{"self":[{"href":"https:\/\/blog.ube.fr\/master-cac\/wp-json\/wp\/v2\/pages\/910","targetHints":{"allow":["GET"]}}],"collection":[{"href":"https:\/\/blog.ube.fr\/master-cac\/wp-json\/wp\/v2\/pages"}],"about":[{"href":"https:\/\/blog.ube.fr\/master-cac\/wp-json\/wp\/v2\/types\/page"}],"author":[{"embeddable":true,"href":"https:\/\/blog.ube.fr\/master-cac\/wp-json\/wp\/v2\/users\/378"}],"replies":[{"embeddable":true,"href":"https:\/\/blog.ube.fr\/master-cac\/wp-json\/wp\/v2\/comments?post=910"}],"version-history":[{"count":16,"href":"https:\/\/blog.ube.fr\/master-cac\/wp-json\/wp\/v2\/pages\/910\/revisions"}],"predecessor-version":[{"id":992,"href":"https:\/\/blog.ube.fr\/master-cac\/wp-json\/wp\/v2\/pages\/910\/revisions\/992"}],"up":[{"embeddable":true,"href":"https:\/\/blog.ube.fr\/master-cac\/wp-json\/wp\/v2\/pages\/59"}],"wp:attachment":[{"href":"https:\/\/blog.ube.fr\/master-cac\/wp-json\/wp\/v2\/media?parent=910"}],"curies":[{"name":"wp","href":"https:\/\/api.w.org\/{rel}","templated":true}]}}