{"id":318,"date":"2018-06-07T09:50:25","date_gmt":"2018-06-07T07:50:25","guid":{"rendered":"http:\/\/blog.u-bourgogne.fr\/master-cac\/?page_id=318"},"modified":"2025-09-05T08:19:21","modified_gmt":"2025-09-05T06:19:21","slug":"association-des-anciens-eleves-historique","status":"publish","type":"page","link":"https:\/\/blog.ube.fr\/master-cac\/social\/association-des-anciens-eleves\/association-des-anciens-eleves-historique\/","title":{"rendered":"Association des anciens des \u00e9l\u00e8ves : historique"},"content":{"rendered":"<div id=\"maincontent\">\n<div class=\"item-page\">\n<p>Voici les diff\u00e9rentes compositions du bureau de l&#8217;Association des Anciens \u00c9l\u00e8ves du Master CAC de Dijon.<\/p>\n<p class=\"texte Style3\" align=\"justify\"><strong>Composition du Bureau actuel (2023 &#8211; 2024) :<\/strong><\/p>\n<p class=\"texte Style3\" align=\"justify\"><strong>Pr\u00e9sidente<\/strong> : MARTIN Laurie<br \/>\n<strong>Vice-pr\u00e9sidente<\/strong> : LANTERI Victoria<br \/>\n<strong>Secr\u00e9taire<\/strong> : DEBRAINE Lucas<br \/>\n<strong>Vice-Secr\u00e9taire<\/strong> : MAILLOT L\u00e9a<br \/>\n<strong>Tr\u00e9sorier<\/strong> : BEAUDET Nathan<br \/>\n<strong>Vice-Tr\u00e9sorier<\/strong> : LEUTHREAU Thomas<\/p>\n<p class=\"texte Style3\" align=\"justify\"><strong>Composition du Bureau 2022 \u2013 2023 :<\/strong><\/p>\n<p class=\"texte Style3\" align=\"justify\"><strong>Pr\u00e9sidente<\/strong> : GISQUET Julie<br \/>\n<strong>Vice-pr\u00e9sidente<\/strong> : MARTIN Laurie<br \/>\n<strong>Secr\u00e9taire<\/strong> : STEYAERT Gwena\u00eblle<br \/>\n<strong>Vice-Secr\u00e9taire<\/strong> : DEBRAINE Lucas<br \/>\n<strong>Tr\u00e9sorier<\/strong> : STEPIEN Ga\u00ebl<br \/>\n<strong>Vice-Tr\u00e9sorier<\/strong> : BEAUDET Nathan<\/p>\n<p class=\"texte Style3\" align=\"justify\"><strong>Composition du Bureau 2021 &#8211; 2022 :<\/strong><\/p>\n<p class=\"texte Style3\" align=\"justify\"><strong>Pr\u00e9sidente<\/strong> : JULOU Ana\u00efs<br \/>\n<strong>Vice-pr\u00e9sidente<\/strong> : GISQUET Julie<br \/>\n<strong>Secr\u00e9taire<\/strong> : MEUX Cl\u00e9mence<br \/>\n<strong>Vice-Secr\u00e9taire<\/strong> : STEYAERT Gwena\u00eblle<br \/>\n<strong>Tr\u00e9sorier<\/strong> : MOUTARDIER Cassandre<br \/>\n<strong>Vice-Tr\u00e9sorier<\/strong> : STEPIEN Ga\u00ebl<\/p>\n<p class=\"texte Style3\" align=\"justify\"><strong>Composition du Bureau 2020 &#8211; 2021 :<\/strong><\/p>\n<p class=\"texte Style3\" align=\"justify\"><strong>Pr\u00e9sidente<\/strong> : AKBULUT Hilal<br \/>\n<strong>Vice-pr\u00e9sidente<\/strong> : JULOU Ana\u00efs<br \/>\n<strong>Secr\u00e9taire<\/strong> : NOEL Aur\u00e9lie<br \/>\n<strong>Vice-Secr\u00e9taire<\/strong> : MEUX Cl\u00e9mence<br \/>\n<strong>Tr\u00e9sorier<\/strong> : CHARVET Lo\u00efc<br \/>\n<strong>Vice-Tr\u00e9sorier<\/strong> : MOUTARDIER Cassandre<\/p>\n<p class=\"texte Style3\" align=\"justify\"><strong><br \/>\nComposition du Bureau 2019 &#8211; 2020 :<\/strong><\/p>\n<p class=\"texte Style3\" align=\"justify\"><strong>Pr\u00e9sidente<\/strong> : MAROUN Dona<br \/>\n<strong>Vice-pr\u00e9sidente<\/strong> : AKBULUT Hilal<br \/>\n<strong>Secr\u00e9taire<\/strong> : MEHL Jo\u00eblle<br \/>\n<strong>Vice-Secr\u00e9taire<\/strong> : NOEL Aur\u00e9lie<br \/>\n<strong>Tr\u00e9sori\u00e8re<\/strong> : BONNAMOUR Manon<br \/>\n<strong>Vice-Tr\u00e9sorier<\/strong> : CHARVET Lo\u00efc<\/p>\n<p class=\"texte Style3\" align=\"justify\"><strong>Composition du Bureau 2018 &#8211; 2019 :<\/strong><\/p>\n<p class=\"texte Style3\" align=\"justify\"><strong>Pr\u00e9sidente<\/strong> : PALLADINO Ludovic<br \/>\n<strong>Vice-pr\u00e9sident<\/strong> : MAROUN Dona<br \/>\n<strong>Secr\u00e9taire<\/strong> : KALWACK Laura<br \/>\n<strong>Vice-Secr\u00e9taire<\/strong> : MEHL Jo\u00eblle<br \/>\n<strong>Tr\u00e9sorier<\/strong>\u00a0: TSERETELI Dali<br \/>\n<strong>Vice-Tr\u00e9sori\u00e8re<\/strong>\u00a0: BONNAMOUR Manon<\/p>\n<p class=\"texte Style3\" align=\"justify\"><strong>Composition du Bureau 2017 &#8211; 2018<\/strong><\/p>\n<p class=\"texte Style3\" align=\"justify\"><strong>Pr\u00e9sidente\u00a0: <\/strong>PASQUET Agathe<strong><br \/>\nVice-pr\u00e9sident\u00a0: <\/strong>PALLADINO Ludovic<strong><br \/>\nSecr\u00e9taire\u00a0: <\/strong>GENE Ma\u00ebva<strong><br \/>\nVice-Secr\u00e9taire\u00a0: <\/strong>KALWACK Laura<strong><br \/>\nTr\u00e9sorier : &#8211;<br \/>\nVice-Tr\u00e9sori\u00e8re\u00a0: <\/strong>TSERETELI Dali<strong><br \/>\n<\/strong><\/p>\n<p class=\"texte Style3\" align=\"justify\"><strong>Composition du Bureau 2016 &#8211; 2017<\/strong><\/p>\n<p class=\"texte Style3\" align=\"justify\"><strong>Pr\u00e9sidente<\/strong>\u00a0: BONNEMAISON\u00a0C\u00e9cile<br \/>\n<strong>Vice-pr\u00e9sidente<\/strong>\u00a0: PASQUET Agathe<br \/>\n<strong>Secr\u00e9taires<\/strong>\u00a0: GENE Ma\u00ebva et DANTON Adrien<br \/>\n<strong>Tr\u00e9sorier<\/strong>\u00a0: ROGER Christophe<\/p>\n<p class=\"texte Style3\" align=\"justify\"><strong>Composition du Bureau 2015 &#8211; 2016<\/strong><\/p>\n<p class=\"texte Style3\" align=\"justify\"><strong>Pr\u00e9sidente<\/strong>\u00a0: DUFFAUD Anouk<br \/>\n<strong>Vice-pr\u00e9sident<\/strong>\u00a0: BERRET Benjamin<br \/>\n<strong>Secr\u00e9taire<\/strong>\u00a0: ROGER Christophe<br \/>\n<strong>Tr\u00e9sori\u00e8re<\/strong>\u00a0: ECHAUBARD Julie<\/p>\n<p class=\"texte Style3\" align=\"justify\"><strong>Composition du Bureau 2014 &#8211; 2015<\/strong><\/p>\n<p class=\"texte Style3\" align=\"justify\"><strong>Pr\u00e9sidente<\/strong>\u00a0: BAUDOIN C\u00e9cile<br \/>\n<strong>Vice-pr\u00e9sident<\/strong>\u00a0: BOTTEREAU Romain<br \/>\n<strong>Secr\u00e9taire<\/strong>\u00a0: JOLY Alexandre<br \/>\n<strong>Tr\u00e9sori\u00e8re<\/strong>\u00a0: DUFOUR V\u00e9ronique<\/p>\n<p><strong>Composition du Bureau 2013 &#8211; 2014<\/strong><\/p>\n<p><strong>Pr\u00e9sident\u00a0:<\/strong> LABARRE David<br \/>\n<strong>Vice-pr\u00e9sident<\/strong>\u00a0: AUBERT Valentin<br \/>\n<strong>Secr\u00e9taire<\/strong> : BAUDOIN C\u00e9cile<br \/>\n<strong>Tr\u00e9sori\u00e8re<\/strong> : BUEE H\u00e9l\u00e8ne<\/p>\n<p class=\"texte\" align=\"justify\"><strong>C<\/strong><strong>omposition du Bureau 2012 &#8211; 2013<\/strong><\/p>\n<p class=\"texte Style3\" align=\"justify\"><strong>Pr\u00e9sidente\u00a0<\/strong>: DE BRITO Carine<br \/>\n<strong>Vice-pr\u00e9sident<\/strong>\u00a0: LABARRE David<br \/>\n<strong>Secr\u00e9taire\u00a0<\/strong>: LEMIERE Anne-Sophie<br \/>\n<strong>Tr\u00e9sorier\u00a0<\/strong>: BENZEGHIBA Tarik<\/p>\n<p class=\"texte\" align=\"justify\"><strong>Composition du Bureau 2011 &#8211; 2012<br \/>\nPr\u00e9sidente<\/strong> : GASPARD Aurore<br \/>\n<strong>Vice-pr\u00e9sidente<\/strong> : CRABEIL Ad\u00e9la\u00efde<br \/>\n<strong>Secr\u00e9taire<\/strong> : DE BRITO Carine<br \/>\n<strong>Tr\u00e9sori\u00e8re<\/strong> : GROSDEMANGE Anne-Karine<\/p>\n<p class=\"texte\" align=\"justify\"><strong>Composition du Bureau 2010 &#8211; 2011<br \/>\nPr\u00e9sidente<\/strong> : PICARD Jessica<br \/>\n<strong>Vice-pr\u00e9sident<\/strong> : BENZIANE Soufiane<br \/>\n<strong>Secr\u00e9taire<\/strong> : SERRIER Jonathan<br \/>\n<strong>Tr\u00e9sori\u00e8re<\/strong> : ROLLAND C\u00e9line<\/p>\n<p class=\"texte\" align=\"justify\"><strong>Composition du Bureau 2009 &#8211; 2010<br \/>\nPr\u00e9sident<\/strong> : LEDUC Damien<br \/>\n<strong>Vice-pr\u00e9sidente<\/strong> : VESSOT Amandine<br \/>\n<strong>Secr\u00e9taire<\/strong> : BOUVOT Xavier<br \/>\n<strong>Tr\u00e9sorier<\/strong> : TOSSENG Arnaud<\/p>\n<p class=\"texte\" align=\"justify\"><strong>Composition du Bureau 2008 &#8211; 2009<br \/>\nPr\u00e9sident<\/strong> : VERY S\u00e9bastien<br \/>\n<strong>Vice-pr\u00e9sident<\/strong> : GILLES Beno\u00eet<br \/>\n<strong>Secr\u00e9taire<\/strong> : LE QUERE St\u00e9phanie<br \/>\n<strong>Tr\u00e9sorier<\/strong> : REYMOND-LARUINAZ S\u00e9bastien<\/p>\n<p class=\"texte\" align=\"justify\"><strong>Composition du Bureau 2007- 2008<br \/>\nPr\u00e9sidente<\/strong> : GONNEAUD C\u00e9line<br \/>\n<strong>Vice-pr\u00e9sidente<\/strong> : LEFEBVRE Laure<br \/>\n<strong>Secr\u00e9taire<\/strong> : REGNIER Christine<br \/>\n<strong>Tr\u00e9sori\u00e8re<\/strong> : SAX Florence<\/p>\n<p class=\"texte\" align=\"justify\"><strong>Composition du Bureau 2006 &#8211; 2007<br \/>\nPr\u00e9sidente<\/strong> : PETRUZZI S\u00e9verine<br \/>\n<strong>Vice-pr\u00e9sidente<\/strong> : COCQUELET Emeline<br \/>\n<strong>Secr\u00e9taire<\/strong> : HEDI In\u00e8s<br \/>\n<strong>Tr\u00e9sori\u00e8re<\/strong> : GROGUENIN C\u00e9cile<\/p>\n<\/div>\n<\/div>\n<div class=\"clr\"><\/div>\n","protected":false},"excerpt":{"rendered":"<p>Voici les diff\u00e9rentes compositions du bureau de l&#8217;Association des Anciens \u00c9l\u00e8ves du Master CAC de Dijon. Composition du Bureau actuel (2023 &#8211; 2024) : Pr\u00e9sidente : MARTIN Laurie Vice-pr\u00e9sidente : LANTERI Victoria Secr\u00e9taire : DEBRAINE Lucas Vice-Secr\u00e9taire : MAILLOT L\u00e9a Tr\u00e9sorier : BEAUDET Nathan Vice-Tr\u00e9sorier : LEUTHREAU Thomas Composition du Bureau 2022 \u2013 2023 :&hellip;<\/p>\n<p class=\"more-link-p\"><a class=\"btn btn-primary\" href=\"https:\/\/blog.ube.fr\/master-cac\/social\/association-des-anciens-eleves\/association-des-anciens-eleves-historique\/\">Voir plus &rarr;<\/a><\/p>\n","protected":false},"author":374,"featured_media":0,"parent":115,"menu_order":0,"comment_status":"closed","ping_status":"closed","template":"","meta":{"footnotes":""},"class_list":["post-318","page","type-page","status-publish","hentry"],"_links":{"self":[{"href":"https:\/\/blog.ube.fr\/master-cac\/wp-json\/wp\/v2\/pages\/318","targetHints":{"allow":["GET"]}}],"collection":[{"href":"https:\/\/blog.ube.fr\/master-cac\/wp-json\/wp\/v2\/pages"}],"about":[{"href":"https:\/\/blog.ube.fr\/master-cac\/wp-json\/wp\/v2\/types\/page"}],"author":[{"embeddable":true,"href":"https:\/\/blog.ube.fr\/master-cac\/wp-json\/wp\/v2\/users\/374"}],"replies":[{"embeddable":true,"href":"https:\/\/blog.ube.fr\/master-cac\/wp-json\/wp\/v2\/comments?post=318"}],"version-history":[{"count":16,"href":"https:\/\/blog.ube.fr\/master-cac\/wp-json\/wp\/v2\/pages\/318\/revisions"}],"predecessor-version":[{"id":1601,"href":"https:\/\/blog.ube.fr\/master-cac\/wp-json\/wp\/v2\/pages\/318\/revisions\/1601"}],"up":[{"embeddable":true,"href":"https:\/\/blog.ube.fr\/master-cac\/wp-json\/wp\/v2\/pages\/115"}],"wp:attachment":[{"href":"https:\/\/blog.ube.fr\/master-cac\/wp-json\/wp\/v2\/media?parent=318"}],"curies":[{"name":"wp","href":"https:\/\/api.w.org\/{rel}","templated":true}]}}