{"id":779,"date":"2015-03-16T10:19:01","date_gmt":"2015-03-16T09:19:01","guid":{"rendered":"http:\/\/blog.u-bourgogne.fr\/master-ajai\/?page_id=779"},"modified":"2018-03-12T10:42:34","modified_gmt":"2018-03-12T09:42:34","slug":"promotion-2014-2013","status":"publish","type":"page","link":"https:\/\/blog.ube.fr\/master-ajai\/promotion-2014-2013\/","title":{"rendered":"Promotion 2013-2014"},"content":{"rendered":"<p>La promotion 2013-2014 est compos\u00e9e de 15 \u00e9tudiants, fran\u00e7ais et \u00e9trangers:<\/p>\n<p><span class=\"Apple-style-span\">&#8211;\u00a0<a href=\"http:\/\/www.linkedin.com\/pub\/souad-amdaa\/67\/28b\/915\" target=\"blank\" rel=\"external\">Souad AMDAA<\/a>;<\/span><\/p>\n<p><span class=\"Apple-style-span\">&#8211;\u00a0<a href=\"http:\/\/fr.linkedin.com\/pub\/manon-allender\/84\/664\/696\" target=\"blank\" rel=\"external\">Manon ALLENDER<\/a>;<\/span><\/p>\n<p><span class=\"Apple-style-span\">&#8211;\u00a0<a href=\"http:\/\/fr.linkedin.com\/pub\/pol-causin\/85\/38a\/63\" target=\"blank\" rel=\"external\">Pol CAUSIN<\/a>;<\/span><\/p>\n<p><span class=\"Apple-style-span\">&#8211;\u00a0<a href=\"http:\/\/www.linkedin.com\/pub\/lucille-coulon\/83\/241\/639\" target=\"blank\" rel=\"external\">Lucille COULON<\/a>;<\/span><\/p>\n<p><span class=\"Apple-style-span\">&#8211;\u00a0<a href=\"http:\/\/www.linkedin.com\/in\/cleliemile\" target=\"blank\" rel=\"external\">Cl\u00e9lie EMILE<\/a>;<\/span><\/p>\n<p>&#8211;\u00a0<a href=\"http:\/\/www.linkedin.com\/pub\/cl%C3%A9lia-laurent\/83\/257\/b78\" target=\"blank\" rel=\"external\">Cl\u00e9lia LAURENT<\/a>;<\/p>\n<p><span class=\"Apple-style-span\">&#8211;\u00a0<a href=\"http:\/\/www.linkedin.com\/pub\/corentin-le-mao\/79\/511\/9aa\" target=\"blank\" rel=\"external\">Corentin LE MAO<\/a>;<\/span><\/p>\n<p>&#8211;\u00a0<a href=\"http:\/\/www.linkedin.com\/pub\/rodrigo-lozano-ayala\/88\/5b9\/a97\" target=\"blank\" rel=\"external\">Rodrigo LOZANO AYALA<\/a>;<\/p>\n<p>&#8211;<a href=\"http:\/\/www.linkedin.com\/profile\/view?id=312028532&amp;authType=NAME_SEARCH&amp;authToken=AfNo&amp;locale=fr_FR&amp;srchid=3025141231389003076610&amp;srchindex=1&amp;srchtotal=2&amp;trk=vsrp_people_res_name&amp;trkInfo=VSRPsearchId%3A3025141231389003076610%2CVSRPtargetId%3A312028532%2CVSRPcmpt%3Aprimary\" target=\"blank\" rel=\"external\">\u00a0Alice PAPIN<\/a>;<\/p>\n<p><span class=\"Apple-style-span\">&#8211;\u00a0<a href=\"http:\/\/www.linkedin.com\/pub\/maud-romieu\/84\/80\/5a5\" target=\"blank\" rel=\"external\">Maud ROMIEU<\/a>;<\/span><\/p>\n<p>&#8211; Eva SOKOLOWSKA;<\/p>\n<p><span class=\"Apple-style-span\">&#8211;\u00a0<a href=\"http:\/\/www.linkedin.com\/pub\/marie-charlotte-tolou\/82\/b8b\/998\" target=\"blank\" rel=\"external\">Marie-Charlotte TOLOU<\/a>;<\/span><\/p>\n<p><span class=\"Apple-style-span\">&#8211;\u00a0<a href=\"http:\/\/www.linkedin.com\/pub\/am%C3%A9lie-trouillet\/83\/260\/683\" target=\"blank\" rel=\"external\">Am\u00e9lie TROUILLET<\/a>;<\/span><\/p>\n<p><span class=\"Apple-style-span\">&#8211;\u00a0<a href=\"http:\/\/www.linkedin.com\/pub\/clementine-vande-maele\/83\/94b\/708\" target=\"blank\" rel=\"external\">Cl\u00e9mentine VANDE MAELE<\/a>;<\/span><\/p>\n<p>&#8211;\u00a0<a href=\"http:\/\/fr.linkedin.com\/pub\/sofia-zaki\/87\/24\/807\" target=\"blank\" rel=\"external\">Sofia ZAKI<\/a>.<\/p>\n<p>&nbsp;<\/p>\n<p>Le bureau de l&#8217;association est constitu\u00e9 comme suit:<\/p>\n<p>&#8211; Pr\u00e9sidente: Lucille COULON;<\/p>\n<p>&#8211; Vice-Pr\u00e9sidente: Maud ROMIEU;<\/p>\n<p>&#8211; Secr\u00e9taire g\u00e9n\u00e9rale: Souad AMDAA;<\/p>\n<p>&#8211; Secr\u00e9taires: Am\u00e9lie TROUILLET, Marie-Charlotte TOLOU;<\/p>\n<p>&#8211; Tr\u00e9sori\u00e8res: Cl\u00e9mentine VANDE MAELE, Sofia ZAKI;<\/p>\n<p>&#8211; Webmaster: Pol CAUSIN.<\/p>\n<p>&nbsp;<\/p>\n","protected":false},"excerpt":{"rendered":"<p>La promotion 2013-2014 est compos\u00e9e de 15 \u00e9tudiants, fran\u00e7ais et \u00e9trangers: &#8211;\u00a0Souad AMDAA; &#8211;\u00a0Manon ALLENDER; &#8211;\u00a0Pol CAUSIN; &#8211;\u00a0Lucille COULON; &#8211;\u00a0Cl\u00e9lie EMILE; &#8211;\u00a0Cl\u00e9lia LAURENT; &#8211;\u00a0Corentin LE MAO; &#8211;\u00a0Rodrigo LOZANO AYALA; &#8211;\u00a0Alice PAPIN; &#8211;\u00a0Maud ROMIEU; &#8211; Eva SOKOLOWSKA; &#8211;\u00a0Marie-Charlotte TOLOU; &#8211;\u00a0Am\u00e9lie TROUILLET; &#8211;\u00a0Cl\u00e9mentine VANDE MAELE; &#8211;\u00a0Sofia ZAKI. &nbsp; Le bureau de l&#8217;association est constitu\u00e9 comme suit: &#8211;&hellip;<\/p>\n<p class=\"more-link-p\"><a class=\"btn btn-primary\" href=\"https:\/\/blog.ube.fr\/master-ajai\/promotion-2014-2013\/\">Voir plus &rarr;<\/a><\/p>\n","protected":false},"author":354,"featured_media":0,"parent":0,"menu_order":0,"comment_status":"closed","ping_status":"closed","template":"","meta":{"footnotes":""},"class_list":["post-779","page","type-page","status-publish","hentry"],"_links":{"self":[{"href":"https:\/\/blog.ube.fr\/master-ajai\/wp-json\/wp\/v2\/pages\/779","targetHints":{"allow":["GET"]}}],"collection":[{"href":"https:\/\/blog.ube.fr\/master-ajai\/wp-json\/wp\/v2\/pages"}],"about":[{"href":"https:\/\/blog.ube.fr\/master-ajai\/wp-json\/wp\/v2\/types\/page"}],"author":[{"embeddable":true,"href":"https:\/\/blog.ube.fr\/master-ajai\/wp-json\/wp\/v2\/users\/354"}],"replies":[{"embeddable":true,"href":"https:\/\/blog.ube.fr\/master-ajai\/wp-json\/wp\/v2\/comments?post=779"}],"version-history":[{"count":7,"href":"https:\/\/blog.ube.fr\/master-ajai\/wp-json\/wp\/v2\/pages\/779\/revisions"}],"predecessor-version":[{"id":1319,"href":"https:\/\/blog.ube.fr\/master-ajai\/wp-json\/wp\/v2\/pages\/779\/revisions\/1319"}],"wp:attachment":[{"href":"https:\/\/blog.ube.fr\/master-ajai\/wp-json\/wp\/v2\/media?parent=779"}],"curies":[{"name":"wp","href":"https:\/\/api.w.org\/{rel}","templated":true}]}}