{"id":769,"date":"2017-11-26T10:04:14","date_gmt":"2017-11-26T09:04:14","guid":{"rendered":"http:\/\/blog.u-bourgogne.fr\/master-ajai\/?page_id=769"},"modified":"2018-03-12T10:54:38","modified_gmt":"2018-03-12T09:54:38","slug":"temoignages","status":"publish","type":"page","link":"https:\/\/blog.ube.fr\/master-ajai\/temoignages\/","title":{"rendered":"T\u00e9moignages"},"content":{"rendered":"<h2 style=\"text-align: justify\"><em>Le Master, vu de l&#8217;int\u00e9rieur&#8230;<\/em><\/h2>\n<h2 style=\"text-align: justify\"><strong>Quelques portraits d&#8217;\u00e9tudiants du Master<\/strong><\/h2>\n<p style=\"text-align: justify\">&#8220;Outre ses professeurs comp\u00e9tents et disponibles ainsi qu&#8217;un programme complet, le Master 2 Juriste d&#8217;Affaires Internationales, parcours professionnel, de l&#8217;Universit\u00e9 de Bourgogne vous offre la possibilit\u00e9 de vous investir dans des projets extra-scolaires comme les moots (concours internationaux sur divers th\u00e8mes), concours Sciences-Po ou encore les entrepreneuriales (programme de cr\u00e9ation fictive d&#8217;entreprise).<\/p>\n<p style=\"text-align: justify\">Cette ann\u00e9e de Master 2 Juristes d&#8217;Affaires Internationales sera aussi pour vous l&#8217;occasion de perfectionner votre anglais en vous entrainant tout l&#8217;ann\u00e9e pour passer les examens tels que le TOEIC, TOEFL ou encore le Certificate in English for Business Communication propos\u00e9 la Franco-British Chamber of Commerce &amp; Industry.<\/p>\n<p style=\"text-align: justify\">Vous pourrez \u00e9galement compter sur le r\u00e9seau des anciens qui pourront faire part de leur exp\u00e9rience pass\u00e9e. Vous aurez notamment l&#8217;occasion de les rencontrer dans le cadre d&#8217;interventions organis\u00e9es tout au long de l&#8217;ann\u00e9e sur divers sujets ou encore lors du repas des anciens organis\u00e9 chaque ann\u00e9e par la nouvelle promotion.<\/p>\n<p style=\"text-align: justify\">Enfin, co-laur\u00e9ate du prix &#8220;coup de coeur&#8221; du jury des Entrepreneuriales 2015 avec une de mes coll\u00e8gues de la promotion, je ne peux que vous encourager dans cette aventure dans laquelle vous aurez l&#8217;occasion de d\u00e9fendre un projet avec des \u00e9tudiants de divers horizons (ing\u00e9nieurs, commerciaux&#8230;) et o\u00f9 vous pourrez d\u00e9couvrir les enjeux de la cr\u00e9ation d&#8217;une entreprise (juridique, financiers, fiscaux)&#8221;<\/p>\n<p style=\"text-align: justify\"><strong><em>Audrey VERNHET, Promotion Pierre LALIVE<\/em><\/strong><\/p>\n<p style=\"text-align: justify\">&#8220;Challenging ! C&#8217;est avec cet angliscisme que je d\u00e9finirais le Master 2 JAI, parcours professionnel. Provenant d&#8217;universit\u00e9s, de pays et de cursus diff\u00e9rents (droits des affaires, droit international et europ\u00e9en) cette formation est l&#8217;expression d&#8217;une diversit\u00e9 qui est coh\u00e9rente avec une formation tourn\u00e9e \u00e0 l&#8217;internationale.<\/p>\n<p style=\"text-align: justify\">La formation est compl\u00e8te, elle absorbe l&#8217;ensemble des mati\u00e8res en droit des affaires internationales mais elle contient \u00e9galement des exercices concrets (entrepreneuriales, concours de plaidoirie, travaux en \u00e9quipes) qui permettent d&#8217;acqu\u00e9rir les comp\u00e9tences op\u00e9rationnelles d&#8217;un juriste d&#8217;entreprise ou d&#8217;un avocat travaillant sur des probl\u00e9matiques internationales.<\/p>\n<p style=\"text-align: justify\">Le Master 2 est \u00e9galement fort de son centre de recherche, le CREDIMI, et de ses professeurs reconnus en mati\u00e8re de droit international. La disponibilit\u00e9 du corp professoral et la long\u00e9vit\u00e9 du Master 2 JAI, 40 ans de continuit\u00e9, permet un \u00e9change d&#8217;exp\u00e9rience et la cr\u00e9ation d&#8217;un r\u00e9seau professionnel.&#8221;<\/p>\n<p style=\"text-align: justify\"><strong><em>Cl\u00e9ment POZZOBON, Promotion Pierre LALIVE<\/em><\/strong><\/p>\n<p style=\"text-align: justify\">&#8220;Le Master 2 JAI Pro m&#8217;a donn\u00e9 une solide formation en droit des affaires internationales: l&#8217;\u00e9quipe p\u00e9dagogique du Master est tr\u00e8s motivante et impliqu\u00e9e, les cours stimulants et les s\u00e9minaires nous permettent de nous mettre dans la peau des op\u00e9rationnels. A l&#8217;occasion du concours des Entrepreneuriales, j&#8217;ai particip\u00e9 \u00e0 la cr\u00e9ation d&#8217;un projet d&#8217;entreprise avec des \u00e9tudiants d&#8217;autres formations (ing\u00e9nieurs, \u00e9tudiants en \u00e9cole de commerce), ce qui est tr\u00e8s enrichissant et formateur. La taille de la promotion, compos\u00e9e cette ann\u00e9e de 16 \u00e9tudiants issus d&#8217;universit\u00e9s et de formations voire de pays diff\u00e9rents, facilite l&#8217;int\u00e9gration et l&#8217;association du master est dynamique. C&#8217;est un Master que je recommande !&#8221;<\/p>\n<p style=\"text-align: justify\"><strong><em>Am\u00e9lie JARRIN, Promotion Pierre LALIVE<\/em><\/strong><\/p>\n<p style=\"text-align: justify\">Apr\u00e8s un cursus \u00e0 Sciences Po Grenoble en finance et des \u00e9tudes de droit suivies en enseignement \u00e0 distance, j&#8217;ai d\u00e9cid\u00e9 d&#8217;int\u00e9grer le Master 2 Juriste d&#8217;Affaires Internationales option professionnelle pour sa renomm\u00e9e et le contenu des enseignements qui m\u00eale droit interne et droit international. Les nombreuses interventions de praticiens donnent une dimension concr\u00e8te des m\u00e9tiers envisag\u00e9s et des domaines qui s&#8217;offrent aux dipl\u00f4m\u00e9s. Je recommande ce master \u00e0 ceux qui veulent travailler plus tard \u00e0 l&#8217;international.<\/p>\n<p style=\"text-align: justify\"><strong><em>Claire, Promotion Jean- Flavin LALIVE<\/em><\/strong><\/p>\n<h2 style=\"text-align: justify\">Frankfurt Investment Arbitration Moot Court 2014<\/h2>\n<p style=\"text-align: justify\">Cette ann\u00e9e, quatre \u00e9tudiantes du M2 JAI Pro. se sont lanc\u00e9es dans une exp\u00e9rience p\u00e9dagogique tr\u00e8s enrichissante : Le Moot de Francfort.<\/p>\n<p style=\"text-align: justify\">Il s&#8217;agit d&#8217;un concours international de plaidoiries organis\u00e9 par la Goethe Universit\u00e4t, portant sur l&#8217;arbitrage international d&#8217;investissement.\u00a0Le sujet portait sur un litige opposant un investisseur \u00e9tranger et l&#8217;\u00c9tat d&#8217;accueil de l&#8217;investissement.<\/p>\n<p style=\"text-align: justify\">Nous avions communication des demandes et moyens de d\u00e9fense de chaque partie, afin qu&#8217;ensuite nous ayons \u00e0 d\u00e9velopper les diff\u00e9rents argumentaires.<\/p>\n<p style=\"text-align: justify\">En janvier, nous avons particip\u00e9 au Pre-Moot organis\u00e9 par la Chambre de Commerce International (CCI), \u00e0 Paris, afin de pr\u00e9parer les plaidoiries.\u00a0En f\u00e9vrier, nous avons envoy\u00e9 nos\u00a0<em>skeletons arguments<\/em>\u00a0\u00e0 l&#8217;Universit\u00e9 organisatrice.\u00a0Enfin, en mars, l&#8217;\u00e9v\u00e8nement tant \u00ab\u00a0attendu\u00a0\u00bb arriva.<\/p>\n<p style=\"text-align: justify\">Le Moot eu lieu sur le campus de l&#8217;Universit\u00e9 de Francfort. Pendant une semaine, les \u00e9quipes participantes venant du monde entier se sont challeng\u00e9es (en langue anglaise) devant des formations arbitrales cr\u00e9\u00e9es pour l&#8217;occasion, et compos\u00e9es principalement d&#8217;avocats et d&#8217;arbitres.\u00a0Notre d\u00e9vouement pour le Moot ne nous hissa malheureusement pas jusqu&#8217;au podium. Les grands vainqueurs ex \u00e6quo \u00e9tant l&#8217;Universit\u00e9 de Miami et Sciences Po Paris.\u00a0Cependant, je suis fi\u00e8re du travail accompli et ravie des enseignements qu&#8217;un tel concours \u00e0 pu m&#8217;apporter.<\/p>\n<p style=\"text-align: justify\">Je recommande \u00e0 tous les \u00e9tudiants en droit de participer \u00e0 une telle aventure.<\/p>\n<p style=\"text-align: justify\"><strong><em>Lucille, promotion Tatiana de Maekelt<\/em><\/strong><\/p>\n<p style=\"text-align: justify\">Quand l\u2019ann\u00e9e du master a d\u00e9but\u00e9, je n\u2019avais pas pr\u00e9vu de participer \u00e0 un concours de plaidoiries. Et puis nos professeurs nous en ont parl\u00e9, des amies \u00e9taient int\u00e9ress\u00e9es, comme j\u2019aime le travail de groupe car je trouve que cela permet de passer du temps ensemble et ainsi de se rapprocher, j\u2019ai d\u00e9cid\u00e9 de prendre part \u00e0 l\u2019aventure. Et j\u2019en suis ravie ! Le moot a \u00e9t\u00e9 une exp\u00e9rience tr\u00e8s enrichissante au niveau scolaire avec le fait de devoir travailler en \u00e9quipe, d\u2019effectuer toujours plus de recherches (et donc de connaissances assimil\u00e9es !), de s\u2019entrainer \u00e0 la pr\u00e9sentation orale\u2026 Mais c\u2019est \u00e9galement une v\u00e9ritable aventure humaine.\u00a0En effet, \u00e0 Francfort (et auparavant \u00e0 Paris pour le pr\u00e9-moot), nous avons pu rencontrer les autres \u00e9quipes qui venaient de nombreux pays diff\u00e9rents, les plus \u00e9loign\u00e9s \u00e9tant certainement la Chine et la Jama\u00efque.Les arbitrages se faisaient dans une ambiance s\u00e9rieuse mais c\u2019\u00e9tait aussi l\u2019occasion de pouvoir discuter par la suite avec ceux qui avaient \u00e9t\u00e9 nos \u00ab adversaires \u00bb quelques minutes avant pour parler des arguments utilis\u00e9s par chaque partie, de la fa\u00e7on de g\u00e9rer les questions pos\u00e9es par les arbitres\u2026<\/p>\n<p style=\"text-align: justify\">A c\u00f4t\u00e9 du concours \u00e0 proprement parler, les organisateurs ont su mettre en place des \u00e9v\u00e9nements pour que les \u00e9quipes aient la possibilit\u00e9 d\u2019apprendre \u00e0 se connaitre. Le mercredi, apr\u00e8s les premi\u00e8res s\u00e9lections, et donc la fin du concours pour la moiti\u00e9 des \u00e9quipes, un cocktail \u00e9tait organis\u00e9, ce f\u00fbt l\u2019occasion pour nous de discuter et de faire la connaissance d\u2019autres \u00e9tudiants, notamment les jama\u00efcains (parvenus en demi-finale) et les am\u00e9ricains arriv\u00e9s en finale, l\u2019ambiance n\u2019\u00e9tait pas du tout comp\u00e9titrice et tout le monde \u00e9tait plus que ravi de pouvoir rencontrer des personnes venant d\u2019un peu partout dans le monde.\u00a0Le lendemain, une soir\u00e9e \u00e9tait organis\u00e9e dans un bar-dansant, ce qui a \u00e9t\u00e9 l\u2019occasion de s\u2019amuser et de d\u00e9compresser pour (presque) tout le monde (les finalistes soutenaient leurs derni\u00e8res plaidoiries le lendemain).\u00a0Enfin, le vendredi et le samedi soir, nous avons organis\u00e9 la r\u00e9union d\u2019un maximum de personnes participant au moot (les organisateurs n\u2019ayant rien pr\u00e9vu, nous nous sommes attel\u00e9es \u00e0 cette tache), ce qui nous a valu le statut de \u00ab funniest team \u00bb du moot !<\/p>\n<p style=\"text-align: justify\">Je ne saurais donc que vous conseiller de participer \u00e0 cette aventure qui, certes, vous demandera beaucoup de temps et d\u2019investissement, mais qui vous apportera \u00e9galement une exp\u00e9rience tout \u00e0 fait singuli\u00e8re et enrichissante. D\u2019ailleurs, nous avons toutes les quatre discut\u00e9es du fait de retenter ce type d\u2019aventure l\u2019ann\u00e9e prochaine, pas forc\u00e9ment \u00e0 Francfort car le niveau \u00e9tait tr\u00e8s \u00e9lev\u00e9, mais \u00e0 d\u2019autres concours de plaidoiries, plus adapt\u00e9s \u00e0 notre niveau.<\/p>\n<p style=\"text-align: justify\"><strong><em>Cl\u00e9lia, promotion Tatiana de Maekelt<\/em><\/strong><\/p>\n<p style=\"text-align: justify\">Le Moot a \u00e9t\u00e9 pour moi la plus belle exp\u00e9rience du Master 2. L\u2019aboutissement de cette exp\u00e9rience, c\u2019est la chance de plaider devant des \u00e9quipes venant du monde entier et devant des professionnels du droit des investissements. C&#8217;est pourquoi la semaine pass\u00e9e \u00e0 Francfort, les nombreux \u00e9changes et rencontres, justifient pleinement, \u00e0 mon avis, le travail fourni.<\/p>\n<p style=\"text-align: justify\"><strong><em>Cl\u00e9mentine, promotion Tatiana de Maekelt<\/em><\/strong><\/p>\n<p style=\"text-align: justify\">Au cours de mes \u00e9tudes de droit, je n&#8217;avais jamais pens\u00e9 \u00e0 participer \u00e0 un concours de plaidoirie. Toutefois, en Master 2, cette opportunit\u00e9 s&#8217;est pr\u00e9sent\u00e9e et l&#8217;id\u00e9e de pouvoir travailler et plaider en \u00e9quipe m&#8217;a beaucoup plu, je n&#8217;ai alors pas h\u00e9sit\u00e9. Comme pr\u00e9c\u00e9demment \u00e9voqu\u00e9 par mes co\u00e9quipi\u00e8res, le Moot est une exp\u00e9rience tr\u00e8s enrichissante aussi bien sur le plan p\u00e9dagogique, qu&#8217;humain. La participation au concours d&#8217;arbitrage en droit des investissements de Francfort sur le Main est, de plus, une exp\u00e9rience reconnue par les professionnels, qui m&#8217;a permis de d\u00e9crocher un stage dans le d\u00e9partement arbitrage et contentieux d&#8217;un cabinet d&#8217;avocats international parisien.<\/p>\n<p style=\"text-align: justify\"><strong><em>Alice, promotion Tatiana de Maekelt<\/em><\/strong><\/p>\n<h2 style=\"text-align: justify\">Vienna Moot Court 2013<\/h2>\n<p style=\"text-align: justify\">Certaines associations \u00e9tudiantes organisent des concours de plaidoiries afin de permettre \u00e0 ceux qui le souhaitent de s&#8217;essayer aux jeux de la rh\u00e9torique et des effets de manche. Dans le m\u00eame esprit, il existe des concours internationaux de plaidoiries tel que celui organis\u00e9 par la Moot Alumni Association en partenariat avec la Pace Law University \u00e0 Vienne, Autriche.<br \/>\nLa Promotion Lalive a envoy\u00e9 une \u00e9quipe de six \u00e9tudiants pour participer au concours d&#8217;arbitrage commercial international de Vienne. La sp\u00e9cificit\u00e9 de ce concours est que la langue officielle est l&#8217;anglais, tout comme le concours de Francfort.<\/p>\n<p style=\"text-align: justify\">En octobre le cas et les premi\u00e8res pi\u00e8ces sont mis en ligne, permettant aux \u00e9quipes de s&#8217;atteler \u00e0 la r\u00e9daction du Memorandum for Claimant. Une fois ce dernier soumis, chaque \u00e9quipe re\u00e7oit le Memo d&#8217;une autre \u00e9quipe auquel elle doit r\u00e9pondre, r\u00e9digeant ainsi un Memorandum for Respondent. Et lorsque ce dernier est \u00e9galement soumis, s&#8217;ouvre la p\u00e9riode des pre-moots et des entra\u00eenements aux plaidoiries.<br \/>\nDiff\u00e9rents pre-moots sont organis\u00e9s en France et \u00e0 l&#8217;\u00e9tranger. Il s&#8217;agit de mettre les \u00e9quipes en situation r\u00e9elle en les faisant plaider devant des arbitres qui leur donneront de pr\u00e9cieux conseils lors des feedback. En effet, point de d\u00e9cision \u00e0 la fin des plaidoiries mais seulement une analyse g\u00e9n\u00e9rale puis particuli\u00e8re (plaideur par plaideur) des performances de chacun. Les pre-moots sont \u00e9galement l&#8217;occasion de rencontrer d&#8217;autres \u00e9quipes participantes et ainsi commencer \u00e0 tisser un r\u00e9seau d&#8217;amiti\u00e9. Car tel est le v\u00e9ritable but de ces \u00e9v\u00e8nements : cr\u00e9er et entretenir les r\u00e9seaux professionnels ! D&#8217;o\u00f9 l&#8217;importance de se procurer des cartes de visite qui pourront \u00eatre donn\u00e9es aux arbitres mais surtout aux membres des autres \u00e9quipes.<br \/>\nLe concours de Vienne est v\u00e9ritablement international puisqu&#8217;il pr\u00e8s de trois cents \u00e9quipes de plus de soixante nationalit\u00e9s diff\u00e9rentes. L&#8217;ann\u00e9e 2013 a vu se r\u00e9unir deux quatre-vingt seize \u00e9quipes. Et un seul vainqueur en fin de parcours !<\/p>\n<p style=\"text-align: justify\">Deux soir\u00e9es d&#8217;ouverture sont organis\u00e9es. La premi\u00e8re, non officielle, est ouverte aux seuls \u00e9tudiants pour faire la f\u00eate et s&#8217;impr\u00e9gner de l&#8217;atmosph\u00e8re si particuli\u00e8re du concours. La seconde, officielle, se d\u00e9roule dans un lieu prestigieux. Cette ann\u00e9e la c\u00e9r\u00e9monie d&#8217;ouverture a eu lieu \u00e0 l&#8217;Op\u00e9ra de Vienne suivit par un buffet durant lequel les \u00e9tudiants \u00e9changent leurs cartes \u00e0 tour de bras. Les premiers contacts se nouent.<br \/>\nLes General Rounds s&#8217;\u00e9talent sur quatre jours et ressemblent fort \u00e0 des matchs de poule. A la fin des General Rounds se d\u00e9roule une c\u00e9r\u00e9monie de s\u00e9lection car seules soixante quatre \u00e9quipes pourront participer aux \u00e9liminatoires. La pression est \u00e9norme et palpable bien que la salle soit absolument gigantesque. En effet, pour certaines \u00e9quipes il s&#8217;agit d&#8217;un exercice not\u00e9 leur permettant de valider, ou non, leur ann\u00e9e. L&#8217;enjeu est donc tr\u00e8s important pour elles.<br \/>\nLes \u00e9liminatoires se d\u00e9roulent sur seulement deux jours sachant qu&#8217;une \u00e9quipe peut plaider jusqu&#8217;\u00e0 trois fois par jour. Il faut donc \u00eatre endurant. Cette ann\u00e9e, l&#8217;Universit\u00e9 de Nanterre-La D\u00e9fense a fait partie des soixante-quatre s\u00e9lectionn\u00e9s.<br \/>\nEnfin arrive la finale suivit du banquet de cl\u00f4ture. Le veille a eu lieu la Farewell Party au cours de laquelle les \u00e9tudiants se disent au revoir, ou essaye. Cette soir\u00e9e de cl\u00f4ture s&#8217;est d\u00e9roul\u00e9e au Club Couture, \u00e9tant un peu excentr\u00e9, pass\u00e9 une certaine heure seuls les taxis permettent de rentrer. Ils sont donc tr\u00e8s convoit\u00e9s.<\/p>\n<p style=\"text-align: justify\">Pour les \u00e9quipes non s\u00e9lectionn\u00e9, la ville de Vienne leur ouvre les bras. Il y a tant \u00e0 visiter qu&#8217;un choix drastique s&#8217;impose. Pour autant, il existe des incontournables tels que le Ch\u00e2teau de Sch\u00f6nbrunn, la Cath\u00e9drale ou encore le Belv\u00e9d\u00e8re. Et comme le concours se d\u00e9roule en mars, les chanceux pourront d\u00e9couvrir la ville sous un d\u00e9licat manteau de neige. Pensez donc \u00e0 vous couvrir, l&#8217;hiver autrichien est rude.<br \/>\nEt pour les nostalgiques, le Ost Club les accueillera tous les soirs pour leur permettre de se retrouver autour d&#8217;un verre, comme il le fait depuis l&#8217;ouverture du concours. Si vous devez sortir un soir, il s&#8217;agit de the place to be lors du concours.<\/p>\n<p style=\"text-align: justify\">Au final, le Concours de Vienne, en plus d&#8217;\u00eatre une exp\u00e9rience hors du commun, constitue un souvenir inoubliable. Vous ne ferez pas que d\u00e9couvrir une ville splendide ni nouer des amiti\u00e9s nouvelles mais vous apprendrez \u00e9galement \u00e0 mieux conna\u00eetre les membres de votre \u00e9quipe, vous soudant un peu plus.<br \/>\nEt si Vienne vous semble loin, Science Po Paris et Montpellier organisent \u00e9galement de tel concours o\u00f9, c&#8217;est important de le noter, tout est en fran\u00e7ais.<\/p>\n<p style=\"text-align: justify\"><em><strong>Pierre-Alexandre, promotion Jean-Flavin Lalive<\/strong><br \/>\n<\/em><\/p>\n<h2 style=\"text-align: justify\">Entrepreneuriales<\/h2>\n<p style=\"text-align: justify\">Cette ann\u00e9e, \u00e9l\u00e8ve du M2 JAI, j&#8217;ai particip\u00e9 aux concours national des Entrepreneuriales. Le concept : monter une \u00e9quipe pluridisciplinaire, de 2 \u00e0 4 personnes, gr\u00e2ce \u00e0 une soir\u00e9e speed dating. Cette \u00e9quipe a ensuite 6 mois, de octobre \u00e0 avril, pour \u00ab cr\u00e9er \u00bb virtuellement une entreprise, en passant par toutes les \u00e9tapes en amont de la cr\u00e9ation : \u00e9tude de march\u00e9, \u00e9tude comptable pr\u00e9visionnelle, aspects juridiques (statuts, formalit\u00e9s). Durant cette p\u00e9riode, des professionnels sont d\u00e9sign\u00e9s coachs ou parrains et sont charg\u00e9s de vous aider et vous conseiller dans votre travail. L&#8217;exp\u00e9rience se termine par la pr\u00e9sentation devant un jury de professionnels, puis d&#8217;un grand public, d&#8217;un business plan document\u00e9 complet, jury qui \u00e9value les \u00e9quipes et leur accorde des prix lors d&#8217;une soir\u00e9e de gala. Cette ann\u00e9e, avec mes co\u00e9quipi\u00e8res, nous avons remport\u00e9 le prix \u00ab entrepreneuriat au f\u00e9minin \u00bb, r\u00e9compens\u00e9 par un troph\u00e9e, un dipl\u00f4me de la cr\u00e9ation d&#8217;entreprise et un ch\u00e8que de 700 euros (m\u00eame si gagner est je pense accessoire pour la plupart des \u00e9quipes, pour qui terminer le business plan et voir son projet se concr\u00e9tiser est d\u00e9j\u00e0 une belle victoire).<br \/>\nL&#8217;exp\u00e9rience des entrepreneuriales a \u00e9t\u00e9 sans aucun doute tr\u00e8s enrichissante. J&#8217;ai pu d\u00e9couvrir le point de vue de l&#8217;entrepreneur, ce qui est je pense important lorsqu&#8217;on se destine au m\u00e9tier de juriste ou avocat d&#8217;affaire. Durant ces 6 mois, nous avons du nous adapter \u2013 au travail en \u00e9quipe, au point de vue des autres, aux difficult\u00e9s du march\u00e9. Nous avons commis des erreurs, nous avons du les r\u00e9parer. Nous nous sommes parfois d\u00e9courag\u00e9es, mais nous nous sommes toujours remises au travail.<br \/>\nJe conseillerais donc aux \u00e9l\u00e8ves des promotions \u00e0 venir du M2 JAI de participer \u00e0 ce concours des \u00ab entrepreneuriales \u00bb, qui vous apportera beaucoup dans votre mani\u00e8re de penser et de travailler, qui vous permettra d&#8217;initier des contacts professionnels dans la r\u00e9gion et d&#8217;ajouter un \u00ab plus \u00bb cons\u00e9quent \u00e0 votre CV de juriste d&#8217;affaires.<\/p>\n<p style=\"text-align: justify\"><em><strong>Marine, promotion Jean-Flavin Lalive<\/strong><br \/>\n<\/em><\/p>\n<p style=\"text-align: justify\">Bien plus qu&#8217;une formation terrain \u00e0 l&#8217;entrepreneuriat ou une exp\u00e9rience de juriste conseil en action, une aventure humaine ouvrant de nouveaux horizons! Et si c&#8217;\u00e9tait \u00e0 refaire? Je me r\u00e9investirais dans ce programme sans h\u00e9siter!<\/p>\n<p style=\"text-align: justify\"><strong><em>Cl\u00e9lie, promotion tatiana de Maekelt<\/em><\/strong><em>\u00a0<\/em><\/p>\n<p style=\"text-align: justify\">Je me suis greff\u00e9e \u00e0 un beau projet qui s&#8217;intitulait &#8220;cr\u00e9er son propre livre&#8221;, et qui ressemblait plus \u00e0 une sorte d&#8217;atelier-impressions au d\u00e9part. Les deux jeunes \u00e9tudiants \u00e9taient des \u00e9tudiants d&#8217;Auxerre en Techniques de commercialisation.<\/p>\n<p style=\"text-align: justify\">En \u00e9changeant beaucoup nos id\u00e9es, entre nous, nous avons \u00e9tendu le concept jusqu&#8217;\u00e0 en faire un lieu confort (type caf\u00e9 litt\u00e9raire hi-tech et design, voire m\u00eame biblioth\u00e8que du futur), en supprimant l&#8217;impression effectu\u00e9e par nous-m\u00eame (fort co\u00fbteuse et en optant pour une sous-traitance), un lieu o\u00f9 chaque client moyennant le paiement d&#8217;un forfait plus ou moins \u00e9lev\u00e9 vient cr\u00e9er ou am\u00e9liorer son livre (ou BD ou carnet de voyage, corrections de th\u00e8ses, m\u00e9moires etc&#8230;) par le biais de\u00a0diff\u00e9rents\u00a0mat\u00e9riaux mis \u00e0 sa disposition (rustiques et modernes), lire, \u00e9changer, acheter, consommer.<\/p>\n<p style=\"text-align: justify\">Nous avons cibl\u00e9 sur l&#8217;\u00e9change entre clients par le design et l&#8217;ergonomie du lieu, et l&#8217;ambiance g\u00e9n\u00e9rale. Nous proposions des services secondaires, source de profits (en plus des forfaits) : vente de prestations d&#8217;auteurs (\u00e9changes entre lecteurs et auteurs via des soir\u00e9es-d\u00e9bats et lectures), caf\u00e9-muffins-sandwichs raffin\u00e9s, etc achat de livres&#8230;le but \u00e9tant que le client paie pour chaque niveau de prestation et fasse un rallye complet de notre lieu afin de rentrer dans nos frais. Nous ciblions des personnes de qualit\u00e9 intellectuelle, avec un objectif de fid\u00e9lisation, tout en innovant commercialement au quotidien et en axant sur la communication de l\u2019offre, de mani\u00e8re \u00e0 ne pas tomber dans une structure associative.<\/p>\n<p style=\"text-align: justify\">Mon r\u00f4le : je suis intervenue sur l&#8217;ensemble de la cr\u00e9ation, de la premi\u00e8re soir\u00e9e tool, jusqu&#8217;\u00e0 la journ\u00e9e de remise des dipl\u00f4mes\u00a0: de la formation du concept, \u00e0 sa formalisation \u00e9crite. J&#8217;ai beaucoup appris dans un domaine que je ne connaissais pas bien : la commercialisation. Un tr\u00e8s bel \u00e9change avec deux jeunes \u00e9tudiants de 2e ann\u00e9e motiv\u00e9s et heureux d&#8217;avancer, flexibles et en m\u00eame temps lin\u00e9aires dans leur but.<\/p>\n<p style=\"text-align: justify\">Mat\u00e9riellement je me suis donc investie dans la cr\u00e9ation du concept nouveau, \u00e0 partir de leur id\u00e9e : r\u00e9flexions, propositions, r\u00e9unions obligatoires ou non, discussion, \u00e9changes de mail et d&#8217;appels (ils \u00e9taient \u00e0 Auxerre), de documents, recherches pour construire le business plan en entier, r\u00e9daction du business plan avec eux. Je me suis occup\u00e9e de toute la r\u00e9flexion et de la r\u00e9daction de la partie juridique de la cr\u00e9ation de l&#8217;entreprise souhait\u00e9e.<\/p>\n<p style=\"text-align: justify\">Une exp\u00e9rience magnifique, tr\u00e8s constructive \u00e0 tous niveaux. Je garde le contact avec mes deux camarades pour en parler encore, et aller vers quelque chose de plus vendeur et encore plus moderne via les nouvelles technologies, car le projet a du potentiel\u00a0Un grand merci \u00e0 l\u2019\u00e9quipe enseignante, au intervenants des entrepreneuriales pour avoir permis cela. Une exp\u00e9rience inoubliable \u00e0 saisir.<\/p>\n<p style=\"text-align: justify\"><strong><em>Souad, promotion Tatiana de Maekelt<\/em><\/strong><\/p>\n<p style=\"text-align: justify\">Une exp\u00e9rience pluridisciplinaire, professionnalisante et enrichissante<\/p>\n<p style=\"text-align: justify\"><strong><em>Am\u00e9lie, promotion Tatiana de Maekelt<\/em><\/strong><\/p>\n<p style=\"text-align: justify\">Une exp\u00e9rience valorisante et valoris\u00e9e dans le monde du travail, une premi\u00e8re approche de la r\u00e9alit\u00e9 de la fonction de juriste d&#8217;entreprise. Si je recommande cette exp\u00e9rience ? Oui, sans aucune h\u00e9sitation.<\/p>\n<p style=\"text-align: justify\"><strong><em>Maud, promotion Tatiana de Maekelt<\/em><\/strong><\/p>\n<h2 style=\"text-align: justify\">D\u00e9fi A\u00e9rospatial Etudiant<\/h2>\n<p style=\"text-align: justify\">Transformez la science-fiction en r\u00e9alit\u00e9; participez \u00e0 une mission qui vous emmenera vers les \u00e9toiles!<\/p>\n<p style=\"text-align: justify\"><strong><em>Cl\u00e9lie, promotion Tatiana de Maekelt<\/em><\/strong><\/p>\n<p style=\"text-align: justify\">La journ\u00e9e Suborbitale au Bourget :<\/p>\n<p style=\"text-align: justify\">Les pr\u00e9sentations ont eu lieu au Mus\u00e9e de l&#8217;Air et de l&#8217;Espace au Bourget de 9h30 \u00e0 18h dans une salle munie d&#8217;un vid\u00e9oprojecteur et de micros.\u00a0Sur 13 \u00e9quipes de France (\u00e9coles d&#8217;ing\u00e9nieurs, marketing, communication et juridique), seulement 5 ont eu un prix. Chaque \u00e9quipe a travaill\u00e9 sur une probl\u00e9matique particuli\u00e8re li\u00e9e \u00e0 son domaine d&#8217;\u00e9tudes. On nous (notre \u00e9quipe Constellation JAI) a remis le Prix en 3e position en partant de la fin, quelle joie !<\/p>\n<p style=\"text-align: justify\">L&#8217;\u00e9quipe num\u00e9ro 1 (l&#8217;Ensam, -les ing\u00e9nieurs des Arts et M\u00e9tiers de Lille-Bordeaux-) a gagn\u00e9 sa participation au Congr\u00e8s International astronautique de Toronto en septembre o\u00f9 ils vont pr\u00e9senter leurs \u00e9crits devant les plus grands!\u00a0 Nous sommes heureuses pour eux, ils l&#8217;ont m\u00e9rit\u00e9, leur prestation \u00e9tait tr\u00e8s claire, fouill\u00e9e et ing\u00e9nieuse.<\/p>\n<p style=\"text-align: justify\">Notre propre pr\u00e9sentation: nous n&#8217;avons pas h\u00e9sit\u00e9 \u00e0 expliquer et \u00e0 d\u00e9dramatiser le c\u00f4t\u00e9 s\u00e9rieux du droit sous forme d&#8217;humour, ce qui a plu et d\u00e9tendu l&#8217;assembl\u00e9e. Tout le monde (y compris les \u00e9quipes) s&#8217;est mis \u00e0 poser des questions \u00e0 la fin, c&#8217;\u00e9tait plus interactif que le matin o\u00f9 seuls les correcteurs et le jury posaient des questions (nous sommes pass\u00e9es \u00e0 16h). Nos mots d&#8217;ordre : efficaces, claires et humour pour avoir du plaisir \u00e0 le faire ! et soutien l&#8217;une et l&#8217;autre, surtout.<\/p>\n<p style=\"text-align: justify\">Notre pr\u00e9sentation orale a dur\u00e9 environ 15 minutes devant les organisateurs et partenaires indiqu\u00e9s sur le Prix et devant les \u00e9quipes, puis s&#8217;en sont suivies des questions pos\u00e9es par les organisateurs, ing\u00e9nieurs, partenaires et membres des 13 \u00e9quipes. Nous nous sommes partag\u00e9es le raisonnement et les r\u00e9ponses aux questions \u00e0 deux en faisant une r\u00e9union la veille sur Paris apr\u00e8s nos stages, et malgr\u00e9 le stress, avons pris du plaisir \u00e0 cet exercice durant celui-ci. Nous nous sommes compl\u00e9t\u00e9es dans nos arguments. De tr\u00e8s bons retours de tous.<\/p>\n<p style=\"text-align: justify\">Nous sommes extr\u00eamement fi\u00e8res de notre \u00e9quipe d&#8217;\u00eatre reparties avec le prix Thal\u00e8s et des cadeaux pour chaque membre de l&#8217;\u00e9quipe. Les noms des 5 soci\u00e9t\u00e9s (Thales, Dassault entre autres) qui attribuent leur d\u00e9nomination \u00e0 ces titres ont \u00e9t\u00e9 affect\u00e9s aux 5 \u00e9quipes gagnantes sur les 13 selon des crit\u00e8res \u00e9valuant le niveau d&#8217;\u00e9tudes, le travail fourni, la participation ant\u00e9rieure au D\u00e9fi, et la pr\u00e9sentation faite au Bourget. Les d\u00e9nominations des titres varient selon la mati\u00e8re \u00e9tudi\u00e9e. Voil\u00e0 ce que l\u2019on nous a expliqu\u00e9 au d\u00eener apr\u00e8s la pr\u00e9sentation.<\/p>\n<p style=\"text-align: justify\">Le d\u00eener \u00e9tait, comme le buffet de midi, dans l&#8217;enceinte du Mus\u00e9e, privatis\u00e9. Nous avons \u00e9t\u00e9 tr\u00e8s bien accueillis et encadr\u00e9s. La visite du Mus\u00e9e \u00e9tait personnalis\u00e9e (Monsieur Cou\u00e9 nous a expliqu\u00e9 l&#8217;histoire de chaque appareil) par groupes m\u00e9lang\u00e9s, c&#8217;\u00e9tait tr\u00e8s enrichissant. Nous n&#8217;avons pas h\u00e9sit\u00e9 \u00e0 nous m\u00ealer durant les repas et la visite du Mus\u00e9e, aux autre \u00e9quipes, nous nous sommes \u00e9chang\u00e9s les num\u00e9ros pour certains et nous allons garder contact avec les \u00e9tudiants des autres \u00e9tablissements.<\/p>\n<p style=\"text-align: justify\">Il s&#8217;agit \u00e0 pr\u00e9sent de donner envie aux \u00e9tudiants qui vont nous succ\u00e9der en M2 JAI, d&#8217;y participer, car : quelle exp\u00e9rience ! De plus on nous a laiss\u00e9 entendre hier qu&#8217;une telle participation \u00e9tait un r\u00e9el plus sur le cv ! Que du bon. M\u00eame si nous n&#8217;avons pas eu autant de temps qu&#8217;il faudrait pour aller encore plus loin ou que le travail n&#8217;est pas parfait (entre les examens de M2 , les contraintes de chacun, les stages, la distance, etc, ce n&#8217;est que du positif, et le souvenir positif est ce qui reste!!)<\/p>\n<p style=\"text-align: justify\">Des impressions donc extr\u00eamement bonnes et c&#8217;est avec plaisir que nous faisons de la publicit\u00e9 pour le DAE de l&#8217;ann\u00e9e prochaine sur le site.<\/p>\n<p style=\"text-align: justify\"><strong><em>Souad, promotion Tatiana de Maekelt<\/em><\/strong><\/p>\n","protected":false},"excerpt":{"rendered":"<p>Le Master, vu de l&#8217;int\u00e9rieur&#8230; Quelques portraits d&#8217;\u00e9tudiants du Master &#8220;Outre ses professeurs comp\u00e9tents et disponibles ainsi qu&#8217;un programme complet, le Master 2 Juriste d&#8217;Affaires Internationales, parcours professionnel, de l&#8217;Universit\u00e9 de Bourgogne vous offre la possibilit\u00e9 de vous investir dans des projets extra-scolaires comme les moots (concours internationaux sur divers th\u00e8mes), concours Sciences-Po ou encore&hellip;<\/p>\n<p class=\"more-link-p\"><a class=\"btn btn-primary\" href=\"https:\/\/blog.ube.fr\/master-ajai\/temoignages\/\">Voir plus &rarr;<\/a><\/p>\n","protected":false},"author":354,"featured_media":0,"parent":0,"menu_order":0,"comment_status":"closed","ping_status":"closed","template":"","meta":{"footnotes":""},"class_list":["post-769","page","type-page","status-publish","hentry"],"_links":{"self":[{"href":"https:\/\/blog.ube.fr\/master-ajai\/wp-json\/wp\/v2\/pages\/769","targetHints":{"allow":["GET"]}}],"collection":[{"href":"https:\/\/blog.ube.fr\/master-ajai\/wp-json\/wp\/v2\/pages"}],"about":[{"href":"https:\/\/blog.ube.fr\/master-ajai\/wp-json\/wp\/v2\/types\/page"}],"author":[{"embeddable":true,"href":"https:\/\/blog.ube.fr\/master-ajai\/wp-json\/wp\/v2\/users\/354"}],"replies":[{"embeddable":true,"href":"https:\/\/blog.ube.fr\/master-ajai\/wp-json\/wp\/v2\/comments?post=769"}],"version-history":[{"count":6,"href":"https:\/\/blog.ube.fr\/master-ajai\/wp-json\/wp\/v2\/pages\/769\/revisions"}],"predecessor-version":[{"id":1326,"href":"https:\/\/blog.ube.fr\/master-ajai\/wp-json\/wp\/v2\/pages\/769\/revisions\/1326"}],"wp:attachment":[{"href":"https:\/\/blog.ube.fr\/master-ajai\/wp-json\/wp\/v2\/media?parent=769"}],"curies":[{"name":"wp","href":"https:\/\/api.w.org\/{rel}","templated":true}]}}