{"id":213,"date":"2014-10-14T10:24:13","date_gmt":"2014-10-14T09:24:13","guid":{"rendered":"http:\/\/blog.u-bourgogne.fr\/?page_id=213"},"modified":"2020-02-05T10:38:03","modified_gmt":"2020-02-05T09:38:03","slug":"contacts","status":"publish","type":"page","link":"https:\/\/blog.ube.fr\/master-ajai\/contacts\/","title":{"rendered":"Contacts"},"content":{"rendered":"<p>&nbsp;<\/p>\n<ul style=\"list-style-type: square\">\n<li style=\"text-align: left\"><strong><span class=\"chapo\">Secr\u00e9tariat<\/span><\/strong><\/li>\n<\/ul>\n<p style=\"text-align: left\">Val\u00e9rie MAILY<br \/>\nUFR Droit Dijon &#8211; Salle 312<br \/>\n4 Bld Gabriel, 21000 Dijon<br \/>\nT\u00e9l : 03 80 39 53 85<br \/>\nvalerie.maily@u-bourgogne.fr<\/p>\n<ul style=\"list-style-type: square;text-align: left\">\n<li style=\"text-align: left\"><strong><span class=\"chapo\">Association des Juristes d&#8217;Affaires Internationales<\/span><\/strong><\/li>\n<\/ul>\n<p style=\"text-align: left\">Universit\u00e9 de Bourgogne<br \/>\nUFR Droit Dijon &#8211; Salle 209<br \/>\n4 Bld Gabriel, 21000 Dijon<br \/>\najai.ubourgogne@gmail.com<\/p>\n<p><a href=\"https:\/\/www.linkedin.com\/groups\/1810655?lipi=urn%3Ali%3Apage%3Ad_flagship3_search_srp_groups%3BDozF7gnlQPmhPEg3wY6VFg%3D%3D&amp;licu=urn%3Ali%3Acontrol%3Ad_flagship3_search_srp_groups-search_srp_result&amp;lici=z6br0UhBQzO6DYStxh%2BVew%3D%3D\" target=\"_blank\" rel=\"noopener noreferrer\"><img loading=\"lazy\" decoding=\"async\" class=\"scale alignnone\" title=\"Linkedin\" src=\"http:\/\/blog.ube.fr\/master-ajai\/wp-content\/plugins\/social-media-widget\/images\/default\/64\/linkedin.png\" alt=\" LinkedIn\" width=\"49\" height=\"49\" \/><\/a><img loading=\"lazy\" decoding=\"async\" class=\"scale alignnone\" title=\"Facebook\" src=\"http:\/\/blog.ube.fr\/master-ajai\/wp-content\/plugins\/social-media-widget\/images\/default\/64\/facebook.png\" alt=\" Facebook\" width=\"44\" height=\"44\" \/><\/p>\n<p>&nbsp;<\/p>\n<p>&nbsp;<\/p>\n<p>&nbsp;<\/p>\n<p>&nbsp;<\/p>\n<p>&nbsp;<\/p>\n","protected":false},"excerpt":{"rendered":"<p>&nbsp; Secr\u00e9tariat Val\u00e9rie MAILY UFR Droit Dijon &#8211; Salle 312 4 Bld Gabriel, 21000 Dijon T\u00e9l : 03 80 39 53 85 valerie.maily@u-bourgogne.fr Association des Juristes d&#8217;Affaires Internationales Universit\u00e9 de Bourgogne UFR Droit Dijon &#8211; Salle 209 4 Bld Gabriel, 21000 Dijon ajai.ubourgogne@gmail.com &nbsp; &nbsp; &nbsp; &nbsp; &nbsp;<\/p>\n<p class=\"more-link-p\"><a class=\"btn btn-primary\" href=\"https:\/\/blog.ube.fr\/master-ajai\/contacts\/\">Voir plus &rarr;<\/a><\/p>\n","protected":false},"author":4,"featured_media":0,"parent":0,"menu_order":3,"comment_status":"closed","ping_status":"open","template":"","meta":{"footnotes":""},"class_list":["post-213","page","type-page","status-publish","hentry"],"_links":{"self":[{"href":"https:\/\/blog.ube.fr\/master-ajai\/wp-json\/wp\/v2\/pages\/213","targetHints":{"allow":["GET"]}}],"collection":[{"href":"https:\/\/blog.ube.fr\/master-ajai\/wp-json\/wp\/v2\/pages"}],"about":[{"href":"https:\/\/blog.ube.fr\/master-ajai\/wp-json\/wp\/v2\/types\/page"}],"author":[{"embeddable":true,"href":"https:\/\/blog.ube.fr\/master-ajai\/wp-json\/wp\/v2\/users\/4"}],"replies":[{"embeddable":true,"href":"https:\/\/blog.ube.fr\/master-ajai\/wp-json\/wp\/v2\/comments?post=213"}],"version-history":[{"count":19,"href":"https:\/\/blog.ube.fr\/master-ajai\/wp-json\/wp\/v2\/pages\/213\/revisions"}],"predecessor-version":[{"id":1541,"href":"https:\/\/blog.ube.fr\/master-ajai\/wp-json\/wp\/v2\/pages\/213\/revisions\/1541"}],"wp:attachment":[{"href":"https:\/\/blog.ube.fr\/master-ajai\/wp-json\/wp\/v2\/media?parent=213"}],"curies":[{"name":"wp","href":"https:\/\/api.w.org\/{rel}","templated":true}]}}