{"id":1512,"date":"2020-01-30T12:11:30","date_gmt":"2020-01-30T11:11:30","guid":{"rendered":"http:\/\/blog.u-bourgogne.fr\/master-ajai\/?page_id=1512"},"modified":"2020-02-09T18:29:16","modified_gmt":"2020-02-09T17:29:16","slug":"journee-des-metiers-du-droit-des-affaires-internationales-2020","status":"publish","type":"page","link":"https:\/\/blog.ube.fr\/master-ajai\/journee-des-metiers-du-droit-des-affaires-internationales-2020\/","title":{"rendered":"Journ\u00e9e des m\u00e9tiers du Droit des Affaires Internationales 2020"},"content":{"rendered":"<p>La traditionnelle Journ\u00e9e des M\u00e9tiers organis\u00e9e par le Master II JAI \u00e0 l\u2019Universit\u00e9 de Bourgogne le 17 janvier 2020 a \u00e9t\u00e9 riche en rencontres. Cette journ\u00e9e fut l\u2019occasion pour les \u00e9tudiants de rencontrer des professionnels, d\u2019\u00e9changer avec eux et de pr\u00e9senter le Master aux futurs \u00e9tudiants.<\/p>\n<p>L\u2019ensemble des \u00e9tudiants tient \u00e0 remercier encore les intervenants et les organisateurs qui ont fait de cette journ\u00e9e une r\u00e9ussite.<\/p>\n<p><a href=\"http:\/\/blog.ube.fr\/master-ajai\/wp-content\/uploads\/sites\/93\/2020\/01\/83109672_1437363466426885_4864879984113614848_o.jpg\"><img loading=\"lazy\" decoding=\"async\" class=\"wp-image-1479 aligncenter\" src=\"http:\/\/blog.ube.fr\/master-ajai\/wp-content\/uploads\/sites\/93\/2020\/01\/83109672_1437363466426885_4864879984113614848_o.jpg\" alt=\"\" width=\"469\" height=\"662\" srcset=\"https:\/\/blog.ube.fr\/master-ajai\/wp-content\/uploads\/sites\/93\/2020\/01\/83109672_1437363466426885_4864879984113614848_o.jpg 725w, https:\/\/blog.ube.fr\/master-ajai\/wp-content\/uploads\/sites\/93\/2020\/01\/83109672_1437363466426885_4864879984113614848_o-212x300.jpg 212w\" sizes=\"auto, (max-width: 469px) 100vw, 469px\" \/><\/a><\/p>\n<p>Retour en photos sur cet \u00e9v\u00e9nement riche en rencontres !<\/p>\n<p><a href=\"http:\/\/blog.ube.fr\/master-ajai\/wp-content\/uploads\/sites\/93\/2020\/02\/0.jpg\"><img loading=\"lazy\" decoding=\"async\" class=\"wp-image-1563 aligncenter\" src=\"http:\/\/blog.ube.fr\/master-ajai\/wp-content\/uploads\/sites\/93\/2020\/02\/0-954x1024.jpg\" alt=\"\" width=\"685\" height=\"735\" srcset=\"https:\/\/blog.ube.fr\/master-ajai\/wp-content\/uploads\/sites\/93\/2020\/02\/0-954x1024.jpg 954w, https:\/\/blog.ube.fr\/master-ajai\/wp-content\/uploads\/sites\/93\/2020\/02\/0-280x300.jpg 280w, https:\/\/blog.ube.fr\/master-ajai\/wp-content\/uploads\/sites\/93\/2020\/02\/0-768x824.jpg 768w, https:\/\/blog.ube.fr\/master-ajai\/wp-content\/uploads\/sites\/93\/2020\/02\/0.jpg 1234w\" sizes=\"auto, (max-width: 685px) 100vw, 685px\" \/><\/a><\/p>\n<p><a href=\"http:\/\/blog.ube.fr\/master-ajai\/wp-content\/uploads\/sites\/93\/2020\/02\/0k.jpg\"><img loading=\"lazy\" decoding=\"async\" class=\"wp-image-1564 aligncenter\" src=\"http:\/\/blog.ube.fr\/master-ajai\/wp-content\/uploads\/sites\/93\/2020\/02\/0k-1024x826.jpg\" alt=\"\" width=\"685\" height=\"553\" srcset=\"https:\/\/blog.ube.fr\/master-ajai\/wp-content\/uploads\/sites\/93\/2020\/02\/0k-1024x826.jpg 1024w, https:\/\/blog.ube.fr\/master-ajai\/wp-content\/uploads\/sites\/93\/2020\/02\/0k-300x242.jpg 300w, https:\/\/blog.ube.fr\/master-ajai\/wp-content\/uploads\/sites\/93\/2020\/02\/0k-768x620.jpg 768w, https:\/\/blog.ube.fr\/master-ajai\/wp-content\/uploads\/sites\/93\/2020\/02\/0k.jpg 1242w\" sizes=\"auto, (max-width: 685px) 100vw, 685px\" \/><\/a><\/p>\n","protected":false},"excerpt":{"rendered":"<p>La traditionnelle Journ\u00e9e des M\u00e9tiers organis\u00e9e par le Master II JAI \u00e0 l\u2019Universit\u00e9 de Bourgogne le 17 janvier 2020 a \u00e9t\u00e9 riche en rencontres. Cette journ\u00e9e fut l\u2019occasion pour les \u00e9tudiants de rencontrer des professionnels, d\u2019\u00e9changer avec eux et de pr\u00e9senter le Master aux futurs \u00e9tudiants. L\u2019ensemble des \u00e9tudiants tient \u00e0 remercier encore les intervenants&hellip;<\/p>\n<p class=\"more-link-p\"><a class=\"btn btn-primary\" href=\"https:\/\/blog.ube.fr\/master-ajai\/journee-des-metiers-du-droit-des-affaires-internationales-2020\/\">Voir plus &rarr;<\/a><\/p>\n","protected":false},"author":1678,"featured_media":0,"parent":0,"menu_order":0,"comment_status":"closed","ping_status":"closed","template":"","meta":{"footnotes":""},"class_list":["post-1512","page","type-page","status-publish","hentry"],"_links":{"self":[{"href":"https:\/\/blog.ube.fr\/master-ajai\/wp-json\/wp\/v2\/pages\/1512","targetHints":{"allow":["GET"]}}],"collection":[{"href":"https:\/\/blog.ube.fr\/master-ajai\/wp-json\/wp\/v2\/pages"}],"about":[{"href":"https:\/\/blog.ube.fr\/master-ajai\/wp-json\/wp\/v2\/types\/page"}],"author":[{"embeddable":true,"href":"https:\/\/blog.ube.fr\/master-ajai\/wp-json\/wp\/v2\/users\/1678"}],"replies":[{"embeddable":true,"href":"https:\/\/blog.ube.fr\/master-ajai\/wp-json\/wp\/v2\/comments?post=1512"}],"version-history":[{"count":4,"href":"https:\/\/blog.ube.fr\/master-ajai\/wp-json\/wp\/v2\/pages\/1512\/revisions"}],"predecessor-version":[{"id":1566,"href":"https:\/\/blog.ube.fr\/master-ajai\/wp-json\/wp\/v2\/pages\/1512\/revisions\/1566"}],"wp:attachment":[{"href":"https:\/\/blog.ube.fr\/master-ajai\/wp-json\/wp\/v2\/media?parent=1512"}],"curies":[{"name":"wp","href":"https:\/\/api.w.org\/{rel}","templated":true}]}}