{"id":96,"date":"2015-10-19T16:39:37","date_gmt":"2015-10-19T15:39:37","guid":{"rendered":"http:\/\/blog.u-bourgogne.fr\/m2fctg\/?page_id=96"},"modified":"2023-11-30T15:54:02","modified_gmt":"2023-11-30T14:54:02","slug":"programme","status":"publish","type":"page","link":"https:\/\/blog.ube.fr\/m2fctg\/programme\/","title":{"rendered":"Programme &#8211; Fiche Fili\u00e8re"},"content":{"rendered":"<h4>Programme du Master 2 FCTG<\/h4>\n<p><a href=\"https:\/\/blog.ube.fr\/m2fctg\/wp-content\/uploads\/sites\/36\/2023\/11\/M2-FCTG-FF.pdf\">M2 FCTG Fiche Fili\u00e8re<\/a><\/p>\n<p><strong>Finances locales nationales et instruments financiers europ\u00e9ens<\/strong><\/p>\n<ul>\n<li>Instruments financiers europ\u00e9ens et coh\u00e9sion territoriale<\/li>\n<li>Finance et fiscalit\u00e9 intercommunales<\/li>\n<li>Finances locales compar\u00e9es<\/li>\n<\/ul>\n<div><\/div>\n<p><strong>Am\u00e9nagement du territoire et d\u00e9veloppement \u00e9conomique<\/strong><\/p>\n<ul>\n<li>Intelligence territoriale et d\u00e9veloppement des territoires<\/li>\n<li>Interventionnisme \u00e9conomique des collectivit\u00e9s locales<\/li>\n<\/ul>\n<div><\/div>\n<p><strong>Droit budg\u00e9taire et comptabilit\u00e9 publique locale appliqu\u00e9e<br \/>\n<\/strong><\/p>\n<ul>\n<li>Gestion informatis\u00e9e de la comptabilit\u00e9 publique locale<\/li>\n<li>Contentieux budg\u00e9taire local<\/li>\n<li>Comptabilit\u00e9 publique locale appliqu\u00e9e<\/li>\n<\/ul>\n<div><\/div>\n<p><strong>Conf\u00e9rences de linguistique, de culture g\u00e9n\u00e9rale et pr\u00e9paration aux concours<\/strong><\/p>\n<ul>\n<li>Conf\u00e9rences de linguistique (anglais juridique et financier)<\/li>\n<li>Conf\u00e9rences de m\u00e9thodologie et pr\u00e9paration aux concours<\/li>\n<li>Gestion des \u00e9quipes, synergie professionnelle et management<\/li>\n<\/ul>\n<div><\/div>\n<p><strong>Droit des produits bancaires et contrats financiers<\/strong><\/p>\n<ul>\n<li>Aspects financiers des contrats administratifs<\/li>\n<li>Gestion strat\u00e9gique des finances locales et des march\u00e9s financiers<\/li>\n<\/ul>\n<div><\/div>\n<p><strong>Gestion financi\u00e8re des collectivit\u00e9s territoriales et \u00e9valuation \u00e9conomiques des politiques locales<br \/>\n<\/strong><\/p>\n<ul>\n<li>Gestion de la dette et de la tr\u00e9sorerie<\/li>\n<li>Contr\u00f4le de gestion<\/li>\n<li>\u00c9valuation \u00e9conomique des politiques publiques territoriales<\/li>\n<\/ul>\n<div><\/div>\n<p><strong>Stage, \u00e9tudes de terrain, travail r\u00e9dactionnel et soutenance<\/strong><\/p>\n<ul>\n<li>Travail de recherche<\/li>\n<li>Conf\u00e9rences d\u2019actualit\u00e9 et rencontres professionnelles<\/li>\n<li>\u00c9tudes de terrain<\/li>\n<li>Rapport de stage ou m\u00e9moire<\/li>\n<li>Soutenance<\/li>\n<\/ul>\n<p>Pour une pr\u00e9sentation d\u00e9taill\u00e9e : des <a href=\"http:\/\/blog.ube.fr\/m2fctg\/enseignements\/\" target=\"_blank\" rel=\"noopener\">enseignements<\/a> et des <a href=\"http:\/\/blog.ube.fr\/m2fctg\/la-formation\/seminaires\/\" target=\"_blank\" rel=\"noopener\">s\u00e9minaires<\/a>.<\/p>\n<p style=\"padding-left: 510px;\"><em>Site r\u00e9alis\u00e9 par Th\u00e9o DEVIS<\/em><\/p>\n","protected":false},"excerpt":{"rendered":"<p>Programme du Master 2 FCTG M2 FCTG Fiche Fili\u00e8re Finances locales nationales et instruments financiers europ\u00e9ens Instruments financiers europ\u00e9ens et coh\u00e9sion territoriale Finance et fiscalit\u00e9 intercommunales Finances locales compar\u00e9es Am\u00e9nagement du territoire et d\u00e9veloppement \u00e9conomique Intelligence territoriale et d\u00e9veloppement des territoires Interventionnisme \u00e9conomique des collectivit\u00e9s locales Droit budg\u00e9taire et comptabilit\u00e9 publique locale appliqu\u00e9e Gestion informatis\u00e9e<\/p>\n<p><a class=\"button\" href=\"https:\/\/blog.ube.fr\/m2fctg\/programme\/\" title=\"More\">  Voir plus \u2192<\/a><\/p>\n","protected":false},"author":103,"featured_media":0,"parent":0,"menu_order":0,"comment_status":"closed","ping_status":"closed","template":"","meta":{"footnotes":""},"class_list":["post-96","page","type-page","status-publish","hentry"],"_links":{"self":[{"href":"https:\/\/blog.ube.fr\/m2fctg\/wp-json\/wp\/v2\/pages\/96","targetHints":{"allow":["GET"]}}],"collection":[{"href":"https:\/\/blog.ube.fr\/m2fctg\/wp-json\/wp\/v2\/pages"}],"about":[{"href":"https:\/\/blog.ube.fr\/m2fctg\/wp-json\/wp\/v2\/types\/page"}],"author":[{"embeddable":true,"href":"https:\/\/blog.ube.fr\/m2fctg\/wp-json\/wp\/v2\/users\/103"}],"replies":[{"embeddable":true,"href":"https:\/\/blog.ube.fr\/m2fctg\/wp-json\/wp\/v2\/comments?post=96"}],"version-history":[{"count":20,"href":"https:\/\/blog.ube.fr\/m2fctg\/wp-json\/wp\/v2\/pages\/96\/revisions"}],"predecessor-version":[{"id":2919,"href":"https:\/\/blog.ube.fr\/m2fctg\/wp-json\/wp\/v2\/pages\/96\/revisions\/2919"}],"wp:attachment":[{"href":"https:\/\/blog.ube.fr\/m2fctg\/wp-json\/wp\/v2\/media?parent=96"}],"curies":[{"name":"wp","href":"https:\/\/api.w.org\/{rel}","templated":true}]}}