{"id":94,"date":"2015-10-19T16:39:16","date_gmt":"2015-10-19T15:39:16","guid":{"rendered":"http:\/\/blog.u-bourgogne.fr\/m2fctg\/?page_id=94"},"modified":"2025-04-15T08:40:55","modified_gmt":"2025-04-15T07:40:55","slug":"presentation-ficoteg","status":"publish","type":"page","link":"https:\/\/blog.ube.fr\/m2fctg\/presentation-ficoteg\/","title":{"rendered":"Pr\u00e9sentation de l&#8217;association"},"content":{"rendered":"<div class=\"entry-content\">\n<p>&nbsp;<\/p>\n<h2 style=\"text-align: center;\"><strong><br \/>\n<a href=\"https:\/\/blog.ube.fr\/m2fctg\/wp-content\/uploads\/sites\/36\/2022\/10\/Logo_FICOTEG.jpg\"><img loading=\"lazy\" decoding=\"async\" class=\"alignnone wp-image-2523 size-full\" src=\"https:\/\/blog.ube.fr\/m2fctg\/wp-content\/uploads\/sites\/36\/2022\/10\/Logo_FICOTEG.jpg\" alt=\"\" width=\"403\" height=\"152\" \/><\/a><br \/>\n<\/strong><\/h2>\n<p>&nbsp;<\/p>\n<p>FICOTEG, association cr\u00e9\u00e9e en novembre 2004 a pour but de\u00a0dynamiser et promouvoir le Master 2 \u00ab\u00a0Finances des Collectivit\u00e9s Territoriales et des Groupements\u00a0\u00bb.<\/p>\n<p>A travers des sorties p\u00e9dagogiques (visites de l\u2019Assembl\u00e9e nationale etc.), l\u2019association a \u00e9galement pour objectif de consolider le r\u00e9seau des anciens \u00e9l\u00e8ves du Master.<\/p>\n<p>Pour adh\u00e9rer \u00e0 l\u2019association il vous suffit de remplir le bulletin d\u2019adh\u00e9sion (disponible en <a href=\"http:\/\/blog.ube.fr\/m2fctg\/wp-content\/uploads\/sites\/36\/2018\/11\/Bulletin-Adh\u00e9sion.pdf\" target=\"_blank\" rel=\"noopener noreferrer\">cliquez-ici<\/a>) et de le retourner \u00e0 l\u2019adresse ci-dessous.<\/p>\n<p>&nbsp;<\/p>\n<\/div>\n<h4><\/h4>\n<h4><\/h4>\n<h4 style=\"text-align: center;\"><strong>Le bureau 2024-2025 de l\u2019association\u00a0 FICOTEG<br \/>\n<\/strong><\/h4>\n<p style=\"text-align: center;\">Pr\u00e9sident : Thomas VIDONNE TISSOT<\/p>\n<p style=\"text-align: center;\">Vice-Pr\u00e9sidente : Hananne MZAITI<\/p>\n<p style=\"text-align: center;\">Tr\u00e9sorier : Cyril CHANUT<\/p>\n<p style=\"text-align: center;\">Vice-Tr\u00e9sorier : Yasmine COMBO<\/p>\n<p style=\"text-align: center;\">Secr\u00e9taire : Maxime MAUMY<\/p>\n<p style=\"text-align: center;\">Vice-Secr\u00e9taire : Chlo\u00e9 MONTANER<\/p>\n<p style=\"text-align: center;\"><strong>Adresse mail de l\u2019association<br \/>\n<\/strong>m2.fctg@gmail.com<\/p>\n<p style=\"text-align: center;\"><strong>Si\u00e8ge social<br \/>\n<\/strong><em>FICOTEG<\/em><br \/>\n<em>Bureau 314, Facult\u00e9 de Droit, Universit\u00e9 de Bourgogne\u00a0<\/em><br \/>\n<em>4 boulevard Gabriel, 21000 DIJON<\/em><\/p>\n<p style=\"padding-left: 320px;\"><a href=\"http:\/\/blog.ube.fr\/m2fctg\/wp-content\/uploads\/sites\/36\/2018\/12\/Statuts-Asso-FICOTEG.pdf\">Statuts de l&#8217;Association<\/a><\/p>\n<p>&nbsp;<\/p>\n<p>&nbsp;<\/p>\n<p><a href=\"https:\/\/blog.ube.fr\/m2fctg\/wp-content\/uploads\/sites\/36\/2025\/04\/recapitulatif-asso.jpg\"><img loading=\"lazy\" decoding=\"async\" class=\"size-full wp-image-3144 aligncenter\" src=\"https:\/\/blog.ube.fr\/m2fctg\/wp-content\/uploads\/sites\/36\/2025\/04\/recapitulatif-asso.jpg\" alt=\"\" width=\"831\" height=\"356\" srcset=\"https:\/\/blog.ube.fr\/m2fctg\/wp-content\/uploads\/sites\/36\/2025\/04\/recapitulatif-asso.jpg 831w, https:\/\/blog.ube.fr\/m2fctg\/wp-content\/uploads\/sites\/36\/2025\/04\/recapitulatif-asso-768x329.jpg 768w\" sizes=\"auto, (max-width: 831px) 100vw, 831px\" \/><\/a><\/p>\n<p>&nbsp;<\/p>\n<p>&nbsp;<\/p>\n<p>&nbsp;<\/p>\n<p>&nbsp;<\/p>\n<p>&nbsp;<\/p>\n<p style=\"text-align: center;\">\n","protected":false},"excerpt":{"rendered":"<p>&nbsp; &nbsp; FICOTEG, association cr\u00e9\u00e9e en novembre 2004 a pour but de\u00a0dynamiser et promouvoir le Master 2 \u00ab\u00a0Finances des Collectivit\u00e9s Territoriales et des Groupements\u00a0\u00bb. A travers des sorties p\u00e9dagogiques (visites de l\u2019Assembl\u00e9e nationale etc.), l\u2019association a \u00e9galement pour objectif de consolider le r\u00e9seau des anciens \u00e9l\u00e8ves du Master. Pour adh\u00e9rer \u00e0 l\u2019association il vous suffit<\/p>\n<p><a class=\"button\" href=\"https:\/\/blog.ube.fr\/m2fctg\/presentation-ficoteg\/\" title=\"More\">  Voir plus \u2192<\/a><\/p>\n","protected":false},"author":103,"featured_media":0,"parent":0,"menu_order":0,"comment_status":"closed","ping_status":"closed","template":"","meta":{"footnotes":""},"class_list":["post-94","page","type-page","status-publish","hentry"],"_links":{"self":[{"href":"https:\/\/blog.ube.fr\/m2fctg\/wp-json\/wp\/v2\/pages\/94","targetHints":{"allow":["GET"]}}],"collection":[{"href":"https:\/\/blog.ube.fr\/m2fctg\/wp-json\/wp\/v2\/pages"}],"about":[{"href":"https:\/\/blog.ube.fr\/m2fctg\/wp-json\/wp\/v2\/types\/page"}],"author":[{"embeddable":true,"href":"https:\/\/blog.ube.fr\/m2fctg\/wp-json\/wp\/v2\/users\/103"}],"replies":[{"embeddable":true,"href":"https:\/\/blog.ube.fr\/m2fctg\/wp-json\/wp\/v2\/comments?post=94"}],"version-history":[{"count":55,"href":"https:\/\/blog.ube.fr\/m2fctg\/wp-json\/wp\/v2\/pages\/94\/revisions"}],"predecessor-version":[{"id":3145,"href":"https:\/\/blog.ube.fr\/m2fctg\/wp-json\/wp\/v2\/pages\/94\/revisions\/3145"}],"wp:attachment":[{"href":"https:\/\/blog.ube.fr\/m2fctg\/wp-json\/wp\/v2\/media?parent=94"}],"curies":[{"name":"wp","href":"https:\/\/api.w.org\/{rel}","templated":true}]}}