{"id":68,"date":"2015-10-19T16:31:40","date_gmt":"2015-10-19T15:31:40","guid":{"rendered":"http:\/\/blog.u-bourgogne.fr\/m2fctg\/?page_id=68"},"modified":"2020-01-18T22:13:11","modified_gmt":"2020-01-18T21:13:11","slug":"enseignements","status":"publish","type":"page","link":"https:\/\/blog.ube.fr\/m2fctg\/enseignements\/","title":{"rendered":"Enseignements"},"content":{"rendered":"<h2 style=\"text-align: center\"><span style=\"text-decoration: underline\"><strong>Finances locales nationales et instruments financiers europ\u00e9en<\/strong><\/span><\/h2>\n<h3 align=\"center\"><strong>Finances locales compar\u00e9es &#8211; <\/strong>Patrice RAYMOND<\/h3>\n<h3 align=\"center\"><strong>Finance et fiscalit\u00e9 intercommunales &#8211; <\/strong>Patrice RAYMOND<\/h3>\n<h3 align=\"center\"><strong>Instruments financiers europ\u00e9ens et coh\u00e9sion territoriale &#8211;\u00a0<\/strong>Philippe ICARD<strong><br \/>\n<a href=\"http:\/\/blog.ube.fr\/m2fctg\/wp-content\/uploads\/sites\/36\/2016\/01\/plan-cours-Philippe-Icard.pdf\" target=\"_blank\" rel=\"noopener noreferrer\">Son plan de cours<\/a><\/strong><\/h3>\n<p><strong>Objectifs :<\/strong><\/p>\n<ul>\n<li>Ma\u00eetriser les m\u00e9canismes d\u2019attribution des financements dans le cadre communautaire<\/li>\n<li>Distinguer les directions comp\u00e9tentes pour obtenir les informations<\/li>\n<li>Monter un dossier dans le cadre des fonds structurels<\/li>\n<li>Utiliser les dispositifs relatifs aux programmes d\u2019initiatives communautaires<\/li>\n<\/ul>\n<p>&nbsp;<\/p>\n<h2 style=\"text-align: center\"><span style=\"text-decoration: underline\"><strong>Am\u00e9nagement du territoire et d\u00e9veloppement \u00e9conomique<\/strong><\/span><\/h2>\n<h3 align=\"center\"><strong>Intelligence territoriale et d\u00e9veloppement des territoires &#8211; <\/strong>Philippe DAVADIE<strong><br \/>\n<\/strong><\/h3>\n<h3 style=\"text-align: center\"><a href=\"https:\/\/blog.ube.fr\/m2fctg\/wp-content\/uploads\/sites\/36\/2020\/01\/IE-M2FCTG.pdf\"><strong>Plan de cours<\/strong><\/a><\/h3>\n<div>\n<h3 align=\"center\"><strong>Interventionnisme \u00e9conomique des collectivit\u00e9s locales &#8211; <\/strong>Bruno CONVERSAT<strong><br \/>\nSon plan de cours : <a href=\"http:\/\/blog.ube.fr\/m2fctg\/wp-content\/uploads\/sites\/36\/2016\/01\/plan1.pdf\" target=\"_blank\" rel=\"noopener noreferrer\">1\u00e8re partie<\/a>\u00a0&#8211; <a href=\"http:\/\/blog.ube.fr\/m2fctg\/wp-content\/uploads\/sites\/36\/2016\/01\/plan2.pdf\" target=\"_blank\" rel=\"noopener noreferrer\">\u00a02\u00e8me partie<\/a><\/strong><\/h3>\n<p><strong>R\u00e9sum\u00e9 :<\/strong> Le droit communautaire de la concurrence conditionne les possibilit\u00e9s de d\u00e9veloppement \u00e9conomique des territoires.<\/p>\n<p>L\u2019objet du cours est d\u2019identifier les r\u00e8gles existantes quel que soit leur niveau et disposer d\u2019une bonne connaissance des outils disponibles pour le d\u00e9veloppement des territoires dans le respect des r\u00e8gles de concurrences.\u2028Certaines notions nouvelles telles que SIEG et SSIG ayant une forte occurrence pour les collectivit\u00e9s, ces concepts sont analys\u00e9s en d\u00e9tail.\u2028A titre d\u2019exemple et de cas pratique certains montages op\u00e9rationnels font l\u2019objet d\u2019un travail en commun.\u2028<strong>\u2028<\/strong><\/p>\n<p><strong>Objectifs :<\/strong> La perception du droit de la concurrence du niveau mondial au niveau communautaire.L\u2019analyse du droit des aides d\u2019Etat.<\/p>\n<ul>\n<li>Cartographie des outils du d\u00e9veloppement \u00e9conomique<\/li>\n<li>Cas pratiques, expos\u00e9s centr\u00e9s sur des montages juridico-financiers complexes<\/li>\n<li>L\u2019\u00e9tudiant devra \u00eatre capable de proposer \u00e0 la collectivit\u00e9 l\u2019outil le plus ad\u00e9quat au d\u00e9veloppement de son territoire<\/li>\n<li>Il sera capable de mener une premi\u00e8re expertise des montages existants et de proposer des pistes d\u2019am\u00e9lioration ou de correction<\/li>\n<li>Il sera capable d\u2019initier un projet de d\u00e9veloppement \u00e9conomique<\/li>\n<\/ul>\n<p>&nbsp;<\/p>\n<\/div>\n<h2 style=\"text-align: center\"><strong><span style=\"text-decoration: underline\">Droit budg\u00e9taire et comptabilit\u00e9 publique locale appliqu\u00e9e<\/span><br \/>\n<\/strong><\/h2>\n<h3 align=\"center\"><strong>Gestion informatis\u00e9e de la comptabilit\u00e9 publique locale &#8211;\u00a0<\/strong>Olivier MULLER<strong><br \/>\n<a href=\"http:\/\/blog.ube.fr\/m2fctg\/wp-content\/uploads\/sites\/36\/2016\/01\/resume.pdf\" target=\"_blank\" rel=\"noopener noreferrer\">Son Plan de cours<\/a><\/strong><\/h3>\n<p><strong>Objectifs :<\/strong>\u00a0L\u2019objectif du cours est de permettre aux \u00e9tudiants d\u2019apprendre \u00e0 utiliser les principaux logiciels financiers utilis\u00e9s par les collectivit\u00e9s qui seront leurs futurs outils de travail. A la fin du cours, les \u00e9tudiants seront capables de comprendre l\u2019importance du param\u00e9trage et de l\u2019utilisation des fonctionnalit\u00e9s d\u2019un logiciel, en lien avec l\u2019organisation comptable de la collectivit\u00e9 et les r\u00e8gles de la comptabilit\u00e9 publique,de piloter un changement de logiciel comptable dans une collectivit\u00e9, d\u2019identifier les enjeux de la d\u00e9mat\u00e9rialisation.<\/p>\n<h3 align=\"center\"><strong>Contentieux budg\u00e9taire local &#8211; <\/strong>Bernard PERRAUD et J\u00e9r\u00f4me DOSSI<\/h3>\n<h3 align=\"center\"><a href=\"https:\/\/blog.ube.fr\/m2fctg\/wp-content\/uploads\/sites\/36\/2020\/01\/Le-contentieux-budg\u00e9taire-local.pd\"><strong>D\u00e9roulement du cours<\/strong><\/a><\/h3>\n<div>\n<h3 align=\"center\"><strong>Comptabilit\u00e9 publique locale appliqu\u00e9e \u2013 <\/strong>Pierre Alain\u00a0 BEAUFUME &amp; G\u00e9rald FRIBOURG<strong><br \/>\n<\/strong><\/h3>\n<p><strong>Approche m\u00e9thodologique :<\/strong>\u00a0Le plan de cours propos\u00e9, du reste tr\u00e8s classique, est le pr\u00e9texte \u00e0 \u00e9voquer de mani\u00e8re tr\u00e8s pratique l\u2019ensemble du cycle budg\u00e9taire depuis l\u2019\u00e9laboration, l\u2019ex\u00e9cution, le contr\u00f4le du budget jusqu\u2019\u00e0 l\u2019analyse du compte administratif.<\/p>\n<p>Chaque s\u00e9quence fait l\u2019objet de travail sur documents r\u00e9els (PLF, BP, CA, Cpte de gestion, BS, rapport financier, d\u00e9lib\u00e9rations) mais aussi \u00e0 partir de nombreux sch\u00e9mas et tableaux de synth\u00e8se comment\u00e9s ou \u00e9labor\u00e9s en commun.\u2028Enfin des exercices pratiques (cas concrets, extraction de donn\u00e9es des budgets ou \u00e9tats fiscaux) permettent une familiarisation avec les documents budg\u00e9taires mais aussi une mise en situation et l\u2019approche directe des probl\u00e9matiques que g\u00e8rent les directeurs financiers des collectivit\u00e9s territoriales au rythme du calendrier budg\u00e9taire.\u2028L\u2019accent est mis \u00e9galement sur les nombreuses similitudes qui existent entre comptabilit\u00e9 priv\u00e9e et comptabilit\u00e9 publique.<\/p>\n<p><strong>Objectifs :<\/strong>\u00a0Organisation et fonctionnement d\u2019une collectivit\u00e9, relations avec les partenaires ext\u00e9rieurs.<\/p>\n<ul>\n<li>Rappel des principes et principales r\u00e8gles budg\u00e9taires<\/li>\n<li>Leur application dans les collectivit\u00e9s et cons\u00e9quences sur l\u2019organisation<\/li>\n<li>Lecture et compr\u00e9hension d\u2019un budget<\/li>\n<li>Recherche et utilisation des informations figurant dans les documents budg\u00e9taires<\/li>\n<li>Mise en situation dans une direction financi\u00e8re<\/li>\n<li>Initiation \u00e0 l\u2019analyse financi\u00e8re<\/li>\n<li>Pr\u00e9paration du stage pratique dans une collectivit\u00e9<\/li>\n<\/ul>\n<h3 style=\"text-align: center\"><a href=\"https:\/\/blog.ube.fr\/m2fctg\/wp-content\/uploads\/sites\/36\/2020\/01\/2019-09-plan-MII-comptabilit\u00e9-publique-locale-appliqu\u00e9e.pdf\"><strong>Plan d&#8217;intervention<\/strong><\/a><\/h3>\n<\/div>\n<h2 style=\"text-align: center\"><span style=\"text-decoration: underline\"><strong>Conf\u00e9rences de linguistique, de culture g\u00e9n\u00e9rale et pr\u00e9paration aux concours<\/strong><\/span><\/h2>\n<div>\n<h3 align=\"center\"><strong>Anglais juridique et financier &#8211; <\/strong>Philippe GOMIS<strong><br \/>\n<\/strong><\/h3>\n<h3 align=\"center\"><strong>M\u00e9thodologie et pr\u00e9paration aux concours &#8211; <\/strong>Patrice RAYMOND<\/h3>\n<h3 align=\"center\"><strong>Gestion des \u00e9quipes, synergie professionnelle et management <\/strong><strong>&#8211; <\/strong>Fr\u00e9d\u00e9rique DUPRE<\/h3>\n<p><strong>R\u00e9sum\u00e9 et objectifs :<\/strong> <a title=\"Management\/Gestion du stress\/Entretien de recrutement\" href=\"http:\/\/blog.ube.fr\/m2fctg\/wp-content\/uploads\/sites\/36\/2016\/01\/Management-Gestion-du-Stress-et-Gestion-de-son-entretien-de-recrutement.pdf\" target=\"_blank\" rel=\"noopener noreferrer\">Voir le r\u00e9sum\u00e9 et les objectifs de chacun des modules 4<\/a><\/p>\n<p>&nbsp;<\/p>\n<\/div>\n<h2 style=\"text-align: center\"><span style=\"text-decoration: underline\"><strong>Droit des produits bancaires et contrats financiers<\/strong><\/span><\/h2>\n<h3 align=\"center\"><strong>Aspects financiers des contrats administratifs &#8211;\u00a0<\/strong>Marie-Caroline VINCENT-LEGOUX<strong><br \/>\n<a href=\"https:\/\/blog.ube.fr\/m2fctg\/wp-content\/uploads\/sites\/36\/2020\/01\/Pr\u00e9sentation-du-cours-Aspects-financiers-des-contrats-de-lAdministration-territoriale.pdf\">Son plan de cours<\/a><\/strong><\/h3>\n<p><strong>R\u00e9sum\u00e9 :<\/strong>\u00a0Le droit des contrats de l\u2019Administration territoriale recouvre des aspects financiers importants\u00a0: d\u2019une part, le r\u00e9gime juridique de l\u2019ex\u00e9cution financi\u00e8re des contrats de la commande publique (march\u00e9s publics, contrats de partenariat, d\u00e9l\u00e9gations de service public)\u00a0; d\u2019autre part, le droit applicable aux contrats \u00e0 objet financier tels que les contrats d\u2019emprunt, les contrats d\u2019offre de concours et les contrats d\u2019aides\u00a0aux entreprises.<\/p>\n<p>Les probl\u00e9matiques abord\u00e9es sont vari\u00e9es\u00a0: la nature juridique des actes ; les finalit\u00e9s de l\u2019action contractuelle\u00a0; la typologie des contrats\u00a0; le champ d\u2019application du Code des march\u00e9s publics\u00a0; l\u2019appr\u00e9ciation de l\u2019int\u00e9r\u00eat g\u00e9n\u00e9ral\u00a0; la protection des deniers publics ; la prise en compte des al\u00e9as et des difficult\u00e9s de tr\u00e9sorerie des entreprises ; les rapports entre les collectivit\u00e9s publiques (principe de non tutelle d\u2019une collectivit\u00e9 territoriale sur une autre, pouvoir de l\u2019Etat de r\u00e9guler les comp\u00e9tences des collectivit\u00e9s d\u00e9centralis\u00e9es), etc\u2026<\/p>\n<p>L\u2019\u00e9tude des textes en vigueur est compl\u00e9t\u00e9e par l\u2019analyse de la jurisprudence et la d\u00e9couverte de mod\u00e8les de contrats.<\/p>\n<p><strong>Objectifs :<\/strong>\u00a0A la fin de l\u2019enseignement, l\u2019\u00e9tudiant devrait notamment \u00eatre capable de d\u00e9terminer le contenu de clauses financi\u00e8res et l\u2019incidence des al\u00e9as, d\u2019appliquer les r\u00e8gles concernant le paiement du prix d\u2019un march\u00e9 public, de ma\u00eetriser le cadre juridique des contrats relevant de l\u2019interventionnisme \u00e9conomique local, etc\u2026<\/p>\n<h3 align=\"center\"><strong>Gestion strat\u00e9gique des finances locales et des march\u00e9s financiers &#8211;\u00a0<\/strong>Jean-Luc JACQUOT<\/h3>\n<p><strong>R\u00e9sum\u00e9 :<\/strong> La gestion Strat\u00e9gique des Finances Locales et des march\u00e9s financiers repose sur un socle de connaissance \u00e9largie. Les choix strat\u00e9giques tiennent compte des sp\u00e9cificit\u00e9s du secteur public pour tirer profit de l\u2019environnement \u00e9conomique et des ressources des march\u00e9s financiers. L\u2019offre financi\u00e8re \u00e0 disposition des collectivit\u00e9s territoriales est riche et complexe. Elle s\u2019inscrit dans un cadre r\u00e9glementaire en pleine \u00e9volution (Charte Gissler, circulaire juin 2010\u2026) au moment o\u00f9 la ressource financi\u00e8re se rar\u00e9fie tant pour des raisons \u00e9conomiques et financi\u00e8res qu\u2019apr\u00e8s l\u2019intervention du comit\u00e9 de B\u00e2le.<\/p>\n<p><strong>Objectifs :<\/strong> L\u2019enseignement et les \u00e9changes vont amener le futur responsable financier de collectivit\u00e9 \u00e0 maitriser les techniques financi\u00e8res pour op\u00e9rer les meilleurs choix financiers et budg\u00e9taires. Sa connaissance de l\u2019offre financi\u00e8re sera un atout pour d\u00e9finir une strat\u00e9gie durable respectant les objectifs de l\u2019ex\u00e9cutif.<\/p>\n<p>&nbsp;<\/p>\n<h2 style=\"text-align: center\"><strong><span style=\"text-decoration: underline\">Gestion financi\u00e8re des collectivit\u00e9s territoriales et \u00e9valuation \u00e9conomiques des politiques locales<\/span><br \/>\n<\/strong><\/h2>\n<h3 align=\"center\"><strong>Gestion de la dette et de la tr\u00e9sorerie &#8211; <\/strong>Jean-Luc JACQUOT<strong><br \/>\n<\/strong><\/h3>\n<h3 align=\"center\"><strong>Contr\u00f4le de gestion &#8211; <\/strong>Bruno DALLER<strong><br \/>\n<\/strong><\/h3>\n<h2 align=\"center\"><strong>\u00c9valuation \u00e9conomique des politiques publiques territoriales &#8211; <\/strong>Marielle BERRIET-SOLLIEC<strong><br \/>\n<\/strong><\/h2>\n<div class=\"entry-content\">\n<h2><\/h2>\n<h2 style=\"text-align: center\"><strong>L\u2019analyse financi\u00e8re des collectivit\u00e9s locales &#8211; Christian GATTEGNO<\/strong><\/h2>\n<p>L&#8217;intervention consiste dans un premier temps, \u00e0 d\u00e9finir une m\u00e9thodologie d\u2019analyse financi\u00e8re de collectivit\u00e9s et comprendre les enjeux \u00e0 mettre en exergue.<\/p>\n<p>Ensuite, dans un deuxi\u00e8me temps, r\u00e9aliser un exercice pratique d\u2019analyse financi\u00e8re \u00e0 partir de documents d\u2019une collectivit\u00e9.<\/p>\n<\/div>\n<p>&nbsp;<\/p>\n<p style=\"padding-left: 450px\"><em>Site r\u00e9alis\u00e9 par Thomas Cornille<\/em><\/p>\n","protected":false},"excerpt":{"rendered":"<p>Finances locales nationales et instruments financiers europ\u00e9en Finances locales compar\u00e9es &#8211; Patrice RAYMOND Finance et fiscalit\u00e9 intercommunales &#8211; Patrice RAYMOND Instruments financiers europ\u00e9ens et coh\u00e9sion territoriale &#8211;\u00a0Philippe ICARD Son plan de cours Objectifs : Ma\u00eetriser les m\u00e9canismes d\u2019attribution des financements dans le cadre communautaire Distinguer les directions comp\u00e9tentes pour obtenir les informations Monter un dossier<\/p>\n<p><a class=\"button\" href=\"https:\/\/blog.ube.fr\/m2fctg\/enseignements\/\" title=\"More\">  Voir plus \u2192<\/a><\/p>\n","protected":false},"author":103,"featured_media":0,"parent":0,"menu_order":0,"comment_status":"closed","ping_status":"closed","template":"","meta":{"footnotes":""},"class_list":["post-68","page","type-page","status-publish","hentry"],"_links":{"self":[{"href":"https:\/\/blog.ube.fr\/m2fctg\/wp-json\/wp\/v2\/pages\/68","targetHints":{"allow":["GET"]}}],"collection":[{"href":"https:\/\/blog.ube.fr\/m2fctg\/wp-json\/wp\/v2\/pages"}],"about":[{"href":"https:\/\/blog.ube.fr\/m2fctg\/wp-json\/wp\/v2\/types\/page"}],"author":[{"embeddable":true,"href":"https:\/\/blog.ube.fr\/m2fctg\/wp-json\/wp\/v2\/users\/103"}],"replies":[{"embeddable":true,"href":"https:\/\/blog.ube.fr\/m2fctg\/wp-json\/wp\/v2\/comments?post=68"}],"version-history":[{"count":43,"href":"https:\/\/blog.ube.fr\/m2fctg\/wp-json\/wp\/v2\/pages\/68\/revisions"}],"predecessor-version":[{"id":2217,"href":"https:\/\/blog.ube.fr\/m2fctg\/wp-json\/wp\/v2\/pages\/68\/revisions\/2217"}],"wp:attachment":[{"href":"https:\/\/blog.ube.fr\/m2fctg\/wp-json\/wp\/v2\/media?parent=68"}],"curies":[{"name":"wp","href":"https:\/\/api.w.org\/{rel}","templated":true}]}}