{"id":64,"date":"2015-10-19T16:30:32","date_gmt":"2015-10-19T15:30:32","guid":{"rendered":"http:\/\/blog.u-bourgogne.fr\/m2fctg\/?page_id=64"},"modified":"2020-11-30T22:02:48","modified_gmt":"2020-11-30T21:02:48","slug":"les-modalites-dadmission","status":"publish","type":"page","link":"https:\/\/blog.ube.fr\/m2fctg\/page-d-exemple\/les-modalites-dadmission\/","title":{"rendered":"Les modalit\u00e9s d&#8217;admission &#8211; Dossier de candidature"},"content":{"rendered":"<p style=\"text-align: left;\"><em>Modalit\u00e9s d\u2019acc\u00e8s \u00e0 l\u2019ann\u00e9e de formation par alternance :<\/em><\/p>\n<p>&nbsp;<\/p>\n<p style=\"text-align: left;\">\uf06e <strong>Pr\u00e9requis<\/strong> <strong>:<\/strong> Ne peuvent int\u00e9grer la formation par alternance que les \u00e9tudiants et autres personnes en activit\u00e9<br \/>\nprofessionnelle disposant d\u2019un contrat d\u2019apprentissage ou d\u2019un contrat de professionnalisation pr\u00e9voyant une<br \/>\ncollaboration d\u2019un an au moins et couvrant la p\u00e9riode de formation universitaire.<\/p>\n<p>&nbsp;<\/p>\n<p style=\"text-align: left;\">\uf06e <strong>Pour les \u00e9tudiants en formation initiale<\/strong> <strong>: <\/strong>&#8211; Il est pr\u00e9vu exceptionnellement une inscription sous cette qualit\u00e9 et pendant toute la dur\u00e9e de la formation,<\/p>\n<p style=\"text-align: left;\">&#8211; Si dans le d\u00e9lai d\u2019un mois \u00e0 compter du d\u00e9but de la formation, l\u2019\u00e9tudiant trouve un contrat en alternance ou<br \/>\nprofessionnel, il pourra alors changer de nature de r\u00e9gime juridique d\u2019inscription et b\u00e9n\u00e9ficie de l\u2019alternance.<br \/>\nIl existe une condition de dipl\u00f4mes ou de niveau d\u2019enseignement : 1\u00e8re ann\u00e9e Master Droit et A.E.S. mention AGE ou\u00a0 AGT\u00a0 ou d\u2019\u00e9conomique afin de favoriser un panachage fructueux d\u2019\u00e9ventuelles exp\u00e9riences professionnelles et<br \/>\nde formations.<br \/>\nLes \u00e9tudiants b\u00e9n\u00e9ficiant d\u2019un master 1 Administration Economique et sociale (AES) mention \u00ab AGE \u00bb,\u00a0 d\u2019un master 1 mention droit public, ou autres formations fran\u00e7aises ou \u00e9trang\u00e8res semblables, et toutes personnes justifiant de titres universitaires ou d&#8217;acquis professionnels \u00e9quivalents (VAE), d\u2019un Master 1 \u00ab \u00e9conomie \u00bb, doivent imp\u00e9rativement \u00eatre form\u00e9s \u00e0 l\u2019actualit\u00e9 r\u00e9cente li\u00e9e \u00e0 l\u2019environnement institutionnel et financier des collectivit\u00e9s. L\u2019inscription est conditionn\u00e9e \u00e0 une ma\u00eetrise suffisante des \u00e9l\u00e9ments de base en droit des institutions, en droit des collectivit\u00e9s locales et en finances publiques.<\/p>\n<p>&nbsp;<\/p>\n<p style=\"text-align: left;\">\uf06e<strong> Effectifs :<\/strong> Afin de conserver la qualit\u00e9 des enseignements et l\u2019int\u00e9r\u00eat des interventions professionnelles, les effectifs sont compris entre 15 et 20 \u00e9tudiants. Certains enseignements sont mutualis\u00e9s avec le dipl\u00f4me d\u2019Universit\u00e9\u00a0 \u00a0\u00ab Expertise, Audit et strat\u00e9gie financi\u00e8re Territoriale \u00bb ouvert aux experts-comptables du secteur public.<\/p>\n<p>&nbsp;<\/p>\n<p style=\"text-align: left;\">\uf06e <strong>Mode de s\u00e9lection :<\/strong><br \/>\n&#8211; Pour les \u00e9tudiants ext\u00e9rieurs \u00e0 l\u2019universit\u00e9 de Bourgogne : s\u00e9lection sur dossier et entretien \u00e9ventuel<br \/>\n&#8211; Pour les \u00e9tudiants de l\u2019Universit\u00e9 de Bourgogne , titulaire d\u2019un master 1 mention \u00ab droit public \u00bb ou d\u2019un master 1<br \/>\n\u00ab AES \u00bb mention \u00ab AGE \u00bb : s\u00e9lection sur dossier et entretien \u00e9ventuel.<\/p>\n<p>&nbsp;<\/p>\n<p style=\"text-align: left;\">\uf06e<strong> Campagne de s\u00e9lection<\/strong> : Peuvent \u00eatre organis\u00e9es deux campagnes de recrutement, l\u2019une \u00e0 la fin du mois de juin, l\u2019autre au d\u00e9but du mois de septembre, ce qui permet de pouvoir accueillir, dans la limite des places disponibles, des personnes concern\u00e9es par les examens de 2\u00e8me session, ainsi que celles ayant obtenu tardivement un contrat d\u2019apprentissage ou de professionnalisation. Cette seconde campagne est conditionn\u00e9e aux r\u00e9sultats du premier recrutement.<\/p>\n<p>&nbsp;<\/p>\n<p style=\"text-align: left;\">Le calendrier exact peut varier selon les ann\u00e9es.<\/p>\n<p style=\"text-align: left;\"><strong>Toutefois, dans les grandes lignes, les p\u00e9riodes \u00e0 retenir sont les suivantes :<\/strong><\/p>\n<p style=\"text-align: left;\">&#8211; Retrait des dossiers en avril &#8211; mai ;<br \/>\n&#8211; D\u00e9p\u00f4t des dossiers au d\u00e9but du mois de juin pour la premi\u00e8re campagne de recrutement ;<br \/>\n&#8211; S\u00e9lection sur dossier : d\u00e9but juin<br \/>\n&#8211; Audition des candidats retenus sur dossier : \u00e0 partir de mi-juin<br \/>\n&#8211; Seconde campagne de recrutement : D\u00e9p\u00f4t des dossiers avant le 1er septembre au plus tard.<br \/>\n&#8211; S\u00e9lection sur dossier et auditions des candidats : 1\u00e8re semaine de septembre.\u00a0 \u00a0 \u00a0 \u00a0 \u00a0 \u00a0 \u00a0 \u00a0 \u00a0 \u00a0 \u00a0 \u00a0 \u00a0 \u00a0 \u00a0 \u00a0 \u00a0 \u00a0 \u00a0 \u00a0 \u00a0 \u00a0 \u00a0 \u00a0 \u00a0 \u00a0 \u00a0 \u00a0 \u00a0 Selon les structures professionnelles d\u2019accueil, le recrutement pour le contrat d\u2019alternance peut se faire soit en relation directe entre l\u2019apprenti et la structure (il y a donc dans ce cas-l\u00e0 deux proc\u00e9dures de s\u00e9lection parall\u00e8les), soit de mani\u00e8re commune avec le recrutement universitaire (le jury de recrutement \u00e9tant alors enrichi d\u2019un repr\u00e9sentant des structures int\u00e9ress\u00e9es).<\/p>\n<p>&nbsp;<\/p>\n<p style=\"text-align: left;\">\uf06e <strong>S\u00e9lection par validation d\u2019acquis ou \u00e9quivalence de dipl\u00f4me :<\/strong><br \/>\n&#8211; en formation initiale : s\u2019adresser \u00e0 la scolarit\u00e9 organisatrice de la formation<br \/>\n&#8211; en formation continue : s\u2019adresser au service de formation continue de l\u2019universit\u00e9 (SEFCA)<\/p>\n<p>&nbsp;<\/p>\n<p style=\"text-align: left;\">\uf06e <strong>D\u00e9roul\u00e9 des enseignements :<\/strong><br \/>\n&#8211; Les enseignements se d\u00e9roulent de la 3\u00e8me semaine de septembre \u00e0 mi-avril sur le site universitaire de Dijon<br \/>\n&#8211; Sur cette p\u00e9riode universitaire, l\u2019alternance est organis\u00e9e selon un rythme de pr\u00e9sence \u00e0 l\u2019universit\u00e9 d\u00e9croissante\u00a0 \u00a0au fur et \u00e0 mesure des enseignements et donc de la ma\u00eetrise des outils et des connaissances techniques permettant \u00e0\u00a0 \u00a0l\u2019alternant de mener \u00e0 bien les missions confi\u00e9es en milieu professionnel.<br \/>\n&#8211; Durant le reste de l\u2019ann\u00e9e, les \u00e9tudiants travaillent \u00e0 plein temps dans leurs structures professionnelles (moins les<br \/>\ncong\u00e9s pay\u00e9s)<br \/>\n&#8211; Les enseignements sont sanctionn\u00e9s par des \u00e9preuves \u00e9crites ou orales dont la forme est laiss\u00e9e \u00e0 la discr\u00e9tion de l\u2019intervenant.<br \/>\n&#8211; Les enseignements se voient dot\u00e9s de coefficients propres.<\/p>\n<div class=\"entry-content\">\n<p>&nbsp;<\/p>\n<p>&nbsp;<\/p>\n<\/div>\n<p style=\"padding-left: 390px;\"><em>Site r\u00e9alis\u00e9 par Thomas Cornille<\/em><\/p>\n<p>&nbsp;<\/p>\n","protected":false},"excerpt":{"rendered":"<p>Modalit\u00e9s d\u2019acc\u00e8s \u00e0 l\u2019ann\u00e9e de formation par alternance : &nbsp; \uf06e Pr\u00e9requis : Ne peuvent int\u00e9grer la formation par alternance que les \u00e9tudiants et autres personnes en activit\u00e9 professionnelle disposant d\u2019un contrat d\u2019apprentissage ou d\u2019un contrat de professionnalisation pr\u00e9voyant une collaboration d\u2019un an au moins et couvrant la p\u00e9riode de formation universitaire. &nbsp; \uf06e Pour<\/p>\n<p><a class=\"button\" href=\"https:\/\/blog.ube.fr\/m2fctg\/page-d-exemple\/les-modalites-dadmission\/\" title=\"More\">  Voir plus \u2192<\/a><\/p>\n","protected":false},"author":103,"featured_media":0,"parent":2,"menu_order":0,"comment_status":"closed","ping_status":"closed","template":"","meta":{"footnotes":""},"class_list":["post-64","page","type-page","status-publish","hentry"],"_links":{"self":[{"href":"https:\/\/blog.ube.fr\/m2fctg\/wp-json\/wp\/v2\/pages\/64","targetHints":{"allow":["GET"]}}],"collection":[{"href":"https:\/\/blog.ube.fr\/m2fctg\/wp-json\/wp\/v2\/pages"}],"about":[{"href":"https:\/\/blog.ube.fr\/m2fctg\/wp-json\/wp\/v2\/types\/page"}],"author":[{"embeddable":true,"href":"https:\/\/blog.ube.fr\/m2fctg\/wp-json\/wp\/v2\/users\/103"}],"replies":[{"embeddable":true,"href":"https:\/\/blog.ube.fr\/m2fctg\/wp-json\/wp\/v2\/comments?post=64"}],"version-history":[{"count":16,"href":"https:\/\/blog.ube.fr\/m2fctg\/wp-json\/wp\/v2\/pages\/64\/revisions"}],"predecessor-version":[{"id":2305,"href":"https:\/\/blog.ube.fr\/m2fctg\/wp-json\/wp\/v2\/pages\/64\/revisions\/2305"}],"up":[{"embeddable":true,"href":"https:\/\/blog.ube.fr\/m2fctg\/wp-json\/wp\/v2\/pages\/2"}],"wp:attachment":[{"href":"https:\/\/blog.ube.fr\/m2fctg\/wp-json\/wp\/v2\/media?parent=64"}],"curies":[{"name":"wp","href":"https:\/\/api.w.org\/{rel}","templated":true}]}}