{"id":555,"date":"2016-02-17T18:44:13","date_gmt":"2016-02-17T17:44:13","guid":{"rendered":"http:\/\/blog.u-bourgogne.fr\/m2fctg\/?page_id=555"},"modified":"2017-03-07T14:23:49","modified_gmt":"2017-03-07T13:23:49","slug":"charges-de-mission-aupres-du-directeur","status":"publish","type":"page","link":"https:\/\/blog.ube.fr\/m2fctg\/charges-de-mission-aupres-du-directeur\/","title":{"rendered":"Charg\u00e9s de mission aupr\u00e8s du Directeur"},"content":{"rendered":"<p style=\"text-align: center\"><strong>Charg\u00e9 des relations entre le secteur bancaire et le Master 2 FCTG<\/strong><\/p>\n<p style=\"text-align: left\"><strong> <img loading=\"lazy\" decoding=\"async\" class=\"alignleft\" title=\"\" src=\"http:\/\/blog.ube.fr\/m2fctg\/wp-content\/uploads\/sites\/36\/2016\/02\/jacquot-e1455734883494.jpg\" alt=\"\" width=\"173\" height=\"193\" \/><\/strong><\/p>\n<p style=\"text-align: left\"><strong>Jean-Luc Jacquot<\/strong><\/p>\n<p style=\"text-align: left\">Financement du secteur public (collectivit\u00e9s, sant\u00e9 et logement social) et m\u00e9canismes de financements europ\u00e9ens. Management de missions d\u2019audit. (Caisse d\u2019Epargne)<\/p>\n<p style=\"text-align: left\">Gestion strat\u00e9gique des financements et des march\u00e9s financiers.<\/p>\n<p style=\"text-align: left\">Membre de l\u2019\u00e9quipe p\u00e9dagogique M2 Financements des collectivit\u00e9s territoriales et des\u00a0groupements (FCTG).<\/p>\n<p style=\"text-align: left\">Conseiller municipal (2008-2014)<\/p>\n<p>Email : jljacquot@yahoo.fr<\/p>\n<p>Tel : 06 52 90 67 36<\/p>\n<p>Les collectivit\u00e9s ont en charge l\u2019organisation de leur territoire en d\u00e9cidant des investissements publics prioritaires, l\u2019un des piliers de la croissance \u00e9conomique fran\u00e7aise. Dans ce cadre, les ex\u00e9cutifs locaux sollicitent r\u00e9guli\u00e8rement les \u00e9tablissements bancaires pour finaliser leurs plans de financement.<br \/>\nDe leurs c\u00f4t\u00e9s, les banques participent activement au d\u00e9veloppement de l\u2019\u00e9conomie r\u00e9gionale au travers des projets des entreprises et des associations locales, et plus sp\u00e9cifiquement, par la mise en \u0153uvre des m\u00e9canismes de financements europ\u00e9ens.<\/p>\n<p>Par l\u2019interm\u00e9diaire du Master 2 Finances des collectivit\u00e9s territoriales et des groupements (M2 FCTG), l\u2019universit\u00e9 de Bourgogne contribue activement au rapprochement de ces deux acteurs \u00e9conomiques : les th\u00e8mes de stages et les travaux d\u2019\u00e9tudes men\u00e9s au cours de la formation constituent un laboratoire de recherche, v\u00e9ritable source d\u2019ing\u00e9nierie financi\u00e8re. Les futurs sp\u00e9cialistes des finances locales r\u00e9pondent ainsi aux probl\u00e9matiques du secteur public tout en prenant en compte les enjeux, les contraintes et les ressources du secteur bancaire.<\/p>\n<p>A l\u2019issue du M2, les \u00e9tudiants b\u00e9n\u00e9ficient naturellement de multiples d\u00e9bouch\u00e9s au sein des collectivit\u00e9s mais \u00e9galement au sein des \u00e9quipes bancaires sp\u00e9cialis\u00e9es en finances publiques. Les ex\u00e9cutifs locaux ont ainsi acc\u00e8s aux comp\u00e9tences financi\u00e8res acquises par les jeunes dipl\u00f4m\u00e9s tandis que le secteur bancaire peut recruter des profils attentifs aux sp\u00e9cificit\u00e9s de la sph\u00e8re publique.<\/p>\n<p>Ma mission au sein de l\u2019universit\u00e9 de Bourgogne a pour objectif de faciliter les relations entre les collectivit\u00e9s et les banques, tout en les inscrivant dans une d\u00e9marche d\u2019innovation permanente.<\/p>\n<p style=\"text-align: center\">_ _ _ _ _ _ _<\/p>\n<p style=\"text-align: center\"><strong>Charg\u00e9 des relations entre le Master 2 \u00ab\u00a0FCTG\u00a0\u00bb et les Elu(e)s et les Territoires<\/strong><\/p>\n<p style=\"text-align: left\"><img loading=\"lazy\" decoding=\"async\" class=\"alignleft\" title=\"\" src=\"http:\/\/blog.ube.fr\/m2fctg\/wp-content\/uploads\/sites\/36\/2016\/02\/pradeau-e1455730931905.png\" alt=\"\" width=\"133\" height=\"182\" \/><strong>St\u00e9phane PRADEAU<\/strong><\/p>\n<p style=\"text-align: left\">Membre de l\u2019\u00e9quipe p\u00e9dagogique du Master 2 \u2013<\/p>\n<p style=\"text-align: left\">Membre du jury VAE de l\u2019Universit\u00e9 de Bourgogne<br \/>\nConseiller Municipal \u2013 D\u00e9l\u00e9gu\u00e9 communautaire \u2013 Commission des Finances et du d\u00e9veloppement \u00e9conomique\u00a0;<br \/>\nMembre de la commission des finances en tant que conseiller municipal de BETAILLE (Lot)\u00a0;<br \/>\nVice-pr\u00e9sident de la commission population, s\u00e9curit\u00e9 publique, plan communal de sauvegarde et Correspondant d\u00e9fense\u00a0;<br \/>\nMembre de la commission finances de la communaut\u00e9 de communes de causses vall\u00e9e de la Dordogne. (CAUVALDOR &#8211; 61 communes et 40.000 habitants.<\/p>\n<p>Les partenariats tiss\u00e9s entre les collectivit\u00e9s territoriales, les Etablissements de coop\u00e9ration intercommunale (EPCI) et le Master 2 \u00ab\u00a0Finances des collectivit\u00e9s territoriales et des groupements\u00a0\u00bb sont essentiels pour tous les acteurs \u00e0 plus d\u2019un titre\u00a0: permettre aux \u00e9tudiants du dipl\u00f4me la d\u00e9couverte rapide de stages adapt\u00e9s \u00e0 leur souhait professionnel dans le milieu des collectivit\u00e9s, permettre \u00e9galement la diffusion rapide des offres d\u2019emploi propos\u00e9es par les anciens membres du r\u00e9seau \u00ab\u00a0FCTG\u00a0\u00bb.<br \/>\nLes ex\u00e9cutifs locaux trouvent dans le dipl\u00f4me les comp\u00e9tences dont ils ont un besoin urgent dans le cadre d\u2019un environnement financier historiquement contraint. L\u2019heure est bien celle de la strat\u00e9gie permettant le maintien et l\u2019accroissement des ressources par le biais de mod\u00e8les de d\u00e9veloppement encore in\u00e9dits.<br \/>\nCes partenariats favorisent \u00e9galement le brassage des id\u00e9es, les d\u00e9bats et encourage \u00e0 prendre le temps de la r\u00e9flexion dans le cadre des journ\u00e9es de colloques ou de conf\u00e9rences autour des \u00ab\u00a0journ\u00e9es des finances locales\u00a0\u00bb.<br \/>\nEn favorisant la rencontre de tous ces acteurs, l\u2019Universit\u00e9 de Bourgogne devient en quelque sorte la Maison des Territoires en instaurant entre eux un lien d\u2019utilit\u00e9 mutuelle que ma mission m\u2019am\u00e8ne \u00e0 favoriser et \u00e0 d\u00e9velopper aupr\u00e8s des \u00e9tudiants, des \u00e9lus et de Patrice Raymond.<\/p>\n<p style=\"text-align: center\">_ _ _ _ _ _ _<\/p>\n<p style=\"text-align: center\"><strong>Charg\u00e9 des relations avec l\u2019AFIGESE et les associations d\u2019\u00e9lus<\/strong><\/p>\n<p style=\"text-align: center\"><strong>\u00a0<\/strong><\/p>\n<p><strong>Julian Poux<\/strong><\/p>\n<p>Chef de service Fiscalit\u00e9 et Prospectives \u00e0 la M\u00e9tropole d\u2019Aix Marseille Provence<\/p>\n<p>Coresponsable de l\u2019atelier GART-AFIGESE sur le versement transport<\/p>\n<p>Membre de l\u2019\u00e9quipe p\u00e9dagogique du Master 2 FCTG<\/p>\n<p>Email : <a href=\"mailto:julian.poux@ampmetropole.fr\" target=\"_blank\">julian.poux@ampmetropole.fr<\/a><\/p>\n<p>Tel : 07 77 67 97 27<\/p>\n<p>Au fur et \u00e0 mesure des r\u00e9formes, les collectivit\u00e9s locales prennent de plus en plus de poids dans l\u2019administration du territoire et pour ce faire les agents territoriaux se sp\u00e9cialisent et acqui\u00e8rent une expertise propre afin de r\u00e9pondre aux enjeux complexes qu\u2019ils doivent affronter. La mise en r\u00e9seau des savoir-faire et des exp\u00e9riences devient une n\u00e9cessit\u00e9 pour les agents territoriaux et en cela l\u2019AFIGESE incarne pour les financiers territoriaux une organisation qui permet de partager et de d\u00e9velopper son exp\u00e9rience et son expertise. C\u2019est un v\u00e9ritable laboratoire d\u2019id\u00e9e concourant \u00e0 forger une doctrine financi\u00e8re et fiscale propre \u00e0 l\u2019administration territoriale. A ce titre, m\u00ealer l\u2019AFIGESE avec l\u2019enseignement sup\u00e9rieur et la recherche exerc\u00e9 par le Master 2, au sein l\u2019Institut Sup\u00e9rieur des Territoires,\u00a0 r\u00e9pond \u00e0 cette logique horizontale de synergie et d\u2019\u00e9mulation des talents et des savoirs.<\/p>\n<p>Par ailleurs, dans le m\u00eame \u00e9tat d\u2019esprit, la coop\u00e9ration avec les associations d\u2019\u00e9lus rev\u00eat une importance capitale dans le contexte actuel marqu\u00e9 par la r\u00e9duction des concours financiers de l\u2019Etat et l\u2019impact des normes de plus en plus couteuses. La capacit\u00e9 \u00e0 former une nouvelle g\u00e9n\u00e9ration pr\u00eate \u00e0 r\u00e9pondre aux besoins du secteur financier locale est une force pour les collectivit\u00e9s territoriales et notamment leurs organisations repr\u00e9sentatives que sont les associations d\u2019\u00e9lus.<\/p>\n<p>C\u2019est pourquoi, ma mission au sein de l\u2019Universit\u00e9 de Bourgogne a pour objectif de renforcer les relations du Master 2 avec l\u2019AFIGESE et les associations d\u2019\u00e9lus pour favoriser l\u2019innovation, les synergies, la recherche et une mise en r\u00e9seau des talents.<\/p>\n<p>&nbsp;<\/p>\n<p>&nbsp;<\/p>\n<p>&nbsp;<\/p>\n<p>&nbsp;<\/p>\n<p style=\"padding-left: 480px\"><em>Site r\u00e9alis\u00e9 par Thomas Cornille<\/em><\/p>\n","protected":false},"excerpt":{"rendered":"<p>Charg\u00e9 des relations entre le secteur bancaire et le Master 2 FCTG Jean-Luc Jacquot Financement du secteur public (collectivit\u00e9s, sant\u00e9 et logement social) et m\u00e9canismes de financements europ\u00e9ens. Management de missions d\u2019audit. (Caisse d\u2019Epargne) Gestion strat\u00e9gique des financements et des march\u00e9s financiers. Membre de l\u2019\u00e9quipe p\u00e9dagogique M2 Financements des collectivit\u00e9s territoriales et des\u00a0groupements (FCTG). Conseiller<\/p>\n<p><a class=\"button\" href=\"https:\/\/blog.ube.fr\/m2fctg\/charges-de-mission-aupres-du-directeur\/\" title=\"More\">  Voir plus \u2192<\/a><\/p>\n","protected":false},"author":103,"featured_media":0,"parent":0,"menu_order":0,"comment_status":"closed","ping_status":"closed","template":"","meta":{"footnotes":""},"class_list":["post-555","page","type-page","status-publish","hentry"],"_links":{"self":[{"href":"https:\/\/blog.ube.fr\/m2fctg\/wp-json\/wp\/v2\/pages\/555","targetHints":{"allow":["GET"]}}],"collection":[{"href":"https:\/\/blog.ube.fr\/m2fctg\/wp-json\/wp\/v2\/pages"}],"about":[{"href":"https:\/\/blog.ube.fr\/m2fctg\/wp-json\/wp\/v2\/types\/page"}],"author":[{"embeddable":true,"href":"https:\/\/blog.ube.fr\/m2fctg\/wp-json\/wp\/v2\/users\/103"}],"replies":[{"embeddable":true,"href":"https:\/\/blog.ube.fr\/m2fctg\/wp-json\/wp\/v2\/comments?post=555"}],"version-history":[{"count":24,"href":"https:\/\/blog.ube.fr\/m2fctg\/wp-json\/wp\/v2\/pages\/555\/revisions"}],"predecessor-version":[{"id":1073,"href":"https:\/\/blog.ube.fr\/m2fctg\/wp-json\/wp\/v2\/pages\/555\/revisions\/1073"}],"wp:attachment":[{"href":"https:\/\/blog.ube.fr\/m2fctg\/wp-json\/wp\/v2\/media?parent=555"}],"curies":[{"name":"wp","href":"https:\/\/api.w.org\/{rel}","templated":true}]}}