{"id":447,"date":"2016-01-25T19:53:06","date_gmt":"2016-01-25T18:53:06","guid":{"rendered":"http:\/\/blog.u-bourgogne.fr\/m2fctg\/?page_id=447"},"modified":"2018-01-20T20:37:15","modified_gmt":"2018-01-20T19:37:15","slug":"en-seminaire","status":"publish","type":"page","link":"https:\/\/blog.ube.fr\/m2fctg\/en-seminaire\/","title":{"rendered":"En s\u00e9minaire"},"content":{"rendered":"<h1 class=\"entry-title\"><\/h1>\n<div class=\"entry-content\">\n<p>&nbsp;<\/p>\n<p><strong><img loading=\"lazy\" decoding=\"async\" class=\"alignleft\" title=\"photogarel\" src=\"http:\/\/m2fctg.free.fr\/wp-content\/uploads\/2011\/10\/photogarel-150x150.png\" alt=\"\" width=\"94\" height=\"94\" \/><\/strong><\/p>\n<p><strong>Patrick GAREL<br \/>\n<\/strong>Consultant\u00a0Assurance \u2013 Agent g\u00e9n\u00e9ral conseil<br \/>\n<a title=\"S\u00e9minaires\" href=\"http:\/\/blog.ube.fr\/m2fctg\/la-formation\/seminaires\/\" target=\"_blank\" rel=\"noopener\"> Intervenant en \u00ab\u00a0Optimisation et gestion des contrats d\u2019assurance\u00a0\u00bb<\/a><br \/>\n<a title=\"Patrick_Garel_CV\" href=\"http:\/\/blog.ube.fr\/m2fctg\/wp-content\/uploads\/sites\/36\/2016\/01\/CV-Patrick-GAREL.pdf\" target=\"_blank\" rel=\"noopener\">Son CV<\/a><\/p>\n<p><strong><strong><img loading=\"lazy\" decoding=\"async\" class=\"alignleft\" title=\"CIMG1161\" src=\"http:\/\/m2fctg.free.fr\/wp-content\/uploads\/2011\/10\/CIMG1161-150x150.jpg\" alt=\"\" width=\"94\" height=\"94\" \/>Denys LAMARZELLE<\/strong><br \/>\n<\/strong>Directeur Territorial du Conseil G\u00e9n\u00e9ral<br \/>\n<a title=\"S\u00e9minaires\" href=\"http:\/\/blog.ube.fr\/m2fctg\/la-formation\/seminaires\/\" target=\"_blank\" rel=\"noopener\"> Intervenant en \u00ab\u00a0Cadre financier territorial face au syst\u00e8me d\u00e9cisionnel des collectivit\u00e9s locales\u00a0\u00bb<\/a><strong><br \/>\n<\/strong><a href=\"http:\/\/blog.ube.fr\/m2fctg\/wp-content\/uploads\/sites\/36\/2016\/01\/cv_LAMARZELLE1.pdf\" target=\"_blank\" rel=\"noopener\">Sa fiche de pr\u00e9sentation<\/a><\/p>\n<p><strong><img loading=\"lazy\" decoding=\"async\" class=\"alignleft\" title=\"Photo_LECALVEZ\" src=\"http:\/\/m2fctg.free.fr\/wp-content\/uploads\/2012\/11\/Photo_LECALVEZ.png\" alt=\"\" width=\"94\" height=\"122\" \/>Rozenn LE CALVEZ<\/strong><br \/>\nConsultant \u2013 Stratorial Finances<br \/>\n<a title=\"S\u00e9minaires\" href=\"http:\/\/blog.ube.fr\/m2fctg\/la-formation\/seminaires\/\" target=\"_blank\" rel=\"noopener\"> Intervenante en \u00ab\u00a0Analyse Financi\u00e8re\u00a0\u00bb<\/a><br \/>\n<a href=\"http:\/\/blog.ube.fr\/m2fctg\/wp-content\/uploads\/sites\/36\/2016\/01\/CVRLC.pdf\" target=\"_blank\" rel=\"noopener\">Son CV<\/a><\/p>\n<p>&nbsp;<\/p>\n<p><strong><img loading=\"lazy\" decoding=\"async\" class=\"alignleft\" title=\"photo_SL\" src=\"http:\/\/m2fctg.free.fr\/wp-content\/uploads\/2012\/11\/photo_SL-150x150.jpg\" alt=\"\" width=\"94\" height=\"94\" \/>Stephen LOUREIRO<\/strong><br \/>\nConsultant ind\u00e9pendant<br \/>\n<a title=\"S\u00e9minaires\" href=\"http:\/\/blog.ube.fr\/m2fctg\/la-formation\/seminaires\/\" target=\"_blank\" rel=\"noopener\">Intervenant en \u00ab\u00a0Strat\u00e9gie Financi\u00e8re Locale\u00a0\u00bb<\/a><\/p>\n<p>&nbsp;<\/p>\n<p>&nbsp;<\/p>\n<p><strong>Julian POUX<\/strong><br \/>\nAttach\u00e9 Territorial<br \/>\n<a title=\"S\u00e9minaires\" href=\"http:\/\/blog.ube.fr\/m2fctg\/la-formation\/seminaires\/\" target=\"_blank\" rel=\"noopener\"> Intervenant en \u00ab\u00a0Strat\u00e9gie Fiscale\u00a0\u00bb<\/a><br \/>\n<a href=\"http:\/\/blog.ube.fr\/m2fctg\/wp-content\/uploads\/sites\/36\/2017\/03\/CV-Julian-Poux-20160403.pdf\" target=\"_blank\" rel=\"noopener\">Son CV<\/a><br \/>\n<strong><br \/>\n<strong><img loading=\"lazy\" decoding=\"async\" class=\"alignleft\" title=\"photo_SV\" src=\"http:\/\/m2fctg.free.fr\/wp-content\/uploads\/2012\/11\/photo_SV-140x150.jpg\" alt=\"\" width=\"94\" height=\"104\" \/>S\u00e9bastien VALLET<\/strong><br \/>\n<\/strong>Directeur de Cabinet au Conseil G\u00e9n\u00e9ral de C\u00f4te d\u2019Or<br \/>\n<a title=\"S\u00e9minaires\" href=\"http:\/\/blog.ube.fr\/m2fctg\/la-formation\/seminaires\/\" target=\"_blank\" rel=\"noopener\"> Intervenant en \u00ab\u00a0Relations entre responsable des finances et cabinet d\u2019un ex\u00e9cutif\u00a0\u00bb<\/a><strong><br \/>\n<\/strong><\/p>\n<p>&nbsp;<\/p>\n<p><strong><br \/>\n<img loading=\"lazy\" decoding=\"async\" class=\"alignleft\" title=\"GATTEGNO\" src=\"http:\/\/m2fctg.free.fr\/wp-content\/uploads\/2011\/10\/GATTEGNO.png\" alt=\"\" width=\"94\" height=\"130\" \/>Christian GATTEGNO<br \/>\n<\/strong>Directeur Adjoint KPMG Lyon<br \/>\n<a title=\"S\u00e9minaires\" href=\"http:\/\/blog.ube.fr\/m2fctg\/la-formation\/seminaires\/\" target=\"_blank\" rel=\"noopener\"> Intervenant en \u00ab\u00a0Analyse financi\u00e8re\u00a0\u00bb<\/a><\/p>\n<\/div>\n<p>&nbsp;<\/p>\n<p>&nbsp;<\/p>\n<p>&nbsp;<\/p>\n<p>&nbsp;<\/p>\n<p style=\"padding-left: 420px\"><em>Site r\u00e9alis\u00e9 par Thomas Cornille<\/em><\/p>\n","protected":false},"excerpt":{"rendered":"<p>&nbsp; Patrick GAREL Consultant\u00a0Assurance \u2013 Agent g\u00e9n\u00e9ral conseil Intervenant en \u00ab\u00a0Optimisation et gestion des contrats d\u2019assurance\u00a0\u00bb Son CV Denys LAMARZELLE Directeur Territorial du Conseil G\u00e9n\u00e9ral Intervenant en \u00ab\u00a0Cadre financier territorial face au syst\u00e8me d\u00e9cisionnel des collectivit\u00e9s locales\u00a0\u00bb Sa fiche de pr\u00e9sentation Rozenn LE CALVEZ Consultant \u2013 Stratorial Finances Intervenante en \u00ab\u00a0Analyse Financi\u00e8re\u00a0\u00bb Son CV &nbsp;<\/p>\n<p><a class=\"button\" href=\"https:\/\/blog.ube.fr\/m2fctg\/en-seminaire\/\" title=\"More\">  Voir plus \u2192<\/a><\/p>\n","protected":false},"author":103,"featured_media":0,"parent":0,"menu_order":0,"comment_status":"closed","ping_status":"closed","template":"","meta":{"footnotes":""},"class_list":["post-447","page","type-page","status-publish","hentry"],"_links":{"self":[{"href":"https:\/\/blog.ube.fr\/m2fctg\/wp-json\/wp\/v2\/pages\/447","targetHints":{"allow":["GET"]}}],"collection":[{"href":"https:\/\/blog.ube.fr\/m2fctg\/wp-json\/wp\/v2\/pages"}],"about":[{"href":"https:\/\/blog.ube.fr\/m2fctg\/wp-json\/wp\/v2\/types\/page"}],"author":[{"embeddable":true,"href":"https:\/\/blog.ube.fr\/m2fctg\/wp-json\/wp\/v2\/users\/103"}],"replies":[{"embeddable":true,"href":"https:\/\/blog.ube.fr\/m2fctg\/wp-json\/wp\/v2\/comments?post=447"}],"version-history":[{"count":10,"href":"https:\/\/blog.ube.fr\/m2fctg\/wp-json\/wp\/v2\/pages\/447\/revisions"}],"predecessor-version":[{"id":1272,"href":"https:\/\/blog.ube.fr\/m2fctg\/wp-json\/wp\/v2\/pages\/447\/revisions\/1272"}],"wp:attachment":[{"href":"https:\/\/blog.ube.fr\/m2fctg\/wp-json\/wp\/v2\/media?parent=447"}],"curies":[{"name":"wp","href":"https:\/\/api.w.org\/{rel}","templated":true}]}}