{"id":433,"date":"2016-01-25T19:28:07","date_gmt":"2016-01-25T18:28:07","guid":{"rendered":"http:\/\/blog.u-bourgogne.fr\/m2fctg\/?page_id=433"},"modified":"2023-11-30T16:26:12","modified_gmt":"2023-11-30T15:26:12","slug":"intervenants-professionnels-2","status":"publish","type":"page","link":"https:\/\/blog.ube.fr\/m2fctg\/intervenants-professionnels-2\/","title":{"rendered":"Intervenants"},"content":{"rendered":"<div id=\"main\">\n<div id=\"container\">\n<div id=\"content\">\n<div id=\"post-513\" class=\"post-513 page type-page status-publish hentry\">\n<div class=\"entry-content\">\n<h2>Intervenants Universitaires<\/h2>\n<p><strong>Patrice RAYMOND<br \/>\n<\/strong>Directeur du M2 FCTG \u2013 Ma\u00eetre de Conf\u00e9rences en Droit Public<br \/>\nIntervenant notamment en :<br \/>\nFinance et fiscalit\u00e9 intercommunales<br \/>\nPr\u00e9paration aux concours de la Fonction Publique Territoriales<\/p>\n<p>&nbsp;<\/p>\n<p><strong>Philippe ICARD<\/strong><br \/>\nMa\u00eetre de Conf\u00e9rences en Droit Public<br \/>\nIntervenant en : Finances Europ\u00e9ennes<\/p>\n<p>&nbsp;<\/p>\n<p><strong>Marie-Caroline VINCENT-LEGOUX<\/strong><br \/>\nMa\u00eetre de Conf\u00e9rences en Droit Public<br \/>\nIntervenante en : Aspects financiers des contrats administratifs<\/p>\n<\/div>\n<\/div>\n<\/div>\n<p>&nbsp;<\/p>\n<\/div>\n<\/div>\n<p><strong>Katharina SCHONE\u00a0<\/strong><br \/>\nMa\u00eetre de Conf\u00e9rences en Sciences \u00c9conomiques et chercheuse au LEDi (Laboratoire d\u2019Economie de Dijon)<br \/>\nIntervenante en : Analyse des politiques publiques locales<\/p>\n<div id=\"main\">\n<p>&nbsp;<\/p>\n<\/div>\n<h2 style=\"text-align: left;\">Intervenants professionnels en module<\/h2>\n<p><strong><img loading=\"lazy\" decoding=\"async\" class=\"alignleft\" title=\"Intervenants professionnels 01 - Jean-Luc JACQUO\" src=\"http:\/\/m2fctg.free.fr\/wp-content\/uploads\/2011\/10\/photo-109x150.jpg\" alt=\"Intervenants professionnels 01 - Jean-Luc JACQUOT\" width=\"94\" height=\"124\" \/><a name=\"jacquot\"><\/a>Jean-Luc JACQUOT<\/strong><br \/>\nResponsable de March\u00e9 Collectivit\u00e9, Institutionnels Locaux &amp; Sant\u00e9<br \/>\nIntervenant en : Gestion strat\u00e9gique des finances locales et des march\u00e9s financiers<br \/>\nGestion de la dette et de la tr\u00e9sorerie<\/p>\n<p><a href=\"http:\/\/blog.ube.fr\/m2fctg\/wp-content\/uploads\/sites\/36\/2016\/01\/CV-2011-UB1.pdf\" target=\"_blank\" rel=\"noopener noreferrer\">Son CV<\/a><\/p>\n<p>&nbsp;<\/p>\n<p><strong><img loading=\"lazy\" decoding=\"async\" class=\"alignleft\" title=\"Bruno CONVERSAT\" src=\"http:\/\/m2fctg.free.fr\/wp-content\/uploads\/2011\/10\/IDENTITE-3-150x150.jpg\" alt=\"Bruno CONVERSAT\" width=\"94\" height=\"94\" \/><\/strong><\/p>\n<p><strong><a name=\"conversat\"><\/a>Bruno CONVERSAT<\/strong><br \/>\nChef du service des affaires juridiques de la R\u00e9gion Bourgogne<br \/>\nIntervenant en : Interventionnisme \u00e9conomique des collectivit\u00e9s locales<br \/>\n<a href=\"http:\/\/blog.ube.fr\/m2fctg\/wp-content\/uploads\/sites\/36\/2016\/01\/Fiche-Bruno-Conversat-2011.pdf\" target=\"_blank\" rel=\"noopener noreferrer\">Sa fiche de pr\u00e9sentation<\/a><\/p>\n<p>&nbsp;<\/p>\n<p><strong><img loading=\"lazy\" decoding=\"async\" class=\"alignleft\" title=\"Olivier MULLER\" src=\"http:\/\/m2fctg.free.fr\/wp-content\/uploads\/2011\/10\/photo1-150x150.jpg\" alt=\"Olivier MULLER\" width=\"94\" height=\"94\" \/><\/strong><\/p>\n<p><strong><a name=\"muller\"><\/a>Olivier MULLER<\/strong><br \/>\nDirecteur Financier<br \/>\nIntervenant en : Logiciels financiers, gestion informatis\u00e9e de la comptabilit\u00e9<br \/>\n<a href=\"https:\/\/blog.ube.fr\/m2fctg\/wp-content\/uploads\/sites\/36\/2020\/01\/CV-Olivier-Muller.pdf\">Son CV<\/a><\/p>\n<p>&nbsp;<\/p>\n<p>&nbsp;<\/p>\n<p><strong>G\u00e9rald FRIBOURG<\/strong><\/p>\n<p>Directeur financier Ville de Dijon\/ Dijon M\u00e9tropole<\/p>\n<p>Intervenant en : Comptabilit\u00e9 publique locale appliqu\u00e9e<\/p>\n<p>&nbsp;<\/p>\n<p><strong><a href=\"http:\/\/blog.ube.fr\/m2fctg\/wp-content\/uploads\/sites\/36\/2018\/11\/davadie.jpg\"><img loading=\"lazy\" decoding=\"async\" class=\"alignleft wp-image-1745\" src=\"http:\/\/blog.ube.fr\/m2fctg\/wp-content\/uploads\/sites\/36\/2018\/11\/davadie.jpg\" alt=\"\" width=\"107\" height=\"145\" srcset=\"https:\/\/blog.ube.fr\/m2fctg\/wp-content\/uploads\/sites\/36\/2018\/11\/davadie.jpg 1830w, https:\/\/blog.ube.fr\/m2fctg\/wp-content\/uploads\/sites\/36\/2018\/11\/davadie-768x1043.jpg 768w\" sizes=\"auto, (max-width: 107px) 100vw, 107px\" \/><\/a><\/strong><strong>Philippe DAVADIE<\/strong><br \/>\nColonel de gendarmerie<br \/>\nIntervenant en :<br \/>\nIntelligence territoriale et d\u00e9veloppement des territoires<\/p>\n<p><a href=\"https:\/\/blog.ube.fr\/m2fctg\/wp-content\/uploads\/sites\/36\/2020\/01\/cvPhDavadie.pdf\">Son CV<\/a><\/p>\n<p>&nbsp;<\/p>\n<p><strong>Bruno DALLER<br \/>\n<\/strong>DGA aux moyens &#8211; M\u00e9tropole de Lyon<br \/>\nIntervenant en : Contr\u00f4le de gestion<\/p>\n<p>&nbsp;<\/p>\n<p><strong><img loading=\"lazy\" decoding=\"async\" class=\"alignleft wp-image-1036 size-full\" title=\"Fr\u00e9d\u00e9rique DUPRE\" src=\"http:\/\/m2fctg.free.fr\/wp-content\/uploads\/2012\/11\/Dupre-Frederique.png\" alt=\"Fr\u00e9d\u00e9rique DUPRE\" width=\"94\" height=\"124\" \/><a name=\"dupre\"><\/a>Fr\u00e9d\u00e9rique DUPRE<\/strong><br \/>\nConsultante Formatrice pour les finances locales<br \/>\nIntervenante en :<br \/>\nGestion des \u00e9quipes, synergie professionnelle et management<\/p>\n<p>&nbsp;<\/p>\n<p>&nbsp;<\/p>\n<p><strong><a href=\"http:\/\/blog.ube.fr\/m2fctg\/wp-content\/uploads\/sites\/36\/2018\/02\/PG.png\"><img loading=\"lazy\" decoding=\"async\" class=\"alignleft wp-image-1372\" title=\"Philippe GOMIS\" src=\"http:\/\/blog.ube.fr\/m2fctg\/wp-content\/uploads\/sites\/36\/2018\/02\/PG.png\" alt=\"Philippe GOMIS\" width=\"83\" height=\"117\" \/><\/a><\/strong><\/p>\n<p><strong>Philippe GOMIS<\/strong><br \/>\nFormateur \u2013 Soci\u00e9t\u00e9 \u00ab\u00a0A Traduire\u00a0\u00bb<br \/>\nIntervenant en :<br \/>\nAnglais<\/p>\n<p>&nbsp;<\/p>\n<h2>Intervenants professionnels en s\u00e9minaire<\/h2>\n<div class=\"entry-content\">\n<p><strong><img loading=\"lazy\" decoding=\"async\" class=\"alignleft\" title=\"Stephen LOUREIRO\" src=\"http:\/\/m2fctg.free.fr\/wp-content\/uploads\/2012\/11\/photo_SL-150x150.jpg\" alt=\"Stephen LOUREIRO\" width=\"94\" height=\"94\" \/>Stephen LOUREIRO<\/strong><br \/>\nConsultant ind\u00e9pendant<br \/>\nIntervenant en : Strat\u00e9gie financi\u00e8re locale<\/p>\n<p>&nbsp;<\/p>\n<p>&nbsp;<\/p>\n<\/div>\n<div class=\"entry-content\">\n<p><strong>Julian POUX<\/strong><br \/>\nAttach\u00e9 Territorial<br \/>\nIntervenant en : Fiscalit\u00e9 territoriale<br \/>\n<a href=\"http:\/\/blog.ube.fr\/m2fctg\/wp-content\/uploads\/sites\/36\/2017\/03\/CV-Julian-Poux-20160403.pdf\" target=\"_blank\" rel=\"noopener noreferrer\">Son CV<\/a><\/p>\n<\/div>\n<p><strong><br \/>\n<img loading=\"lazy\" decoding=\"async\" class=\"alignleft\" title=\"Christian GATTEGNO\" src=\"http:\/\/m2fctg.free.fr\/wp-content\/uploads\/2011\/10\/GATTEGNO.png\" alt=\"Christian GATTEGNO\" width=\"94\" height=\"130\" \/>Christian GATTEGNO<br \/>\n<\/strong>Directeur Adjoint KPMG Lyon<br \/>\nIntervenant en :<\/p>\n<p>Analyse financi\u00e8re<\/p>\n<p>&nbsp;<\/p>\n<p>&nbsp;<\/p>\n<p><strong>St\u00e9phane PRADEAU<br \/>\n<\/strong>Conseiller Municipal<br \/>\nIntervenant en : Relations \u00e9lus\/politiques\/financiers<\/p>\n<p>&nbsp;<\/p>\n<h2>Mais \u00e9galement&#8230;<\/h2>\n<p><strong><img loading=\"lazy\" decoding=\"async\" class=\"alignleft\" title=\"Jacques BUFFETEAU\" src=\"http:\/\/m2fctg.free.fr\/wp-content\/uploads\/2011\/10\/Photo-Jacques-Buffeteau.png\" alt=\"Jacques BUFFETEAU\" width=\"94\" height=\"115\" \/><a name=\"buffeteau\"><\/a>Jacques BUFFETEAU<\/strong><br \/>\nIntervenant en :<br \/>\nModule informatique<\/p>\n<p><a href=\"http:\/\/blog.ube.fr\/m2fctg\/wp-content\/uploads\/sites\/36\/2016\/01\/CVJacques.pdf\" target=\"_blank\" rel=\"noopener noreferrer\">Son CV<\/a><\/p>\n<p>&nbsp;<\/p>\n<p>&nbsp;<\/p>\n<p><strong><img loading=\"lazy\" decoding=\"async\" class=\"alignleft\" title=\"S\u00e9bastien VALLET\" src=\"http:\/\/m2fctg.free.fr\/wp-content\/uploads\/2012\/11\/photo_SV-140x150.jpg\" alt=\"S\u00e9bastien VALLET\" width=\"94\" height=\"104\" \/>S\u00e9bastien VALLET<br \/>\n<\/strong>Directeur de Cabinet au Conseil G\u00e9n\u00e9ral de C\u00f4te d\u2019Or<br \/>\nIntervenant en :<br \/>\nRelations entre responsable des finances et cabinet d&#8217;un ex\u00e9cutif<strong><br \/>\n<\/strong><\/p>\n<p>&nbsp;<\/p>\n<p style=\"padding-left: 420px;\"><em>Site r\u00e9alis\u00e9 par Th\u00e9o Devis<\/em><\/p>\n","protected":false},"excerpt":{"rendered":"<p>Intervenants Universitaires Patrice RAYMOND Directeur du M2 FCTG \u2013 Ma\u00eetre de Conf\u00e9rences en Droit Public Intervenant notamment en : Finance et fiscalit\u00e9 intercommunales Pr\u00e9paration aux concours de la Fonction Publique Territoriales &nbsp; Philippe ICARD Ma\u00eetre de Conf\u00e9rences en Droit Public Intervenant en : Finances Europ\u00e9ennes &nbsp; Marie-Caroline VINCENT-LEGOUX Ma\u00eetre de Conf\u00e9rences en Droit Public Intervenante<\/p>\n<p><a class=\"button\" href=\"https:\/\/blog.ube.fr\/m2fctg\/intervenants-professionnels-2\/\" title=\"More\">  Voir plus \u2192<\/a><\/p>\n","protected":false},"author":103,"featured_media":0,"parent":0,"menu_order":0,"comment_status":"closed","ping_status":"closed","template":"","meta":{"footnotes":""},"class_list":["post-433","page","type-page","status-publish","hentry"],"_links":{"self":[{"href":"https:\/\/blog.ube.fr\/m2fctg\/wp-json\/wp\/v2\/pages\/433","targetHints":{"allow":["GET"]}}],"collection":[{"href":"https:\/\/blog.ube.fr\/m2fctg\/wp-json\/wp\/v2\/pages"}],"about":[{"href":"https:\/\/blog.ube.fr\/m2fctg\/wp-json\/wp\/v2\/types\/page"}],"author":[{"embeddable":true,"href":"https:\/\/blog.ube.fr\/m2fctg\/wp-json\/wp\/v2\/users\/103"}],"replies":[{"embeddable":true,"href":"https:\/\/blog.ube.fr\/m2fctg\/wp-json\/wp\/v2\/comments?post=433"}],"version-history":[{"count":58,"href":"https:\/\/blog.ube.fr\/m2fctg\/wp-json\/wp\/v2\/pages\/433\/revisions"}],"predecessor-version":[{"id":2928,"href":"https:\/\/blog.ube.fr\/m2fctg\/wp-json\/wp\/v2\/pages\/433\/revisions\/2928"}],"wp:attachment":[{"href":"https:\/\/blog.ube.fr\/m2fctg\/wp-json\/wp\/v2\/media?parent=433"}],"curies":[{"name":"wp","href":"https:\/\/api.w.org\/{rel}","templated":true}]}}