{"id":3098,"date":"2024-11-29T13:20:28","date_gmt":"2024-11-29T12:20:28","guid":{"rendered":"https:\/\/blog.u-bourgogne.fr\/m2fctg\/?page_id=3098"},"modified":"2025-05-02T12:59:46","modified_gmt":"2025-05-02T11:59:46","slug":"promotion-2024-2025","status":"publish","type":"page","link":"https:\/\/blog.ube.fr\/m2fctg\/promotion-2024-2025\/","title":{"rendered":"Promotion 2024-2025"},"content":{"rendered":"<p>&nbsp;<\/p>\n<h1 style=\"text-align: center;\"><strong>Pr\u00e9sentation de la promotion 2024-2025<\/strong><\/h1>\n<p>&nbsp;<\/p>\n<p>&nbsp;<\/p>\n<div id=\"attachment_3153\" style=\"width: 390px\" class=\"wp-caption aligncenter\"><img loading=\"lazy\" decoding=\"async\" aria-describedby=\"caption-attachment-3153\" class=\"wp-image-3153\" src=\"https:\/\/blog.ube.fr\/m2fctg\/wp-content\/uploads\/sites\/36\/2025\/05\/6cb5e7ca-14df-4701-985a-6c1eb37938c6.jpg\" alt=\"\" width=\"380\" height=\"352\" srcset=\"https:\/\/blog.ube.fr\/m2fctg\/wp-content\/uploads\/sites\/36\/2025\/05\/6cb5e7ca-14df-4701-985a-6c1eb37938c6.jpg 1857w, https:\/\/blog.ube.fr\/m2fctg\/wp-content\/uploads\/sites\/36\/2025\/05\/6cb5e7ca-14df-4701-985a-6c1eb37938c6-768x712.jpg 768w, https:\/\/blog.ube.fr\/m2fctg\/wp-content\/uploads\/sites\/36\/2025\/05\/6cb5e7ca-14df-4701-985a-6c1eb37938c6-1536x1424.jpg 1536w\" sizes=\"auto, (max-width: 380px) 100vw, 380px\" \/><\/p>\n<p id=\"caption-attachment-3153\" class=\"wp-caption-text\"><strong>Mohamadou BALDE<\/strong> &#8211; Apprenti Gestionnaire des Comptes des Collectivit\u00e9s locales &#8211; Service de Gestion Comptable de CHALLANS<\/p>\n<\/div>\n<p>&nbsp;<\/p>\n<div id=\"attachment_3158\" style=\"width: 380px\" class=\"wp-caption aligncenter\"><a href=\"https:\/\/blog.ube.fr\/m2fctg\/wp-content\/uploads\/sites\/36\/2025\/05\/IMG_3059.jpg\"><img loading=\"lazy\" decoding=\"async\" aria-describedby=\"caption-attachment-3158\" class=\"wp-image-3158 \" src=\"https:\/\/blog.ube.fr\/m2fctg\/wp-content\/uploads\/sites\/36\/2025\/05\/IMG_3059.jpg\" alt=\"\" width=\"370\" height=\"371\" srcset=\"https:\/\/blog.ube.fr\/m2fctg\/wp-content\/uploads\/sites\/36\/2025\/05\/IMG_3059.jpg 402w, https:\/\/blog.ube.fr\/m2fctg\/wp-content\/uploads\/sites\/36\/2025\/05\/IMG_3059-150x150.jpg 150w\" sizes=\"auto, (max-width: 370px) 100vw, 370px\" \/><\/a><\/p>\n<p id=\"caption-attachment-3158\" class=\"wp-caption-text\"><strong>\u00a0Lucie BOUCHOUX-SIMONET &#8211; <\/strong>Acheteur alternante &#8211; \u00c9tablissement public \u00e0 caract\u00e8re industriel et commercial (EPIC)<\/p>\n<\/div>\n<p>&nbsp;<\/p>\n<div id=\"attachment_3157\" style=\"width: 366px\" class=\"wp-caption aligncenter\"><a href=\"https:\/\/blog.ube.fr\/m2fctg\/wp-content\/uploads\/sites\/36\/2025\/05\/F460C36B-2105-4EF9-8EF4-D566DAC2C667.jpg\"><img loading=\"lazy\" decoding=\"async\" aria-describedby=\"caption-attachment-3157\" class=\"wp-image-3157 \" src=\"https:\/\/blog.ube.fr\/m2fctg\/wp-content\/uploads\/sites\/36\/2025\/05\/F460C36B-2105-4EF9-8EF4-D566DAC2C667.jpg\" alt=\"\" width=\"356\" height=\"397\" \/><\/a><\/p>\n<p id=\"caption-attachment-3157\" class=\"wp-caption-text\"><strong>Cyril CHANUT &#8211; <\/strong>Alternant en Service de Gestion Comptable de Nuits-saint-Georges (DGFiP)<\/p>\n<\/div>\n<p>&nbsp;<\/p>\n<div id=\"attachment_3164\" style=\"width: 356px\" class=\"wp-caption aligncenter\"><a href=\"https:\/\/blog.ube.fr\/m2fctg\/wp-content\/uploads\/sites\/36\/2025\/05\/Justine.jpg\"><img loading=\"lazy\" decoding=\"async\" aria-describedby=\"caption-attachment-3164\" class=\"wp-image-3164 \" src=\"https:\/\/blog.ube.fr\/m2fctg\/wp-content\/uploads\/sites\/36\/2025\/05\/Justine.jpg\" alt=\"\" width=\"346\" height=\"335\" \/><\/a><\/p>\n<p id=\"caption-attachment-3164\" class=\"wp-caption-text\"><strong>Justine COFFIN <\/strong>&#8211; Stagiaire charg\u00e9e du pacte financier et fiscal et calcul AC pour le rapport quinquennal &#8211; Communaut\u00e9 de Commune de la Plaine de l&#8217;Ain<\/p>\n<\/div>\n<p>&nbsp;<\/p>\n<div id=\"attachment_3165\" style=\"width: 352px\" class=\"wp-caption aligncenter\"><a href=\"https:\/\/blog.ube.fr\/m2fctg\/wp-content\/uploads\/sites\/36\/2025\/05\/Yasmine.jpg\"><img loading=\"lazy\" decoding=\"async\" aria-describedby=\"caption-attachment-3165\" class=\"wp-image-3165 \" src=\"https:\/\/blog.ube.fr\/m2fctg\/wp-content\/uploads\/sites\/36\/2025\/05\/Yasmine.jpg\" alt=\"\" width=\"342\" height=\"365\" \/><\/a><\/p>\n<p id=\"caption-attachment-3165\" class=\"wp-caption-text\"><strong>Yasmine COMBO<\/strong> &#8211; Stagiaire charg\u00e9e du suivi budg\u00e9taire et comptable &#8211; Conseil D\u00e9partemental de Mayotte<\/p>\n<\/div>\n<p>&nbsp;<\/p>\n<div id=\"attachment_3156\" style=\"width: 347px\" class=\"wp-caption aligncenter\"><a href=\"https:\/\/blog.ube.fr\/m2fctg\/wp-content\/uploads\/sites\/36\/2025\/05\/dcade231-5806-4eef-b96f-013463c27239-e1746125652467.jpg\"><img loading=\"lazy\" decoding=\"async\" aria-describedby=\"caption-attachment-3156\" class=\"wp-image-3156\" src=\"https:\/\/blog.ube.fr\/m2fctg\/wp-content\/uploads\/sites\/36\/2025\/05\/dcade231-5806-4eef-b96f-013463c27239-e1746125652467.jpg\" alt=\"\" width=\"337\" height=\"530\" \/><\/a><\/p>\n<p id=\"caption-attachment-3156\" class=\"wp-caption-text\"><strong>Victoria DELGADO VORIANDRO<\/strong> &#8211; Alternante en contr\u00f4le interne financier &#8211; Pr\u00e9fecture de Police (Paris)<\/p>\n<\/div>\n<p>&nbsp;<\/p>\n<div id=\"attachment_3152\" style=\"width: 335px\" class=\"wp-caption aligncenter\"><a href=\"https:\/\/blog.ube.fr\/m2fctg\/wp-content\/uploads\/sites\/36\/2025\/05\/3bdc0573-8da4-4543-a60e-86697fdf0a5d.jpg\"><img loading=\"lazy\" decoding=\"async\" aria-describedby=\"caption-attachment-3152\" class=\"wp-image-3152 \" src=\"https:\/\/blog.ube.fr\/m2fctg\/wp-content\/uploads\/sites\/36\/2025\/05\/3bdc0573-8da4-4543-a60e-86697fdf0a5d.jpg\" alt=\"\" width=\"325\" height=\"577\" srcset=\"https:\/\/blog.ube.fr\/m2fctg\/wp-content\/uploads\/sites\/36\/2025\/05\/3bdc0573-8da4-4543-a60e-86697fdf0a5d.jpg 900w, https:\/\/blog.ube.fr\/m2fctg\/wp-content\/uploads\/sites\/36\/2025\/05\/3bdc0573-8da4-4543-a60e-86697fdf0a5d-768x1365.jpg 768w, https:\/\/blog.ube.fr\/m2fctg\/wp-content\/uploads\/sites\/36\/2025\/05\/3bdc0573-8da4-4543-a60e-86697fdf0a5d-864x1536.jpg 864w\" sizes=\"auto, (max-width: 325px) 100vw, 325px\" \/><\/a><\/p>\n<p id=\"caption-attachment-3152\" class=\"wp-caption-text\"><strong>Oulaya DJANFFAR<\/strong> &#8211; Analyste Risques de Cr\u00e9dit Secteur Public Local &#8211; La banque Postale de Paris<\/p>\n<\/div>\n<p>&nbsp;<\/p>\n<div id=\"attachment_3147\" style=\"width: 326px\" class=\"wp-caption aligncenter\"><a href=\"https:\/\/blog.ube.fr\/m2fctg\/wp-content\/uploads\/sites\/36\/2025\/05\/49120afc-a20c-4da6-901a-6874f5d8db12.jpg\"><img loading=\"lazy\" decoding=\"async\" aria-describedby=\"caption-attachment-3147\" class=\"wp-image-3147 \" src=\"https:\/\/blog.ube.fr\/m2fctg\/wp-content\/uploads\/sites\/36\/2025\/05\/49120afc-a20c-4da6-901a-6874f5d8db12.jpg\" alt=\"\" width=\"316\" height=\"465\" \/><\/a><\/p>\n<p id=\"caption-attachment-3147\" class=\"wp-caption-text\"><strong>Jean-baptiste DU TEILHET DE LAMOTHE &#8211;<\/strong>Charg\u00e9 du contr\u00f4le budg\u00e9taire et des dotations de l&#8217;\u00c9tat &#8211; Pr\u00e9fecture de L&#8217;Is\u00e8re &#8211; Direction des relations avec les collectivit\u00e9s \/ Bureau du conseil et contr\u00f4le budg\u00e9taire<\/p>\n<\/div>\n<p>&nbsp;<\/p>\n<div id=\"attachment_3149\" style=\"width: 332px\" class=\"wp-caption aligncenter\"><a href=\"https:\/\/blog.ube.fr\/m2fctg\/wp-content\/uploads\/sites\/36\/2025\/05\/68229e66-644c-48c9-b765-7a5749a45abe.jpg\"><img loading=\"lazy\" decoding=\"async\" aria-describedby=\"caption-attachment-3149\" class=\"wp-image-3149 \" src=\"https:\/\/blog.ube.fr\/m2fctg\/wp-content\/uploads\/sites\/36\/2025\/05\/68229e66-644c-48c9-b765-7a5749a45abe.jpg\" alt=\"\" width=\"322\" height=\"322\" srcset=\"https:\/\/blog.ube.fr\/m2fctg\/wp-content\/uploads\/sites\/36\/2025\/05\/68229e66-644c-48c9-b765-7a5749a45abe.jpg 1600w, https:\/\/blog.ube.fr\/m2fctg\/wp-content\/uploads\/sites\/36\/2025\/05\/68229e66-644c-48c9-b765-7a5749a45abe-150x150.jpg 150w, https:\/\/blog.ube.fr\/m2fctg\/wp-content\/uploads\/sites\/36\/2025\/05\/68229e66-644c-48c9-b765-7a5749a45abe-768x768.jpg 768w, https:\/\/blog.ube.fr\/m2fctg\/wp-content\/uploads\/sites\/36\/2025\/05\/68229e66-644c-48c9-b765-7a5749a45abe-1536x1536.jpg 1536w\" sizes=\"auto, (max-width: 322px) 100vw, 322px\" \/><\/a><\/p>\n<p id=\"caption-attachment-3149\" class=\"wp-caption-text\"><strong>Charles FORJOT &#8211; <\/strong>Agent de la Direction G\u00e9n\u00e9rale des Finances Publiques &#8211; Paierie d\u00e9partementale de la C\u00f4te-d&#8217;Or<\/p>\n<\/div>\n<p>&nbsp;<\/p>\n<div id=\"attachment_3177\" style=\"width: 339px\" class=\"wp-caption aligncenter\"><a href=\"https:\/\/blog.ube.fr\/m2fctg\/wp-content\/uploads\/sites\/36\/2025\/05\/Estelle.jpg\"><img loading=\"lazy\" decoding=\"async\" aria-describedby=\"caption-attachment-3177\" class=\"wp-image-3177\" src=\"https:\/\/blog.ube.fr\/m2fctg\/wp-content\/uploads\/sites\/36\/2025\/05\/Estelle.jpg\" alt=\"\" width=\"329\" height=\"399\" srcset=\"https:\/\/blog.ube.fr\/m2fctg\/wp-content\/uploads\/sites\/36\/2025\/05\/Estelle.jpg 1322w, https:\/\/blog.ube.fr\/m2fctg\/wp-content\/uploads\/sites\/36\/2025\/05\/Estelle-768x930.jpg 768w, https:\/\/blog.ube.fr\/m2fctg\/wp-content\/uploads\/sites\/36\/2025\/05\/Estelle-1269x1536.jpg 1269w\" sizes=\"auto, (max-width: 329px) 100vw, 329px\" \/><\/a><\/p>\n<p id=\"caption-attachment-3177\" class=\"wp-caption-text\"><strong>Estelle KUNTZ<\/strong> &#8211; Alternante P\u00f4le Proc\u00e9dures collectives P\u00f4le de recouvrement sp\u00e9cialis\u00e9\u00a0(DGFiP)<\/p>\n<\/div>\n<p>&nbsp;<\/p>\n<div id=\"attachment_3155\" style=\"width: 345px\" class=\"wp-caption aligncenter\"><a href=\"https:\/\/blog.ube.fr\/m2fctg\/wp-content\/uploads\/sites\/36\/2025\/05\/D2715A77-6D7B-4D1F-8A91-0184C952C4CD.jpg\"><img loading=\"lazy\" decoding=\"async\" aria-describedby=\"caption-attachment-3155\" class=\"wp-image-3155\" src=\"https:\/\/blog.ube.fr\/m2fctg\/wp-content\/uploads\/sites\/36\/2025\/05\/D2715A77-6D7B-4D1F-8A91-0184C952C4CD.jpg\" alt=\"\" width=\"335\" height=\"446\" srcset=\"https:\/\/blog.ube.fr\/m2fctg\/wp-content\/uploads\/sites\/36\/2025\/05\/D2715A77-6D7B-4D1F-8A91-0184C952C4CD.jpg 843w, https:\/\/blog.ube.fr\/m2fctg\/wp-content\/uploads\/sites\/36\/2025\/05\/D2715A77-6D7B-4D1F-8A91-0184C952C4CD-768x1023.jpg 768w\" sizes=\"auto, (max-width: 335px) 100vw, 335px\" \/><\/a><\/p>\n<p id=\"caption-attachment-3155\" class=\"wp-caption-text\"><strong>Cl\u00e9ment MALLET &#8211;<\/strong>\u00a0Apprenti Consultant en Finances Locales &#8211; Finance Active (Lyon)<\/p>\n<\/div>\n<p>&nbsp;<\/p>\n<div id=\"attachment_3159\" style=\"width: 369px\" class=\"wp-caption aligncenter\"><a href=\"https:\/\/blog.ube.fr\/m2fctg\/wp-content\/uploads\/sites\/36\/2025\/05\/IMG_3068.png\"><img loading=\"lazy\" decoding=\"async\" aria-describedby=\"caption-attachment-3159\" class=\"wp-image-3159 \" src=\"https:\/\/blog.ube.fr\/m2fctg\/wp-content\/uploads\/sites\/36\/2025\/05\/IMG_3068.png\" alt=\"\" width=\"359\" height=\"268\" \/><\/a><\/p>\n<p id=\"caption-attachment-3159\" class=\"wp-caption-text\"><strong>Maxime MAUMY &#8211;<\/strong> Apprenti P\u00f4le finances locales (Bureau des Collectivit\u00e9s Locales) &#8211; Pr\u00e9fecture de C\u00f4te d&#8217;Or<\/p>\n<\/div>\n<p>&nbsp;<\/p>\n<div id=\"attachment_3150\" style=\"width: 380px\" class=\"wp-caption aligncenter\"><a href=\"https:\/\/blog.ube.fr\/m2fctg\/wp-content\/uploads\/sites\/36\/2025\/05\/753776d1-bf6c-40eb-9919-7366feaf604e.jpg\"><img loading=\"lazy\" decoding=\"async\" aria-describedby=\"caption-attachment-3150\" class=\"wp-image-3150 \" src=\"https:\/\/blog.ube.fr\/m2fctg\/wp-content\/uploads\/sites\/36\/2025\/05\/753776d1-bf6c-40eb-9919-7366feaf604e.jpg\" alt=\"\" width=\"370\" height=\"390\" srcset=\"https:\/\/blog.ube.fr\/m2fctg\/wp-content\/uploads\/sites\/36\/2025\/05\/753776d1-bf6c-40eb-9919-7366feaf604e.jpg 1231w, https:\/\/blog.ube.fr\/m2fctg\/wp-content\/uploads\/sites\/36\/2025\/05\/753776d1-bf6c-40eb-9919-7366feaf604e-768x809.jpg 768w\" sizes=\"auto, (max-width: 370px) 100vw, 370px\" \/><\/a><\/p>\n<p id=\"caption-attachment-3150\" class=\"wp-caption-text\"><strong>Chlo\u00e9 MONTANER &#8211; <\/strong>Aide aux CDL et aux contr\u00f4leurs des finances publiques &#8211; Service de Gestion Comptable Dijon m\u00e9tropole (DGFiP)<\/p>\n<\/div>\n<p>&nbsp;<\/p>\n<div id=\"attachment_3166\" style=\"width: 387px\" class=\"wp-caption aligncenter\"><a href=\"https:\/\/blog.ube.fr\/m2fctg\/wp-content\/uploads\/sites\/36\/2025\/05\/Hananne-M-scaled.jpeg\"><img loading=\"lazy\" decoding=\"async\" aria-describedby=\"caption-attachment-3166\" class=\"wp-image-3166\" src=\"https:\/\/blog.ube.fr\/m2fctg\/wp-content\/uploads\/sites\/36\/2025\/05\/Hananne-M-scaled.jpeg\" alt=\"\" width=\"377\" height=\"422\" srcset=\"https:\/\/blog.ube.fr\/m2fctg\/wp-content\/uploads\/sites\/36\/2025\/05\/Hananne-M-scaled.jpeg 2286w, https:\/\/blog.ube.fr\/m2fctg\/wp-content\/uploads\/sites\/36\/2025\/05\/Hananne-M-768x860.jpeg 768w, https:\/\/blog.ube.fr\/m2fctg\/wp-content\/uploads\/sites\/36\/2025\/05\/Hananne-M-1371x1536.jpeg 1371w, https:\/\/blog.ube.fr\/m2fctg\/wp-content\/uploads\/sites\/36\/2025\/05\/Hananne-M-1829x2048.jpeg 1829w\" sizes=\"auto, (max-width: 377px) 100vw, 377px\" \/><\/a><\/p>\n<p id=\"caption-attachment-3166\" class=\"wp-caption-text\"><strong>Hananne MZAITI &#8211; <\/strong>Alternante en charge des finances \u00e0 la Communaut\u00e9 de communes des Vall\u00e9es de la Tille et de l&#8217;Ignon (COVATI)<\/p>\n<\/div>\n<p>&nbsp;<\/p>\n<div id=\"attachment_3161\" style=\"width: 365px\" class=\"wp-caption aligncenter\"><a href=\"https:\/\/blog.ube.fr\/m2fctg\/wp-content\/uploads\/sites\/36\/2025\/05\/Leo.jpg\"><img loading=\"lazy\" decoding=\"async\" aria-describedby=\"caption-attachment-3161\" class=\"wp-image-3161 \" src=\"https:\/\/blog.ube.fr\/m2fctg\/wp-content\/uploads\/sites\/36\/2025\/05\/Leo.jpg\" alt=\"\" width=\"355\" height=\"417\" \/><\/a><\/p>\n<p id=\"caption-attachment-3161\" class=\"wp-caption-text\"><strong>L\u00e9o SENELE &#8211; <\/strong>Stagiaire aupr\u00e8s de la responsable de centre pr\u00e9paration du budget &#8211; Direction g\u00e9n\u00e9rale des finances et de la commande publique (Service programmation et pr\u00e9paration budg\u00e9taire)<\/p>\n<\/div>\n<p>&nbsp;<\/p>\n<p>&nbsp;<\/p>\n<div id=\"attachment_3151\" style=\"width: 367px\" class=\"wp-caption aligncenter\"><a href=\"https:\/\/blog.ube.fr\/m2fctg\/wp-content\/uploads\/sites\/36\/2025\/05\/C5EC2D0C-33CC-465B-B879-0DCD79C8E709.jpg\"><img loading=\"lazy\" decoding=\"async\" aria-describedby=\"caption-attachment-3151\" class=\"wp-image-3151\" src=\"https:\/\/blog.ube.fr\/m2fctg\/wp-content\/uploads\/sites\/36\/2025\/05\/C5EC2D0C-33CC-465B-B879-0DCD79C8E709.jpg\" alt=\"\" width=\"357\" height=\"446\" srcset=\"https:\/\/blog.ube.fr\/m2fctg\/wp-content\/uploads\/sites\/36\/2025\/05\/C5EC2D0C-33CC-465B-B879-0DCD79C8E709.jpg 1440w, https:\/\/blog.ube.fr\/m2fctg\/wp-content\/uploads\/sites\/36\/2025\/05\/C5EC2D0C-33CC-465B-B879-0DCD79C8E709-768x960.jpg 768w, https:\/\/blog.ube.fr\/m2fctg\/wp-content\/uploads\/sites\/36\/2025\/05\/C5EC2D0C-33CC-465B-B879-0DCD79C8E709-1229x1536.jpg 1229w\" sizes=\"auto, (max-width: 357px) 100vw, 357px\" \/><\/a><\/p>\n<p id=\"caption-attachment-3151\" class=\"wp-caption-text\"><strong>Alexandre VAVON &#8211; <\/strong>Apprenti Consultant &#8211; Cabinet Orf\u00e9or (Dijon &#8211; Paris)<\/p>\n<\/div>\n<p>&nbsp;<\/p>\n<div id=\"attachment_3154\" style=\"width: 374px\" class=\"wp-caption aligncenter\"><a href=\"https:\/\/blog.ube.fr\/m2fctg\/wp-content\/uploads\/sites\/36\/2025\/05\/38EA4DAE-B98B-4613-87B7-752C147E9314.jpg\"><img loading=\"lazy\" decoding=\"async\" aria-describedby=\"caption-attachment-3154\" class=\"wp-image-3154 \" src=\"https:\/\/blog.ube.fr\/m2fctg\/wp-content\/uploads\/sites\/36\/2025\/05\/38EA4DAE-B98B-4613-87B7-752C147E9314.jpg\" alt=\"\" width=\"364\" height=\"484\" \/><\/a><\/p>\n<p id=\"caption-attachment-3154\" class=\"wp-caption-text\"><strong>Thomas VIDONNE TISSOT<\/strong> &#8211; Apprenti charg\u00e9 d&#8217;analyse budg\u00e9taire et contr\u00f4le de gestion MOA &#8211; Op\u00e9rateur du patrimoine et des projets immobiliers de la Culture &#8211; Oppic (Paris)<\/p>\n<\/div>\n<p>&nbsp;<\/p>\n<div id=\"attachment_3162\" style=\"width: 340px\" class=\"wp-caption aligncenter\"><img loading=\"lazy\" decoding=\"async\" aria-describedby=\"caption-attachment-3162\" class=\"wp-image-3162 \" src=\"https:\/\/blog.ube.fr\/m2fctg\/wp-content\/uploads\/sites\/36\/2025\/05\/Ouirdani.jpg\" alt=\"\" width=\"330\" height=\"406\" \/><\/p>\n<p id=\"caption-attachment-3162\" class=\"wp-caption-text\"><strong>Ouirdani VITA<\/strong> &#8211; Directeur des finances &#8211; Conseil D\u00e9partemental de Mayotte<\/p>\n<\/div>\n<p>&nbsp;<\/p>\n<p>&nbsp;<\/p>\n<h1 style=\"text-align: center;\">Ev\u00e8nements et sorties<\/h1>\n<p>&nbsp;<\/p>\n<h4 style=\"text-align: center;\">Burger, frites et nouveaux visages<\/h4>\n<div id=\"attachment_3168\" style=\"width: 836px\" class=\"wp-caption aligncenter\"><a href=\"https:\/\/blog.ube.fr\/m2fctg\/wp-content\/uploads\/sites\/36\/2025\/05\/American-way-scaled.jpeg\"><img loading=\"lazy\" decoding=\"async\" aria-describedby=\"caption-attachment-3168\" class=\"wp-image-3168\" src=\"https:\/\/blog.ube.fr\/m2fctg\/wp-content\/uploads\/sites\/36\/2025\/05\/American-way-scaled.jpeg\" alt=\"\" width=\"826\" height=\"826\" srcset=\"https:\/\/blog.ube.fr\/m2fctg\/wp-content\/uploads\/sites\/36\/2025\/05\/American-way-scaled.jpeg 2560w, https:\/\/blog.ube.fr\/m2fctg\/wp-content\/uploads\/sites\/36\/2025\/05\/American-way-150x150.jpeg 150w, https:\/\/blog.ube.fr\/m2fctg\/wp-content\/uploads\/sites\/36\/2025\/05\/American-way-768x768.jpeg 768w, https:\/\/blog.ube.fr\/m2fctg\/wp-content\/uploads\/sites\/36\/2025\/05\/American-way-1536x1536.jpeg 1536w, https:\/\/blog.ube.fr\/m2fctg\/wp-content\/uploads\/sites\/36\/2025\/05\/American-way-2048x2048.jpeg 2048w\" sizes=\"auto, (max-width: 826px) 100vw, 826px\" \/><\/a><\/p>\n<p id=\"caption-attachment-3168\" class=\"wp-caption-text\">Premi\u00e8re rencontre pour les \u00e9tudiants du Master 2 FCTG autour d\u2019un bon repas \u00e0 American Way. L\u2019occasion de briser la glace, entre burgers, rires et premi\u00e8res discussions sur l\u2019ann\u00e9e \u00e0 venir.<\/p>\n<\/div>\n<p>&nbsp;<\/p>\n<h4 style=\"text-align: center;\">Moment d\u00e9tente avant la photo de la promo<\/h4>\n<div id=\"attachment_3169\" style=\"width: 836px\" class=\"wp-caption aligncenter\"><a href=\"https:\/\/blog.ube.fr\/m2fctg\/wp-content\/uploads\/sites\/36\/2025\/05\/photos-promo-scaled.jpeg\"><img loading=\"lazy\" decoding=\"async\" aria-describedby=\"caption-attachment-3169\" class=\"wp-image-3169 \" src=\"https:\/\/blog.ube.fr\/m2fctg\/wp-content\/uploads\/sites\/36\/2025\/05\/photos-promo-scaled.jpeg\" alt=\"\" width=\"826\" height=\"619\" srcset=\"https:\/\/blog.ube.fr\/m2fctg\/wp-content\/uploads\/sites\/36\/2025\/05\/photos-promo-scaled.jpeg 2560w, https:\/\/blog.ube.fr\/m2fctg\/wp-content\/uploads\/sites\/36\/2025\/05\/photos-promo-768x576.jpeg 768w, https:\/\/blog.ube.fr\/m2fctg\/wp-content\/uploads\/sites\/36\/2025\/05\/photos-promo-1536x1152.jpeg 1536w, https:\/\/blog.ube.fr\/m2fctg\/wp-content\/uploads\/sites\/36\/2025\/05\/photos-promo-2048x1536.jpeg 2048w\" sizes=\"auto, (max-width: 826px) 100vw, 826px\" \/><\/a><\/p>\n<p id=\"caption-attachment-3169\" class=\"wp-caption-text\">Les \u00e9tudiants du Master 2 FCTG se pr\u00e9parent \u00e0 prendre la tant attendue photo de promotion.<\/p>\n<\/div>\n<p>&nbsp;<\/p>\n<h4 style=\"text-align: center;\">Repas de No\u00ebl : l\u2019occasion r\u00eav\u00e9e pour briller&#8230; en photo !<\/h4>\n<div id=\"attachment_3170\" style=\"width: 842px\" class=\"wp-caption aligncenter\"><a href=\"https:\/\/blog.ube.fr\/m2fctg\/wp-content\/uploads\/sites\/36\/2025\/05\/Noel-scaled.jpeg\"><img loading=\"lazy\" decoding=\"async\" aria-describedby=\"caption-attachment-3170\" class=\"wp-image-3170 \" src=\"https:\/\/blog.ube.fr\/m2fctg\/wp-content\/uploads\/sites\/36\/2025\/05\/Noel-scaled.jpeg\" alt=\"\" width=\"832\" height=\"832\" srcset=\"https:\/\/blog.ube.fr\/m2fctg\/wp-content\/uploads\/sites\/36\/2025\/05\/Noel-scaled.jpeg 2560w, https:\/\/blog.ube.fr\/m2fctg\/wp-content\/uploads\/sites\/36\/2025\/05\/Noel-150x150.jpeg 150w, https:\/\/blog.ube.fr\/m2fctg\/wp-content\/uploads\/sites\/36\/2025\/05\/Noel-768x768.jpeg 768w, https:\/\/blog.ube.fr\/m2fctg\/wp-content\/uploads\/sites\/36\/2025\/05\/Noel-1536x1536.jpeg 1536w, https:\/\/blog.ube.fr\/m2fctg\/wp-content\/uploads\/sites\/36\/2025\/05\/Noel-2048x2048.jpeg 2048w\" sizes=\"auto, (max-width: 832px) 100vw, 832px\" \/><\/a><\/p>\n<p id=\"caption-attachment-3170\" class=\"wp-caption-text\">Retour en images sur notre repas de No\u00ebl entre \u00e9tudiants du Master : un moment festif plac\u00e9 sous le signe du partage, des rires et de la bonne humeur. Une belle occasion de c\u00e9l\u00e9brer ensemble la fin d\u2019ann\u00e9e autour de bons plats et d\u2019une ambiance chaleureuse !<\/p>\n<\/div>\n<p>&nbsp;<\/p>\n<h4 style=\"text-align: center;\">Qui aura la f\u00e8ve ?<\/h4>\n<div id=\"attachment_3171\" style=\"width: 851px\" class=\"wp-caption aligncenter\"><a href=\"https:\/\/blog.ube.fr\/m2fctg\/wp-content\/uploads\/sites\/36\/2025\/05\/Galette-scaled.jpeg\"><img loading=\"lazy\" decoding=\"async\" aria-describedby=\"caption-attachment-3171\" class=\"wp-image-3171 \" src=\"https:\/\/blog.ube.fr\/m2fctg\/wp-content\/uploads\/sites\/36\/2025\/05\/Galette-scaled.jpeg\" alt=\"\" width=\"841\" height=\"841\" srcset=\"https:\/\/blog.ube.fr\/m2fctg\/wp-content\/uploads\/sites\/36\/2025\/05\/Galette-scaled.jpeg 2560w, https:\/\/blog.ube.fr\/m2fctg\/wp-content\/uploads\/sites\/36\/2025\/05\/Galette-150x150.jpeg 150w, https:\/\/blog.ube.fr\/m2fctg\/wp-content\/uploads\/sites\/36\/2025\/05\/Galette-768x768.jpeg 768w, https:\/\/blog.ube.fr\/m2fctg\/wp-content\/uploads\/sites\/36\/2025\/05\/Galette-1536x1536.jpeg 1536w, https:\/\/blog.ube.fr\/m2fctg\/wp-content\/uploads\/sites\/36\/2025\/05\/Galette-2048x2048.jpeg 2048w\" sizes=\"auto, (max-width: 841px) 100vw, 841px\" \/><\/a><\/p>\n<p id=\"caption-attachment-3171\" class=\"wp-caption-text\">Souvenir d\u2019une journ\u00e9e gourmande et chaleureuse entre \u00e9tudiants du Master 2 FCTG : partage de la galette des rois, rires, discussions anim\u00e9es et couronnement symbolique des rois et reines du jour.<\/p>\n<\/div>\n<p>&nbsp;<\/p>\n<h4 style=\"text-align: center;\">Apr\u00e8s l&#8217;effort le r\u00e9confort<\/h4>\n<div id=\"attachment_3172\" style=\"width: 852px\" class=\"wp-caption aligncenter\"><a href=\"https:\/\/blog.ube.fr\/m2fctg\/wp-content\/uploads\/sites\/36\/2025\/05\/Sortie-journee-de-la-ruralite-scaled.jpeg\"><img loading=\"lazy\" decoding=\"async\" aria-describedby=\"caption-attachment-3172\" class=\"wp-image-3172\" src=\"https:\/\/blog.ube.fr\/m2fctg\/wp-content\/uploads\/sites\/36\/2025\/05\/Sortie-journee-de-la-ruralite-scaled.jpeg\" alt=\"\" width=\"842\" height=\"842\" srcset=\"https:\/\/blog.ube.fr\/m2fctg\/wp-content\/uploads\/sites\/36\/2025\/05\/Sortie-journee-de-la-ruralite-scaled.jpeg 2560w, https:\/\/blog.ube.fr\/m2fctg\/wp-content\/uploads\/sites\/36\/2025\/05\/Sortie-journee-de-la-ruralite-150x150.jpeg 150w, https:\/\/blog.ube.fr\/m2fctg\/wp-content\/uploads\/sites\/36\/2025\/05\/Sortie-journee-de-la-ruralite-768x768.jpeg 768w, https:\/\/blog.ube.fr\/m2fctg\/wp-content\/uploads\/sites\/36\/2025\/05\/Sortie-journee-de-la-ruralite-1536x1536.jpeg 1536w, https:\/\/blog.ube.fr\/m2fctg\/wp-content\/uploads\/sites\/36\/2025\/05\/Sortie-journee-de-la-ruralite-2048x2048.jpeg 2048w\" sizes=\"auto, (max-width: 842px) 100vw, 842px\" \/><\/a><\/p>\n<p id=\"caption-attachment-3172\" class=\"wp-caption-text\">La journ\u00e9e de la ruralit\u00e9 se termine par un moment convivial autour d\u2019un verre partag\u00e9 entre \u00e9tudiants.<\/p>\n<\/div>\n<p>&nbsp;<\/p>\n<h4 style=\"text-align: center;\">Derni\u00e8re soir\u00e9e au Gril&#8217;Laure<\/h4>\n<h4 style=\"text-align: center;\"><\/h4>\n<div id=\"attachment_3167\" style=\"width: 853px\" class=\"wp-caption aligncenter\"><a href=\"https:\/\/blog.ube.fr\/m2fctg\/wp-content\/uploads\/sites\/36\/2025\/05\/Grillaure-scaled.jpeg\"><img loading=\"lazy\" decoding=\"async\" aria-describedby=\"caption-attachment-3167\" class=\"wp-image-3167\" src=\"https:\/\/blog.ube.fr\/m2fctg\/wp-content\/uploads\/sites\/36\/2025\/05\/Grillaure-scaled.jpeg\" alt=\"\" width=\"843\" height=\"843\" srcset=\"https:\/\/blog.ube.fr\/m2fctg\/wp-content\/uploads\/sites\/36\/2025\/05\/Grillaure-scaled.jpeg 2560w, https:\/\/blog.ube.fr\/m2fctg\/wp-content\/uploads\/sites\/36\/2025\/05\/Grillaure-150x150.jpeg 150w, https:\/\/blog.ube.fr\/m2fctg\/wp-content\/uploads\/sites\/36\/2025\/05\/Grillaure-768x768.jpeg 768w, https:\/\/blog.ube.fr\/m2fctg\/wp-content\/uploads\/sites\/36\/2025\/05\/Grillaure-1536x1536.jpeg 1536w, https:\/\/blog.ube.fr\/m2fctg\/wp-content\/uploads\/sites\/36\/2025\/05\/Grillaure-2048x2048.jpeg 2048w\" sizes=\"auto, (max-width: 843px) 100vw, 843px\" \/><\/a><\/p>\n<p id=\"caption-attachment-3167\" class=\"wp-caption-text\">Invit\u00e9s par le directeur du Master, Patrice Raymond, les \u00e9tudiants du Master 2 FCTG se retrouvent une derni\u00e8re fois autour d\u2019un d\u00eener au Gril&#8217;Laure. Les cours sont derri\u00e8re eux, et c\u2019est avec \u00e9motion qu\u2019ils partagent souvenirs et rires avec certains enseignants.<\/p>\n<\/div>\n<h4><\/h4>\n<h4><\/h4>\n<p>&nbsp;<\/p>\n<p>&nbsp;<\/p>\n<p>&nbsp;<\/p>\n<p>&nbsp;<\/p>\n<h4 style=\"text-align: center;\">Petit mot de la fin&#8230;<\/h4>\n<p>Cette ann\u00e9e pass\u00e9e au sein du Master 2 Finances des Collectivit\u00e9s Territoriales et des Groupements restera grav\u00e9e dans nos m\u00e9moires. Nous avons eu la chance de faire partie d\u2019une promotion bienveillante, solidaire, o\u00f9 chacun a pu \u00e9voluer \u00e0 son rythme, avec ses forces, ses doutes, mais toujours accompagn\u00e9.<\/p>\n<p>Au fil des mois, des liens se sont tiss\u00e9s, des rires ont r\u00e9sonn\u00e9 dans les couloirs et plus particuli\u00e8rement au sein de notre ch\u00e8re salle R52. Nous n\u2019oublierons pas la machine \u00e0 caf\u00e9, membre \u00e0 part enti\u00e8re de notre promotion, qui est devenue le th\u00e9\u00e2tre de bien des anecdotes.<\/p>\n<p>Ces moments partag\u00e9s, ces soutiens discrets ou bruyants, ces \u00e9changes enrichissants resteront parmi les souvenirs les plus pr\u00e9cieux de notre parcours universitaire.<\/p>\n<p>Nous tenons \u00e0 remercier chaleureusement l\u2019ensemble de nos camarades, pour leur pr\u00e9sence, leur \u00e9nergie et leur humanit\u00e9. Merci \u00e9galement \u00e0 l\u2019ensemble de nos professeurs, dont l\u2019engagement, la bienveillance et la rigueur ont jalonn\u00e9 notre parcours. Leurs enseignements, leurs conseils et leur disponibilit\u00e9 ont largement contribu\u00e9 \u00e0 faire de cette ann\u00e9e une exp\u00e9rience aussi riche qu\u2019exigeante. Sans oublier, Monsieur Patrice Raymond, directeur du master, pour son engagement et sa confiance, sans qui cette aventure n\u2019aurait pas eu la m\u00eame saveur.<\/p>\n<p>\u00c0 la future promotion, nous souhaitons le meilleur. Que cette ann\u00e9e vous apporte autant qu\u2019elle nous a apport\u00e9. Profitez, apprenez, et surtout, soutenez-vous. Vous verrez : c\u2019est l\u00e0 que r\u00e9side toute la richesse de cette formation.<\/p>\n<p>Avec toute notre reconnaissance,<\/p>\n<p>La promotion 2024-2025<\/p>\n<div class=\"mceTemp\"><\/div>\n<div class=\"mceTemp\"><\/div>\n<h4 style=\"text-align: center;\"><\/h4>\n<div class=\"mceTemp\"><\/div>\n<p>&nbsp;<\/p>\n","protected":false},"excerpt":{"rendered":"<p>&nbsp; Pr\u00e9sentation de la promotion 2024-2025 &nbsp; &nbsp; &nbsp; &nbsp; &nbsp; &nbsp; &nbsp; &nbsp; &nbsp; &nbsp; &nbsp; &nbsp; &nbsp; &nbsp; &nbsp; &nbsp; &nbsp; &nbsp; &nbsp; &nbsp; &nbsp; &nbsp; Ev\u00e8nements et sorties &nbsp; Burger, frites et nouveaux visages &nbsp; Moment d\u00e9tente avant la photo de la promo &nbsp; Repas de No\u00ebl : l\u2019occasion r\u00eav\u00e9e pour briller&#8230;<\/p>\n<p><a class=\"button\" href=\"https:\/\/blog.ube.fr\/m2fctg\/promotion-2024-2025\/\" title=\"More\">  Voir plus \u2192<\/a><\/p>\n","protected":false},"author":7553,"featured_media":0,"parent":0,"menu_order":0,"comment_status":"closed","ping_status":"closed","template":"","meta":{"footnotes":""},"class_list":["post-3098","page","type-page","status-publish","hentry"],"_links":{"self":[{"href":"https:\/\/blog.ube.fr\/m2fctg\/wp-json\/wp\/v2\/pages\/3098","targetHints":{"allow":["GET"]}}],"collection":[{"href":"https:\/\/blog.ube.fr\/m2fctg\/wp-json\/wp\/v2\/pages"}],"about":[{"href":"https:\/\/blog.ube.fr\/m2fctg\/wp-json\/wp\/v2\/types\/page"}],"author":[{"embeddable":true,"href":"https:\/\/blog.ube.fr\/m2fctg\/wp-json\/wp\/v2\/users\/7553"}],"replies":[{"embeddable":true,"href":"https:\/\/blog.ube.fr\/m2fctg\/wp-json\/wp\/v2\/comments?post=3098"}],"version-history":[{"count":11,"href":"https:\/\/blog.ube.fr\/m2fctg\/wp-json\/wp\/v2\/pages\/3098\/revisions"}],"predecessor-version":[{"id":3186,"href":"https:\/\/blog.ube.fr\/m2fctg\/wp-json\/wp\/v2\/pages\/3098\/revisions\/3186"}],"wp:attachment":[{"href":"https:\/\/blog.ube.fr\/m2fctg\/wp-json\/wp\/v2\/media?parent=3098"}],"curies":[{"name":"wp","href":"https:\/\/api.w.org\/{rel}","templated":true}]}}