{"id":2352,"date":"2022-01-08T20:35:55","date_gmt":"2022-01-08T19:35:55","guid":{"rendered":"https:\/\/blog.u-bourgogne.fr\/m2fctg\/?page_id=2352"},"modified":"2022-10-18T14:54:13","modified_gmt":"2022-10-18T13:54:13","slug":"archives-promotion-2021-2022-ficoteg","status":"publish","type":"page","link":"https:\/\/blog.ube.fr\/m2fctg\/archives-promotion-2021-2022-ficoteg\/","title":{"rendered":"Promotion 2021 &#8211; 2022"},"content":{"rendered":"<p>&nbsp;<\/p>\n<p>&nbsp;<\/p>\n<p style=\"text-align: center;\"><strong><span style=\"text-decoration: underline;\">Repas \u00e0 l&#8217;Epicerie<\/span><\/strong><\/p>\n<div id=\"attachment_2494\" style=\"width: 547px\" class=\"wp-caption aligncenter\"><img loading=\"lazy\" decoding=\"async\" aria-describedby=\"caption-attachment-2494\" class=\"wp-image-2494\" src=\"https:\/\/blog.ube.fr\/m2fctg\/wp-content\/uploads\/sites\/36\/2022\/08\/WhatsApp-Image-2022-05-31-at-18.31.04-3.jpeg\" alt=\"Repas \u00e0 l'Epicerie\" width=\"537\" height=\"403\" srcset=\"https:\/\/blog.ube.fr\/m2fctg\/wp-content\/uploads\/sites\/36\/2022\/08\/WhatsApp-Image-2022-05-31-at-18.31.04-3.jpeg 1600w, https:\/\/blog.ube.fr\/m2fctg\/wp-content\/uploads\/sites\/36\/2022\/08\/WhatsApp-Image-2022-05-31-at-18.31.04-3-768x576.jpeg 768w, https:\/\/blog.ube.fr\/m2fctg\/wp-content\/uploads\/sites\/36\/2022\/08\/WhatsApp-Image-2022-05-31-at-18.31.04-3-1536x1152.jpeg 1536w\" sizes=\"auto, (max-width: 537px) 100vw, 537px\" \/><\/p>\n<p id=\"caption-attachment-2494\" class=\"wp-caption-text\">Apr\u00e8s 1 mois de s\u00e9paration, il est temps pour la promo accompagn\u00e9 de M.Raymond de se retrouver lors d&#8217;un repas le 21 mai 2022<\/p>\n<\/div>\n<p>&nbsp;<\/p>\n<p>&nbsp;<\/p>\n<p>&nbsp;<\/p>\n<p style=\"text-align: center;\"><strong><span style=\"text-decoration: underline;\">Soir\u00e9e de cl\u00f4ture au Start-In<\/span><\/strong><\/p>\n<div id=\"attachment_2497\" style=\"width: 416px\" class=\"wp-caption aligncenter\"><img loading=\"lazy\" decoding=\"async\" aria-describedby=\"caption-attachment-2497\" class=\"wp-image-2497\" src=\"https:\/\/blog.ube.fr\/m2fctg\/wp-content\/uploads\/sites\/36\/2022\/08\/WhatsApp-Image-2022-05-31-at-18.31.04.jpeg\" alt=\"\" width=\"406\" height=\"542\" srcset=\"https:\/\/blog.ube.fr\/m2fctg\/wp-content\/uploads\/sites\/36\/2022\/08\/WhatsApp-Image-2022-05-31-at-18.31.04.jpeg 1200w, https:\/\/blog.ube.fr\/m2fctg\/wp-content\/uploads\/sites\/36\/2022\/08\/WhatsApp-Image-2022-05-31-at-18.31.04-768x1024.jpeg 768w, https:\/\/blog.ube.fr\/m2fctg\/wp-content\/uploads\/sites\/36\/2022\/08\/WhatsApp-Image-2022-05-31-at-18.31.04-1152x1536.jpeg 1152w\" sizes=\"auto, (max-width: 406px) 100vw, 406px\" \/><\/p>\n<p id=\"caption-attachment-2497\" class=\"wp-caption-text\">Une derni\u00e8re soir\u00e9e tous ensemble le jeudi 14 avril au Start-in avant les tristes s\u00e9parations suite \u00e0 la fin des cours universitaire<\/p>\n<\/div>\n<p>&nbsp;<\/p>\n<p>&nbsp;<\/p>\n<p>&nbsp;<\/p>\n<p>&nbsp;<\/p>\n<p>&nbsp;<\/p>\n<p style=\"text-align: center;\"><strong><span style=\"text-decoration: underline;\">\u00a0Sortie Restaurant apr\u00e8s passage du BEC<\/span><\/strong><\/p>\n<div id=\"attachment_2496\" style=\"width: 546px\" class=\"wp-caption aligncenter\"><a href=\"https:\/\/blog.ube.fr\/m2fctg\/wp-content\/uploads\/sites\/36\/2022\/08\/WhatsApp-Image-2022-05-31-at-18.31.04-1.jpeg\"><img loading=\"lazy\" decoding=\"async\" aria-describedby=\"caption-attachment-2496\" class=\"wp-image-2496\" src=\"https:\/\/blog.ube.fr\/m2fctg\/wp-content\/uploads\/sites\/36\/2022\/08\/WhatsApp-Image-2022-05-31-at-18.31.04-1.jpeg\" alt=\"Test\" width=\"536\" height=\"403\" srcset=\"https:\/\/blog.ube.fr\/m2fctg\/wp-content\/uploads\/sites\/36\/2022\/08\/WhatsApp-Image-2022-05-31-at-18.31.04-1.jpeg 1600w, https:\/\/blog.ube.fr\/m2fctg\/wp-content\/uploads\/sites\/36\/2022\/08\/WhatsApp-Image-2022-05-31-at-18.31.04-1-768x577.jpeg 768w, https:\/\/blog.ube.fr\/m2fctg\/wp-content\/uploads\/sites\/36\/2022\/08\/WhatsApp-Image-2022-05-31-at-18.31.04-1-1536x1154.jpeg 1536w\" sizes=\"auto, (max-width: 536px) 100vw, 536px\" \/><\/a><\/p>\n<p id=\"caption-attachment-2496\" class=\"wp-caption-text\">Rien de tel qu&#8217;un moment de d\u00e9tente apr\u00e8s avoir pass\u00e9 le Cambridge English Business Certificates (BEC) le mercredi 9 mars 2022<\/p>\n<\/div>\n<p>&nbsp;<\/p>\n<p>&nbsp;<\/p>\n<p>&nbsp;<\/p>\n<p>&nbsp;<\/p>\n<p style=\"text-align: center;\"><span style=\"text-decoration: underline;\"><strong>Journ\u00e9e d&#8217;aide \u00e0 l&#8217;\u00e9lu rural (deuxi\u00e8me \u00e9dition)<\/strong><\/span><\/p>\n<div id=\"attachment_2402\" style=\"width: 550px\" class=\"wp-caption aligncenter\"><a href=\"https:\/\/blog.ube.fr\/m2fctg\/wp-content\/uploads\/sites\/36\/2022\/03\/Journee-daide-a-lelu-rural.jpeg\"><img loading=\"lazy\" decoding=\"async\" aria-describedby=\"caption-attachment-2402\" class=\"wp-image-2402\" src=\"https:\/\/blog.ube.fr\/m2fctg\/wp-content\/uploads\/sites\/36\/2022\/03\/Journee-daide-a-lelu-rural.jpeg\" alt=\"\" width=\"540\" height=\"405\" srcset=\"https:\/\/blog.ube.fr\/m2fctg\/wp-content\/uploads\/sites\/36\/2022\/03\/Journee-daide-a-lelu-rural.jpeg 1008w, https:\/\/blog.ube.fr\/m2fctg\/wp-content\/uploads\/sites\/36\/2022\/03\/Journee-daide-a-lelu-rural-768x576.jpeg 768w\" sizes=\"auto, (max-width: 540px) 100vw, 540px\" \/><\/a><\/p>\n<p id=\"caption-attachment-2402\" class=\"wp-caption-text\">Pour la deuxi\u00e8me ann\u00e9e, l&#8217;association FICOTEG a eu le plaisir d&#8217;organier une journ\u00e9e d&#8217;aide \u00e0 l&#8217;\u00e9lu rural. Un 28 f\u00e9vrier 2022 rempli de belles rencontres et d&#8217;\u00e9changes constructifs !<\/p>\n<\/div>\n<p>&nbsp;<\/p>\n<p style=\"text-align: center;\"><span style=\"text-decoration: underline;\"><strong>Sortie football\u00a0<\/strong><\/span><\/p>\n<div id=\"attachment_2410\" style=\"width: 361px\" class=\"wp-caption aligncenter\"><a href=\"https:\/\/blog.ube.fr\/m2fctg\/wp-content\/uploads\/sites\/36\/2022\/03\/Sortie-football.jpeg\"><img loading=\"lazy\" decoding=\"async\" aria-describedby=\"caption-attachment-2410\" class=\"wp-image-2410\" src=\"https:\/\/blog.ube.fr\/m2fctg\/wp-content\/uploads\/sites\/36\/2022\/03\/Sortie-football.jpeg\" alt=\"\" width=\"351\" height=\"486\" srcset=\"https:\/\/blog.ube.fr\/m2fctg\/wp-content\/uploads\/sites\/36\/2022\/03\/Sortie-football.jpeg 1253w, https:\/\/blog.ube.fr\/m2fctg\/wp-content\/uploads\/sites\/36\/2022\/03\/Sortie-football-768x1064.jpeg 768w, https:\/\/blog.ube.fr\/m2fctg\/wp-content\/uploads\/sites\/36\/2022\/03\/Sortie-football-1109x1536.jpeg 1109w\" sizes=\"auto, (max-width: 351px) 100vw, 351px\" \/><\/a><\/p>\n<p id=\"caption-attachment-2410\" class=\"wp-caption-text\">Le 27 janvier 2022, les plus sportifs d&#8217;entre nous se sont d\u00e9foul\u00e9s sur le terrain, sous les encouragements de leurs ind\u00e9fectibles camarades !<\/p>\n<\/div>\n<p>&nbsp;<\/p>\n<p style=\"text-align: center;\"><span style=\"text-decoration: underline;\"><strong>Soir\u00e9e au Start In<\/strong><\/span><\/p>\n<div id=\"attachment_2372\" style=\"width: 467px\" class=\"wp-caption aligncenter\"><img loading=\"lazy\" decoding=\"async\" aria-describedby=\"caption-attachment-2372\" class=\"wp-image-2372 \" src=\"https:\/\/blog.ube.fr\/m2fctg\/wp-content\/uploads\/sites\/36\/2022\/02\/WhatsApp-Image-2021-12-13-at-20.06.19-3-2.jpeg\" alt=\"\" width=\"457\" height=\"610\" \/><\/p>\n<p id=\"caption-attachment-2372\" class=\"wp-caption-text\">Car \u00e9changer sur la nouvelle loi de finances \u00e9tait plus agr\u00e9able autour d&#8217;un bon repas, l&#8217;association FICOTEG a propos\u00e9 un moment de convivialit\u00e9, le 13 d\u00e9cembre 2021.<\/p>\n<\/div>\n<p>&nbsp;<\/p>\n<p style=\"text-align: center;\"><span style=\"text-decoration: underline;\"><strong>R\u00e9colte de fonds pour les activit\u00e9s de l&#8217;association<\/strong><\/span><\/p>\n<div id=\"attachment_2415\" style=\"width: 509px\" class=\"wp-caption aligncenter\"><a href=\"https:\/\/blog.ube.fr\/m2fctg\/wp-content\/uploads\/sites\/36\/2022\/03\/Papiers-cadeaux.jpg\"><img loading=\"lazy\" decoding=\"async\" aria-describedby=\"caption-attachment-2415\" class=\"wp-image-2415\" src=\"https:\/\/blog.ube.fr\/m2fctg\/wp-content\/uploads\/sites\/36\/2022\/03\/Papiers-cadeaux.jpg\" alt=\"\" width=\"499\" height=\"399\" srcset=\"https:\/\/blog.ube.fr\/m2fctg\/wp-content\/uploads\/sites\/36\/2022\/03\/Papiers-cadeaux.jpg 1920w, https:\/\/blog.ube.fr\/m2fctg\/wp-content\/uploads\/sites\/36\/2022\/03\/Papiers-cadeaux-768x614.jpg 768w, https:\/\/blog.ube.fr\/m2fctg\/wp-content\/uploads\/sites\/36\/2022\/03\/Papiers-cadeaux-1536x1229.jpg 1536w\" sizes=\"auto, (max-width: 499px) 100vw, 499px\" \/><\/a><\/p>\n<p id=\"caption-attachment-2415\" class=\"wp-caption-text\">De fin novembre \u00e0 fin d\u00e9cembre, les membres de l&#8217;association se sont appliqu\u00e9s \u00e0 r\u00e9aliser les plus beaux emballages de cadeaux au sein de Darty Quetigny afin de r\u00e9colter des fonds pour financer les projets \u00e0 venir.<\/p>\n<\/div>\n<div class=\"mceTemp\"><\/div>\n<p>&nbsp;<\/p>\n<p style=\"text-align: center;\"><span style=\"text-decoration: underline;\"><strong>Consultation aupr\u00e8s d&#8217;un \u00e9lu et entra\u00eenement au concours d&#8217;attach\u00e9<\/strong><\/span><\/p>\n<div id=\"attachment_2412\" style=\"width: 500px\" class=\"wp-caption aligncenter\"><a href=\"https:\/\/blog.ube.fr\/m2fctg\/wp-content\/uploads\/sites\/36\/2022\/03\/Consultation.jpeg\"><img loading=\"lazy\" decoding=\"async\" aria-describedby=\"caption-attachment-2412\" class=\"wp-image-2412\" src=\"https:\/\/blog.ube.fr\/m2fctg\/wp-content\/uploads\/sites\/36\/2022\/03\/Consultation.jpeg\" alt=\"\" width=\"490\" height=\"368\" srcset=\"https:\/\/blog.ube.fr\/m2fctg\/wp-content\/uploads\/sites\/36\/2022\/03\/Consultation.jpeg 2048w, https:\/\/blog.ube.fr\/m2fctg\/wp-content\/uploads\/sites\/36\/2022\/03\/Consultation-768x576.jpeg 768w, https:\/\/blog.ube.fr\/m2fctg\/wp-content\/uploads\/sites\/36\/2022\/03\/Consultation-1536x1152.jpeg 1536w\" sizes=\"auto, (max-width: 490px) 100vw, 490px\" \/><\/a><\/p>\n<p id=\"caption-attachment-2412\" class=\"wp-caption-text\">En ce 25 novembre 2021, les neurones ont \u00e9t\u00e9 mises \u00e0 rude \u00e9preuve : consultation aupr\u00e8s d&#8217;un \u00e9lu le matin et pr\u00e9paration \u00e0 l&#8217;\u00e9crit du concours d&#8217;attach\u00e9 l&#8217;apr\u00e8s-midi ! Une premi\u00e8re mise en situation fort intense mais instructive.<\/p>\n<\/div>\n<div class=\"mceTemp\"><\/div>\n<p>&nbsp;<\/p>\n<p style=\"text-align: center;\"><span style=\"text-decoration: underline;\"><strong>Premi\u00e8re sortie et rencontre avec les anciens (2020-2021) du master\u00a0<\/strong><\/span><\/p>\n<div id=\"attachment_2355\" style=\"width: 694px\" class=\"wp-caption aligncenter\"><a href=\"https:\/\/blog.ube.fr\/m2fctg\/wp-content\/uploads\/sites\/36\/2022\/01\/29eab006-27aa-49f7-8558-6080c9173c5d.jpg\"><img loading=\"lazy\" decoding=\"async\" aria-describedby=\"caption-attachment-2355\" class=\"wp-image-2355 \" src=\"https:\/\/blog.ube.fr\/m2fctg\/wp-content\/uploads\/sites\/36\/2022\/01\/29eab006-27aa-49f7-8558-6080c9173c5d-e1641670169449.jpg\" alt=\"\" width=\"684\" height=\"367\" srcset=\"https:\/\/blog.ube.fr\/m2fctg\/wp-content\/uploads\/sites\/36\/2022\/01\/29eab006-27aa-49f7-8558-6080c9173c5d-e1641670169449.jpg 1024w, https:\/\/blog.ube.fr\/m2fctg\/wp-content\/uploads\/sites\/36\/2022\/01\/29eab006-27aa-49f7-8558-6080c9173c5d-e1641670169449-768x412.jpg 768w\" sizes=\"auto, (max-width: 684px) 100vw, 684px\" \/><\/a><\/p>\n<p id=\"caption-attachment-2355\" class=\"wp-caption-text\">Sortie avec certains anciens du M2 de 2020-2021 \u00e0 L&#8217;acropole, le 30 septembre 2021. L&#8217;occasion de transmettre le flambeau \u00e0 une nouvelle promotion surmotiv\u00e9e !<\/p>\n<\/div>\n<p style=\"text-align: left;\">\n","protected":false},"excerpt":{"rendered":"<p>&nbsp; &nbsp; Repas \u00e0 l&#8217;Epicerie &nbsp; &nbsp; &nbsp; Soir\u00e9e de cl\u00f4ture au Start-In &nbsp; &nbsp; &nbsp; &nbsp; &nbsp; \u00a0Sortie Restaurant apr\u00e8s passage du BEC &nbsp; &nbsp; &nbsp; &nbsp; Journ\u00e9e d&#8217;aide \u00e0 l&#8217;\u00e9lu rural (deuxi\u00e8me \u00e9dition) &nbsp; Sortie football\u00a0 &nbsp; Soir\u00e9e au Start In &nbsp; R\u00e9colte de fonds pour les activit\u00e9s de l&#8217;association &nbsp; Consultation aupr\u00e8s<\/p>\n<p><a class=\"button\" href=\"https:\/\/blog.ube.fr\/m2fctg\/archives-promotion-2021-2022-ficoteg\/\" title=\"More\">  Voir plus \u2192<\/a><\/p>\n","protected":false},"author":4126,"featured_media":0,"parent":0,"menu_order":0,"comment_status":"closed","ping_status":"closed","template":"","meta":{"footnotes":""},"class_list":["post-2352","page","type-page","status-publish","hentry"],"_links":{"self":[{"href":"https:\/\/blog.ube.fr\/m2fctg\/wp-json\/wp\/v2\/pages\/2352","targetHints":{"allow":["GET"]}}],"collection":[{"href":"https:\/\/blog.ube.fr\/m2fctg\/wp-json\/wp\/v2\/pages"}],"about":[{"href":"https:\/\/blog.ube.fr\/m2fctg\/wp-json\/wp\/v2\/types\/page"}],"author":[{"embeddable":true,"href":"https:\/\/blog.ube.fr\/m2fctg\/wp-json\/wp\/v2\/users\/4126"}],"replies":[{"embeddable":true,"href":"https:\/\/blog.ube.fr\/m2fctg\/wp-json\/wp\/v2\/comments?post=2352"}],"version-history":[{"count":31,"href":"https:\/\/blog.ube.fr\/m2fctg\/wp-json\/wp\/v2\/pages\/2352\/revisions"}],"predecessor-version":[{"id":2528,"href":"https:\/\/blog.ube.fr\/m2fctg\/wp-json\/wp\/v2\/pages\/2352\/revisions\/2528"}],"wp:attachment":[{"href":"https:\/\/blog.ube.fr\/m2fctg\/wp-json\/wp\/v2\/media?parent=2352"}],"curies":[{"name":"wp","href":"https:\/\/api.w.org\/{rel}","templated":true}]}}