{"id":2046,"date":"2019-11-14T19:17:24","date_gmt":"2019-11-14T18:17:24","guid":{"rendered":"https:\/\/blog.u-bourgogne.fr\/m2fctg\/?page_id=2046"},"modified":"2025-09-02T10:24:03","modified_gmt":"2025-09-02T09:24:03","slug":"archives-promotion-2014-2015","status":"publish","type":"page","link":"https:\/\/blog.ube.fr\/m2fctg\/promos-2\/archives-promotion-2014-2015\/","title":{"rendered":"\u00c9v\u00e8nements promo 2014-2015"},"content":{"rendered":"<h2>\u00c9v\u00e8nements de la promo 2014-2015<\/h2>\n<p>&nbsp;<\/p>\n<div class=\"entry-content\">\n<p><em><strong>D\u00eener de fin d&#8217;ann\u00e9e promotion 2014\/2015<\/strong><\/em><\/p>\n<p><a href=\"http:\/\/blog.ube.fr\/m2fctg\/wp-content\/uploads\/sites\/36\/2015\/10\/20150319_201412.jpg\" rel=\"attachment wp-att-397\"><img loading=\"lazy\" decoding=\"async\" class=\"alignnone wp-image-397 size-full\" src=\"http:\/\/blog.ube.fr\/m2fctg\/wp-content\/uploads\/sites\/36\/2015\/10\/20150319_201412.jpg\" alt=\"20150319_201412\" width=\"1280\" height=\"720\" srcset=\"https:\/\/blog.ube.fr\/m2fctg\/wp-content\/uploads\/sites\/36\/2015\/10\/20150319_201412.jpg 1280w, https:\/\/blog.ube.fr\/m2fctg\/wp-content\/uploads\/sites\/36\/2015\/10\/20150319_201412-768x432.jpg 768w, https:\/\/blog.ube.fr\/m2fctg\/wp-content\/uploads\/sites\/36\/2015\/10\/20150319_201412-300x169.jpg 300w\" sizes=\"auto, (max-width: 1280px) 100vw, 1280px\" \/><\/a><\/p>\n<p>&nbsp;<\/p>\n<p><em><strong>Forum des masters 2, janvier 2015<\/strong><\/em><\/p>\n<\/div>\n<p><img decoding=\"async\" class=\"aligncenter\" title=\"\" src=\"http:\/\/blog.ube.fr\/m2fctg\/wp-content\/uploads\/sites\/36\/2016\/03\/Forum-M2-f\u00e9vrier-2015.jpg\" alt=\"\" \/><\/p>\n<div class=\"entry-content\">\n<p><em><strong>Rencontre avec les\u00a0 anciens du\u00a0 M2<\/strong><\/em><\/p>\n<\/div>\n<p><a href=\"http:\/\/blog.ube.fr\/m2fctg\/wp-content\/uploads\/sites\/36\/2016\/01\/IMG_0170-1.jpg\" rel=\"attachment wp-att-361\"><img loading=\"lazy\" decoding=\"async\" class=\"alignnone wp-image-361 size-full\" src=\"http:\/\/blog.ube.fr\/m2fctg\/wp-content\/uploads\/sites\/36\/2016\/01\/IMG_0170-1.jpg\" alt=\"IMG_0170\" width=\"3264\" height=\"2448\" srcset=\"https:\/\/blog.ube.fr\/m2fctg\/wp-content\/uploads\/sites\/36\/2016\/01\/IMG_0170-1.jpg 3264w, https:\/\/blog.ube.fr\/m2fctg\/wp-content\/uploads\/sites\/36\/2016\/01\/IMG_0170-1-768x576.jpg 768w, https:\/\/blog.ube.fr\/m2fctg\/wp-content\/uploads\/sites\/36\/2016\/01\/IMG_0170-1-300x225.jpg 300w\" sizes=\"auto, (max-width: 3264px) 100vw, 3264px\" \/><\/a><\/p>\n<div class=\"entry-content\">\n<p>&nbsp;<\/p>\n<\/div>\n<div class=\"entry-content\">\n<p><strong><em>Velars sur Ouche: Pr\u00e9sentation fiscale d\u2019une fusion d\u2019EPCI<\/em><a href=\"http:\/\/m2fctg.free.fr\/wp-content\/uploads\/2012\/11\/VelarssurOuche.jpg\"><img decoding=\"async\" class=\"alignright size-full wp-image-1726\" title=\"VelarssurOuche\" src=\"http:\/\/m2fctg.free.fr\/wp-content\/uploads\/2012\/11\/VelarssurOuche.jpg\" alt=\"\" \/><\/a><\/strong><\/p>\n<p><em>Nos remerciements \u00e0 M. Dupaquier pr\u00e9sident de la communaut\u00e9 de communes du Sombernonnais et de l\u2019Ouche, M. Beaufum\u00e9 directeur g\u00e9n\u00e9ral des services et M. Decaux pour sa disponibilit\u00e9. \u00a0<\/em><\/p>\n<p><em><strong>\u00a0<\/strong><\/em><\/p>\n<p><em><strong>Rencontre sportive avec nos camarades du Master 2 DRHFP<\/strong><\/em><\/p>\n<p><strong><br \/>\n<a href=\"http:\/\/m2fctg.free.fr\/wp-content\/uploads\/2012\/11\/IMG_0525-2.jpg\"><img decoding=\"async\" class=\"aligncenter size-full wp-image-1715\" title=\"IMG_0525 (2)\" src=\"http:\/\/m2fctg.free.fr\/wp-content\/uploads\/2012\/11\/IMG_0525-2.jpg\" alt=\"\" \/><\/a><\/strong><\/p>\n<p><a href=\"http:\/\/www.gifsanimes.fr\/diviseur\/\"><img decoding=\"async\" class=\"aligncenter\" src=\"http:\/\/www.gifsanimes.fr\/diviseur\/diviseur\/le-sport\/le-sport-gifs-animes-1442058.gif\" alt=\"\" border=\"0\" \/><\/a><\/p>\n<p>&nbsp;<\/p>\n<\/div>\n","protected":false},"excerpt":{"rendered":"<p>\u00c9v\u00e8nements de la promo 2014-2015 &nbsp; D\u00eener de fin d&#8217;ann\u00e9e promotion 2014\/2015 &nbsp; Forum des masters 2, janvier 2015 Rencontre avec les\u00a0 anciens du\u00a0 M2 &nbsp; Velars sur Ouche: Pr\u00e9sentation fiscale d\u2019une fusion d\u2019EPCI Nos remerciements \u00e0 M. Dupaquier pr\u00e9sident de la communaut\u00e9 de communes du Sombernonnais et de l\u2019Ouche, M. Beaufum\u00e9 directeur g\u00e9n\u00e9ral des<\/p>\n<p><a class=\"button\" href=\"https:\/\/blog.ube.fr\/m2fctg\/promos-2\/archives-promotion-2014-2015\/\" title=\"More\">  Voir plus \u2192<\/a><\/p>\n","protected":false},"author":1069,"featured_media":0,"parent":3190,"menu_order":0,"comment_status":"closed","ping_status":"closed","template":"","meta":{"footnotes":""},"class_list":["post-2046","page","type-page","status-publish","hentry"],"_links":{"self":[{"href":"https:\/\/blog.ube.fr\/m2fctg\/wp-json\/wp\/v2\/pages\/2046","targetHints":{"allow":["GET"]}}],"collection":[{"href":"https:\/\/blog.ube.fr\/m2fctg\/wp-json\/wp\/v2\/pages"}],"about":[{"href":"https:\/\/blog.ube.fr\/m2fctg\/wp-json\/wp\/v2\/types\/page"}],"author":[{"embeddable":true,"href":"https:\/\/blog.ube.fr\/m2fctg\/wp-json\/wp\/v2\/users\/1069"}],"replies":[{"embeddable":true,"href":"https:\/\/blog.ube.fr\/m2fctg\/wp-json\/wp\/v2\/comments?post=2046"}],"version-history":[{"count":5,"href":"https:\/\/blog.ube.fr\/m2fctg\/wp-json\/wp\/v2\/pages\/2046\/revisions"}],"predecessor-version":[{"id":3213,"href":"https:\/\/blog.ube.fr\/m2fctg\/wp-json\/wp\/v2\/pages\/2046\/revisions\/3213"}],"up":[{"embeddable":true,"href":"https:\/\/blog.ube.fr\/m2fctg\/wp-json\/wp\/v2\/pages\/3190"}],"wp:attachment":[{"href":"https:\/\/blog.ube.fr\/m2fctg\/wp-json\/wp\/v2\/media?parent=2046"}],"curies":[{"name":"wp","href":"https:\/\/api.w.org\/{rel}","templated":true}]}}