{"id":202,"date":"2015-10-19T19:22:54","date_gmt":"2015-10-19T18:22:54","guid":{"rendered":"http:\/\/blog.u-bourgogne.fr\/m2fctg\/?page_id=202"},"modified":"2025-09-02T10:00:24","modified_gmt":"2025-09-02T09:00:24","slug":"2012-2013","status":"publish","type":"page","link":"https:\/\/blog.ube.fr\/m2fctg\/promos-2\/2012-2013\/","title":{"rendered":"2012 &#8211; 2013"},"content":{"rendered":"<div class=\"entry-content\">\n<h3><strong><em>Chaque ann\u00e9e, le Master organise une c\u00e9r\u00e9monie de remise des dipl\u00f4mes pour les laur\u00e9ats<\/em><\/strong><\/h3>\n<p><strong>Cette ann\u00e9e, apr\u00e8s la visite du S\u00e9nat, la c\u00e9r\u00e9monie de\u00a0remise des dipl\u00f4mes a eu lieu \u00e0 la Banque de France. Les dipl\u00f4mes ont \u00e9t\u00e9 remis par Monsieur Robert OPHELE, Gouverneur.\u00a0<\/strong><\/p>\n<p><strong>Nous remercions Monsieur Jean DERENNES, Photographe de la Banque de France, pour la qualit\u00e9 du reportage photo r\u00e9alis\u00e9.<\/strong><\/p>\n<p><a href=\"http:\/\/m2fctg.free.fr\/wp-content\/uploads\/2012\/11\/Capture10.jpg\"><img decoding=\"async\" class=\"aligncenter size-full wp-image-1590\" title=\"Capture10\" src=\"http:\/\/m2fctg.free.fr\/wp-content\/uploads\/2012\/11\/Capture10.jpg\" alt=\"\" \/><\/a><\/p>\n<p><strong>Promotion 2012-2013, r\u00e9unie dans le \u00ab\u00a0Salon Bleu\u00a0\u00bb autour de Robert OPHELE, Vice-Gouverneur de la Banque de France, Madame Dominique KANTOR, Patrice RAYMOND, Directeur du M2, Daniel DECAUX, Jean-Luc JACQUOT et Stephen LOUREIRO, intervenants dans le M2.<\/strong><\/p>\n<p><strong>\u00a0<\/strong><\/p>\n<p><strong>Patrice RAYMOND remerciant tr\u00e8s chaleureusement Monsieur Robert OPHELE et Madame Dominique KANTOR pour l\u2019accueil qu\u2019ils ont su r\u00e9server aux \u00e9tudiants du M2.<\/strong><\/p>\n<p><strong>Le M2 FCTG remercie Fran\u00e7ois PATRIAT, S\u00e9nateur de C\u00f4te d\u2019or, Pr\u00e9sident du Conseil r\u00e9gional de Bourgogne pour son accueil au S\u00e9nat et pour le temps qu\u2019il a bien voulu nous consacrer \u00e0 l\u2019occasion de notre visite.\u00a0<\/strong><\/p>\n<p><strong>Reportage photos \u00e0 suivre \u00a0\u2026.<\/strong><\/p>\n<p><strong>Visite du S\u00e9nat, Conf\u00e9rences \u00e0 la Banque de France sur \u00ab\u00a0La politique Mon\u00e9taire\u00a0\u00bb , <\/strong><strong>Visite de la prestigieuse Galerie Dor\u00e9e\u00a0\u00bb, et C\u00e9r\u00e9monie de remise des dipl\u00f4mes avec le Gouverneur Robert OPHELE.<\/strong><\/p>\n<p><strong>Robert OPHELE, Patrice RAYMOND et les deux Majores de la promotion : Mademoiselle\u00a0GONCLAVES et Mademoiselle PARROT, r\u00e9compens\u00e9es \u00e9galement par Monsieur le Gouverneur pour leurs r\u00e9sultats.<\/strong><\/p>\n<p><strong><img decoding=\"async\" class=\"aligncenter size-full wp-image-1592\" title=\"Capture.9JPG\" src=\"http:\/\/m2fctg.free.fr\/wp-content\/uploads\/2012\/11\/Capture.9JPG.jpg\" alt=\"\" \/><\/strong><\/p>\n<p><strong><img decoding=\"async\" class=\"aligncenter size-full wp-image-1593\" title=\"Capture9\" src=\"http:\/\/m2fctg.free.fr\/wp-content\/uploads\/2012\/11\/Capture9.jpg\" alt=\"\" \/><\/strong><\/p>\n<p>&nbsp;<\/p>\n<\/div>\n<p><strong>Vid\u00e9os de la remise des dipl\u00f4mes :<\/strong><\/p>\n<p><iframe loading=\"lazy\" title=\"Discours de remise de dipl\u00f4meBanque de France 2013 partie 1\" width=\"1170\" height=\"878\" src=\"https:\/\/www.youtube.com\/embed\/xUqocCqaxFs?feature=oembed\" frameborder=\"0\" allow=\"accelerometer; autoplay; clipboard-write; encrypted-media; gyroscope; picture-in-picture; web-share\" referrerpolicy=\"strict-origin-when-cross-origin\" allowfullscreen><\/iframe><\/p>\n<p>&nbsp;<\/p>\n<p>&nbsp;<\/p>\n<p>&nbsp;<\/p>\n<p><iframe loading=\"lazy\" title=\"Discours de remise de dipl\u00f4me Banque de France partie 2\" width=\"1170\" height=\"658\" src=\"https:\/\/www.youtube.com\/embed\/6S95sRHOJNo?feature=oembed\" frameborder=\"0\" allow=\"accelerometer; autoplay; clipboard-write; encrypted-media; gyroscope; picture-in-picture; web-share\" referrerpolicy=\"strict-origin-when-cross-origin\" allowfullscreen><\/iframe><\/p>\n<p>&nbsp;<\/p>\n<p><strong>Pour voir l&#8217;article du Bien Public c&#8217;est <a href=\"http:\/\/blog.ube.fr\/m2fctg\/wp-content\/uploads\/sites\/36\/2016\/01\/BP-PROMO-2012-2013.pdf\" target=\"_blank\" rel=\"noopener\">ici<\/a> !<\/strong><\/p>\n<p>&nbsp;<\/p>\n<p style=\"padding-left: 480px;\"><em>Site r\u00e9alis\u00e9 par Thomas Cornille<\/em><\/p>\n","protected":false},"excerpt":{"rendered":"<p>Chaque ann\u00e9e, le Master organise une c\u00e9r\u00e9monie de remise des dipl\u00f4mes pour les laur\u00e9ats Cette ann\u00e9e, apr\u00e8s la visite du S\u00e9nat, la c\u00e9r\u00e9monie de\u00a0remise des dipl\u00f4mes a eu lieu \u00e0 la Banque de France. Les dipl\u00f4mes ont \u00e9t\u00e9 remis par Monsieur Robert OPHELE, Gouverneur.\u00a0 Nous remercions Monsieur Jean DERENNES, Photographe de la Banque de France,<\/p>\n<p><a class=\"button\" href=\"https:\/\/blog.ube.fr\/m2fctg\/promos-2\/2012-2013\/\" title=\"More\">  Voir plus \u2192<\/a><\/p>\n","protected":false},"author":103,"featured_media":0,"parent":3190,"menu_order":0,"comment_status":"closed","ping_status":"closed","template":"","meta":{"footnotes":""},"class_list":["post-202","page","type-page","status-publish","hentry"],"_links":{"self":[{"href":"https:\/\/blog.ube.fr\/m2fctg\/wp-json\/wp\/v2\/pages\/202","targetHints":{"allow":["GET"]}}],"collection":[{"href":"https:\/\/blog.ube.fr\/m2fctg\/wp-json\/wp\/v2\/pages"}],"about":[{"href":"https:\/\/blog.ube.fr\/m2fctg\/wp-json\/wp\/v2\/types\/page"}],"author":[{"embeddable":true,"href":"https:\/\/blog.ube.fr\/m2fctg\/wp-json\/wp\/v2\/users\/103"}],"replies":[{"embeddable":true,"href":"https:\/\/blog.ube.fr\/m2fctg\/wp-json\/wp\/v2\/comments?post=202"}],"version-history":[{"count":18,"href":"https:\/\/blog.ube.fr\/m2fctg\/wp-json\/wp\/v2\/pages\/202\/revisions"}],"predecessor-version":[{"id":3204,"href":"https:\/\/blog.ube.fr\/m2fctg\/wp-json\/wp\/v2\/pages\/202\/revisions\/3204"}],"up":[{"embeddable":true,"href":"https:\/\/blog.ube.fr\/m2fctg\/wp-json\/wp\/v2\/pages\/3190"}],"wp:attachment":[{"href":"https:\/\/blog.ube.fr\/m2fctg\/wp-json\/wp\/v2\/media?parent=202"}],"curies":[{"name":"wp","href":"https:\/\/api.w.org\/{rel}","templated":true}]}}