{"id":200,"date":"2015-10-19T19:21:59","date_gmt":"2015-10-19T18:21:59","guid":{"rendered":"http:\/\/blog.u-bourgogne.fr\/m2fctg\/?page_id=200"},"modified":"2025-09-02T09:00:46","modified_gmt":"2025-09-02T08:00:46","slug":"remise-des-diplomes-2010-2011","status":"publish","type":"page","link":"https:\/\/blog.ube.fr\/m2fctg\/promos-2\/remise-des-diplomes-2010-2011\/","title":{"rendered":"2010 &#8211; 2011"},"content":{"rendered":"<div class=\"entry-content\">\n<h3><strong>Remise des dipl\u00f4mes 2010-2011 au Parlement Europ\u00e9en<br \/>\n<\/strong><\/h3>\n<p>Monsieur <strong>BRUNAGEL<\/strong>, Chef du Protocole au Parlement europ\u00e9en, <strong>Patrice RAYMOND<\/strong> et <strong>Daniel DECAUX<\/strong>, intervenants dans le M2 FCTG, pour la remise des dipl\u00f4mes 2010-2011.<\/p>\n<p><img loading=\"lazy\" decoding=\"async\" class=\"attachment-900x900 aligncenter\" title=\"Remise des dipl\u00f4mes 2010-2011 - BRUNAGEL, RAYMOND et DECAUX\" src=\"http:\/\/m2fctg.free.fr\/wp-content\/uploads\/2012\/03\/BRUNAGEL-RAYMOND-et-DECAUX.png\" alt=\"Remise des dipl\u00f4mes 2010-2011 - BRUNAGEL, RAYMOND et DECAUX\" width=\"518\" height=\"345\" \/><\/p>\n<p><a href=\"http:\/\/blog.ube.fr\/m2fctg\/wp-content\/uploads\/sites\/36\/2015\/10\/IMG_4542.jpg\" rel=\"attachment wp-att-422\"><img loading=\"lazy\" decoding=\"async\" class=\"alignnone wp-image-422 size-full\" title=\"Remise des dipl\u00f4mes 2010-2011 - Promotion\" src=\"http:\/\/blog.ube.fr\/m2fctg\/wp-content\/uploads\/sites\/36\/2015\/10\/IMG_4542.jpg\" alt=\"Remise des dipl\u00f4mes 2010-2011 - Promotion\" width=\"5184\" height=\"3456\" srcset=\"https:\/\/blog.ube.fr\/m2fctg\/wp-content\/uploads\/sites\/36\/2015\/10\/IMG_4542.jpg 5184w, https:\/\/blog.ube.fr\/m2fctg\/wp-content\/uploads\/sites\/36\/2015\/10\/IMG_4542-768x512.jpg 768w, https:\/\/blog.ube.fr\/m2fctg\/wp-content\/uploads\/sites\/36\/2015\/10\/IMG_4542-300x200.jpg 300w\" sizes=\"auto, (max-width: 5184px) 100vw, 5184px\" \/><\/a><\/p>\n<div class='gallery'>\n<dl class='gallery-item'>\n<dt class='gallery-icon landscape'>\n\t\t\t\t<a href='https:\/\/blog.ube.fr\/m2fctg\/promos-2\/remise-des-diplomes-2010-2011\/img_4464\/'><img loading=\"lazy\" decoding=\"async\" width=\"449\" height=\"304\" src=\"https:\/\/blog.ube.fr\/m2fctg\/wp-content\/uploads\/sites\/36\/2015\/10\/IMG_4464-449x304.jpg\" class=\"attachment-large size-large\" alt=\"\" \/><\/a>\n\t\t\t<\/dt>\n<\/dl>\n<dl class='gallery-item'>\n<dt class='gallery-icon landscape'>\n\t\t\t\t<a href='https:\/\/blog.ube.fr\/m2fctg\/promos-2\/remise-des-diplomes-2010-2011\/img_4467\/'><img loading=\"lazy\" decoding=\"async\" width=\"449\" height=\"304\" src=\"https:\/\/blog.ube.fr\/m2fctg\/wp-content\/uploads\/sites\/36\/2015\/10\/IMG_4467-449x304.jpg\" class=\"attachment-large size-large\" alt=\"\" \/><\/a>\n\t\t\t<\/dt>\n<\/dl>\n<dl class='gallery-item'>\n<dt class='gallery-icon landscape'>\n\t\t\t\t<a href='https:\/\/blog.ube.fr\/m2fctg\/promos-2\/remise-des-diplomes-2010-2011\/img_4470\/'><img loading=\"lazy\" decoding=\"async\" width=\"449\" height=\"304\" src=\"https:\/\/blog.ube.fr\/m2fctg\/wp-content\/uploads\/sites\/36\/2015\/10\/IMG_4470-449x304.jpg\" class=\"attachment-large size-large\" alt=\"\" \/><\/a>\n\t\t\t<\/dt>\n<\/dl>\n<p><br style=\"clear: both\" \/><\/p>\n<dl class='gallery-item'>\n<dt class='gallery-icon landscape'>\n\t\t\t\t<a href='https:\/\/blog.ube.fr\/m2fctg\/promos-2\/remise-des-diplomes-2010-2011\/img_4479\/'><img loading=\"lazy\" decoding=\"async\" width=\"449\" height=\"304\" src=\"https:\/\/blog.ube.fr\/m2fctg\/wp-content\/uploads\/sites\/36\/2015\/10\/IMG_4479-449x304.jpg\" class=\"attachment-large size-large\" alt=\"\" \/><\/a>\n\t\t\t<\/dt>\n<\/dl>\n<dl class='gallery-item'>\n<dt class='gallery-icon landscape'>\n\t\t\t\t<a href='https:\/\/blog.ube.fr\/m2fctg\/promos-2\/remise-des-diplomes-2010-2011\/img_4482\/'><img loading=\"lazy\" decoding=\"async\" width=\"449\" height=\"304\" src=\"https:\/\/blog.ube.fr\/m2fctg\/wp-content\/uploads\/sites\/36\/2015\/10\/IMG_4482-449x304.jpg\" class=\"attachment-large size-large\" alt=\"\" \/><\/a>\n\t\t\t<\/dt>\n<\/dl>\n<dl class='gallery-item'>\n<dt class='gallery-icon landscape'>\n\t\t\t\t<a href='https:\/\/blog.ube.fr\/m2fctg\/promos-2\/remise-des-diplomes-2010-2011\/img_4486\/'><img loading=\"lazy\" decoding=\"async\" width=\"449\" height=\"304\" src=\"https:\/\/blog.ube.fr\/m2fctg\/wp-content\/uploads\/sites\/36\/2015\/10\/IMG_4486-449x304.jpg\" class=\"attachment-large size-large\" alt=\"\" \/><\/a>\n\t\t\t<\/dt>\n<\/dl>\n<p><br style=\"clear: both\" \/><\/p>\n<dl class='gallery-item'>\n<dt class='gallery-icon landscape'>\n\t\t\t\t<a href='https:\/\/blog.ube.fr\/m2fctg\/promos-2\/remise-des-diplomes-2010-2011\/img_4488\/'><img loading=\"lazy\" decoding=\"async\" width=\"449\" height=\"304\" src=\"https:\/\/blog.ube.fr\/m2fctg\/wp-content\/uploads\/sites\/36\/2015\/10\/IMG_4488-449x304.jpg\" class=\"attachment-large size-large\" alt=\"\" \/><\/a>\n\t\t\t<\/dt>\n<\/dl>\n<dl class='gallery-item'>\n<dt class='gallery-icon landscape'>\n\t\t\t\t<a href='https:\/\/blog.ube.fr\/m2fctg\/promos-2\/remise-des-diplomes-2010-2011\/img_4491\/'><img loading=\"lazy\" decoding=\"async\" width=\"449\" height=\"304\" src=\"https:\/\/blog.ube.fr\/m2fctg\/wp-content\/uploads\/sites\/36\/2015\/10\/IMG_4491-449x304.jpg\" class=\"attachment-large size-large\" alt=\"\" \/><\/a>\n\t\t\t<\/dt>\n<\/dl>\n<dl class='gallery-item'>\n<dt class='gallery-icon landscape'>\n\t\t\t\t<a href='https:\/\/blog.ube.fr\/m2fctg\/promos-2\/remise-des-diplomes-2010-2011\/img_4493\/'><img loading=\"lazy\" decoding=\"async\" width=\"449\" height=\"304\" src=\"https:\/\/blog.ube.fr\/m2fctg\/wp-content\/uploads\/sites\/36\/2015\/10\/IMG_4493-449x304.jpg\" class=\"attachment-large size-large\" alt=\"\" \/><\/a>\n\t\t\t<\/dt>\n<\/dl>\n<p><br style=\"clear: both\" \/><\/p>\n<dl class='gallery-item'>\n<dt class='gallery-icon landscape'>\n\t\t\t\t<a href='https:\/\/blog.ube.fr\/m2fctg\/promos-2\/remise-des-diplomes-2010-2011\/img_4497\/'><img loading=\"lazy\" decoding=\"async\" width=\"449\" height=\"304\" src=\"https:\/\/blog.ube.fr\/m2fctg\/wp-content\/uploads\/sites\/36\/2015\/10\/IMG_4497-449x304.jpg\" class=\"attachment-large size-large\" alt=\"\" \/><\/a>\n\t\t\t<\/dt>\n<\/dl>\n<dl class='gallery-item'>\n<dt class='gallery-icon landscape'>\n\t\t\t\t<a href='https:\/\/blog.ube.fr\/m2fctg\/promos-2\/remise-des-diplomes-2010-2011\/img_4477\/'><img loading=\"lazy\" decoding=\"async\" width=\"449\" height=\"304\" src=\"https:\/\/blog.ube.fr\/m2fctg\/wp-content\/uploads\/sites\/36\/2015\/10\/IMG_4477-449x304.jpg\" class=\"attachment-large size-large\" alt=\"\" \/><\/a>\n\t\t\t<\/dt>\n<\/dl>\n<p>\t\t\t<br style='clear: both' \/>\n\t\t<\/div>\n<\/div>\n<p><strong>Visite du Parlement europ\u00e9en :<\/strong><\/p>\n<p>&nbsp;<\/p>\n<p><a href=\"http:\/\/blog.ube.fr\/m2fctg\/wp-content\/uploads\/sites\/36\/2015\/10\/IMG_4515.jpg\" rel=\"attachment wp-att-419\"><img loading=\"lazy\" decoding=\"async\" class=\"alignnone wp-image-419 size-full\" title=\"Remise des dipl\u00f4mes 2010-2011 - Parlement europ\u00e9en 01\" src=\"http:\/\/blog.ube.fr\/m2fctg\/wp-content\/uploads\/sites\/36\/2015\/10\/IMG_4515.jpg\" alt=\"Remise des dipl\u00f4mes 2010-2011 - Parlement europ\u00e9en 01\" width=\"5184\" height=\"3456\" srcset=\"https:\/\/blog.ube.fr\/m2fctg\/wp-content\/uploads\/sites\/36\/2015\/10\/IMG_4515.jpg 5184w, https:\/\/blog.ube.fr\/m2fctg\/wp-content\/uploads\/sites\/36\/2015\/10\/IMG_4515-768x512.jpg 768w, https:\/\/blog.ube.fr\/m2fctg\/wp-content\/uploads\/sites\/36\/2015\/10\/IMG_4515-300x200.jpg 300w\" sizes=\"auto, (max-width: 5184px) 100vw, 5184px\" \/><\/a><\/p>\n<div class=\"entry-content\">\n<p><a href=\"http:\/\/blog.ube.fr\/m2fctg\/wp-content\/uploads\/sites\/36\/2015\/10\/IMG_4519.jpg\" rel=\"attachment wp-att-421\"><img loading=\"lazy\" decoding=\"async\" class=\"aligncenter wp-image-421 size-large\" title=\"Remise des dipl\u00f4mes 2010-2011 - Parlement europ\u00e9en 02\" src=\"http:\/\/blog.ube.fr\/m2fctg\/wp-content\/uploads\/sites\/36\/2015\/10\/IMG_4519-449x304.jpg\" alt=\"Remise des dipl\u00f4mes 2010-2011 - Parlement europ\u00e9en 02\" width=\"449\" height=\"304\" \/><\/a><\/p>\n<\/div>\n<p><a href=\"http:\/\/blog.ube.fr\/m2fctg\/wp-content\/uploads\/sites\/36\/2015\/10\/IMG_4517.jpg\" rel=\"attachment wp-att-420\"><img loading=\"lazy\" decoding=\"async\" class=\"alignnone wp-image-420 size-full\" title=\"Remise des dipl\u00f4mes 2010-2011 - Parlement europ\u00e9en 03\" src=\"http:\/\/blog.ube.fr\/m2fctg\/wp-content\/uploads\/sites\/36\/2015\/10\/IMG_4517.jpg\" alt=\"Remise des dipl\u00f4mes 2010-2011 - Parlement europ\u00e9en 03\" width=\"5184\" height=\"3456\" srcset=\"https:\/\/blog.ube.fr\/m2fctg\/wp-content\/uploads\/sites\/36\/2015\/10\/IMG_4517.jpg 5184w, https:\/\/blog.ube.fr\/m2fctg\/wp-content\/uploads\/sites\/36\/2015\/10\/IMG_4517-768x512.jpg 768w, https:\/\/blog.ube.fr\/m2fctg\/wp-content\/uploads\/sites\/36\/2015\/10\/IMG_4517-300x200.jpg 300w\" sizes=\"auto, (max-width: 5184px) 100vw, 5184px\" \/><\/a><\/p>\n<p style=\"padding-left: 450px;\"><em>Site r\u00e9alis\u00e9 par Thomas Cornille <\/em><\/p>\n","protected":false},"excerpt":{"rendered":"<p>Remise des dipl\u00f4mes 2010-2011 au Parlement Europ\u00e9en Monsieur BRUNAGEL, Chef du Protocole au Parlement europ\u00e9en, Patrice RAYMOND et Daniel DECAUX, intervenants dans le M2 FCTG, pour la remise des dipl\u00f4mes 2010-2011. Visite du Parlement europ\u00e9en : &nbsp; Site r\u00e9alis\u00e9 par Thomas Cornille<\/p>\n","protected":false},"author":103,"featured_media":0,"parent":3190,"menu_order":0,"comment_status":"closed","ping_status":"closed","template":"","meta":{"footnotes":""},"class_list":["post-200","page","type-page","status-publish","hentry"],"_links":{"self":[{"href":"https:\/\/blog.ube.fr\/m2fctg\/wp-json\/wp\/v2\/pages\/200","targetHints":{"allow":["GET"]}}],"collection":[{"href":"https:\/\/blog.ube.fr\/m2fctg\/wp-json\/wp\/v2\/pages"}],"about":[{"href":"https:\/\/blog.ube.fr\/m2fctg\/wp-json\/wp\/v2\/types\/page"}],"author":[{"embeddable":true,"href":"https:\/\/blog.ube.fr\/m2fctg\/wp-json\/wp\/v2\/users\/103"}],"replies":[{"embeddable":true,"href":"https:\/\/blog.ube.fr\/m2fctg\/wp-json\/wp\/v2\/comments?post=200"}],"version-history":[{"count":13,"href":"https:\/\/blog.ube.fr\/m2fctg\/wp-json\/wp\/v2\/pages\/200\/revisions"}],"predecessor-version":[{"id":3193,"href":"https:\/\/blog.ube.fr\/m2fctg\/wp-json\/wp\/v2\/pages\/200\/revisions\/3193"}],"up":[{"embeddable":true,"href":"https:\/\/blog.ube.fr\/m2fctg\/wp-json\/wp\/v2\/pages\/3190"}],"wp:attachment":[{"href":"https:\/\/blog.ube.fr\/m2fctg\/wp-json\/wp\/v2\/media?parent=200"}],"curies":[{"name":"wp","href":"https:\/\/api.w.org\/{rel}","templated":true}]}}