{"id":195,"date":"2015-10-19T19:20:05","date_gmt":"2015-10-19T18:20:05","guid":{"rendered":"http:\/\/blog.u-bourgogne.fr\/m2fctg\/?page_id=195"},"modified":"2025-09-02T09:30:24","modified_gmt":"2025-09-02T08:30:24","slug":"remise-des-diplomes-2011-2012","status":"publish","type":"page","link":"https:\/\/blog.ube.fr\/m2fctg\/promos-2\/remise-des-diplomes-2011-2012\/","title":{"rendered":"2011 &#8211; 2012"},"content":{"rendered":"<div class=\"entry-content\">\n<h3><strong>Remise des dipl\u00f4mes 2011-2012 \u00e0 la Cour des Comptes et Visite du S\u00e9nat<\/strong><\/h3>\n<p><strong><em><a title=\"Point Presse Officiel de la Cour des Comptes \" href=\"http:\/\/blog.ube.fr\/m2fctg\/wp-content\/uploads\/sites\/36\/2016\/01\/M2-Point-Press-Remise-des-dipl\u00f4mes-CC.pdf\" target=\"_blank\" rel=\"noopener\">Point Presse Officiel de la Cour des Comptes<\/a><\/em><\/strong><\/p>\n<p><img loading=\"lazy\" decoding=\"async\" class=\"alignnone\" title=\"Remise des dipl\u00f4mes 2011-2012 - Didier Migaud et Patrice Raymond\" src=\"http:\/\/blog.ube.fr\/m2fctg\/wp-content\/uploads\/sites\/36\/2016\/01\/D.Migot-Psdt-CComptes.jpg\" alt=\"Remise des dipl\u00f4mes 2011-2012 - Didier Migaud et Patrice Raymond\" width=\"981\" height=\"654\" \/><\/p>\n<p>Didier MIGAUD et Patrice RAYMOND, Accueil<\/p>\n<p><img loading=\"lazy\" decoding=\"async\" class=\"alignleft\" title=\"Remise des dipl\u00f4mes 2011-2012 - Cour des comptes\" src=\"http:\/\/upload.wikimedia.org\/wikipedia\/commons\/9\/96\/Cour_des_comptes_Paris_entr%C3%A9e.JPG\" alt=\"Remise des dipl\u00f4mes 2011-2012 - Cour des comptes\" width=\"305\" height=\"205\" \/><\/p>\n<p>&nbsp;<\/p>\n<p>&nbsp;<\/p>\n<\/div>\n<p>&nbsp;<\/p>\n<p>&nbsp;<\/p>\n<p><img loading=\"lazy\" decoding=\"async\" title=\"\" src=\"http:\/\/blog.ube.fr\/m2fctg\/wp-content\/uploads\/sites\/36\/2016\/01\/Remise-des-dip.Cours-des-comptes.jpg\" alt=\"\" width=\"981\" height=\"736\" \/><\/p>\n<p><img loading=\"lazy\" decoding=\"async\" title=\"\" src=\"http:\/\/blog.ube.fr\/m2fctg\/wp-content\/uploads\/sites\/36\/2016\/01\/DSCN0289.jpg\" alt=\"\" width=\"981\" height=\"736\" \/><\/p>\n<p>&nbsp;<\/p>\n<p><img decoding=\"async\" title=\"\" src=\"http:\/\/blog.ube.fr\/m2fctg\/wp-content\/uploads\/sites\/36\/2016\/01\/P.Raymond.jpg\" alt=\"\" \/><\/p>\n<p>Remerciements et pr\u00e9sentation de la Promotion par\u00a0Patrice RAYMOND<\/p>\n<div class=\"entry-content\">\n<p>&nbsp;<\/p>\n<p><strong>Visite du S\u00e9nat<\/strong><\/p>\n<\/div>\n<p><img loading=\"lazy\" decoding=\"async\" class=\"alignleft\" title=\"Luxembourg_Palace\" src=\"http:\/\/m2fctg.free.fr\/wp-content\/uploads\/2012\/11\/Luxembourg_Palace.jpg\" alt=\"\" width=\"630\" height=\"230\" \/><\/p>\n<p>&nbsp;<\/p>\n<p>&nbsp;<\/p>\n<p>&nbsp;<\/p>\n<p>&nbsp;<\/p>\n<p>&nbsp;<\/p>\n<p>&nbsp;<\/p>\n<p>&nbsp;<\/p>\n<p>&nbsp;<\/p>\n<p><a href=\"http:\/\/blog.ube.fr\/m2fctg\/wp-content\/uploads\/sites\/36\/2015\/10\/Pupitre.jpg\" rel=\"attachment wp-att-390\"><img loading=\"lazy\" decoding=\"async\" class=\"alignnone wp-image-390 size-full\" src=\"http:\/\/blog.ube.fr\/m2fctg\/wp-content\/uploads\/sites\/36\/2015\/10\/Pupitre.jpg\" alt=\"Pupitre\" width=\"3264\" height=\"2448\" srcset=\"https:\/\/blog.ube.fr\/m2fctg\/wp-content\/uploads\/sites\/36\/2015\/10\/Pupitre.jpg 3264w, https:\/\/blog.ube.fr\/m2fctg\/wp-content\/uploads\/sites\/36\/2015\/10\/Pupitre-768x576.jpg 768w, https:\/\/blog.ube.fr\/m2fctg\/wp-content\/uploads\/sites\/36\/2015\/10\/Pupitre-300x225.jpg 300w\" sizes=\"auto, (max-width: 3264px) 100vw, 3264px\" \/><\/a><\/p>\n<p><img decoding=\"async\" title=\"\" src=\"http:\/\/blog.ube.fr\/m2fctg\/wp-content\/uploads\/sites\/36\/2016\/01\/S\u00e9nat.jpg\" alt=\"\" \/><\/p>\n<div class=\"entry-content\">\n<p><img decoding=\"async\" title=\"\" src=\"http:\/\/blog.ube.fr\/m2fctg\/wp-content\/uploads\/sites\/36\/2016\/01\/S\u00e9nat-Promo.jpg\" alt=\"\" \/><\/p>\n<p><img decoding=\"async\" title=\"\" src=\"http:\/\/blog.ube.fr\/m2fctg\/wp-content\/uploads\/sites\/36\/2016\/01\/DSCN0284.jpg\" alt=\"\" \/><\/p>\n<\/div>\n<p>&nbsp;<\/p>\n<p><strong>R\u00e9sum\u00e9 de la journ\u00e9e de la remise des dipl\u00f4mes \u00e0 voir\u00a0 <\/strong><a href=\"http:\/\/blog.ube.fr\/m2fctg\/wp-content\/uploads\/sites\/36\/2016\/01\/Patchwork-29-10-12.pdf\" target=\"_blank\" rel=\"noopener\"><strong>ici<\/strong> <\/a><\/p>\n<p>&nbsp;<\/p>\n<p style=\"padding-left: 510px;\"><em> Site r\u00e9alis\u00e9 par Thomas Cornille<\/em><\/p>\n","protected":false},"excerpt":{"rendered":"<p>Remise des dipl\u00f4mes 2011-2012 \u00e0 la Cour des Comptes et Visite du S\u00e9nat Point Presse Officiel de la Cour des Comptes Didier MIGAUD et Patrice RAYMOND, Accueil &nbsp; &nbsp; &nbsp; &nbsp; &nbsp; Remerciements et pr\u00e9sentation de la Promotion par\u00a0Patrice RAYMOND &nbsp; Visite du S\u00e9nat &nbsp; &nbsp; &nbsp; &nbsp; &nbsp; &nbsp; &nbsp; &nbsp; &nbsp; R\u00e9sum\u00e9 de<\/p>\n<p><a class=\"button\" href=\"https:\/\/blog.ube.fr\/m2fctg\/promos-2\/remise-des-diplomes-2011-2012\/\" title=\"More\">  Voir plus \u2192<\/a><\/p>\n","protected":false},"author":103,"featured_media":0,"parent":3190,"menu_order":0,"comment_status":"closed","ping_status":"closed","template":"","meta":{"footnotes":""},"class_list":["post-195","page","type-page","status-publish","hentry"],"_links":{"self":[{"href":"https:\/\/blog.ube.fr\/m2fctg\/wp-json\/wp\/v2\/pages\/195","targetHints":{"allow":["GET"]}}],"collection":[{"href":"https:\/\/blog.ube.fr\/m2fctg\/wp-json\/wp\/v2\/pages"}],"about":[{"href":"https:\/\/blog.ube.fr\/m2fctg\/wp-json\/wp\/v2\/types\/page"}],"author":[{"embeddable":true,"href":"https:\/\/blog.ube.fr\/m2fctg\/wp-json\/wp\/v2\/users\/103"}],"replies":[{"embeddable":true,"href":"https:\/\/blog.ube.fr\/m2fctg\/wp-json\/wp\/v2\/comments?post=195"}],"version-history":[{"count":21,"href":"https:\/\/blog.ube.fr\/m2fctg\/wp-json\/wp\/v2\/pages\/195\/revisions"}],"predecessor-version":[{"id":3196,"href":"https:\/\/blog.ube.fr\/m2fctg\/wp-json\/wp\/v2\/pages\/195\/revisions\/3196"}],"up":[{"embeddable":true,"href":"https:\/\/blog.ube.fr\/m2fctg\/wp-json\/wp\/v2\/pages\/3190"}],"wp:attachment":[{"href":"https:\/\/blog.ube.fr\/m2fctg\/wp-json\/wp\/v2\/media?parent=195"}],"curies":[{"name":"wp","href":"https:\/\/api.w.org\/{rel}","templated":true}]}}