{"id":188,"date":"2015-10-19T18:56:39","date_gmt":"2015-10-19T17:56:39","guid":{"rendered":"http:\/\/blog.u-bourgogne.fr\/m2fctg\/?page_id=188"},"modified":"2023-11-30T16:28:28","modified_gmt":"2023-11-30T15:28:28","slug":"propositions-de-stages-emplois","status":"publish","type":"page","link":"https:\/\/blog.ube.fr\/m2fctg\/propositions-de-stages-emplois\/","title":{"rendered":"Propositions d&#8217;alternances \/ emplois"},"content":{"rendered":"<div class=\"entry-content\">\n<p>La formation propos\u00e9e dans le M2 <em>\u00ab\u00a0Finances des collectivit\u00e9s territoriales et des groupements<\/em>\u00a0\u00bb est compl\u00e9t\u00e9e par un stage en collectivit\u00e9 territoriale, en Etablissement public Territorial, dans le secteur bancaire ou en cabinet de consultant en finances locales et fiscalit\u00e9.<\/p>\n<p>Depuis sa cr\u00e9ation plus de 300 partenaires publics et priv\u00e9s ont accueillis les \u00e9tudiants en fin de formation. D\u2019une dur\u00e9e de trois mois \u00e0 6 mois, ces stages permettent de formidables partenariats sources de tr\u00e8s riches valeurs ajout\u00e9es pour chacun.<\/p>\n<p>Si votre collectivit\u00e9 ou votre entreprise recherche, dans le cadre d\u2019un stage ou d\u2019une offre d\u2019emploi, les comp\u00e9tences que ce dipl\u00f4me se propose de mettre \u00e0 votre disposition, je vous propose de remplir la fiche jointe et de la retourner \u00e0 \u00c9lodie Vasseur , secr\u00e9taire du Master 2 \u00ab Finances des Collectivit\u00e9s Territoriales et des Groupements \u00bb \u00e0 l\u2019adresse mail suivante : <a href=\"mailto:pierrine.dury@u-bourgogne.fr\">elodie.vasseur@u-bourgogne.fr<\/a><\/p>\n<p>Je reste \u00e0 votre enti\u00e8re disposition pour toute information compl\u00e9mentaire et vous remercie pour votre confiance.<\/p>\n<p>Patrice RAYMOND<\/p>\n<p>Directeur du Master 2 \u00ab\u00a0Finances des collectivit\u00e9s territoriales et des groupements\u00a0\u00bb<\/p>\n<p>&nbsp;<\/p>\n<\/div>\n<div class=\"wpcf7 no-js\" id=\"wpcf7-f186-o1\" lang=\"fr-FR\" dir=\"ltr\">\n<div class=\"screen-reader-response\">\n<p role=\"status\" aria-live=\"polite\" aria-atomic=\"true\">\n<ul><\/ul>\n<\/div>\n<form action=\"\/m2fctg\/wp-json\/wp\/v2\/pages\/188#wpcf7-f186-o1\" method=\"post\" class=\"wpcf7-form init\" aria-label=\"Formulaire de contact\" novalidate=\"novalidate\" data-status=\"init\">\n<div style=\"display: none;\">\n<input type=\"hidden\" name=\"_wpcf7\" value=\"186\" \/><br \/>\n<input type=\"hidden\" name=\"_wpcf7_version\" value=\"5.8.3\" \/><br \/>\n<input type=\"hidden\" name=\"_wpcf7_locale\" value=\"fr_FR\" \/><br \/>\n<input type=\"hidden\" name=\"_wpcf7_unit_tag\" value=\"wpcf7-f186-o1\" \/><br \/>\n<input type=\"hidden\" name=\"_wpcf7_container_post\" value=\"0\" \/><br \/>\n<input type=\"hidden\" name=\"_wpcf7_posted_data_hash\" value=\"\" \/>\n<\/div>\n<p>Type de poste\n<\/p>\n<p><span class=\"wpcf7-form-control-wrap\" data-name=\"posteType\"><input size=\"30\" maxlength=\"60\" class=\"wpcf7-form-control wpcf7-text wpcf7-validates-as-required\" aria-required=\"true\" aria-invalid=\"false\" value=\"\" type=\"text\" name=\"posteType\" \/><\/span>\n<\/p>\n<p>Intitul\u00e9 du poste\n<\/p>\n<p><span class=\"wpcf7-form-control-wrap\" data-name=\"posteName\"><input size=\"30\" maxlength=\"60\" class=\"wpcf7-form-control wpcf7-text wpcf7-validates-as-required\" aria-required=\"true\" aria-invalid=\"false\" value=\"\" type=\"text\" name=\"posteName\" \/><\/span>\n<\/p>\n<p>Lieu de l'exercice \/ emploi\n<\/p>\n<p><span class=\"wpcf7-form-control-wrap\" data-name=\"place\"><input size=\"30\" maxlength=\"60\" class=\"wpcf7-form-control wpcf7-text wpcf7-validates-as-required\" aria-required=\"true\" aria-invalid=\"false\" value=\"\" type=\"text\" name=\"place\" \/><\/span>\n<\/p>\n<p>Nom de la structure\n<\/p>\n<p><span class=\"wpcf7-form-control-wrap\" data-name=\"adminName\"><input size=\"30\" maxlength=\"60\" class=\"wpcf7-form-control wpcf7-text wpcf7-validates-as-required\" aria-required=\"true\" aria-invalid=\"false\" value=\"\" type=\"text\" name=\"adminName\" \/><\/span>\n<\/p>\n<p>Caract\u00e9ristiques de la structure (nombre d'habitants \/ fonctionnaires, etc.)\n<\/p>\n<p><span class=\"wpcf7-form-control-wrap\" data-name=\"adminCarac\"><textarea cols=\"40\" rows=\"10\" maxlength=\"250\" class=\"wpcf7-form-control wpcf7-textarea wpcf7-validates-as-required\" aria-required=\"true\" aria-invalid=\"false\" name=\"adminCarac\"><\/textarea><\/span>\n<\/p>\n<p> Description du poste et des responsabilit\u00e9s\n<\/p>\n<p><span class=\"wpcf7-form-control-wrap\" data-name=\"descriptionPoste\"><textarea cols=\"40\" rows=\"10\" maxlength=\"250\" class=\"wpcf7-form-control wpcf7-textarea wpcf7-validates-as-required\" aria-required=\"true\" aria-invalid=\"false\" name=\"descriptionPoste\"><\/textarea><\/span>\n<\/p>\n<p> Comp\u00e9tences et profil g\u00e9n\u00e9ral du candidat\n<\/p>\n<p><span class=\"wpcf7-form-control-wrap\" data-name=\"competCandidat\"><textarea cols=\"40\" rows=\"10\" maxlength=\"250\" class=\"wpcf7-form-control wpcf7-textarea wpcf7-validates-as-required\" aria-required=\"true\" aria-invalid=\"false\" name=\"competCandidat\"><\/textarea><\/span>\n<\/p>\n<p> Votre num\u00e9ro de t\u00e9l\u00e9phone\n<\/p>\n<p><span class=\"wpcf7-form-control-wrap\" data-name=\"telephone\"><input size=\"30\" maxlength=\"60\" class=\"wpcf7-form-control wpcf7-text wpcf7-validates-as-required\" aria-required=\"true\" aria-invalid=\"false\" value=\"\" type=\"text\" name=\"telephone\" \/><\/span>\n<\/p>\n<p> Votre nom\n<\/p>\n<p><span class=\"wpcf7-form-control-wrap\" data-name=\"your-name\"><input size=\"30\" maxlength=\"60\" class=\"wpcf7-form-control wpcf7-text wpcf7-validates-as-required\" aria-required=\"true\" aria-invalid=\"false\" value=\"\" type=\"text\" name=\"your-name\" \/><\/span>\n<\/p>\n<p> Votre adresse email\n<\/p>\n<p><span class=\"wpcf7-form-control-wrap\" data-name=\"your-email\"><input size=\"40\" class=\"wpcf7-form-control wpcf7-email wpcf7-validates-as-required wpcf7-text wpcf7-validates-as-email\" aria-required=\"true\" aria-invalid=\"false\" value=\"mail@exemple.fr\" type=\"email\" name=\"your-email\" \/><\/span>\n<\/p>\n<p><input class=\"wpcf7-form-control wpcf7-submit has-spinner\" type=\"submit\" value=\"Envoyer\" \/>\n<\/p>\n<div class=\"wpcf7-response-output\" aria-hidden=\"true\"><\/div>\n<\/form>\n<\/div>\n<p>&nbsp;<\/p>\n<p>&nbsp;<\/p>\n<p>&nbsp;<\/p>\n<p style=\"padding-left: 420px;\"><em>Site r\u00e9alis\u00e9 par Th\u00e9o Devis\u00a0<\/em><\/p>\n","protected":false},"excerpt":{"rendered":"<p>La formation propos\u00e9e dans le M2 \u00ab\u00a0Finances des collectivit\u00e9s territoriales et des groupements\u00a0\u00bb est compl\u00e9t\u00e9e par un stage en collectivit\u00e9 territoriale, en Etablissement public Territorial, dans le secteur bancaire ou en cabinet de consultant en finances locales et fiscalit\u00e9. Depuis sa cr\u00e9ation plus de 300 partenaires publics et priv\u00e9s ont accueillis les \u00e9tudiants en fin<\/p>\n<p><a class=\"button\" href=\"https:\/\/blog.ube.fr\/m2fctg\/propositions-de-stages-emplois\/\" title=\"More\">  Voir plus \u2192<\/a><\/p>\n","protected":false},"author":103,"featured_media":0,"parent":0,"menu_order":0,"comment_status":"closed","ping_status":"closed","template":"","meta":{"footnotes":""},"class_list":["post-188","page","type-page","status-publish","hentry"],"_links":{"self":[{"href":"https:\/\/blog.ube.fr\/m2fctg\/wp-json\/wp\/v2\/pages\/188","targetHints":{"allow":["GET"]}}],"collection":[{"href":"https:\/\/blog.ube.fr\/m2fctg\/wp-json\/wp\/v2\/pages"}],"about":[{"href":"https:\/\/blog.ube.fr\/m2fctg\/wp-json\/wp\/v2\/types\/page"}],"author":[{"embeddable":true,"href":"https:\/\/blog.ube.fr\/m2fctg\/wp-json\/wp\/v2\/users\/103"}],"replies":[{"embeddable":true,"href":"https:\/\/blog.ube.fr\/m2fctg\/wp-json\/wp\/v2\/comments?post=188"}],"version-history":[{"count":14,"href":"https:\/\/blog.ube.fr\/m2fctg\/wp-json\/wp\/v2\/pages\/188\/revisions"}],"predecessor-version":[{"id":2929,"href":"https:\/\/blog.ube.fr\/m2fctg\/wp-json\/wp\/v2\/pages\/188\/revisions\/2929"}],"wp:attachment":[{"href":"https:\/\/blog.ube.fr\/m2fctg\/wp-json\/wp\/v2\/media?parent=188"}],"curies":[{"name":"wp","href":"https:\/\/api.w.org\/{rel}","templated":true}]}}