{"id":1877,"date":"2019-03-04T15:28:01","date_gmt":"2019-03-04T14:28:01","guid":{"rendered":"http:\/\/blog.u-bourgogne.fr\/m2fctg\/?page_id=1877"},"modified":"2019-04-22T16:11:28","modified_gmt":"2019-04-22T15:11:28","slug":"13eme-journee-des-finances-locales","status":"publish","type":"page","link":"https:\/\/blog.ube.fr\/m2fctg\/13eme-journee-des-finances-locales\/","title":{"rendered":"13\u00e8me Journ\u00e9e des Finances Locales &#8211; 2019 plac\u00e9e sous la Pr\u00e9sidence de Dominique BUR, Ancien Pr\u00e9fet de R\u00e9gion Bourgogne, Pr\u00e9fet de C\u00f4te d&#8217;or."},"content":{"rendered":"<h3 style=\"text-align: center\"><\/h3>\n<p><u><span style=\"color: #000120\"><a href=\"http:\/\/blog.ube.fr\/m2fctg\/wp-content\/uploads\/sites\/36\/2019\/04\/Pr\u00e9fet-D.-BUR-P.-RAYMOND-1.jpg\"><img loading=\"lazy\" decoding=\"async\" class=\"alignright size-full wp-image-1931\" src=\"http:\/\/blog.ube.fr\/m2fctg\/wp-content\/uploads\/sites\/36\/2019\/04\/Pr\u00e9fet-D.-BUR-P.-RAYMOND-1.jpg\" alt=\"\" width=\"3402\" height=\"2553\" srcset=\"https:\/\/blog.ube.fr\/m2fctg\/wp-content\/uploads\/sites\/36\/2019\/04\/Pr\u00e9fet-D.-BUR-P.-RAYMOND-1.jpg 3402w, https:\/\/blog.ube.fr\/m2fctg\/wp-content\/uploads\/sites\/36\/2019\/04\/Pr\u00e9fet-D.-BUR-P.-RAYMOND-1-768x576.jpg 768w\" sizes=\"auto, (max-width: 3402px) 100vw, 3402px\" \/><\/a><\/span><\/u><\/p>\n<p>&nbsp;<\/p>\n<h3 style=\"text-align: center\"><em><strong><a href=\"http:\/\/blog.ube.fr\/m2fctg\/wp-content\/uploads\/sites\/36\/2019\/04\/BUR-RAYMOND-.jpg\"><img loading=\"lazy\" decoding=\"async\" class=\"alignright size-full wp-image-1932\" src=\"http:\/\/blog.ube.fr\/m2fctg\/wp-content\/uploads\/sites\/36\/2019\/04\/BUR-RAYMOND-.jpg\" alt=\"\" width=\"3042\" height=\"2281\" srcset=\"https:\/\/blog.ube.fr\/m2fctg\/wp-content\/uploads\/sites\/36\/2019\/04\/BUR-RAYMOND-.jpg 3042w, https:\/\/blog.ube.fr\/m2fctg\/wp-content\/uploads\/sites\/36\/2019\/04\/BUR-RAYMOND--768x576.jpg 768w\" sizes=\"auto, (max-width: 3042px) 100vw, 3042px\" \/><\/a>Patrice RAYMOND directeur du Master 2 FCTG et tous les \u00e9tudiants de la promotion 2018-2019 remercient vivement chacun des participants \u00e0 cette merveilleuse journ\u00e9e d&#8217;\u00e9changes et de d\u00e9bats de tr\u00e8s grande qualit\u00e9. <\/strong><\/em><\/h3>\n<h3 style=\"text-align: center\"><em><strong>Patrice RAYMOND remercie vivement le pr\u00e9sident de l&#8217;Universit\u00e9 de Bourgogne Alain BONNIN pour ses propos introductifs et ses encouragements \u00e0 d\u00e9velopper encore tous ces m\u00e9tiers autour des finances locales et \u00e0 contribuer \u00e0 faire de notre Universit\u00e9 une Universit\u00e9 des Territoires et de la strat\u00e9gie financi\u00e8re. <\/strong><\/em><\/h3>\n<h3><a href=\"http:\/\/blog.ube.fr\/m2fctg\/wp-content\/uploads\/sites\/36\/2019\/04\/IMG_9473-1.jpg\"><img loading=\"lazy\" decoding=\"async\" class=\"alignright size-full wp-image-1934\" src=\"http:\/\/blog.ube.fr\/m2fctg\/wp-content\/uploads\/sites\/36\/2019\/04\/IMG_9473-1.jpg\" alt=\"\" width=\"1069\" height=\"802\" srcset=\"https:\/\/blog.ube.fr\/m2fctg\/wp-content\/uploads\/sites\/36\/2019\/04\/IMG_9473-1.jpg 1069w, https:\/\/blog.ube.fr\/m2fctg\/wp-content\/uploads\/sites\/36\/2019\/04\/IMG_9473-1-768x576.jpg 768w\" sizes=\"auto, (max-width: 1069px) 100vw, 1069px\" \/><\/a><\/h3>\n<h3 style=\"text-align: center\"><em><strong>Cette &#8220;journ\u00e9e des finances locales&#8221;\u00a0 constitue d\u00e9sormais un rendez-vous important des acteurs financiers ainsi que des anciens \u00e9tudiants que nous retrouvons toujours avec grand plaisir.<\/strong><\/em><\/h3>\n<p><a href=\"http:\/\/blog.ube.fr\/m2fctg\/wp-content\/uploads\/sites\/36\/2019\/04\/Capture-d\u2019\u00e9cran-2019-04-08-\u00e0-21.55.19.png\"><img loading=\"lazy\" decoding=\"async\" class=\"aligncenter wp-image-1913 \" src=\"http:\/\/blog.ube.fr\/m2fctg\/wp-content\/uploads\/sites\/36\/2019\/04\/Capture-d\u2019\u00e9cran-2019-04-08-\u00e0-21.55.19.png\" alt=\"\" width=\"572\" height=\"469\" srcset=\"https:\/\/blog.ube.fr\/m2fctg\/wp-content\/uploads\/sites\/36\/2019\/04\/Capture-d\u2019\u00e9cran-2019-04-08-\u00e0-21.55.19.png 1684w, https:\/\/blog.ube.fr\/m2fctg\/wp-content\/uploads\/sites\/36\/2019\/04\/Capture-d\u2019\u00e9cran-2019-04-08-\u00e0-21.55.19-768x630.png 768w\" sizes=\"auto, (max-width: 572px) 100vw, 572px\" \/><\/a><\/p>\n<p><a href=\"http:\/\/blog.ube.fr\/m2fctg\/wp-content\/uploads\/sites\/36\/2019\/04\/55597542_10218579781427991_8491347539025461248_n.jpg\"><img loading=\"lazy\" decoding=\"async\" class=\"aligncenter wp-image-1922 \" src=\"http:\/\/blog.ube.fr\/m2fctg\/wp-content\/uploads\/sites\/36\/2019\/04\/55597542_10218579781427991_8491347539025461248_n.jpg\" alt=\"\" width=\"577\" height=\"433\" srcset=\"https:\/\/blog.ube.fr\/m2fctg\/wp-content\/uploads\/sites\/36\/2019\/04\/55597542_10218579781427991_8491347539025461248_n.jpg 960w, https:\/\/blog.ube.fr\/m2fctg\/wp-content\/uploads\/sites\/36\/2019\/04\/55597542_10218579781427991_8491347539025461248_n-768x576.jpg 768w\" sizes=\"auto, (max-width: 577px) 100vw, 577px\" \/><\/a><\/p>\n<p><a href=\"http:\/\/blog.ube.fr\/m2fctg\/wp-content\/uploads\/sites\/36\/2019\/04\/IMG_9497.jpg\"><img loading=\"lazy\" decoding=\"async\" class=\"alignright size-full wp-image-1933\" src=\"http:\/\/blog.ube.fr\/m2fctg\/wp-content\/uploads\/sites\/36\/2019\/04\/IMG_9497.jpg\" alt=\"\" width=\"1417\" height=\"1063\" srcset=\"https:\/\/blog.ube.fr\/m2fctg\/wp-content\/uploads\/sites\/36\/2019\/04\/IMG_9497.jpg 1417w, https:\/\/blog.ube.fr\/m2fctg\/wp-content\/uploads\/sites\/36\/2019\/04\/IMG_9497-768x576.jpg 768w\" sizes=\"auto, (max-width: 1417px) 100vw, 1417px\" \/><\/a><\/p>\n<p><a href=\"http:\/\/blog.ube.fr\/m2fctg\/wp-content\/uploads\/sites\/36\/2019\/04\/Capture-d\u2019\u00e9cran-2019-04-08-\u00e0-21.12.53.png\"><img loading=\"lazy\" decoding=\"async\" class=\"aligncenter wp-image-1899 size-full\" src=\"http:\/\/blog.ube.fr\/m2fctg\/wp-content\/uploads\/sites\/36\/2019\/04\/Capture-d\u2019\u00e9cran-2019-04-08-\u00e0-21.12.53.png\" alt=\"\" width=\"2292\" height=\"1392\" srcset=\"https:\/\/blog.ube.fr\/m2fctg\/wp-content\/uploads\/sites\/36\/2019\/04\/Capture-d\u2019\u00e9cran-2019-04-08-\u00e0-21.12.53.png 2292w, https:\/\/blog.ube.fr\/m2fctg\/wp-content\/uploads\/sites\/36\/2019\/04\/Capture-d\u2019\u00e9cran-2019-04-08-\u00e0-21.12.53-768x466.png 768w\" sizes=\"auto, (max-width: 2292px) 100vw, 2292px\" \/><\/a><\/p>\n<pre><em><strong>Alain BONNIN<\/strong><\/em> (Pr\u00e9sident de l'Universit\u00e9 de Bourgogne), <em><strong>Georges MAGLICA<\/strong><\/em> (Adjoint aux finances de la Ville de Dijon), <strong><em>Yves JAPIOT<\/em><\/strong> (Pr\u00e9sident de l'Association Nationale des Membres de l'Ordre National du M\u00e9rite - Section 21), et <em><strong>Patrice RAYMOND<\/strong><\/em> (Directeur du M2 FCTG).<\/pre>\n<p>&nbsp;<\/p>\n<p><a href=\"http:\/\/blog.ube.fr\/m2fctg\/wp-content\/uploads\/sites\/36\/2019\/04\/Capture-d\u2019\u00e9cran-2019-04-08-\u00e0-21.17.30.png\"><img loading=\"lazy\" decoding=\"async\" class=\"aligncenter wp-image-1900 size-full\" src=\"http:\/\/blog.ube.fr\/m2fctg\/wp-content\/uploads\/sites\/36\/2019\/04\/Capture-d\u2019\u00e9cran-2019-04-08-\u00e0-21.17.30.png\" alt=\"\" width=\"2056\" height=\"820\" srcset=\"https:\/\/blog.ube.fr\/m2fctg\/wp-content\/uploads\/sites\/36\/2019\/04\/Capture-d\u2019\u00e9cran-2019-04-08-\u00e0-21.17.30.png 2056w, https:\/\/blog.ube.fr\/m2fctg\/wp-content\/uploads\/sites\/36\/2019\/04\/Capture-d\u2019\u00e9cran-2019-04-08-\u00e0-21.17.30-768x306.png 768w\" sizes=\"auto, (max-width: 2056px) 100vw, 2056px\" \/><\/a><\/p>\n<pre><i><b>Adrien BAYLE<\/b> <\/i>(Conseiller Sp\u00e9cial \"Finances Locales\" aupr\u00e8s de Madame la Ministre de la coh\u00e9sion des territoires et des relations avec les collectivit\u00e9s territoriales), <strong><em>Bruno DALLER<\/em><\/strong> (Directeur des finances de la M\u00e9tropole de Lyon), et <em><strong>Luc Alain VERVISCH<\/strong><\/em> (Directeur des \u00e9tudes de la Banque Postale).<\/pre>\n<p>&nbsp;<\/p>\n<p><a href=\"http:\/\/blog.ube.fr\/m2fctg\/wp-content\/uploads\/sites\/36\/2019\/04\/Capture-d\u2019\u00e9cran-2019-04-08-\u00e0-21.29.58.png\"><img loading=\"lazy\" decoding=\"async\" class=\"aligncenter wp-image-1901 size-full\" src=\"http:\/\/blog.ube.fr\/m2fctg\/wp-content\/uploads\/sites\/36\/2019\/04\/Capture-d\u2019\u00e9cran-2019-04-08-\u00e0-21.29.58.png\" alt=\"\" width=\"1962\" height=\"1236\" srcset=\"https:\/\/blog.ube.fr\/m2fctg\/wp-content\/uploads\/sites\/36\/2019\/04\/Capture-d\u2019\u00e9cran-2019-04-08-\u00e0-21.29.58.png 1962w, https:\/\/blog.ube.fr\/m2fctg\/wp-content\/uploads\/sites\/36\/2019\/04\/Capture-d\u2019\u00e9cran-2019-04-08-\u00e0-21.29.58-768x484.png 768w\" sizes=\"auto, (max-width: 1962px) 100vw, 1962px\" \/><\/a><\/p>\n<pre><b><i>Michel BOUVIER<\/i><\/b> (Professeur des Universit\u00e9s, Directeur de la Revue Fran\u00e7aise des Finances Publiques, FONDAFIP), <em><strong>Adrien BAYLE<\/strong><\/em> (Conseiller Sp\u00e9cial \"Finances Locales\" aupr\u00e8s de la Ministre de la coh\u00e9sion des territoires et des relations avec les collectivit\u00e9s territoriales), <em><strong>Bruno DALLER<\/strong><\/em> (Directeur des Finances \u00e0 la M\u00e9tropole de Lyon), <em><strong>Patrice RAYMOND<\/strong><\/em> (Directeur du M2 FCTG), <em><strong>Lucille ROYET-ECOFFET<\/strong> <\/em>(Directrice g\u00e9n\u00e9rale d\u00e9l\u00e9gu\u00e9e aux ressources et aux services aux communes de la ville et la M\u00e9tropole de Dijon), et <em><strong>V\u00e9ronique ALBERTINI<\/strong><\/em> (EXCO-Socodec, expert-comptable secteur public).<\/pre>\n<p>&nbsp;<\/p>\n<p><a href=\"http:\/\/blog.ube.fr\/m2fctg\/wp-content\/uploads\/sites\/36\/2019\/04\/Capture-d\u2019\u00e9cran-2019-04-08-\u00e0-21.33.31.png\"><img loading=\"lazy\" decoding=\"async\" class=\"aligncenter wp-image-1902 size-full\" src=\"http:\/\/blog.ube.fr\/m2fctg\/wp-content\/uploads\/sites\/36\/2019\/04\/Capture-d\u2019\u00e9cran-2019-04-08-\u00e0-21.33.31.png\" alt=\"\" width=\"2232\" height=\"1100\" srcset=\"https:\/\/blog.ube.fr\/m2fctg\/wp-content\/uploads\/sites\/36\/2019\/04\/Capture-d\u2019\u00e9cran-2019-04-08-\u00e0-21.33.31.png 2232w, https:\/\/blog.ube.fr\/m2fctg\/wp-content\/uploads\/sites\/36\/2019\/04\/Capture-d\u2019\u00e9cran-2019-04-08-\u00e0-21.33.31-768x378.png 768w\" sizes=\"auto, (max-width: 2232px) 100vw, 2232px\" \/><\/a><\/p>\n<pre>Repas servi par le CROUS de Dijon au Restaurant Universitaire Montmuzard.<\/pre>\n<p>&nbsp;<\/p>\n<p><a href=\"http:\/\/blog.ube.fr\/m2fctg\/wp-content\/uploads\/sites\/36\/2019\/04\/Capture-d\u2019\u00e9cran-2019-04-08-\u00e0-21.37.30.png\"><img loading=\"lazy\" decoding=\"async\" class=\"aligncenter wp-image-1903 size-full\" src=\"http:\/\/blog.ube.fr\/m2fctg\/wp-content\/uploads\/sites\/36\/2019\/04\/Capture-d\u2019\u00e9cran-2019-04-08-\u00e0-21.37.30.png\" alt=\"\" width=\"1774\" height=\"1200\" srcset=\"https:\/\/blog.ube.fr\/m2fctg\/wp-content\/uploads\/sites\/36\/2019\/04\/Capture-d\u2019\u00e9cran-2019-04-08-\u00e0-21.37.30.png 1774w, https:\/\/blog.ube.fr\/m2fctg\/wp-content\/uploads\/sites\/36\/2019\/04\/Capture-d\u2019\u00e9cran-2019-04-08-\u00e0-21.37.30-768x520.png 768w, https:\/\/blog.ube.fr\/m2fctg\/wp-content\/uploads\/sites\/36\/2019\/04\/Capture-d\u2019\u00e9cran-2019-04-08-\u00e0-21.37.30-449x304.png 449w\" sizes=\"auto, (max-width: 1774px) 100vw, 1774px\" \/><\/a><\/p>\n<pre><strong>Patrice RAYMOND<\/strong> et <strong>Fr\u00e9d\u00e9rique DUPRE<\/strong>, intervenante dans le Master 2. Interventions  pertinentes de <em><strong>Vincent RICOLFI<\/strong><\/em> (photo milieu gauche - Promotion 2009-2010) et <em><strong>Thomas GILBERT<\/strong><\/em> (photo haut \u00e0 gauche - promotion 2016-2017) lors des \u00e9changes.<\/pre>\n<p>&nbsp;<\/p>\n<p><a href=\"http:\/\/blog.ube.fr\/m2fctg\/wp-content\/uploads\/sites\/36\/2019\/04\/Capture-d\u2019\u00e9cran-2019-04-08-\u00e0-21.42.34.png\"><img loading=\"lazy\" decoding=\"async\" class=\"aligncenter wp-image-1904 size-full\" src=\"http:\/\/blog.ube.fr\/m2fctg\/wp-content\/uploads\/sites\/36\/2019\/04\/Capture-d\u2019\u00e9cran-2019-04-08-\u00e0-21.42.34.png\" alt=\"\" width=\"2282\" height=\"1008\" srcset=\"https:\/\/blog.ube.fr\/m2fctg\/wp-content\/uploads\/sites\/36\/2019\/04\/Capture-d\u2019\u00e9cran-2019-04-08-\u00e0-21.42.34.png 2282w, https:\/\/blog.ube.fr\/m2fctg\/wp-content\/uploads\/sites\/36\/2019\/04\/Capture-d\u2019\u00e9cran-2019-04-08-\u00e0-21.42.34-768x339.png 768w\" sizes=\"auto, (max-width: 2282px) 100vw, 2282px\" \/><\/a><\/p>\n<pre><strong>Patrice RAYMOND<\/strong> remercie vivement <strong><em>Dominique BUR<\/em><\/strong> (Ancien Pr\u00e9fet de la zone d\u00e9fense Nord, Membre du Conseil sup\u00e9rieur de la Cour des Comptes, Co-rapporteur du Rapport sur la r\u00e9forme de la fiscalit\u00e9 locale )pour sa pr\u00e9cieuse participation \u00e0 cette journ\u00e9e.<\/pre>\n<p>&nbsp;<\/p>\n<p><a href=\"http:\/\/blog.ube.fr\/m2fctg\/wp-content\/uploads\/sites\/36\/2019\/04\/Capture-d\u2019\u00e9cran-2019-04-08-\u00e0-21.45.59.png\"><img loading=\"lazy\" decoding=\"async\" class=\"aligncenter wp-image-1905 size-full\" src=\"http:\/\/blog.ube.fr\/m2fctg\/wp-content\/uploads\/sites\/36\/2019\/04\/Capture-d\u2019\u00e9cran-2019-04-08-\u00e0-21.45.59.png\" alt=\"\" width=\"2276\" height=\"1058\" srcset=\"https:\/\/blog.ube.fr\/m2fctg\/wp-content\/uploads\/sites\/36\/2019\/04\/Capture-d\u2019\u00e9cran-2019-04-08-\u00e0-21.45.59.png 2276w, https:\/\/blog.ube.fr\/m2fctg\/wp-content\/uploads\/sites\/36\/2019\/04\/Capture-d\u2019\u00e9cran-2019-04-08-\u00e0-21.45.59-768x357.png 768w\" sizes=\"auto, (max-width: 2276px) 100vw, 2276px\" \/><\/a><\/p>\n<pre><strong><em>Claire DELPECH<\/em><\/strong> (Responsable \"finances, fiscalit\u00e9 et habitat\", AdCF),<strong><em> Julian POUX<\/em><\/strong>   (Ancien du Master, Chef de service \"fiscalit\u00e9 et dotations\" M\u00e9tropole Aix-Marseille-Provence), <em><strong>Mariam DELSANTE<\/strong><\/em> (Ancien du Master, Directeur des finances de la Communaut\u00e9 d'Agglom\u00e9ration du Grand-Dole), et <strong>Bruno BETHENOD<\/strong>, le <strong><em>Pr\u00e9sident de l'AMRF de Bourgogne<\/em><\/strong>.<\/pre>\n<p>&nbsp;<\/p>\n<p><a href=\"http:\/\/blog.ube.fr\/m2fctg\/wp-content\/uploads\/sites\/36\/2019\/04\/Capture-d\u2019\u00e9cran-2019-04-08-\u00e0-21.48.38.png\"><img loading=\"lazy\" decoding=\"async\" class=\"aligncenter wp-image-1906 size-full\" src=\"http:\/\/blog.ube.fr\/m2fctg\/wp-content\/uploads\/sites\/36\/2019\/04\/Capture-d\u2019\u00e9cran-2019-04-08-\u00e0-21.48.38.png\" alt=\"\" width=\"2134\" height=\"1214\" srcset=\"https:\/\/blog.ube.fr\/m2fctg\/wp-content\/uploads\/sites\/36\/2019\/04\/Capture-d\u2019\u00e9cran-2019-04-08-\u00e0-21.48.38.png 2134w, https:\/\/blog.ube.fr\/m2fctg\/wp-content\/uploads\/sites\/36\/2019\/04\/Capture-d\u2019\u00e9cran-2019-04-08-\u00e0-21.48.38-768x437.png 768w\" sizes=\"auto, (max-width: 2134px) 100vw, 2134px\" \/><\/a><\/p>\n<p><a href=\"http:\/\/blog.ube.fr\/m2fctg\/wp-content\/uploads\/sites\/36\/2019\/04\/Capture-d\u2019\u00e9cran-2019-04-08-\u00e0-21.51.39.png\"><img loading=\"lazy\" decoding=\"async\" class=\"aligncenter wp-image-1909 \" src=\"http:\/\/blog.ube.fr\/m2fctg\/wp-content\/uploads\/sites\/36\/2019\/04\/Capture-d\u2019\u00e9cran-2019-04-08-\u00e0-21.51.39.png\" alt=\"\" width=\"503\" height=\"316\" srcset=\"https:\/\/blog.ube.fr\/m2fctg\/wp-content\/uploads\/sites\/36\/2019\/04\/Capture-d\u2019\u00e9cran-2019-04-08-\u00e0-21.51.39.png 1768w, https:\/\/blog.ube.fr\/m2fctg\/wp-content\/uploads\/sites\/36\/2019\/04\/Capture-d\u2019\u00e9cran-2019-04-08-\u00e0-21.51.39-768x483.png 768w\" sizes=\"auto, (max-width: 503px) 100vw, 503px\" \/><\/a><\/p>\n<pre><strong>15h30-16h30<\/strong> : Remise des Prix \"AFIGESE - FONDAFIP - BANQUE POSTALE\" des meilleurs M\u00e9moires 2018 de Master 2.<\/pre>\n<p>&nbsp;<\/p>\n<p><a href=\"http:\/\/blog.ube.fr\/m2fctg\/wp-content\/uploads\/sites\/36\/2019\/04\/Capture-d\u2019\u00e9cran-2019-04-08-\u00e0-21.52.18.png\"><img loading=\"lazy\" decoding=\"async\" class=\"aligncenter wp-image-1910 size-full\" src=\"http:\/\/blog.ube.fr\/m2fctg\/wp-content\/uploads\/sites\/36\/2019\/04\/Capture-d\u2019\u00e9cran-2019-04-08-\u00e0-21.52.18.png\" alt=\"\" width=\"1186\" height=\"1288\" srcset=\"https:\/\/blog.ube.fr\/m2fctg\/wp-content\/uploads\/sites\/36\/2019\/04\/Capture-d\u2019\u00e9cran-2019-04-08-\u00e0-21.52.18.png 1186w, https:\/\/blog.ube.fr\/m2fctg\/wp-content\/uploads\/sites\/36\/2019\/04\/Capture-d\u2019\u00e9cran-2019-04-08-\u00e0-21.52.18-768x834.png 768w\" sizes=\"auto, (max-width: 1186px) 100vw, 1186px\" \/><\/a><\/p>\n<p><a href=\"http:\/\/blog.ube.fr\/m2fctg\/wp-content\/uploads\/sites\/36\/2019\/04\/Capture-d\u2019\u00e9cran-2019-04-08-\u00e0-21.53.14.png\"><img loading=\"lazy\" decoding=\"async\" class=\"aligncenter wp-image-1911 size-full\" src=\"http:\/\/blog.ube.fr\/m2fctg\/wp-content\/uploads\/sites\/36\/2019\/04\/Capture-d\u2019\u00e9cran-2019-04-08-\u00e0-21.53.14.png\" alt=\"\" width=\"1732\" height=\"1152\" srcset=\"https:\/\/blog.ube.fr\/m2fctg\/wp-content\/uploads\/sites\/36\/2019\/04\/Capture-d\u2019\u00e9cran-2019-04-08-\u00e0-21.53.14.png 1732w, https:\/\/blog.ube.fr\/m2fctg\/wp-content\/uploads\/sites\/36\/2019\/04\/Capture-d\u2019\u00e9cran-2019-04-08-\u00e0-21.53.14-768x511.png 768w\" sizes=\"auto, (max-width: 1732px) 100vw, 1732px\" \/><\/a><\/p>\n<pre><strong>Le premier prix revient \u00e0 Florent TLALKA et Charles SEGUIN, \u00e9tudiants du Master 2 FCTG promotion 2017-2018.<\/strong><\/pre>\n<p>&nbsp;<\/p>\n<p><a href=\"http:\/\/blog.ube.fr\/m2fctg\/wp-content\/uploads\/sites\/36\/2019\/04\/Capture-d\u2019\u00e9cran-2019-04-08-\u00e0-21.53.38.png\"><img loading=\"lazy\" decoding=\"async\" class=\"aligncenter wp-image-1912 size-full\" src=\"http:\/\/blog.ube.fr\/m2fctg\/wp-content\/uploads\/sites\/36\/2019\/04\/Capture-d\u2019\u00e9cran-2019-04-08-\u00e0-21.53.38.png\" alt=\"\" width=\"1764\" height=\"1314\" srcset=\"https:\/\/blog.ube.fr\/m2fctg\/wp-content\/uploads\/sites\/36\/2019\/04\/Capture-d\u2019\u00e9cran-2019-04-08-\u00e0-21.53.38.png 1764w, https:\/\/blog.ube.fr\/m2fctg\/wp-content\/uploads\/sites\/36\/2019\/04\/Capture-d\u2019\u00e9cran-2019-04-08-\u00e0-21.53.38-768x572.png 768w\" sizes=\"auto, (max-width: 1764px) 100vw, 1764px\" \/><\/a><\/p>\n<pre>Discours de cl\u00f4ture de cette 13\u00e8me Journ\u00e9e des Finances Locales par M. RAYMOND.<\/pre>\n<p>&nbsp;<\/p>\n<p>&nbsp;<\/p>\n<p>&nbsp;<\/p>\n<p>&nbsp;<\/p>\n<p>&nbsp;<\/p>\n<p>&nbsp;<\/p>\n<p>&nbsp;<\/p>\n<p style=\"text-align: center\"><em>R\u00e9dig\u00e9 par Mathilde CERIGNAT<\/em><\/p>\n<p>&nbsp;<\/p>\n<p>&nbsp;<\/p>\n<p>&nbsp;<\/p>\n<p>&nbsp;<\/p>\n<p>&nbsp;<\/p>\n<p><a href=\"http:\/\/blog.ube.fr\/m2fctg\/wp-content\/uploads\/sites\/36\/2019\/03\/Capture-d\u2019\u00e9cran-2019-03-04-\u00e0-15.33.23.png\">\u00a0<\/a><\/p>\n","protected":false},"excerpt":{"rendered":"<p>&nbsp; Patrice RAYMOND directeur du Master 2 FCTG et tous les \u00e9tudiants de la promotion 2018-2019 remercient vivement chacun des participants \u00e0 cette merveilleuse journ\u00e9e d&#8217;\u00e9changes et de d\u00e9bats de tr\u00e8s grande qualit\u00e9. Patrice RAYMOND remercie vivement le pr\u00e9sident de l&#8217;Universit\u00e9 de Bourgogne Alain BONNIN pour ses propos introductifs et ses encouragements \u00e0 d\u00e9velopper encore<\/p>\n<p><a class=\"button\" href=\"https:\/\/blog.ube.fr\/m2fctg\/13eme-journee-des-finances-locales\/\" title=\"More\">  Voir plus \u2192<\/a><\/p>\n","protected":false},"author":399,"featured_media":0,"parent":0,"menu_order":0,"comment_status":"closed","ping_status":"closed","template":"","meta":{"footnotes":""},"class_list":["post-1877","page","type-page","status-publish","hentry"],"_links":{"self":[{"href":"https:\/\/blog.ube.fr\/m2fctg\/wp-json\/wp\/v2\/pages\/1877","targetHints":{"allow":["GET"]}}],"collection":[{"href":"https:\/\/blog.ube.fr\/m2fctg\/wp-json\/wp\/v2\/pages"}],"about":[{"href":"https:\/\/blog.ube.fr\/m2fctg\/wp-json\/wp\/v2\/types\/page"}],"author":[{"embeddable":true,"href":"https:\/\/blog.ube.fr\/m2fctg\/wp-json\/wp\/v2\/users\/399"}],"replies":[{"embeddable":true,"href":"https:\/\/blog.ube.fr\/m2fctg\/wp-json\/wp\/v2\/comments?post=1877"}],"version-history":[{"count":16,"href":"https:\/\/blog.ube.fr\/m2fctg\/wp-json\/wp\/v2\/pages\/1877\/revisions"}],"predecessor-version":[{"id":1936,"href":"https:\/\/blog.ube.fr\/m2fctg\/wp-json\/wp\/v2\/pages\/1877\/revisions\/1936"}],"wp:attachment":[{"href":"https:\/\/blog.ube.fr\/m2fctg\/wp-json\/wp\/v2\/media?parent=1877"}],"curies":[{"name":"wp","href":"https:\/\/api.w.org\/{rel}","templated":true}]}}