{"id":1842,"date":"2019-01-25T15:56:51","date_gmt":"2019-01-25T14:56:51","guid":{"rendered":"http:\/\/blog.u-bourgogne.fr\/m2fctg\/?page_id=1842"},"modified":"2025-02-14T09:55:18","modified_gmt":"2025-02-14T08:55:18","slug":"journee-conseils-aux-elus-ruraux","status":"publish","type":"page","link":"https:\/\/blog.ube.fr\/m2fctg\/journee-conseils-aux-elus-ruraux\/","title":{"rendered":"Journ\u00e9e &#8220;Conseils aux \u00e9lus ruraux&#8221;"},"content":{"rendered":"<h2 style=\"text-align: center;\"><em><strong>Journ\u00e9e &#8220;Conseils aux \u00e9lus&#8221; &#8211; Mercredi 12 F\u00e9vrier 2025<\/strong><\/em><\/h2>\n<p>&nbsp;<\/p>\n<p>&nbsp;<\/p>\n<p><a href=\"https:\/\/blog.ube.fr\/m2fctg\/wp-content\/uploads\/sites\/36\/2025\/02\/Plaquette_JR_12_Fevrier_2025_page-0001.jpg\"><img loading=\"lazy\" decoding=\"async\" class=\"wp-image-3122 alignleft\" src=\"https:\/\/blog.ube.fr\/m2fctg\/wp-content\/uploads\/sites\/36\/2025\/02\/Plaquette_JR_12_Fevrier_2025_page-0001.jpg\" alt=\"\" width=\"328\" height=\"463\" srcset=\"https:\/\/blog.ube.fr\/m2fctg\/wp-content\/uploads\/sites\/36\/2025\/02\/Plaquette_JR_12_Fevrier_2025_page-0001.jpg 1241w, https:\/\/blog.ube.fr\/m2fctg\/wp-content\/uploads\/sites\/36\/2025\/02\/Plaquette_JR_12_Fevrier_2025_page-0001-768x1086.jpg 768w, https:\/\/blog.ube.fr\/m2fctg\/wp-content\/uploads\/sites\/36\/2025\/02\/Plaquette_JR_12_Fevrier_2025_page-0001-1086x1536.jpg 1086w\" sizes=\"auto, (max-width: 328px) 100vw, 328px\" \/><\/a><\/p>\n<p>&nbsp;<\/p>\n<p>Le 12 f\u00e9vrier 2025 s\u2019est tenue la traditionnelle Journ\u00e9e de conseil aux \u00e9lus de la ruralit\u00e9, organis\u00e9e par le Master 2 Finances des Collectivit\u00e9s Territoriales et de leurs Groupements de l\u2019Universit\u00e9 de Bourgogne Europe. Les maires des communes rurales de la C\u00f4te-d\u2019Or ont pu b\u00e9n\u00e9ficier d\u2019un entretien avec les \u00e9tudiants du master pour \u00e9changer sur diff\u00e9rentes th\u00e9matiques aussi bien juridiques que financi\u00e8res rencontr\u00e9es au sein de leurs collectivit\u00e9s.<\/p>\n<p>Cette \u00e9dition particuli\u00e8re s\u2019est d\u00e9roul\u00e9e dans un contexte in\u00e9dit : la loi de finances 2025 n\u2019avait toujours pas \u00e9t\u00e9 adopt\u00e9e. Cette situation a favoris\u00e9 des \u00e9changes enrichissants, o\u00f9 r\u00e9flexion strat\u00e9gique et partage d\u2019exp\u00e9riences ont permis de mieux appr\u00e9hender les incertitudes financi\u00e8res.<\/p>\n<p>&nbsp;<\/p>\n<p><a href=\"https:\/\/ufr-dsep.ube.fr\/toute-lactualite\/5eme-rencontre-des-elu-e-s-de-la-ruralite-et-des-etudiant-e-s-du-master-2-finances-des-collectivites-et-des-groupements.html\" target=\"_blank\" rel=\"nofollow noopener noreferrer\" data-saferedirecturl=\"https:\/\/www.google.com\/url?q=https:\/\/ufr-dsep.ube.fr\/toute-lactualite\/5eme-rencontre-des-elu-e-s-de-la-ruralite-et-des-etudiant-e-s-du-master-2-finances-des-collectivites-et-des-groupements.html&amp;source=gmail&amp;ust=1739606663201000&amp;usg=AOvVaw2LhHnKBDgbrf_J0rmKVC0v\">5\u00e8me rencontre des \u00e9lu(e)s de la ruralit\u00e9 et des \u00e9tudiant(e)s du Master 2 \u00ab Finances des collectivit\u00e9s et des groupements \u00bb &#8211; UFR DSEP &#8211; Universit\u00e9 de Bourgogne<\/a><\/p>\n<div id=\"attachment_3133\" style=\"width: 528px\" class=\"wp-caption aligncenter\"><a href=\"https:\/\/blog.ube.fr\/m2fctg\/wp-content\/uploads\/sites\/36\/2025\/02\/20250212_143924-scaled.jpg\"><img loading=\"lazy\" decoding=\"async\" aria-describedby=\"caption-attachment-3133\" class=\"wp-image-3133\" src=\"https:\/\/blog.ube.fr\/m2fctg\/wp-content\/uploads\/sites\/36\/2025\/02\/20250212_143924-scaled.jpg\" alt=\"\" width=\"518\" height=\"292\" srcset=\"https:\/\/blog.ube.fr\/m2fctg\/wp-content\/uploads\/sites\/36\/2025\/02\/20250212_143924-scaled.jpg 2560w, https:\/\/blog.ube.fr\/m2fctg\/wp-content\/uploads\/sites\/36\/2025\/02\/20250212_143924-768x432.jpg 768w, https:\/\/blog.ube.fr\/m2fctg\/wp-content\/uploads\/sites\/36\/2025\/02\/20250212_143924-1536x864.jpg 1536w, https:\/\/blog.ube.fr\/m2fctg\/wp-content\/uploads\/sites\/36\/2025\/02\/20250212_143924-2048x1152.jpg 2048w\" sizes=\"auto, (max-width: 518px) 100vw, 518px\" \/><\/a><\/p>\n<p id=\"caption-attachment-3133\" class=\"wp-caption-text\">Nathalie GAVOILLE, maire de Troch\u00e8res, a \u00e9t\u00e9 accueillie par Yasmine, Cl\u00e9ment, Oulaya et Maxime.<\/p>\n<\/div>\n<p>&nbsp;<\/p>\n<div id=\"attachment_3134\" style=\"width: 510px\" class=\"wp-caption aligncenter\"><a href=\"https:\/\/blog.ube.fr\/m2fctg\/wp-content\/uploads\/sites\/36\/2025\/02\/20250212_102713-scaled.jpg\"><img loading=\"lazy\" decoding=\"async\" aria-describedby=\"caption-attachment-3134\" class=\"wp-image-3134\" src=\"https:\/\/blog.ube.fr\/m2fctg\/wp-content\/uploads\/sites\/36\/2025\/02\/20250212_102713-scaled.jpg\" alt=\"\" width=\"500\" height=\"282\" srcset=\"https:\/\/blog.ube.fr\/m2fctg\/wp-content\/uploads\/sites\/36\/2025\/02\/20250212_102713-scaled.jpg 2560w, https:\/\/blog.ube.fr\/m2fctg\/wp-content\/uploads\/sites\/36\/2025\/02\/20250212_102713-768x432.jpg 768w, https:\/\/blog.ube.fr\/m2fctg\/wp-content\/uploads\/sites\/36\/2025\/02\/20250212_102713-1536x864.jpg 1536w, https:\/\/blog.ube.fr\/m2fctg\/wp-content\/uploads\/sites\/36\/2025\/02\/20250212_102713-2048x1152.jpg 2048w\" sizes=\"auto, (max-width: 500px) 100vw, 500px\" \/><\/a><\/p>\n<p id=\"caption-attachment-3134\" class=\"wp-caption-text\">Jean-Baptiste, Ouirdani, Victoria et Mohamadou ont \u00e9t\u00e9 \u00e0 l&#8217;\u00e9coute du maire d&#8217;Arceau, Bruno BETHENOD.<\/p>\n<\/div>\n<h2><\/h2>\n<p>&nbsp;<\/p>\n<div id=\"attachment_3135\" style=\"width: 526px\" class=\"wp-caption aligncenter\"><a href=\"https:\/\/blog.ube.fr\/m2fctg\/wp-content\/uploads\/sites\/36\/2025\/02\/20250212_101018-scaled.jpg\"><img loading=\"lazy\" decoding=\"async\" aria-describedby=\"caption-attachment-3135\" class=\"wp-image-3135\" src=\"https:\/\/blog.ube.fr\/m2fctg\/wp-content\/uploads\/sites\/36\/2025\/02\/20250212_101018-scaled.jpg\" alt=\"\" width=\"516\" height=\"291\" srcset=\"https:\/\/blog.ube.fr\/m2fctg\/wp-content\/uploads\/sites\/36\/2025\/02\/20250212_101018-scaled.jpg 2560w, https:\/\/blog.ube.fr\/m2fctg\/wp-content\/uploads\/sites\/36\/2025\/02\/20250212_101018-768x432.jpg 768w, https:\/\/blog.ube.fr\/m2fctg\/wp-content\/uploads\/sites\/36\/2025\/02\/20250212_101018-1536x864.jpg 1536w, https:\/\/blog.ube.fr\/m2fctg\/wp-content\/uploads\/sites\/36\/2025\/02\/20250212_101018-2048x1152.jpg 2048w\" sizes=\"auto, (max-width: 516px) 100vw, 516px\" \/><\/a><\/p>\n<p id=\"caption-attachment-3135\" class=\"wp-caption-text\">Yasmine, L\u00e9o, Justine et Oulaya ont eu l&#8217;honneur de recevoir le maire de Saint-Julien, Michel LENOIR.<\/p>\n<\/div>\n<p>&nbsp;<\/p>\n<div id=\"attachment_3136\" style=\"width: 528px\" class=\"wp-caption aligncenter\"><a href=\"https:\/\/blog.ube.fr\/m2fctg\/wp-content\/uploads\/sites\/36\/2025\/02\/20250212_1128340-scaled.jpg\"><img loading=\"lazy\" decoding=\"async\" aria-describedby=\"caption-attachment-3136\" class=\"wp-image-3136\" src=\"https:\/\/blog.ube.fr\/m2fctg\/wp-content\/uploads\/sites\/36\/2025\/02\/20250212_1128340-scaled.jpg\" alt=\"\" width=\"518\" height=\"291\" srcset=\"https:\/\/blog.ube.fr\/m2fctg\/wp-content\/uploads\/sites\/36\/2025\/02\/20250212_1128340-scaled.jpg 2560w, https:\/\/blog.ube.fr\/m2fctg\/wp-content\/uploads\/sites\/36\/2025\/02\/20250212_1128340-768x432.jpg 768w, https:\/\/blog.ube.fr\/m2fctg\/wp-content\/uploads\/sites\/36\/2025\/02\/20250212_1128340-1536x864.jpg 1536w, https:\/\/blog.ube.fr\/m2fctg\/wp-content\/uploads\/sites\/36\/2025\/02\/20250212_1128340-2048x1152.jpg 2048w\" sizes=\"auto, (max-width: 518px) 100vw, 518px\" \/><\/a><\/p>\n<p id=\"caption-attachment-3136\" class=\"wp-caption-text\">La maire de la commune de Lainsecq, Nadia CHOUBARD, a \u00e9t\u00e9 re\u00e7ue par Cl\u00e9ment, Chlo\u00e9, Estelle et Hananne.<\/p>\n<\/div>\n<h2><\/h2>\n<h2><\/h2>\n<h2><\/h2>\n<h2><\/h2>\n<h2><\/h2>\n<h2><\/h2>\n<h2><\/h2>\n<h2><\/h2>\n<h2><\/h2>\n<h2><\/h2>\n<h2><\/h2>\n<p><!--nextpage--><\/p>\n<p>&nbsp;<\/p>\n<h2><\/h2>\n<p>&nbsp;<\/p>\n<h2 style=\"text-align: center;\"><em><strong>Journ\u00e9e &#8220;Conseils aux \u00e9lus&#8221; &#8211; Lundi 28 F\u00e9vrier 2022<\/strong><\/em><\/h2>\n<p><a href=\"https:\/\/blog.ube.fr\/m2fctg\/wp-content\/uploads\/sites\/36\/2022\/03\/Affiche-journee-aide-elu-rural_page-0001.jpg\"><img loading=\"lazy\" decoding=\"async\" class=\"wp-image-2420 alignleft\" src=\"https:\/\/blog.ube.fr\/m2fctg\/wp-content\/uploads\/sites\/36\/2022\/03\/Affiche-journee-aide-elu-rural_page-0001.jpg\" alt=\"\" width=\"216\" height=\"305\" srcset=\"https:\/\/blog.ube.fr\/m2fctg\/wp-content\/uploads\/sites\/36\/2022\/03\/Affiche-journee-aide-elu-rural_page-0001.jpg 1241w, https:\/\/blog.ube.fr\/m2fctg\/wp-content\/uploads\/sites\/36\/2022\/03\/Affiche-journee-aide-elu-rural_page-0001-768x1086.jpg 768w, https:\/\/blog.ube.fr\/m2fctg\/wp-content\/uploads\/sites\/36\/2022\/03\/Affiche-journee-aide-elu-rural_page-0001-1086x1536.jpg 1086w\" sizes=\"auto, (max-width: 216px) 100vw, 216px\" \/><\/a><\/p>\n<p>&nbsp;<\/p>\n<p>&nbsp;<\/p>\n<p>Les \u00e9tudiants du M2 FCTG ont \u00e9t\u00e9 ravis d&#8217;organiser la deuxi\u00e8me \u00e9dition de la journ\u00e9e \u00e0 destination des \u00e9lus de la ruralit\u00e9.<\/p>\n<p>Apr\u00e8s une riche pr\u00e9sentation de Monsieur\u00a0Luc Alain VERVISCH\u00a0et de Monsieur\u00a0BAETEMAN Philippe\u00a0(que nous remercions encore pour leur pr\u00e9sence) les \u00e9tudiants ont anim\u00e9 des temps d&#8217;\u00e9changes avec les \u00e9lus tout au long de la journ\u00e9e : loi de finances 2022, plan pluriannuel d&#8217;investissement, r\u00e9trospective financi\u00e8re&#8230; Les sujets furent aussi vari\u00e9s que passionnants !<\/p>\n<h2><\/h2>\n<p>&nbsp;<\/p>\n<p>&nbsp;<\/p>\n<p>&nbsp;<\/p>\n<p>&nbsp;<\/p>\n<p>&nbsp;<\/p>\n<h2 style=\"text-align: center;\"><em><strong>Journ\u00e9e &#8220;Conseils aux \u00e9lus&#8221; &#8211; Mardi 26 F\u00e9vrier 2018\u00a0<\/strong><\/em><\/h2>\n<h2 style=\"text-align: center;\"><\/h2>\n<p><a href=\"http:\/\/blog.ube.fr\/m2fctg\/wp-content\/uploads\/sites\/36\/2019\/01\/Capture-d\u2019\u00e9cran-2019-01-26-\u00e0-08.57.50.png\"><img loading=\"lazy\" decoding=\"async\" class=\"alignleft wp-image-1857 \" src=\"http:\/\/blog.ube.fr\/m2fctg\/wp-content\/uploads\/sites\/36\/2019\/01\/Capture-d\u2019\u00e9cran-2019-01-26-\u00e0-08.57.50.png\" alt=\"\" width=\"239\" height=\"319\" srcset=\"https:\/\/blog.ube.fr\/m2fctg\/wp-content\/uploads\/sites\/36\/2019\/01\/Capture-d\u2019\u00e9cran-2019-01-26-\u00e0-08.57.50.png 1058w, https:\/\/blog.ube.fr\/m2fctg\/wp-content\/uploads\/sites\/36\/2019\/01\/Capture-d\u2019\u00e9cran-2019-01-26-\u00e0-08.57.50-768x1025.png 768w\" sizes=\"auto, (max-width: 239px) 100vw, 239px\" \/><\/a><\/p>\n<p>&nbsp;<\/p>\n<p>Pour la premi\u00e8re fois en France, les \u00e9tudiants du Master 2 professionnel &#8220;Finances des Collectivit\u00e9s Territoriales et des Groupements&#8221; organise une journ\u00e9e &#8220;Conseils aux \u00e9lus ruraux&#8221; gratuite.<\/p>\n<p>Le but est de soutenir les maires ruraux, des communes de moins de 900 habitants, confront\u00e9s \u00e0 un environnement financier complexe, les \u00e9tudiants s&#8217;engagent sur une journ\u00e9e \u00e0 r\u00e9pondre \u00e0 leurs questions.<\/p>\n<p>Les grandes communes peuvent s&#8217;appuyer sur des comp\u00e9tences d&#8217;un directeur financier, les plus petites n&#8217;ont pas forc\u00e9ment le moyen. C&#8217;est dans ce cadre que les \u00e9tudiants du Master 2 se mettent \u00e0 leur disposition.<\/p>\n<p>A l\u2019issue des entretiens, les responsables des collectivit\u00e9s devraient repartir avec des indications et des pistes de r\u00e9flexion pour leur commune. Pour l\u2019universit\u00e9, cette journ\u00e9e unique permettra de s\u2019ouvrir encore \u00e0 son environnement tout en aidant les territoires mais aussi de pr\u00e9senter l\u2019expertise de ses \u00e9tudiants.<\/p>\n<p>&nbsp;<\/p>\n<p>&nbsp;<\/p>\n<p><a href=\"https:\/\/france3-regions.francetvinfo.fr\/bourgogne-franche-comte\/cote-d-or\/dijon\/bourgogne-quand-etudiants-finances-publiques-viennent-aide-aux-elus-ruraux-1630136.html?fbclid=IwAR3Ramyvuh6-0xVvRpHOqJ-dnVpxKUPahvpIRmK1Hlh9WRodfxUDgHGjvuw\">Reportage r\u00e9alis\u00e9 par France 3 lors de cette journ\u00e9e<\/a>.<\/p>\n<p>&nbsp;<\/p>\n<p>Article paru dans le Bien Public :<\/p>\n<p><a href=\"http:\/\/blog.ube.fr\/m2fctg\/wp-content\/uploads\/sites\/36\/2019\/03\/52997104_2369878809910632_4107356420066770944_n.jpg\"><img loading=\"lazy\" decoding=\"async\" class=\"aligncenter wp-image-1870 size-full\" src=\"http:\/\/blog.ube.fr\/m2fctg\/wp-content\/uploads\/sites\/36\/2019\/03\/52997104_2369878809910632_4107356420066770944_n.jpg\" alt=\"\" width=\"800\" height=\"598\" srcset=\"https:\/\/blog.ube.fr\/m2fctg\/wp-content\/uploads\/sites\/36\/2019\/03\/52997104_2369878809910632_4107356420066770944_n.jpg 800w, https:\/\/blog.ube.fr\/m2fctg\/wp-content\/uploads\/sites\/36\/2019\/03\/52997104_2369878809910632_4107356420066770944_n-768x574.jpg 768w\" sizes=\"auto, (max-width: 800px) 100vw, 800px\" \/><\/a><\/p>\n<p>&nbsp;<\/p>\n<p>Vous pourrez retrouver <a href=\"http:\/\/www.echodescommunes.fr\/actualite_2713_master-2-quand-les-etudiants-viennent-en-aide-aux-maires-ruraux.html?fbclid=IwAR2aBQlPG5JuiIg6VBoKDvXgsbNCI1UJUQliqsxXWs04lXdwJ3zkJWf89xk\">ici<\/a> l&#8217;article publi\u00e9 dans l&#8217;\u00c9cho des communes.<\/p>\n<p>&nbsp;<\/p>\n<p><a href=\"http:\/\/blog.ube.fr\/m2fctg\/wp-content\/uploads\/sites\/36\/2019\/01\/Capture-d\u2019\u00e9cran-2019-01-26-\u00e0-08.43.06.png\"><img loading=\"lazy\" decoding=\"async\" class=\"wp-image-1850 aligncenter\" src=\"http:\/\/blog.ube.fr\/m2fctg\/wp-content\/uploads\/sites\/36\/2019\/01\/Capture-d\u2019\u00e9cran-2019-01-26-\u00e0-08.43.06.png\" alt=\"\" width=\"363\" height=\"222\" srcset=\"https:\/\/blog.ube.fr\/m2fctg\/wp-content\/uploads\/sites\/36\/2019\/01\/Capture-d\u2019\u00e9cran-2019-01-26-\u00e0-08.43.06.png 2848w, https:\/\/blog.ube.fr\/m2fctg\/wp-content\/uploads\/sites\/36\/2019\/01\/Capture-d\u2019\u00e9cran-2019-01-26-\u00e0-08.43.06-768x471.png 768w\" sizes=\"auto, (max-width: 363px) 100vw, 363px\" \/><\/a><\/p>\n<p>&nbsp;<\/p>\n<p>&nbsp;<\/p>\n<p>&nbsp;<\/p>\n<p>&nbsp;<\/p>\n<p>&nbsp;<\/p>\n<p>&nbsp;<\/p>\n<p>&nbsp;<\/p>\n<p style=\"text-align: center;\"><em>R\u00e9dig\u00e9 par CERIGNAT Mathilde<\/em><\/p>\n","protected":false},"excerpt":{"rendered":"<p>Journ\u00e9e &#8220;Conseils aux \u00e9lus&#8221; &#8211; Mercredi 12 F\u00e9vrier 2025 &nbsp; &nbsp; &nbsp; Le 12 f\u00e9vrier 2025 s\u2019est tenue la traditionnelle Journ\u00e9e de conseil aux \u00e9lus de la ruralit\u00e9, organis\u00e9e par le Master 2 Finances des Collectivit\u00e9s Territoriales et de leurs Groupements de l\u2019Universit\u00e9 de Bourgogne Europe. Les maires des communes rurales de la C\u00f4te-d\u2019Or ont<\/p>\n<p><a class=\"button\" href=\"https:\/\/blog.ube.fr\/m2fctg\/journee-conseils-aux-elus-ruraux\/\" title=\"More\">  Voir plus \u2192<\/a><\/p>\n","protected":false},"author":399,"featured_media":0,"parent":0,"menu_order":0,"comment_status":"closed","ping_status":"closed","template":"","meta":{"footnotes":""},"class_list":["post-1842","page","type-page","status-publish","hentry"],"_links":{"self":[{"href":"https:\/\/blog.ube.fr\/m2fctg\/wp-json\/wp\/v2\/pages\/1842","targetHints":{"allow":["GET"]}}],"collection":[{"href":"https:\/\/blog.ube.fr\/m2fctg\/wp-json\/wp\/v2\/pages"}],"about":[{"href":"https:\/\/blog.ube.fr\/m2fctg\/wp-json\/wp\/v2\/types\/page"}],"author":[{"embeddable":true,"href":"https:\/\/blog.ube.fr\/m2fctg\/wp-json\/wp\/v2\/users\/399"}],"replies":[{"embeddable":true,"href":"https:\/\/blog.ube.fr\/m2fctg\/wp-json\/wp\/v2\/comments?post=1842"}],"version-history":[{"count":34,"href":"https:\/\/blog.ube.fr\/m2fctg\/wp-json\/wp\/v2\/pages\/1842\/revisions"}],"predecessor-version":[{"id":3138,"href":"https:\/\/blog.ube.fr\/m2fctg\/wp-json\/wp\/v2\/pages\/1842\/revisions\/3138"}],"wp:attachment":[{"href":"https:\/\/blog.ube.fr\/m2fctg\/wp-json\/wp\/v2\/media?parent=1842"}],"curies":[{"name":"wp","href":"https:\/\/api.w.org\/{rel}","templated":true}]}}