{"id":1773,"date":"2018-12-10T11:28:07","date_gmt":"2018-12-10T10:28:07","guid":{"rendered":"http:\/\/blog.u-bourgogne.fr\/m2fctg\/?page_id=1773"},"modified":"2025-09-02T09:31:17","modified_gmt":"2025-09-02T08:31:17","slug":"2017-2018","status":"publish","type":"page","link":"https:\/\/blog.ube.fr\/m2fctg\/promos-2\/2017-2018\/","title":{"rendered":"2017-2018"},"content":{"rendered":"<h3 style=\"text-align: center;\"><em>Michel LEBON, Pr\u00e9sident de l&#8217;Association Nationale des Membres de l&#8217;Ordre National du M\u00e9rite remet les dipl\u00f4mes <\/em><\/h3>\n<p>&nbsp;<\/p>\n<p>Les laur\u00e9ats de la promotion 2017-2018, 2016-2017 du Master 2 Finances des Collectivit\u00e9s Territoriales et des Groupements, ainsi que les laur\u00e9ats du D.U Expertise, Audit et Strat\u00e9gie Financi\u00e8re Territoriale de la promotion 2017-2018, ont re\u00e7u leurs dipl\u00f4mes au c\u00e9l\u00e8bre <em><strong>H\u00f4tel des Invalides<\/strong><\/em>.<\/p>\n<p>&nbsp;<\/p>\n<p>Michel LEBON \u00e9tait accompagn\u00e9, du G\u00e9n\u00e9ral LAPORTE-LAMY, Directeur de Cabinet du G\u00e9n\u00e9ral PUGAT, Grand Chancelier de la L\u00e9gion d&#8217;Honneur, de Laurent FOURNIER, repr\u00e9sentant le Pr\u00e9sident de l&#8217;Ordre des experts-comptables de la r\u00e9gion Bourgogne-Franche-Comt\u00e9 ainsi que de Bertrand DEVYS, membre du Comit\u00e9 d\u00e9partemental des experts-comptables de Mayotte.<\/p>\n<p><a href=\"http:\/\/blog.ube.fr\/m2fctg\/wp-content\/uploads\/sites\/36\/2018\/12\/Copie-de-IMG_6690.jpg\"><img loading=\"lazy\" decoding=\"async\" class=\"aligncenter wp-image-1776 size-full\" src=\"http:\/\/blog.ube.fr\/m2fctg\/wp-content\/uploads\/sites\/36\/2018\/12\/Copie-de-IMG_6690.jpg\" alt=\"\" width=\"3888\" height=\"2592\" srcset=\"https:\/\/blog.ube.fr\/m2fctg\/wp-content\/uploads\/sites\/36\/2018\/12\/Copie-de-IMG_6690.jpg 3888w, https:\/\/blog.ube.fr\/m2fctg\/wp-content\/uploads\/sites\/36\/2018\/12\/Copie-de-IMG_6690-768x512.jpg 768w\" sizes=\"auto, (max-width: 3888px) 100vw, 3888px\" \/><\/a><\/p>\n<p><a href=\"http:\/\/blog.ube.fr\/m2fctg\/wp-content\/uploads\/sites\/36\/2018\/12\/Capture-d\u2019\u00e9cran-2018-12-10-\u00e0-11.11.14.png\"><img loading=\"lazy\" decoding=\"async\" class=\"aligncenter wp-image-1779 size-full\" src=\"http:\/\/blog.ube.fr\/m2fctg\/wp-content\/uploads\/sites\/36\/2018\/12\/Capture-d\u2019\u00e9cran-2018-12-10-\u00e0-11.11.14.png\" alt=\"\" width=\"1870\" height=\"1086\" srcset=\"https:\/\/blog.ube.fr\/m2fctg\/wp-content\/uploads\/sites\/36\/2018\/12\/Capture-d\u2019\u00e9cran-2018-12-10-\u00e0-11.11.14.png 1870w, https:\/\/blog.ube.fr\/m2fctg\/wp-content\/uploads\/sites\/36\/2018\/12\/Capture-d\u2019\u00e9cran-2018-12-10-\u00e0-11.11.14-768x446.png 768w\" sizes=\"auto, (max-width: 1870px) 100vw, 1870px\" \/><\/a><\/p>\n<p>&nbsp;<\/p>\n<p>Trouvez l&#8217;article du Bien Public <a href=\"http:\/\/blog.ube.fr\/m2fctg\/wp-content\/uploads\/sites\/36\/2018\/12\/Capture-d\u2019\u00e9cran-2018-12-10-\u00e0-11.19.03.png\">ici<\/a>.<\/p>\n<p>&nbsp;<\/p>\n<p>&nbsp;<\/p>\n<p>&nbsp;<\/p>\n<p style=\"text-align: center;\"><em>\u00a0R\u00e9dig\u00e9 par CERIGNAT Mathilde<\/em><\/p>\n","protected":false},"excerpt":{"rendered":"<p>Michel LEBON, Pr\u00e9sident de l&#8217;Association Nationale des Membres de l&#8217;Ordre National du M\u00e9rite remet les dipl\u00f4mes &nbsp; Les laur\u00e9ats de la promotion 2017-2018, 2016-2017 du Master 2 Finances des Collectivit\u00e9s Territoriales et des Groupements, ainsi que les laur\u00e9ats du D.U Expertise, Audit et Strat\u00e9gie Financi\u00e8re Territoriale de la promotion 2017-2018, ont re\u00e7u leurs dipl\u00f4mes au<\/p>\n<p><a class=\"button\" href=\"https:\/\/blog.ube.fr\/m2fctg\/promos-2\/2017-2018\/\" title=\"More\">  Voir plus \u2192<\/a><\/p>\n","protected":false},"author":399,"featured_media":0,"parent":3190,"menu_order":0,"comment_status":"closed","ping_status":"closed","template":"","meta":{"footnotes":""},"class_list":["post-1773","page","type-page","status-publish","hentry"],"_links":{"self":[{"href":"https:\/\/blog.ube.fr\/m2fctg\/wp-json\/wp\/v2\/pages\/1773","targetHints":{"allow":["GET"]}}],"collection":[{"href":"https:\/\/blog.ube.fr\/m2fctg\/wp-json\/wp\/v2\/pages"}],"about":[{"href":"https:\/\/blog.ube.fr\/m2fctg\/wp-json\/wp\/v2\/types\/page"}],"author":[{"embeddable":true,"href":"https:\/\/blog.ube.fr\/m2fctg\/wp-json\/wp\/v2\/users\/399"}],"replies":[{"embeddable":true,"href":"https:\/\/blog.ube.fr\/m2fctg\/wp-json\/wp\/v2\/comments?post=1773"}],"version-history":[{"count":5,"href":"https:\/\/blog.ube.fr\/m2fctg\/wp-json\/wp\/v2\/pages\/1773\/revisions"}],"predecessor-version":[{"id":3199,"href":"https:\/\/blog.ube.fr\/m2fctg\/wp-json\/wp\/v2\/pages\/1773\/revisions\/3199"}],"up":[{"embeddable":true,"href":"https:\/\/blog.ube.fr\/m2fctg\/wp-json\/wp\/v2\/pages\/3190"}],"wp:attachment":[{"href":"https:\/\/blog.ube.fr\/m2fctg\/wp-json\/wp\/v2\/media?parent=1773"}],"curies":[{"name":"wp","href":"https:\/\/api.w.org\/{rel}","templated":true}]}}