{"id":166,"date":"2015-10-19T17:36:21","date_gmt":"2015-10-19T16:36:21","guid":{"rendered":"http:\/\/blog.u-bourgogne.fr\/m2fctg\/?page_id=166"},"modified":"2022-09-13T13:05:25","modified_gmt":"2022-09-13T12:05:25","slug":"seminaires","status":"publish","type":"page","link":"https:\/\/blog.ube.fr\/m2fctg\/la-formation\/seminaires\/","title":{"rendered":"S\u00e9minaires"},"content":{"rendered":"<h3 style=\"text-align: center;\"><strong>Le cadre financier territorial face au syst\u00e8me d\u00e9cisionnel des collectivit\u00e9s locales &#8211; <\/strong>Denys LAMARZELLE<strong><br \/>\n<a title=\"Plan_LAMARZELLE\" href=\"http:\/\/blog.ube.fr\/m2fctg\/wp-content\/uploads\/sites\/36\/2016\/01\/M2-finances-plan.pdf\" target=\"_blank\" rel=\"noopener\">Son plan de cours<\/a><\/strong><\/h3>\n<p><strong>Objectifs<\/strong> :<\/p>\n<ul>\n<li>Permettre aux \u00e9tudiants de se positionner dans le syst\u00e8me d\u00e9cisionnel complexe des collectivit\u00e9s locales<\/li>\n<li>Anticiper et g\u00e9rer les situations conflictuelles dans lesquelles ils pourraient \u00eatre amener \u00e0 \u00e9voluer tout au long de leur carri\u00e8re<\/li>\n<\/ul>\n<p><strong>R\u00e9sum\u00e9<\/strong> : Ce cours est compos\u00e9 d\u2019expos\u00e9s entrecoup\u00e9s d\u2019exemples facilitant la r\u00e9action et le questionnement des \u00e9tudiants. Les documents projet\u00e9s les plus essentiels sont distribu\u00e9s et comment\u00e9s en fin de s\u00e9ance.<\/p>\n<p>&nbsp;<\/p>\n<h3 style=\"text-align: center;\"><strong>Strat\u00e9gie fiscale &#8211; <\/strong>Julian POUX<strong><br \/>\n<\/strong><strong><a href=\"http:\/\/blog.ube.fr\/m2fctg\/wp-content\/uploads\/sites\/36\/2017\/03\/Plan-du-cours-sur-la-strat\u00e9gie-fiscale.pdf\">Son plan de cours<\/a><\/strong><\/h3>\n<p style=\"text-align: center;\"><strong><br \/>\n<\/strong><strong>Objectifs :\u00a0<\/strong>Les collectivit\u00e9s et leurs groupements sont confront\u00e9s \u00e0 la fiscalit\u00e9 de deux mani\u00e8res, la premi\u00e8re en tant que b\u00e9n\u00e9ficiaire d\u2019une fiscalit\u00e9 locale et la seconde en tant qu\u2019assujetti fiscal. L\u2019objectif du fiscaliste territorial est de g\u00e9rer et d\u2019optimiser ces deux facettes de la fiscalit\u00e9 par l\u2019\u00e9laboration et l\u2019accomplissement d\u2019une strat\u00e9gie fiscale. L\u2019objet de cet enseignement est de transmettre les outils permettant de relever ce d\u00e9fi.<\/p>\n<p>&nbsp;<\/p>\n<h3 style=\"text-align: center;\"><strong>Analyse financi\u00e8re <\/strong><strong>&#8211; <\/strong>Rozenn LE CALVEZ<\/h3>\n<h3 style=\"text-align: center;\"><strong>Analyse financi\u00e8re &#8211;\u00a0<\/strong>Christian GATTEGNO<\/h3>\n<p>&nbsp;<\/p>\n<p>&nbsp;<\/p>\n<p>&nbsp;<\/p>\n<h3 style=\"text-align: center;\"><strong><a name=\"loureiro\"><\/a>De l\u2019exploitation des documents fiscaux \u00e0 l\u2019\u00e9laboration d\u2019une strat\u00e9gie financi\u00e8re locale <\/strong><strong>&#8211; <\/strong>Stephen LOUREIRO<strong><a title=\"En S\u00e9minaire\" href=\"http:\/\/blog.ube.fr\/m2fctg\/en-seminaire\/\"><br \/>\n<\/a><a href=\"http:\/\/blog.ube.fr\/m2fctg\/wp-content\/uploads\/sites\/36\/2016\/01\/Des_documents_fiscaux_%C3%A0_la_strat%C3%A9gie_financi%C3%A8re_coursM2_SLOUREIRO.pdf\" target=\"_blank\" rel=\"noopener\">Son plan de cours<\/a><\/strong><\/h3>\n<p><strong>Objectifs du s\u00e9minaire :\u00a0<\/strong><\/p>\n<ul>\n<li>Ma\u00eetriser l\u2019exploitation ainsi que l\u2019interpr\u00e9tation de l\u2019ensemble des informations contenues dans les diff\u00e9rents documents fiscaux des collectivit\u00e9s territoriales et des EPCI.<\/li>\n<li>Identifier et construire les ratios pertinents d\u2019analyse financi\u00e8re et fiscale d\u2019une collectivit\u00e9 locale, \u00e0 travers notamment la d\u00e9clinaison d\u2019exemples mettant en exergue les \u00e9cueils \u00e0 \u00e9viter et les erreurs d\u2019analyse potentielles du fait de l\u2019utilisation h\u00e2tive de certains indicateurs et ratios standards ou obligatoires.<\/li>\n<li>Appr\u00e9hender les diff\u00e9rents outils pour permettre l\u2019\u00e9laboration de prospectives financi\u00e8res et fiscales.<\/li>\n<\/ul>\n<p>&nbsp;<\/p>\n<h3 style=\"text-align: center;\"><strong>Relations \u00e9lus\/politiques\/financiers &#8211; <\/strong>St\u00e9phane PRADEAU<\/h3>\n<p>&nbsp;<\/p>\n<p style=\"padding-left: 480px;\"><em>Site r\u00e9alis\u00e9 par Thomas Cornille<\/em><\/p>\n","protected":false},"excerpt":{"rendered":"<p>Le cadre financier territorial face au syst\u00e8me d\u00e9cisionnel des collectivit\u00e9s locales &#8211; Denys LAMARZELLE Son plan de cours Objectifs : Permettre aux \u00e9tudiants de se positionner dans le syst\u00e8me d\u00e9cisionnel complexe des collectivit\u00e9s locales Anticiper et g\u00e9rer les situations conflictuelles dans lesquelles ils pourraient \u00eatre amener \u00e0 \u00e9voluer tout au long de leur carri\u00e8re R\u00e9sum\u00e9<\/p>\n<p><a class=\"button\" href=\"https:\/\/blog.ube.fr\/m2fctg\/la-formation\/seminaires\/\" title=\"More\">  Voir plus \u2192<\/a><\/p>\n","protected":false},"author":103,"featured_media":0,"parent":38,"menu_order":2,"comment_status":"closed","ping_status":"closed","template":"","meta":{"footnotes":""},"class_list":["post-166","page","type-page","status-publish","hentry"],"_links":{"self":[{"href":"https:\/\/blog.ube.fr\/m2fctg\/wp-json\/wp\/v2\/pages\/166","targetHints":{"allow":["GET"]}}],"collection":[{"href":"https:\/\/blog.ube.fr\/m2fctg\/wp-json\/wp\/v2\/pages"}],"about":[{"href":"https:\/\/blog.ube.fr\/m2fctg\/wp-json\/wp\/v2\/types\/page"}],"author":[{"embeddable":true,"href":"https:\/\/blog.ube.fr\/m2fctg\/wp-json\/wp\/v2\/users\/103"}],"replies":[{"embeddable":true,"href":"https:\/\/blog.ube.fr\/m2fctg\/wp-json\/wp\/v2\/comments?post=166"}],"version-history":[{"count":14,"href":"https:\/\/blog.ube.fr\/m2fctg\/wp-json\/wp\/v2\/pages\/166\/revisions"}],"predecessor-version":[{"id":2512,"href":"https:\/\/blog.ube.fr\/m2fctg\/wp-json\/wp\/v2\/pages\/166\/revisions\/2512"}],"up":[{"embeddable":true,"href":"https:\/\/blog.ube.fr\/m2fctg\/wp-json\/wp\/v2\/pages\/38"}],"wp:attachment":[{"href":"https:\/\/blog.ube.fr\/m2fctg\/wp-json\/wp\/v2\/media?parent=166"}],"curies":[{"name":"wp","href":"https:\/\/api.w.org\/{rel}","templated":true}]}}