{"id":1594,"date":"2018-11-12T09:31:35","date_gmt":"2018-11-12T08:31:35","guid":{"rendered":"http:\/\/blog.u-bourgogne.fr\/m2fctg\/?page_id=1594"},"modified":"2022-10-18T14:52:46","modified_gmt":"2022-10-18T13:52:46","slug":"archives-promotion-2019-2020","status":"publish","type":"page","link":"https:\/\/blog.ube.fr\/m2fctg\/archives-promotion-2019-2020\/","title":{"rendered":"\u00c9v\u00e8nements"},"content":{"rendered":"<h1>\u00c9v\u00e8nements<\/h1>\n<h2 style=\"text-align: left;\"><strong>Rencontre des anciens \u00e9tudiants du master 2 FCTG du Vendredi 29 novembre 2019.<\/strong><\/h2>\n<p style=\"text-align: left;\">Il est des rencontres qui comptent !<br \/>\nCelle qui permet aux \u00e9tudiants du Master 2 FCTG de rencontrer de nombreux anciens laur\u00e9ats de ce m\u00eame dipl\u00f4me en fait partie ! Ils \u00e9taient encore \u00e0 l\u2019Universit\u00e9 l\u2019ann\u00e9e derni\u00e8re, il y a 8 ans pour certains, 10 ans ou 11 ans pour d\u2019autres \u2026 et toujours le m\u00eame enthousiasme, et le m\u00eame engagement dans le domaine des finances locales.<br \/>\nLa soir\u00e9e a d\u00e9but\u00e9 par un accueil en Salle 105. Plus d\u2019une vingtaine d\u2019anciens \u00e9tudiants du dipl\u00f4me \u00e9taient pr\u00e9sents auxquels se sont associ\u00e9s une dizaine d\u2019autres emp\u00each\u00e9s.<br \/>\nPatrice RAYMOND, directeur de ce master les a vivement remerci\u00e9s en leur assurant de toute sa reconnaissance d\u2019\u00eatre de si brillants et sympathiques ambassadeurs de ce dipl\u00f4me qui ne cesse de rayonner. Prenant sur un emploi du temps des plus charg\u00e9s il les a remerci\u00e9s de prendre du temps pour celles et ceux qui seront tr\u00e8s prochainement leurs pr\u00e9cieux collaborateurs.<br \/>\nAvec \u00e9motion, les \u00ab Anciens du M2 FCTG \u00bb ont \u00e9t\u00e9 ravis de revenir \u00e0 l\u2019universit\u00e9, de rencontrer d\u2019anciens camarades et de pouvoir partager leurs parcours et exp\u00e9riences.<br \/>\nLes profils divers et les m\u00e9tiers multiples ont permis aux \u00e9tudiants des \u00e9changes tr\u00e8s riches et des r\u00e9ponses adapt\u00e9es aux interrogations des membres du M2 FCTG.<br \/>\nDes propositions de stages ont \u00e9t\u00e9 effectu\u00e9es, des recommandations et pr\u00e9cieux conseils ont permis aux \u00e9tudiants d\u2019envisager ou de confirmer sereinement leurs choix de stage.<br \/>\nChacun a pu ainsi mesurer l\u2019importance de leur prochain engagement dans la vie professionnelle, le quotidien d\u2019un financier local, la charge de travail et les exigences du monde professionnel. Les \u00e9tudiants ont \u00e9galement pu constater que beaucoup d\u2019anciens occupent des postes diff\u00e9rents et tr\u00e8s int\u00e9ressants \u00e0 haute responsabilit\u00e9.<br \/>\nLa soir\u00e9e s\u2019est poursuivie autour d\u2019un cocktail des plus sympathiques au cours duquel ont \u00e9t\u00e9 \u00e9chang\u00e9es de belles anecdotes et savoureux souvenirs !<br \/>\nLes \u00e9tudiants tiennent \u00e0 remercier le directeur pour son investissement et l\u2019organisation de cette soir\u00e9e.<br \/>\nIls remercient vivement les \u00ab Anciens \u00bb de leur avoir consacr\u00e9 un temps pr\u00e9cieux, et de s\u2019\u00eatre d\u00e9plac\u00e9s de tr\u00e8s loin pour certains.<br \/>\nBel esprit de famille qui donne confiance et assure des soutiens pr\u00e9cieux !<\/p>\n<p><a href=\"https:\/\/blog.ube.fr\/m2fctg\/wp-content\/uploads\/sites\/36\/2019\/12\/IMG-20191207-WA0011.jpg\"><img loading=\"lazy\" decoding=\"async\" class=\"alignnone size-medium wp-image-2128\" src=\"https:\/\/blog.ube.fr\/m2fctg\/wp-content\/uploads\/sites\/36\/2019\/12\/IMG-20191207-WA0011-290x220.jpg\" alt=\"\" width=\"290\" height=\"220\" \/><\/a><\/p>\n<h3><strong><em>Soir\u00e9e au Pub &#8220;The Alephant&#8221; entre les promotions JCT et FCTG , Octobre 2019<\/em><\/strong><\/h3>\n<p><img loading=\"lazy\" decoding=\"async\" class=\"\" src=\"https:\/\/blog.ube.fr\/m2fctg\/wp-content\/uploads\/sites\/36\/2019\/11\/IMG-20191106-WA0003.jpg\" alt=\"\" width=\"1055\" height=\"791\" \/><\/p>\n<h3><strong><em>Soir\u00e9e suivant la photo de promotion, place de la Lib\u00e9ration , 17 octobre 2019<\/em><\/strong><\/h3>\n<p><img loading=\"lazy\" decoding=\"async\" class=\"\" src=\"https:\/\/blog.ube.fr\/m2fctg\/wp-content\/uploads\/sites\/36\/2019\/11\/IMG-20191106-WA0000.jpg\" alt=\"\" width=\"552\" height=\"736\" \/><img loading=\"lazy\" decoding=\"async\" class=\"\" src=\"https:\/\/blog.ube.fr\/m2fctg\/wp-content\/uploads\/sites\/36\/2019\/10\/IMG-20191017-WA0006.jpg\" alt=\"\" width=\"699\" height=\"524\" \/><\/p>\n<p>&nbsp;<\/p>\n<h3><em><strong>Soir\u00e9e sp\u00e9cialit\u00e9s, 24 octobre 2019<\/strong><\/em><\/h3>\n<p><img decoding=\"async\" src=\"https:\/\/blog.ube.fr\/m2fctg\/wp-content\/uploads\/sites\/36\/2019\/11\/mms_20191105_212028.jpg\" alt=\"\" \/><\/p>\n<p>&nbsp;<\/p>\n<p>&nbsp;<\/p>\n<p>&nbsp;<\/p>\n<p>&nbsp;<\/p>\n<p>&nbsp;<\/p>\n<p>&nbsp;<\/p>\n<p>&nbsp;<\/p>\n<p>&nbsp;<\/p>\n<p>&nbsp;<\/p>\n<p>&nbsp;<\/p>\n<p>&nbsp;<\/p>\n<p style=\"text-align: center;\"><em>R\u00e9dig\u00e9 par Brian ANTIL<\/em><\/p>\n","protected":false},"excerpt":{"rendered":"<p>\u00c9v\u00e8nements Rencontre des anciens \u00e9tudiants du master 2 FCTG du Vendredi 29 novembre 2019. Il est des rencontres qui comptent ! Celle qui permet aux \u00e9tudiants du Master 2 FCTG de rencontrer de nombreux anciens laur\u00e9ats de ce m\u00eame dipl\u00f4me en fait partie ! Ils \u00e9taient encore \u00e0 l\u2019Universit\u00e9 l\u2019ann\u00e9e derni\u00e8re, il y a 8<\/p>\n<p><a class=\"button\" href=\"https:\/\/blog.ube.fr\/m2fctg\/archives-promotion-2019-2020\/\" title=\"More\">  Voir plus \u2192<\/a><\/p>\n","protected":false},"author":399,"featured_media":0,"parent":0,"menu_order":0,"comment_status":"closed","ping_status":"closed","template":"","meta":{"footnotes":""},"class_list":["post-1594","page","type-page","status-publish","hentry"],"_links":{"self":[{"href":"https:\/\/blog.ube.fr\/m2fctg\/wp-json\/wp\/v2\/pages\/1594","targetHints":{"allow":["GET"]}}],"collection":[{"href":"https:\/\/blog.ube.fr\/m2fctg\/wp-json\/wp\/v2\/pages"}],"about":[{"href":"https:\/\/blog.ube.fr\/m2fctg\/wp-json\/wp\/v2\/types\/page"}],"author":[{"embeddable":true,"href":"https:\/\/blog.ube.fr\/m2fctg\/wp-json\/wp\/v2\/users\/399"}],"replies":[{"embeddable":true,"href":"https:\/\/blog.ube.fr\/m2fctg\/wp-json\/wp\/v2\/comments?post=1594"}],"version-history":[{"count":47,"href":"https:\/\/blog.ube.fr\/m2fctg\/wp-json\/wp\/v2\/pages\/1594\/revisions"}],"predecessor-version":[{"id":2527,"href":"https:\/\/blog.ube.fr\/m2fctg\/wp-json\/wp\/v2\/pages\/1594\/revisions\/2527"}],"wp:attachment":[{"href":"https:\/\/blog.ube.fr\/m2fctg\/wp-json\/wp\/v2\/media?parent=1594"}],"curies":[{"name":"wp","href":"https:\/\/api.w.org\/{rel}","templated":true}]}}