{"id":1516,"date":"2018-11-11T17:07:12","date_gmt":"2018-11-11T16:07:12","guid":{"rendered":"http:\/\/blog.u-bourgogne.fr\/m2fctg\/?page_id=1516"},"modified":"2018-11-11T17:48:21","modified_gmt":"2018-11-11T16:48:21","slug":"prix-de-linnovation-2018","status":"publish","type":"page","link":"https:\/\/blog.ube.fr\/m2fctg\/prix-de-linnovation-2018\/","title":{"rendered":"Prix de l&#8217;Innovation 2018"},"content":{"rendered":"<h2 style=\"text-align: center\">Remise des prix de l&#8217;Innovation 2018<\/h2>\n<p>Lors des assises de l&#8217;AFIGESE 2018 qui se d\u00e9roulait \u00e0 DIJON, en partenariat avec la Gazette des communes et la Soci\u00e9t\u00e9 fran\u00e7aise de l&#8217;\u00e9valuation, six collectivit\u00e9s ont re\u00e7u le prix de l&#8217;innovation. Ces prix se distinguent en cinq cat\u00e9gories :<\/p>\n<ul>\n<li>Finances Publiques Locales<\/li>\n<li>Contr\u00f4le de la Gestion Locale<\/li>\n<li>\u00c9valuation des Politiques Publiques<\/li>\n<li>Management Public Local<\/li>\n<li>Communication Financi\u00e8re (exceptionnellement ouverte en 2018)<\/li>\n<\/ul>\n<p>En 2018, 17 candidatures ont \u00e9t\u00e9 \u00e9tudi\u00e9es dans le cadre de cette remise de prix. Les jur\u00e9s se basent essentiellement sur le caract\u00e8re novateur du projet, ainsi que sur la possibilit\u00e9 de le transposer \u00e0 d&#8217;autres collectivit\u00e9s. La d\u00e9marche de communication et d&#8217;information du citoyen sera \u00e9galement un \u00e9l\u00e9ment pris en compte.<\/p>\n<p>&nbsp;<\/p>\n<ul>\n<li>La Commune Nouvelle d&#8217;Annecy s&#8217;est distingu\u00e9e dans la cat\u00e9gorie finances locales (communication financi\u00e8re), pour son projet qui permettait de communiquer aux usagers sur l&#8217;harmonisation tarifaire appliqu\u00e9e aux services des 6 communes membres.<\/li>\n<\/ul>\n<p>&nbsp;<\/p>\n<ul>\n<li>La Ville de Dijon s&#8217;est vu remettre un prix dans la cat\u00e9gorie contr\u00f4le de gestion. Son projet repose sur un stress-test permettant de d\u00e9tecter les marges de manoeuvre \u00e9ventuelles, ou d&#8217;anticiper les difficult\u00e9s rencontr\u00e9es par les organismes subventionn\u00e9s.<\/li>\n<\/ul>\n<p>&nbsp;<\/p>\n<ul>\n<li>Le D\u00e9partement de la Loire a re\u00e7u le prix de la cat\u00e9gorie d&#8217;\u00e9valuation des politiques publiques. Il s&#8217;est d\u00e9marqu\u00e9 par l&#8217;utilisation des m\u00e9thodes \u00e9valuatives des politiques publiques, pour \u00e9valuer en interne la strat\u00e9gie des Ressources Humaines.<\/li>\n<\/ul>\n<p>&nbsp;<\/p>\n<ul>\n<li>Dans la cat\u00e9gorie management public local, c&#8217;est le D\u00e9partement du Finist\u00e8re qui s&#8217;est illustr\u00e9. Afin de r\u00e9pondre de fa\u00e7on concr\u00e8te \u00e0 des exigences ou des probl\u00e9matiques au projet d&#8217;administration, a \u00e9t\u00e9 initi\u00e9 les &#8221; Fabriques de Terrain &#8220;. Le but est notamment d&#8217;am\u00e9liorer le fonctionnement interne de la collectivit\u00e9.<\/li>\n<\/ul>\n<p>&nbsp;<\/p>\n<ul>\n<li>La Ville de Paris re\u00e7u un prix sp\u00e9cial pour la cr\u00e9ation d&#8217;un service facturier afin de placer dans une m\u00eame entit\u00e9 des agents de la collectivit\u00e9 parisienne et de la Direction G\u00e9n\u00e9rale des Finances Publiques (DGFIP).<\/li>\n<\/ul>\n<p>&nbsp;<\/p>\n<p>Dans le cadre de ce Master 2<strong><em> le prix remis \u00e0 FISCALAB, dans la cat\u00e9gorie finances locales, nous a particuli\u00e8rement rendu fiers<\/em><\/strong>. En effet, ce projet r\u00e9unit la M\u00e9tropole d&#8217;Aix-Marseille-Provence, dont font partis deux anciens du Master, <em><strong>Julian POUX (2009-2010) et Thomas GILBERT (2016-2017)<\/strong><\/em>, la M\u00e9tropole de Lille Europe, la Communaut\u00e9 d&#8217;Agglom\u00e9ration du Pays Basque, la Ville de Paris ainsi que le Cabinet Fiscalit\u00e9 et Territoire. Le secteur territorial est \u00e0 l&#8217;initiative de ce portail open-source, qui a vocation \u00e0 \u00eatre ouvert \u00e0 l&#8217;ensemble des collectivit\u00e9s territoriales et leurs groupements dans leurs \u00e9changes avec la DGFIP. Le but est la diabolisation des bases de fiscalit\u00e9 locale.<\/p>\n<p>&nbsp;<\/p>\n<p><a href=\"http:\/\/blog.ube.fr\/m2fctg\/wp-content\/uploads\/sites\/36\/2018\/11\/IMG_4136.jpg\"><img loading=\"lazy\" decoding=\"async\" class=\"wp-image-1442 aligncenter\" src=\"http:\/\/blog.ube.fr\/m2fctg\/wp-content\/uploads\/sites\/36\/2018\/11\/IMG_4136.jpg\" alt=\"\" width=\"451\" height=\"338\" srcset=\"https:\/\/blog.ube.fr\/m2fctg\/wp-content\/uploads\/sites\/36\/2018\/11\/IMG_4136.jpg 4032w, https:\/\/blog.ube.fr\/m2fctg\/wp-content\/uploads\/sites\/36\/2018\/11\/IMG_4136-768x576.jpg 768w\" sizes=\"auto, (max-width: 451px) 100vw, 451px\" \/><\/a><\/p>\n<p>&nbsp;<\/p>\n<p>&nbsp;<\/p>\n<p>&nbsp;<\/p>\n<p>&nbsp;<\/p>\n<p style=\"text-align: center\"><em>R\u00e9dig\u00e9 par CERIGNAT Mathilde<\/em><\/p>\n","protected":false},"excerpt":{"rendered":"<p>Remise des prix de l&#8217;Innovation 2018 Lors des assises de l&#8217;AFIGESE 2018 qui se d\u00e9roulait \u00e0 DIJON, en partenariat avec la Gazette des communes et la Soci\u00e9t\u00e9 fran\u00e7aise de l&#8217;\u00e9valuation, six collectivit\u00e9s ont re\u00e7u le prix de l&#8217;innovation. Ces prix se distinguent en cinq cat\u00e9gories : Finances Publiques Locales Contr\u00f4le de la Gestion Locale \u00c9valuation<\/p>\n<p><a class=\"button\" href=\"https:\/\/blog.ube.fr\/m2fctg\/prix-de-linnovation-2018\/\" title=\"More\">  Voir plus \u2192<\/a><\/p>\n","protected":false},"author":399,"featured_media":0,"parent":0,"menu_order":0,"comment_status":"closed","ping_status":"closed","template":"","meta":{"footnotes":""},"class_list":["post-1516","page","type-page","status-publish","hentry"],"_links":{"self":[{"href":"https:\/\/blog.ube.fr\/m2fctg\/wp-json\/wp\/v2\/pages\/1516","targetHints":{"allow":["GET"]}}],"collection":[{"href":"https:\/\/blog.ube.fr\/m2fctg\/wp-json\/wp\/v2\/pages"}],"about":[{"href":"https:\/\/blog.ube.fr\/m2fctg\/wp-json\/wp\/v2\/types\/page"}],"author":[{"embeddable":true,"href":"https:\/\/blog.ube.fr\/m2fctg\/wp-json\/wp\/v2\/users\/399"}],"replies":[{"embeddable":true,"href":"https:\/\/blog.ube.fr\/m2fctg\/wp-json\/wp\/v2\/comments?post=1516"}],"version-history":[{"count":4,"href":"https:\/\/blog.ube.fr\/m2fctg\/wp-json\/wp\/v2\/pages\/1516\/revisions"}],"predecessor-version":[{"id":1551,"href":"https:\/\/blog.ube.fr\/m2fctg\/wp-json\/wp\/v2\/pages\/1516\/revisions\/1551"}],"wp:attachment":[{"href":"https:\/\/blog.ube.fr\/m2fctg\/wp-json\/wp\/v2\/media?parent=1516"}],"curies":[{"name":"wp","href":"https:\/\/api.w.org\/{rel}","templated":true}]}}