{"id":1500,"date":"2018-11-11T16:55:30","date_gmt":"2018-11-11T15:55:30","guid":{"rendered":"http:\/\/blog.u-bourgogne.fr\/m2fctg\/?page_id=1500"},"modified":"2024-04-19T12:24:23","modified_gmt":"2024-04-19T11:24:23","slug":"la-remise-du-bec","status":"publish","type":"page","link":"https:\/\/blog.ube.fr\/m2fctg\/la-remise-du-bec\/","title":{"rendered":"La remise du BEC"},"content":{"rendered":"<h3 style=\"text-align: center;\">2018-2019 :<\/h3>\n<p>Cette ann\u00e9e, c\u2019est dans la salle des Actes \u00e0 l\u2019ancien rectorat, mise \u00e0 disposition par la Ville de Dijon, que les \u00e9tudiants du Master 2 \u00ab\u00a0Finances des collectivit\u00e9s territoriales et des groupements\u00a0\u00bb se sont vus remettre par Patrice RAYMOND, ma\u00eetre de conf\u00e9rence en droit public, Directeur et fondateur du dipl\u00f4me, Jo\u00ebl MEKHANTAR, adjoint au Maire de Dijon et Professeur \u00e0 l\u2019Universit\u00e9 de Bourgogne et Philip GOMIS, repr\u00e9sentant l\u2019Universit\u00e9 de Cambridge, le tout aussi prestigieux dipl\u00f4me de l\u2019Universit\u00e9 de Cambridge : le Business English Certificate (BEC). Entour\u00e9s de leurs parents et amis, et accompagn\u00e9s par une cornemuse, les \u00e9tudiants du M2 : AMPAUD Virginie, ANTOINE Guillaume, <a href=\"https:\/\/www.linkedin.com\/in\/mathilde-cerignat-b65510bb\/\">CERIGNAT Mathilde<\/a>, <a href=\"https:\/\/www.linkedin.com\/in\/lea-croissant-01145a15a\/\">CROISSANT L\u00e9a<\/a>, <a href=\"https:\/\/www.linkedin.com\/in\/adrien-develay-0641b5173\/\">DEVELAY Adrien<\/a>, <a href=\"https:\/\/www.linkedin.com\/in\/zeynep-erman-5701a615b\/\">ERMAN Zeynep<\/a>, <a href=\"https:\/\/www.linkedin.com\/in\/fanny-gonnot\/\">GONNOT Fanny<\/a>, <a href=\"https:\/\/www.linkedin.com\/in\/lo%C3%AFc-leon-909bab107\/\">L\u00c9ON Lo\u00efc<\/a>, <a href=\"https:\/\/www.linkedin.com\/in\/nahouda-ambdoulloih-2b4b7290\/\">NAHOUDA Ambdouloih<\/a>, TAJER Alhame, <a href=\"https:\/\/www.linkedin.com\/in\/arthur-viollon-655b64157\/\">VIOLLON Arthur<\/a>, <a href=\"https:\/\/www.linkedin.com\/in\/l%C3%A9o-wagner-0258a715a\/\">WAGNER L\u00e9o<\/a> ont vu leur investissement et travail d\u2019une ann\u00e9e r\u00e9compens\u00e9s. Le dipl\u00f4me de M2 \u00ab\u00a0FCTG\u00a0\u00bb s\u2019est ainsi vu officiellement d\u00e9cern\u00e9 \u00e0 cette occasion par l\u2019Universit\u00e9 de Cambridge la qualification d\u2019organisme de pr\u00e9paration aux dipl\u00f4mes de cette Universit\u00e9.<\/p>\n<h3 style=\"text-align: center;\"><a href=\"https:\/\/blog.ube.fr\/m2fctg\/wp-content\/uploads\/sites\/36\/2020\/01\/80736835_545466542850064_8134613525424242688_n.jpg\"><img loading=\"lazy\" decoding=\"async\" class=\"alignnone size-medium wp-image-2233\" src=\"https:\/\/blog.ube.fr\/m2fctg\/wp-content\/uploads\/sites\/36\/2020\/01\/80736835_545466542850064_8134613525424242688_n-290x220.jpg\" alt=\"\" width=\"290\" height=\"220\" \/><\/a><a href=\"https:\/\/blog.ube.fr\/m2fctg\/wp-content\/uploads\/sites\/36\/2020\/01\/79939212_2637062059848793_8722594990628274176_n.jpg\"><img loading=\"lazy\" decoding=\"async\" class=\"alignnone size-medium wp-image-2229\" src=\"https:\/\/blog.ube.fr\/m2fctg\/wp-content\/uploads\/sites\/36\/2020\/01\/79939212_2637062059848793_8722594990628274176_n-290x220.jpg\" alt=\"\" width=\"290\" height=\"220\" \/><\/a><a href=\"https:\/\/blog.ube.fr\/m2fctg\/wp-content\/uploads\/sites\/36\/2020\/01\/80344050_3610998528918055_3571359787314577408_n.jpg\"><img loading=\"lazy\" decoding=\"async\" class=\"alignnone size-medium wp-image-2230\" src=\"https:\/\/blog.ube.fr\/m2fctg\/wp-content\/uploads\/sites\/36\/2020\/01\/80344050_3610998528918055_3571359787314577408_n-290x220.jpg\" alt=\"\" width=\"290\" height=\"220\" \/><\/a><a href=\"https:\/\/blog.ube.fr\/m2fctg\/wp-content\/uploads\/sites\/36\/2020\/01\/79905903_586075215270550_719167294185406464_n.jpg\"><img loading=\"lazy\" decoding=\"async\" class=\"alignnone size-medium wp-image-2228\" src=\"https:\/\/blog.ube.fr\/m2fctg\/wp-content\/uploads\/sites\/36\/2020\/01\/79905903_586075215270550_719167294185406464_n-290x220.jpg\" alt=\"\" width=\"290\" height=\"220\" \/><\/a><\/h3>\n<h3><\/h3>\n<h3><\/h3>\n<h3><\/h3>\n<h3><\/h3>\n<h3 style=\"text-align: center;\">2017-2018 :<\/h3>\n<p>C&#8217;est dans le prestigieux H\u00f4tel de Vogu\u00eb, mis \u00e0 disposition par la Ville de Dijon, que les \u00e9tudiants du Master 2 &#8220;Finances des collectivit\u00e9s territoriales et des groupements&#8221; se sont vus remettre par Patrice RAYMOND, ma\u00eetre de conf\u00e9rence en droit public, Directeur et fondateur du dipl\u00f4me, Jo\u00ebl MEKHANTAR, adjoint au Maire de Dijon et Professeur \u00e0 l&#8217;Universit\u00e9 de Bourgogne et Philip GOMIS, repr\u00e9sentant l&#8217;Universit\u00e9 de Cambridge, le tout aussi prestigieux dipl\u00f4me de l&#8217;Universit\u00e9 de Cambridge : le Business English Certificate (BEC). Entour\u00e9s de leurs parents et amis, et accompagn\u00e9s par une cornemuse, les \u00e9tudiants du M2 : BEUDET Ang\u00e9lique, BOULLY Antoine, CHALUMEAU Louise, FERRAIN Antoine, GAUTHEY M\u00e9lanie, JEANDEL Thomas, LUROT Aur\u00e9lien, MATHEVET Louis, PACZYNSKI Yann, PETROVIC Maria, REICHEN Anthony, SEGUIN Charles et TLALKA Florent ont vu leur investissement et travail d&#8217;une ann\u00e9e r\u00e9compens\u00e9s. Le dipl\u00f4me de M2 &#8220;FCTG&#8221; s&#8217;est ainsi vu officiellement d\u00e9cern\u00e9 \u00e0 cette occasion par l&#8217;Universit\u00e9 de Cambridge la qualification d&#8217;organisme de pr\u00e9paration aux dipl\u00f4mes de cette Universit\u00e9.<\/p>\n<p><a href=\"http:\/\/blog.ube.fr\/m2fctg\/wp-content\/uploads\/sites\/36\/2018\/11\/45936352_285702172050959_3038484801217626112_n.png\"><img loading=\"lazy\" decoding=\"async\" class=\"wp-image-1522 aligncenter\" src=\"http:\/\/blog.ube.fr\/m2fctg\/wp-content\/uploads\/sites\/36\/2018\/11\/45936352_285702172050959_3038484801217626112_n.png\" alt=\"\" width=\"625\" height=\"625\" srcset=\"https:\/\/blog.ube.fr\/m2fctg\/wp-content\/uploads\/sites\/36\/2018\/11\/45936352_285702172050959_3038484801217626112_n.png 1024w, https:\/\/blog.ube.fr\/m2fctg\/wp-content\/uploads\/sites\/36\/2018\/11\/45936352_285702172050959_3038484801217626112_n-150x150.png 150w, https:\/\/blog.ube.fr\/m2fctg\/wp-content\/uploads\/sites\/36\/2018\/11\/45936352_285702172050959_3038484801217626112_n-768x768.png 768w\" sizes=\"auto, (max-width: 625px) 100vw, 625px\" \/><\/a><\/p>\n<p style=\"text-align: center;\"><em>Site r\u00e9alis\u00e9 par ERMAN Zeynep<\/em><\/p>\n","protected":false},"excerpt":{"rendered":"<p>2018-2019 : Cette ann\u00e9e, c\u2019est dans la salle des Actes \u00e0 l\u2019ancien rectorat, mise \u00e0 disposition par la Ville de Dijon, que les \u00e9tudiants du Master 2 \u00ab\u00a0Finances des collectivit\u00e9s territoriales et des groupements\u00a0\u00bb se sont vus remettre par Patrice RAYMOND, ma\u00eetre de conf\u00e9rence en droit public, Directeur et fondateur du dipl\u00f4me, Jo\u00ebl MEKHANTAR, adjoint<\/p>\n<p><a class=\"button\" href=\"https:\/\/blog.ube.fr\/m2fctg\/la-remise-du-bec\/\" title=\"More\">  Voir plus \u2192<\/a><\/p>\n","protected":false},"author":402,"featured_media":0,"parent":0,"menu_order":0,"comment_status":"closed","ping_status":"closed","template":"","meta":{"footnotes":""},"class_list":["post-1500","page","type-page","status-publish","hentry"],"_links":{"self":[{"href":"https:\/\/blog.ube.fr\/m2fctg\/wp-json\/wp\/v2\/pages\/1500","targetHints":{"allow":["GET"]}}],"collection":[{"href":"https:\/\/blog.ube.fr\/m2fctg\/wp-json\/wp\/v2\/pages"}],"about":[{"href":"https:\/\/blog.ube.fr\/m2fctg\/wp-json\/wp\/v2\/types\/page"}],"author":[{"embeddable":true,"href":"https:\/\/blog.ube.fr\/m2fctg\/wp-json\/wp\/v2\/users\/402"}],"replies":[{"embeddable":true,"href":"https:\/\/blog.ube.fr\/m2fctg\/wp-json\/wp\/v2\/comments?post=1500"}],"version-history":[{"count":15,"href":"https:\/\/blog.ube.fr\/m2fctg\/wp-json\/wp\/v2\/pages\/1500\/revisions"}],"predecessor-version":[{"id":3082,"href":"https:\/\/blog.ube.fr\/m2fctg\/wp-json\/wp\/v2\/pages\/1500\/revisions\/3082"}],"wp:attachment":[{"href":"https:\/\/blog.ube.fr\/m2fctg\/wp-json\/wp\/v2\/media?parent=1500"}],"curies":[{"name":"wp","href":"https:\/\/api.w.org\/{rel}","templated":true}]}}