{"id":1452,"date":"2018-11-11T14:31:54","date_gmt":"2018-11-11T13:31:54","guid":{"rendered":"http:\/\/blog.u-bourgogne.fr\/m2fctg\/?page_id=1452"},"modified":"2018-11-11T17:10:37","modified_gmt":"2018-11-11T16:10:37","slug":"presentation","status":"publish","type":"page","link":"https:\/\/blog.ube.fr\/m2fctg\/presentation\/","title":{"rendered":"Pr\u00e9sentation"},"content":{"rendered":"<h2 style=\"text-align: center\">Association Finances Gestion \u00c9valuation des Collectivit\u00e9s Territoriales (AFIGESE)<\/h2>\n<p>&nbsp;<\/p>\n<p>Site : <a href=\"https:\/\/afigese.fr\">https:\/\/afigese.fr<\/a><a href=\"http:\/\/blog.ube.fr\/m2fctg\/wp-content\/uploads\/sites\/36\/2018\/11\/Capture-d\u2019\u00e9cran-2018-11-11-\u00e0-14.11.01.png\"><img loading=\"lazy\" decoding=\"async\" class=\" wp-image-1448 aligncenter\" src=\"http:\/\/blog.ube.fr\/m2fctg\/wp-content\/uploads\/sites\/36\/2018\/11\/Capture-d\u2019\u00e9cran-2018-11-11-\u00e0-14.11.01-290x220.png\" alt=\"\" width=\"208\" height=\"158\" \/><\/a><\/p>\n<p>L&#8217;AFIGESE a \u00e9t\u00e9 cr\u00e9\u00e9e en f\u00e9vrier 2000, elle permet de r\u00e9unir des professionnels territoriaux qui \u00e9voluent dans les finances publiques locales, la gestion publique locale et dans l&#8217;\u00e9valuation des politiques publiques. Ses activit\u00e9s tournent essentiellement autour de l&#8217;information, des d\u00e9bats et de la formation.<\/p>\n<p>L&#8217;AFIGESE propose deux niveaux de formations, le niveau sensibilisation qui vise les personnes non exp\u00e9riment\u00e9es dans le domaine concern\u00e9, et le niveau perfectionnement pour des personnes poss\u00e9dant d\u00e9j\u00e0 une exp\u00e9rience et souhaitant se perfectionner sur un volet sp\u00e9cifique de leur m\u00e9tier. Plus d&#8217;une vingtaine de formations sont propos\u00e9es dans les diff\u00e9rents domaines que recouvre l&#8217;association qui est un organisme de formation agr\u00e9e.\u00a0En marge de ces formations l&#8217;AFIGESE propose \u00e9galement de participer \u00e0 des groupes de travail, qui sont un espace d&#8217;\u00e9changes et de r\u00e9flexion entre professionnels autour de th\u00e9matiques pr\u00e9cises.<\/p>\n<p>L&#8217;AFIGESE s&#8217;est une expertise reconnue, elle \u00e9labore de nombreux guides pratiques, des \u00e9tudes \u00e0 destination des professionnels. Elle fait partie du Comit\u00e9 scientifique et technique de l&#8217;Observatoire des finances et de la gestion publique locales, \u00e9galement du Comit\u00e9 de fiabilit\u00e9 des finances publiques locales.<\/p>\n<p>Le Master 2 professionnel Finances des Collectivit\u00e9s Territoriales et des Groupements ainsi que l&#8217;Institut Sup\u00e9rieur des Territoires se sont engag\u00e9s dans un partenariat avec l&#8217;AFIGESE. Ce partenariat se base sur la cr\u00e9ation d&#8217;ateliers communs, la transmission d&#8217;informations sur les offres d&#8217;emplois et de stages.<\/p>\n<p>&nbsp;<\/p>\n<p>&nbsp;<\/p>\n<p>&nbsp;<\/p>\n<p>&nbsp;<\/p>\n<p>&nbsp;<\/p>\n<p style=\"text-align: center\"><em>\u00a0R\u00e9dig\u00e9 par CERIGNAT Mathilde<\/em><\/p>\n","protected":false},"excerpt":{"rendered":"<p>Association Finances Gestion \u00c9valuation des Collectivit\u00e9s Territoriales (AFIGESE) &nbsp; Site : https:\/\/afigese.fr L&#8217;AFIGESE a \u00e9t\u00e9 cr\u00e9\u00e9e en f\u00e9vrier 2000, elle permet de r\u00e9unir des professionnels territoriaux qui \u00e9voluent dans les finances publiques locales, la gestion publique locale et dans l&#8217;\u00e9valuation des politiques publiques. Ses activit\u00e9s tournent essentiellement autour de l&#8217;information, des d\u00e9bats et de la<\/p>\n<p><a class=\"button\" href=\"https:\/\/blog.ube.fr\/m2fctg\/presentation\/\" title=\"More\">  Voir plus \u2192<\/a><\/p>\n","protected":false},"author":399,"featured_media":0,"parent":0,"menu_order":0,"comment_status":"closed","ping_status":"closed","template":"","meta":{"footnotes":""},"class_list":["post-1452","page","type-page","status-publish","hentry"],"_links":{"self":[{"href":"https:\/\/blog.ube.fr\/m2fctg\/wp-json\/wp\/v2\/pages\/1452","targetHints":{"allow":["GET"]}}],"collection":[{"href":"https:\/\/blog.ube.fr\/m2fctg\/wp-json\/wp\/v2\/pages"}],"about":[{"href":"https:\/\/blog.ube.fr\/m2fctg\/wp-json\/wp\/v2\/types\/page"}],"author":[{"embeddable":true,"href":"https:\/\/blog.ube.fr\/m2fctg\/wp-json\/wp\/v2\/users\/399"}],"replies":[{"embeddable":true,"href":"https:\/\/blog.ube.fr\/m2fctg\/wp-json\/wp\/v2\/comments?post=1452"}],"version-history":[{"count":7,"href":"https:\/\/blog.ube.fr\/m2fctg\/wp-json\/wp\/v2\/pages\/1452\/revisions"}],"predecessor-version":[{"id":1523,"href":"https:\/\/blog.ube.fr\/m2fctg\/wp-json\/wp\/v2\/pages\/1452\/revisions\/1523"}],"wp:attachment":[{"href":"https:\/\/blog.ube.fr\/m2fctg\/wp-json\/wp\/v2\/media?parent=1452"}],"curies":[{"name":"wp","href":"https:\/\/api.w.org\/{rel}","templated":true}]}}