{"id":1239,"date":"2018-01-19T22:27:38","date_gmt":"2018-01-19T21:27:38","guid":{"rendered":"http:\/\/blog.u-bourgogne.fr\/m2fctg\/?page_id=1239"},"modified":"2018-01-30T22:53:17","modified_gmt":"2018-01-30T21:53:17","slug":"1ere-9eme-journees-des-finances-locales","status":"publish","type":"page","link":"https:\/\/blog.ube.fr\/m2fctg\/1ere-9eme-journees-des-finances-locales\/","title":{"rendered":"1\u00e8re &#8211; 9\u00e8me Journ\u00e9es des Finances Locales"},"content":{"rendered":"<div class=\"entry-content\">\n<h3>\u00a0<strong><a href=\"http:\/\/blog.ube.fr\/m2fctg\/wp-content\/uploads\/sites\/36\/2015\/12\/9\u00e8me-Journ\u00e9e-des-Finances-Locales.pdf\" target=\"_blank\" rel=\"noopener\">9\u00e8me Journ\u00e9e des Finances Locales \u2013 Jeudi 27 mai 2010<\/a><\/strong><\/h3>\n<p><em>\u00ab\u00a0De l\u2019Intelligence \u00c9conomique \u00e0 l\u2019Intelligence Territoriale : quels rapprochements, pour quels enjeux ?\u00a0\u00bb<\/em><\/p>\n<p><a href=\"http:\/\/m2fctg.free.fr\/wp-content\/uploads\/2012\/03\/M.Raymond-M.-F%C3%A9vrier.jpg\"><img loading=\"lazy\" decoding=\"async\" class=\"aligncenter wp-image-750 size-full\" title=\"M.Raymond-M. F\u00e9vrier\" src=\"http:\/\/m2fctg.free.fr\/wp-content\/uploads\/2012\/03\/M.Raymond-M.-F%C3%A9vrier.jpg\" alt=\"1\u00e8re - 9\u00e8me Journ\u00e9es des Finances Locales - 01\" width=\"720\" height=\"480\" \/><\/a><a href=\"http:\/\/blog.ube.fr\/m2fctg\/wp-content\/uploads\/sites\/36\/2018\/01\/JFL9-01.jpg\"><img loading=\"lazy\" decoding=\"async\" class=\"aligncenter wp-image-1307\" title=\"1\u00e8re - 9\u00e8me Journ\u00e9es des Finances Locales - 02\" src=\"http:\/\/blog.ube.fr\/m2fctg\/wp-content\/uploads\/sites\/36\/2018\/01\/JFL9-01.jpg\" alt=\"1\u00e8re - 9\u00e8me Journ\u00e9es des Finances Locales - 02\" width=\"790\" height=\"545\" srcset=\"https:\/\/blog.ube.fr\/m2fctg\/wp-content\/uploads\/sites\/36\/2018\/01\/JFL9-01.jpg 2384w, https:\/\/blog.ube.fr\/m2fctg\/wp-content\/uploads\/sites\/36\/2018\/01\/JFL9-01-768x529.jpg 768w\" sizes=\"auto, (max-width: 790px) 100vw, 790px\" \/><\/a><a href=\"http:\/\/blog.ube.fr\/m2fctg\/wp-content\/uploads\/sites\/36\/2018\/01\/JFL9-02.jpg\"><img loading=\"lazy\" decoding=\"async\" class=\"aligncenter wp-image-1306\" title=\"1\u00e8re - 9\u00e8me Journ\u00e9es des Finances Locales - 03\" src=\"http:\/\/blog.ube.fr\/m2fctg\/wp-content\/uploads\/sites\/36\/2018\/01\/JFL9-02.jpg\" alt=\"1\u00e8re - 9\u00e8me Journ\u00e9es des Finances Locales - 03\" width=\"805\" height=\"557\" srcset=\"https:\/\/blog.ube.fr\/m2fctg\/wp-content\/uploads\/sites\/36\/2018\/01\/JFL9-02.jpg 2479w, https:\/\/blog.ube.fr\/m2fctg\/wp-content\/uploads\/sites\/36\/2018\/01\/JFL9-02-768x532.jpg 768w\" sizes=\"auto, (max-width: 805px) 100vw, 805px\" \/><\/a><\/p>\n<p>_ _ _<\/p>\n<p><strong>8\u00e8me Journ\u00e9e des Finances Locales \u2013 Jeudi 26 juin 2008<\/strong><\/p>\n<p><em>\u00ab\u00a0La performance dans les finances locales : quel objectif ? quelle \u00e9valuation ? Quel r\u00e9sultat ?\u00a0\u00bb<\/em><\/p>\n<p>_ _ _<\/p>\n<p>&nbsp;<\/p>\n<p><strong><a href=\"http:\/\/blog.ube.fr\/m2fctg\/wp-content\/uploads\/sites\/36\/2015\/12\/7e-JFL.pdf\" target=\"_blank\" rel=\"noopener\">7\u00e8me Journ\u00e9e des Finances Locales \u2013 Vendredi 9 juin 2006<\/a><\/strong><\/p>\n<p><em>\u00ab\u00a0L\u2019impact financier et comptable de l\u2019Acte II de la d\u00e9centralisation\u00a0\u00bb<\/em><\/p>\n<p style=\"text-align: left\"><a href=\"http:\/\/blog.ube.fr\/m2fctg\/wp-content\/uploads\/sites\/36\/2018\/01\/JFL7.jpg\"><img loading=\"lazy\" decoding=\"async\" class=\"aligncenter wp-image-1301\" title=\"1\u00e8re - 9\u00e8me Journ\u00e9es des Finances Locales - 04\" src=\"http:\/\/blog.ube.fr\/m2fctg\/wp-content\/uploads\/sites\/36\/2018\/01\/JFL7.jpg\" alt=\"1\u00e8re - 9\u00e8me Journ\u00e9es des Finances Locales - 04\" width=\"697\" height=\"773\" srcset=\"https:\/\/blog.ube.fr\/m2fctg\/wp-content\/uploads\/sites\/36\/2018\/01\/JFL7.jpg 1919w, https:\/\/blog.ube.fr\/m2fctg\/wp-content\/uploads\/sites\/36\/2018\/01\/JFL7-768x852.jpg 768w\" sizes=\"auto, (max-width: 697px) 100vw, 697px\" \/><\/a><\/p>\n<p style=\"text-align: left\">_ _ _<\/p>\n<p><strong>6\u00e8me Journ\u00e9e des Finances Locales<\/strong><\/p>\n<p><em>\u00ab\u00a0L\u2019autonomie financi\u00e8re au service de la libre administration\u00a0\u00bb<\/em><\/p>\n<p>_ _ _<\/p>\n<p>&nbsp;<\/p>\n<p><strong><a href=\"http:\/\/blog.ube.fr\/m2fctg\/wp-content\/uploads\/sites\/36\/2015\/12\/\u00ab-La-fiscalit\u00e9-du-sport-\u00bb.pdf\" target=\"_blank\" rel=\"noopener\">5\u00e8me Journ\u00e9e des Finances Locales \u2013 Vendredi 23 janvier 2004<\/a><\/strong><\/p>\n<p><em>\u00ab\u00a0La fiscalit\u00e9 du sport\u00a0\u00bb<br \/>\n<\/em><\/p>\n<p><em>_ _ _ <\/em><\/p>\n<p><strong>4\u00e8me Journ\u00e9e des Finances Locales<\/strong><\/p>\n<p>_ _ _<\/p>\n<p><strong>3\u00e8me Journ\u00e9e des Finances Locales\u00a0<\/strong><\/p>\n<p><em>\u00ab\u00a0Financement Europ\u00e9en et Collectivit\u00e9s Locales\u00a0\u00bb<\/em><\/p>\n<p>_ _ _<\/p>\n<p><strong>2\u00e8me Journ\u00e9e des Finances Locales<\/strong><\/p>\n<p><em>\u00ab\u00a0La doctrine administrative source du droit fiscal\u00a0\u00bb<\/em><\/p>\n<p>_ _ _<\/p>\n<p><strong>1\u00e8re Journ\u00e9e des Finances Locales<\/strong><\/p>\n<p><em>\u00ab\u00a0La Taxe Professionnelle : les enjeux d\u2019une r\u00e9forme\u00a0\u00bb<\/em><\/p>\n<\/div>\n<p>&nbsp;<\/p>\n<p><em>Site r\u00e9alis\u00e9 par Thomas Cornille<\/em><\/p>\n","protected":false},"excerpt":{"rendered":"<p>\u00a09\u00e8me Journ\u00e9e des Finances Locales \u2013 Jeudi 27 mai 2010 \u00ab\u00a0De l\u2019Intelligence \u00c9conomique \u00e0 l\u2019Intelligence Territoriale : quels rapprochements, pour quels enjeux ?\u00a0\u00bb _ _ _ 8\u00e8me Journ\u00e9e des Finances Locales \u2013 Jeudi 26 juin 2008 \u00ab\u00a0La performance dans les finances locales : quel objectif ? quelle \u00e9valuation ? Quel r\u00e9sultat ?\u00a0\u00bb _ _ _<\/p>\n<p><a class=\"button\" href=\"https:\/\/blog.ube.fr\/m2fctg\/1ere-9eme-journees-des-finances-locales\/\" title=\"More\">  Voir plus \u2192<\/a><\/p>\n","protected":false},"author":101,"featured_media":0,"parent":0,"menu_order":0,"comment_status":"closed","ping_status":"closed","template":"","meta":{"footnotes":""},"class_list":["post-1239","page","type-page","status-publish","hentry"],"_links":{"self":[{"href":"https:\/\/blog.ube.fr\/m2fctg\/wp-json\/wp\/v2\/pages\/1239","targetHints":{"allow":["GET"]}}],"collection":[{"href":"https:\/\/blog.ube.fr\/m2fctg\/wp-json\/wp\/v2\/pages"}],"about":[{"href":"https:\/\/blog.ube.fr\/m2fctg\/wp-json\/wp\/v2\/types\/page"}],"author":[{"embeddable":true,"href":"https:\/\/blog.ube.fr\/m2fctg\/wp-json\/wp\/v2\/users\/101"}],"replies":[{"embeddable":true,"href":"https:\/\/blog.ube.fr\/m2fctg\/wp-json\/wp\/v2\/comments?post=1239"}],"version-history":[{"count":9,"href":"https:\/\/blog.ube.fr\/m2fctg\/wp-json\/wp\/v2\/pages\/1239\/revisions"}],"predecessor-version":[{"id":1369,"href":"https:\/\/blog.ube.fr\/m2fctg\/wp-json\/wp\/v2\/pages\/1239\/revisions\/1369"}],"wp:attachment":[{"href":"https:\/\/blog.ube.fr\/m2fctg\/wp-json\/wp\/v2\/media?parent=1239"}],"curies":[{"name":"wp","href":"https:\/\/api.w.org\/{rel}","templated":true}]}}