{"id":1236,"date":"2018-01-19T22:26:29","date_gmt":"2018-01-19T21:26:29","guid":{"rendered":"http:\/\/blog.u-bourgogne.fr\/m2fctg\/?page_id=1236"},"modified":"2018-01-30T22:29:48","modified_gmt":"2018-01-30T21:29:48","slug":"10eme-journee-des-finances-locales","status":"publish","type":"page","link":"https:\/\/blog.ube.fr\/m2fctg\/10eme-journee-des-finances-locales\/","title":{"rendered":"10\u00e8me Journ\u00e9e des Finances Locales \u2013 2013"},"content":{"rendered":"<div class=\"entry-content\">\n<h2><strong><a href=\"http:\/\/blog.ube.fr\/m2fctg\/wp-content\/uploads\/sites\/36\/2015\/12\/2013-10me_colloque_jfl.pdf\" target=\"_blank\" rel=\"noopener\">10\u00e8me Journ\u00e9e des Finances Locales \u2013 Vendredi 21 juin 2013<\/a><\/strong><em><br \/>\n\u00ab\u00a0La nouvelle Solidarit\u00e9 financi\u00e8re Etat \u2013 Territoires :\u00a0<\/em><em>Quels outils ? Quelles perspectives ? Quelles avanc\u00e9es ?\u00a0\u00bb<\/em><\/h2>\n<p><a title=\"10e_Journ\u00e9e_Finances_Locales_M2FCTG\" href=\"http:\/\/m2fctg.free.fr\/wp-content\/uploads\/2013\/06\/Affiche_JFL_1.jpg\" target=\"_blank\" rel=\"noopener\"><img loading=\"lazy\" decoding=\"async\" class=\"aligncenter wp-image-1383 size-full\" title=\"Affiche 10\u00e8me journ\u00e9e des finances locales\" src=\"http:\/\/m2fctg.free.fr\/wp-content\/uploads\/2013\/06\/Affiche_JFL_1.jpg\" alt=\"Affiche 10\u00e8me journ\u00e9e des finances locales\" width=\"350\" height=\"495\" \/><\/a><\/p>\n<p>Reportage Photo de la \u00ab\u00a0<strong>10\u00e8me Journ\u00e9e des Finances Locales <em>\u00bb<\/em><\/strong><\/p>\n<p>Ouverture du Colloque par <strong>Monsieur Alain BONNIN, <\/strong>Pr\u00e9sident de l\u2019Universit\u00e9 de Bourgogne et accueil chaleureux de chacun des intervenants et des nombreux participants.<\/p>\n<p><img loading=\"lazy\" decoding=\"async\" class=\"aligncenter\" title=\"Accueil Alain Bonnin\" src=\"http:\/\/blog.ube.fr\/m2fctg\/wp-content\/uploads\/sites\/36\/2016\/02\/10-FL.jpg\" alt=\"Accueil Alain Bonnin\" width=\"3072\" height=\"1728\" \/><\/p>\n<\/div>\n<div class=\"entry-content\">\n<p><strong>Alain BONNIN<\/strong>, Pr\u00e9sident de l\u2019Universit\u00e9 de Bourgogne,\u00a0\u00a0<strong>Patrice RAYMOND<\/strong>, Directeur du M2 FCTG et <strong>Roberto SCHMIDT<\/strong>, Pr\u00e9sident de la Chambre r\u00e9gionale des comptes <em>Bourgogne-Franche-Comt\u00e9\u00a0<\/em><\/p>\n<p><img loading=\"lazy\" decoding=\"async\" class=\"alignnone\" title=\"Alain Bonnin et Patrice Raymond\" src=\"http:\/\/blog.ube.fr\/m2fctg\/wp-content\/uploads\/sites\/36\/2016\/02\/FL.jpg\" alt=\"Alain Bonnin et Patrice Raymond\" width=\"3072\" height=\"1728\" \/><\/p>\n<p>&nbsp;<\/p>\n<p><strong>11h15-11h40<\/strong><strong>: Patrick BARBASTE, <\/strong>Premier Conseiller de Chambre r\u00e9gionale des comptes :<em><strong> \u00ab <\/strong><strong>La situation financi\u00e8re des collectivit\u00e9s territoriales et des EPCI\u00a0: enjeux \u00a0et perspectives\u00a0<\/strong><strong>\u00bb<br \/>\n<\/strong><\/em><\/p>\n<p><strong>Roberto SCHMIDT<\/strong>, Pr\u00e9sident de la Chambre r\u00e9gionale des comptes <em>Bourgogne-Franche-Comt\u00e9,\u00a0<\/em><strong>Patrice RAYMOND<\/strong>, Directeur du M2 FCTG, Patrick BARBASTE, 1er conseiller Chambre r\u00e9gionale des compte Alsace, <strong>Prof. Dr. GISELA-F\u00c4RBER, <\/strong>Deutsche Universit\u00e4t f\u00fcr Verwaltungswissenschaften Speyer\u00a0:<\/p>\n<p>&nbsp;<\/p>\n<p><strong>11h40-12h10<\/strong><strong>: Prof. Dr. GISELA-F\u00c4RBER, <\/strong>Deutsche Universit\u00e4t f\u00fcr Verwaltungswissenschaften Speyer\u00a0:\u00a0<strong><em>\u00a0<\/em><\/strong><em><strong> \u00ab <\/strong><strong>La p\u00e9r\u00e9quation en Allemagne : une p\u00e9r\u00e9quation en panne ? <\/strong><strong>un exemple \u00a0\u00e0 suivre<\/strong><strong> ? \u00bb<br \/>\n<\/strong><\/em><\/p>\n<p>&nbsp;<\/p>\n<p><strong>12h10-12h40<\/strong><strong>: Roberto SCHMIDT, <\/strong>Pr\u00e9sident de la Chambre r\u00e9gionale des comptes R\u00e9gion Bourgogne-Franche-Comt\u00e9\u00a0:\u00a0<em><strong> \u00ab <\/strong><strong>Quels contr\u00f4les des comptes locaux dans un environnement\u00a0<\/strong><strong>\u00a0 financier \u00a0contraint ? \u00bb<br \/>\n<\/strong><\/em><\/p>\n<p>&nbsp;<\/p>\n<p><strong>Patrice RAYMOND et\u00a0Olivier NYS<\/strong><\/p>\n<p><a href=\"http:\/\/m2fctg.free.fr\/wp-content\/uploads\/2012\/03\/DSC05231.jpg\"><img loading=\"lazy\" decoding=\"async\" class=\"aligncenter wp-image-1419 size-full\" title=\"Patrice RAYMOND et Olivier NYS 01\" src=\"http:\/\/m2fctg.free.fr\/wp-content\/uploads\/2012\/03\/DSC05231.jpg\" alt=\"Patrice RAYMOND et Olivier NYS\" width=\"3072\" height=\"1728\" \/><\/a><a href=\"http:\/\/m2fctg.free.fr\/wp-content\/uploads\/2012\/03\/DSC05229.jpg\"><img loading=\"lazy\" decoding=\"async\" class=\"aligncenter wp-image-1418 size-full\" title=\"Patrice RAYMOND et Olivier NYS 02\" src=\"http:\/\/m2fctg.free.fr\/wp-content\/uploads\/2012\/03\/DSC05229.jpg\" alt=\"Patrice RAYMOND et Olivier NYS\" width=\"3072\" height=\"1728\" \/><\/a><\/p>\n<p><a href=\"http:\/\/m2fctg.free.fr\/wp-content\/uploads\/2012\/03\/DSC05216.jpg\"><img loading=\"lazy\" decoding=\"async\" class=\"aligncenter wp-image-1416 size-full\" title=\"Patrice RAYMOND et Olivier NYS 03\" src=\"http:\/\/m2fctg.free.fr\/wp-content\/uploads\/2012\/03\/DSC05216.jpg\" alt=\"Patrice RAYMOND et Olivier NYS\" width=\"3072\" height=\"1728\" \/><\/a><\/p>\n<p><strong>14h15 \u2013 14h45<\/strong><strong>: Olivier NYS \u2013 <\/strong>Directeur g\u00e9n\u00e9ral de la ville de Reims et de Reims-M\u00e9tropole\u00a0: <strong>\u00ab\u00a0<\/strong><strong>Le nouvel environnement\u00a0 financier des collectivit\u00e9s et le <\/strong><strong>management \u00a0local <\/strong>\u00bb<\/p>\n<\/div>\n","protected":false},"excerpt":{"rendered":"<p>10\u00e8me Journ\u00e9e des Finances Locales \u2013 Vendredi 21 juin 2013 \u00ab\u00a0La nouvelle Solidarit\u00e9 financi\u00e8re Etat \u2013 Territoires :\u00a0Quels outils ? Quelles perspectives ? Quelles avanc\u00e9es ?\u00a0\u00bb Reportage Photo de la \u00ab\u00a010\u00e8me Journ\u00e9e des Finances Locales \u00bb Ouverture du Colloque par Monsieur Alain BONNIN, Pr\u00e9sident de l\u2019Universit\u00e9 de Bourgogne et accueil chaleureux de chacun des intervenants<\/p>\n<p><a class=\"button\" href=\"https:\/\/blog.ube.fr\/m2fctg\/10eme-journee-des-finances-locales\/\" title=\"More\">  Voir plus \u2192<\/a><\/p>\n","protected":false},"author":101,"featured_media":0,"parent":0,"menu_order":0,"comment_status":"closed","ping_status":"closed","template":"","meta":{"footnotes":""},"class_list":["post-1236","page","type-page","status-publish","hentry"],"_links":{"self":[{"href":"https:\/\/blog.ube.fr\/m2fctg\/wp-json\/wp\/v2\/pages\/1236","targetHints":{"allow":["GET"]}}],"collection":[{"href":"https:\/\/blog.ube.fr\/m2fctg\/wp-json\/wp\/v2\/pages"}],"about":[{"href":"https:\/\/blog.ube.fr\/m2fctg\/wp-json\/wp\/v2\/types\/page"}],"author":[{"embeddable":true,"href":"https:\/\/blog.ube.fr\/m2fctg\/wp-json\/wp\/v2\/users\/101"}],"replies":[{"embeddable":true,"href":"https:\/\/blog.ube.fr\/m2fctg\/wp-json\/wp\/v2\/comments?post=1236"}],"version-history":[{"count":6,"href":"https:\/\/blog.ube.fr\/m2fctg\/wp-json\/wp\/v2\/pages\/1236\/revisions"}],"predecessor-version":[{"id":1326,"href":"https:\/\/blog.ube.fr\/m2fctg\/wp-json\/wp\/v2\/pages\/1236\/revisions\/1326"}],"wp:attachment":[{"href":"https:\/\/blog.ube.fr\/m2fctg\/wp-json\/wp\/v2\/media?parent=1236"}],"curies":[{"name":"wp","href":"https:\/\/api.w.org\/{rel}","templated":true}]}}