{"id":1233,"date":"2018-01-19T22:23:52","date_gmt":"2018-01-19T21:23:52","guid":{"rendered":"http:\/\/blog.u-bourgogne.fr\/m2fctg\/?page_id=1233"},"modified":"2018-01-30T22:36:34","modified_gmt":"2018-01-30T21:36:34","slug":"11eme-journee-des-finances-locales","status":"publish","type":"page","link":"https:\/\/blog.ube.fr\/m2fctg\/11eme-journee-des-finances-locales\/","title":{"rendered":"11\u00e8me Journ\u00e9e des Finances Locales &#8211; 2015"},"content":{"rendered":"<h2 class=\"entry-title\" style=\"text-align: center\"><a href=\"http:\/\/blog.ube.fr\/m2fctg\/wp-content\/uploads\/sites\/36\/2015\/10\/affiche-RURALITE-a-venir.pdf\" target=\"_blank\" rel=\"noopener\"><strong>11\u00e8me Journ\u00e9e des Finances Locales &#8211; Jeudi 18 juin 2015<\/strong><\/a><\/h2>\n<h2 class=\"entry-title\" style=\"text-align: center\"><em>\u00ab La Ruralit\u00e9 \u00e0 venir&#8230;\u00bb<\/em><\/h2>\n<p><a href=\"http:\/\/blog.ube.fr\/m2fctg\/wp-content\/uploads\/sites\/36\/2018\/01\/affiche-RURALITE-a-venir.jpg\"><img loading=\"lazy\" decoding=\"async\" class=\"aligncenter wp-image-1309\" title=\"11\u00e8me Journ\u00e9e des Finances Locales - Affiche\" src=\"http:\/\/blog.ube.fr\/m2fctg\/wp-content\/uploads\/sites\/36\/2018\/01\/affiche-RURALITE-a-venir.jpg\" alt=\"11\u00e8me Journ\u00e9e des Finances Locales - Affiche\" width=\"808\" height=\"1143\" srcset=\"https:\/\/blog.ube.fr\/m2fctg\/wp-content\/uploads\/sites\/36\/2018\/01\/affiche-RURALITE-a-venir.jpg 3508w, https:\/\/blog.ube.fr\/m2fctg\/wp-content\/uploads\/sites\/36\/2018\/01\/affiche-RURALITE-a-venir-768x1086.jpg 768w\" sizes=\"auto, (max-width: 808px) 100vw, 808px\" \/><\/a><\/p>\n<div class=\"entry-content\">\n<p><img loading=\"lazy\" decoding=\"async\" class=\"aligncenter\" title=\"11\u00e8me Journ\u00e9e des Finances Locales - 01\" src=\"http:\/\/blog.ube.fr\/m2fctg\/wp-content\/uploads\/sites\/36\/2016\/02\/11-FL-4.jpg\" alt=\"11\u00e8me Journ\u00e9e des Finances Locales - 01\" width=\"981\" height=\"736\" \/>De droite \u00e0 gauche : Patrice RAYMOND, Directeur du M2 FCTG, Vanik BERBERIAN, Pr\u00e9sident de l&#8217;AMRF, Ludovic ROCHETTE, Pr\u00e9sident de l&#8217;AMF 21.<\/p>\n<p>&nbsp;<\/p>\n<div class='gallery'>\n<dl class='gallery-item'>\n<dt class='gallery-icon landscape'>\n\t\t\t\t<a href='https:\/\/blog.ube.fr\/m2fctg\/11-fl-7\/'><img loading=\"lazy\" decoding=\"async\" width=\"290\" height=\"220\" src=\"https:\/\/blog.ube.fr\/m2fctg\/wp-content\/uploads\/sites\/36\/2016\/02\/11-FL-7-290x220.jpg\" class=\"attachment-medium size-medium\" alt=\"\" \/><\/a>\n\t\t\t<\/dt>\n<\/dl>\n<dl class='gallery-item'>\n<dt class='gallery-icon landscape'>\n\t\t\t\t<a href='https:\/\/blog.ube.fr\/m2fctg\/11-fl-6\/'><img loading=\"lazy\" decoding=\"async\" width=\"290\" height=\"220\" src=\"https:\/\/blog.ube.fr\/m2fctg\/wp-content\/uploads\/sites\/36\/2016\/02\/11-FL-6-290x220.jpg\" class=\"attachment-medium size-medium\" alt=\"\" \/><\/a>\n\t\t\t<\/dt>\n<\/dl>\n<dl class='gallery-item'>\n<dt class='gallery-icon landscape'>\n\t\t\t\t<a href='https:\/\/blog.ube.fr\/m2fctg\/11-fl-5\/'><img loading=\"lazy\" decoding=\"async\" width=\"290\" height=\"220\" src=\"https:\/\/blog.ube.fr\/m2fctg\/wp-content\/uploads\/sites\/36\/2016\/02\/11-FL-5-290x220.jpg\" class=\"attachment-medium size-medium\" alt=\"\" \/><\/a>\n\t\t\t<\/dt>\n<\/dl>\n<p><br style=\"clear: both\" \/><\/p>\n<dl class='gallery-item'>\n<dt class='gallery-icon landscape'>\n\t\t\t\t<a href='https:\/\/blog.ube.fr\/m2fctg\/11-fl-3\/'><img loading=\"lazy\" decoding=\"async\" width=\"290\" height=\"220\" src=\"https:\/\/blog.ube.fr\/m2fctg\/wp-content\/uploads\/sites\/36\/2016\/02\/11-FL-3-290x220.jpg\" class=\"attachment-medium size-medium\" alt=\"\" \/><\/a>\n\t\t\t<\/dt>\n<\/dl>\n<dl class='gallery-item'>\n<dt class='gallery-icon landscape'>\n\t\t\t\t<a href='https:\/\/blog.ube.fr\/m2fctg\/11-fl-2\/'><img loading=\"lazy\" decoding=\"async\" width=\"290\" height=\"220\" src=\"https:\/\/blog.ube.fr\/m2fctg\/wp-content\/uploads\/sites\/36\/2016\/02\/11-FL-2-290x220.jpg\" class=\"attachment-medium size-medium\" alt=\"\" \/><\/a>\n\t\t\t<\/dt>\n<\/dl>\n<dl class='gallery-item'>\n<dt class='gallery-icon landscape'>\n\t\t\t\t<a href='https:\/\/blog.ube.fr\/m2fctg\/11-fl-1\/'><img loading=\"lazy\" decoding=\"async\" width=\"290\" height=\"220\" src=\"https:\/\/blog.ube.fr\/m2fctg\/wp-content\/uploads\/sites\/36\/2016\/02\/11-FL-1-290x220.jpg\" class=\"attachment-medium size-medium\" alt=\"\" \/><\/a>\n\t\t\t<\/dt>\n<\/dl>\n<p><br style=\"clear: both\" \/>\n\t\t<\/div>\n<\/div>\n","protected":false},"excerpt":{"rendered":"<p>11\u00e8me Journ\u00e9e des Finances Locales &#8211; Jeudi 18 juin 2015 \u00ab La Ruralit\u00e9 \u00e0 venir&#8230;\u00bb De droite \u00e0 gauche : Patrice RAYMOND, Directeur du M2 FCTG, Vanik BERBERIAN, Pr\u00e9sident de l&#8217;AMRF, Ludovic ROCHETTE, Pr\u00e9sident de l&#8217;AMF 21. &nbsp;<\/p>\n","protected":false},"author":101,"featured_media":0,"parent":0,"menu_order":0,"comment_status":"closed","ping_status":"closed","template":"","meta":{"footnotes":""},"class_list":["post-1233","page","type-page","status-publish","hentry"],"_links":{"self":[{"href":"https:\/\/blog.ube.fr\/m2fctg\/wp-json\/wp\/v2\/pages\/1233","targetHints":{"allow":["GET"]}}],"collection":[{"href":"https:\/\/blog.ube.fr\/m2fctg\/wp-json\/wp\/v2\/pages"}],"about":[{"href":"https:\/\/blog.ube.fr\/m2fctg\/wp-json\/wp\/v2\/types\/page"}],"author":[{"embeddable":true,"href":"https:\/\/blog.ube.fr\/m2fctg\/wp-json\/wp\/v2\/users\/101"}],"replies":[{"embeddable":true,"href":"https:\/\/blog.ube.fr\/m2fctg\/wp-json\/wp\/v2\/comments?post=1233"}],"version-history":[{"count":5,"href":"https:\/\/blog.ube.fr\/m2fctg\/wp-json\/wp\/v2\/pages\/1233\/revisions"}],"predecessor-version":[{"id":1367,"href":"https:\/\/blog.ube.fr\/m2fctg\/wp-json\/wp\/v2\/pages\/1233\/revisions\/1367"}],"wp:attachment":[{"href":"https:\/\/blog.ube.fr\/m2fctg\/wp-json\/wp\/v2\/media?parent=1233"}],"curies":[{"name":"wp","href":"https:\/\/api.w.org\/{rel}","templated":true}]}}