{"id":1230,"date":"2018-01-19T22:23:01","date_gmt":"2018-01-19T21:23:01","guid":{"rendered":"http:\/\/blog.u-bourgogne.fr\/m2fctg\/?page_id=1230"},"modified":"2018-01-30T22:45:16","modified_gmt":"2018-01-30T21:45:16","slug":"12eme-journee-des-finances-locales","status":"publish","type":"page","link":"https:\/\/blog.ube.fr\/m2fctg\/12eme-journee-des-finances-locales\/","title":{"rendered":"12\u00e8me Journ\u00e9e des Finances Locales &#8211; 2017"},"content":{"rendered":"<p><strong>12\u00e8me journ\u00e9e des Finances Locales &#8211; Mercredi 27 et Jeudi 28 Septembre<\/strong><\/p>\n<p><a href=\"http:\/\/blog.ube.fr\/m2fctg\/wp-content\/uploads\/sites\/36\/2018\/01\/Affiche.jpg\"><img loading=\"lazy\" decoding=\"async\" class=\"aligncenter wp-image-1311 size-full\" title=\"12\u00e8me Journ\u00e9e des Finances Locales - Affiche\" src=\"http:\/\/blog.ube.fr\/m2fctg\/wp-content\/uploads\/sites\/36\/2018\/01\/Affiche.jpg\" alt=\"12\u00e8me Journ\u00e9e des Finances Locales - Affiche\" width=\"969\" height=\"720\" srcset=\"https:\/\/blog.ube.fr\/m2fctg\/wp-content\/uploads\/sites\/36\/2018\/01\/Affiche.jpg 969w, https:\/\/blog.ube.fr\/m2fctg\/wp-content\/uploads\/sites\/36\/2018\/01\/Affiche-768x571.jpg 768w\" sizes=\"auto, (max-width: 969px) 100vw, 969px\" \/><\/a><\/p>\n<ul style=\"list-style-type: disc\">\n<li>\n<h4>1\u00e8re Journ\u00e9e : Mercredi 27\/09\/2017<\/h4>\n<\/li>\n<\/ul>\n<p><strong><em>\u00abLa certification des comptes publics locaux : Vers un Compte financier unique (CFU) pour quel objectif ?\u00bb<\/em><\/strong><\/p>\n<p><a href=\"http:\/\/blog.ube.fr\/m2fctg\/wp-content\/uploads\/sites\/36\/2017\/10\/1\u00e8re-journ\u00e9e-2017.png\"><img loading=\"lazy\" decoding=\"async\" class=\"aligncenter wp-image-1157 size-full\" title=\"12\u00e8me Journ\u00e9e des Finances Locales - Programme\" src=\"http:\/\/blog.ube.fr\/m2fctg\/wp-content\/uploads\/sites\/36\/2017\/10\/1\u00e8re-journ\u00e9e-2017.png\" alt=\"12\u00e8me Journ\u00e9e des Finances Locales - Programme\" width=\"1100\" height=\"810\" srcset=\"https:\/\/blog.ube.fr\/m2fctg\/wp-content\/uploads\/sites\/36\/2017\/10\/1\u00e8re-journ\u00e9e-2017.png 1100w, https:\/\/blog.ube.fr\/m2fctg\/wp-content\/uploads\/sites\/36\/2017\/10\/1\u00e8re-journ\u00e9e-2017-768x566.png 768w\" sizes=\"auto, (max-width: 1100px) 100vw, 1100px\" \/><\/a> <a href=\"http:\/\/blog.ube.fr\/m2fctg\/wp-content\/uploads\/sites\/36\/2015\/10\/JFL-EDIT-1.jpg\"><img loading=\"lazy\" decoding=\"async\" class=\"aligncenter wp-image-1159 size-full\" title=\"12\u00e8me Journ\u00e9e des Finances Locales - 01\" src=\"http:\/\/blog.ube.fr\/m2fctg\/wp-content\/uploads\/sites\/36\/2015\/10\/JFL-EDIT-1.jpg\" alt=\"12\u00e8me Journ\u00e9e des Finances Locales - 01\" width=\"2257\" height=\"1881\" srcset=\"https:\/\/blog.ube.fr\/m2fctg\/wp-content\/uploads\/sites\/36\/2015\/10\/JFL-EDIT-1.jpg 2257w, https:\/\/blog.ube.fr\/m2fctg\/wp-content\/uploads\/sites\/36\/2015\/10\/JFL-EDIT-1-768x640.jpg 768w\" sizes=\"auto, (max-width: 2257px) 100vw, 2257px\" \/><\/a> <a href=\"http:\/\/blog.ube.fr\/m2fctg\/wp-content\/uploads\/sites\/36\/2015\/10\/JFL-EDIT-5.jpg\"><img loading=\"lazy\" decoding=\"async\" class=\"aligncenter wp-image-1167 size-full\" title=\"12\u00e8me Journ\u00e9e des Finances Locales - 02\" src=\"http:\/\/blog.ube.fr\/m2fctg\/wp-content\/uploads\/sites\/36\/2015\/10\/JFL-EDIT-5.jpg\" alt=\"12\u00e8me Journ\u00e9e des Finances Locales - 02\" width=\"3673\" height=\"1769\" srcset=\"https:\/\/blog.ube.fr\/m2fctg\/wp-content\/uploads\/sites\/36\/2015\/10\/JFL-EDIT-5.jpg 3673w, https:\/\/blog.ube.fr\/m2fctg\/wp-content\/uploads\/sites\/36\/2015\/10\/JFL-EDIT-5-768x370.jpg 768w\" sizes=\"auto, (max-width: 3673px) 100vw, 3673px\" \/><\/a> <a href=\"http:\/\/blog.ube.fr\/m2fctg\/wp-content\/uploads\/sites\/36\/2015\/10\/JFL-EDIT-10.jpg\"><img loading=\"lazy\" decoding=\"async\" class=\"aligncenter wp-image-1168 size-full\" title=\"12\u00e8me Journ\u00e9e des Finances Locales - 03\" src=\"http:\/\/blog.ube.fr\/m2fctg\/wp-content\/uploads\/sites\/36\/2015\/10\/JFL-EDIT-10.jpg\" alt=\"12\u00e8me Journ\u00e9e des Finances Locales - 03\" width=\"3229\" height=\"2101\" srcset=\"https:\/\/blog.ube.fr\/m2fctg\/wp-content\/uploads\/sites\/36\/2015\/10\/JFL-EDIT-10.jpg 3229w, https:\/\/blog.ube.fr\/m2fctg\/wp-content\/uploads\/sites\/36\/2015\/10\/JFL-EDIT-10-768x500.jpg 768w\" sizes=\"auto, (max-width: 3229px) 100vw, 3229px\" \/><\/a> <a href=\"http:\/\/blog.ube.fr\/m2fctg\/wp-content\/uploads\/sites\/36\/2015\/10\/JFL-EDIT-3.jpg\"><img loading=\"lazy\" decoding=\"async\" class=\"aligncenter wp-image-1163 size-full\" title=\"12\u00e8me Journ\u00e9e des Finances Locales - 04\" src=\"http:\/\/blog.ube.fr\/m2fctg\/wp-content\/uploads\/sites\/36\/2015\/10\/JFL-EDIT-3.jpg\" alt=\"12\u00e8me Journ\u00e9e des Finances Locales - 04\" width=\"2995\" height=\"2385\" srcset=\"https:\/\/blog.ube.fr\/m2fctg\/wp-content\/uploads\/sites\/36\/2015\/10\/JFL-EDIT-3.jpg 2995w, https:\/\/blog.ube.fr\/m2fctg\/wp-content\/uploads\/sites\/36\/2015\/10\/JFL-EDIT-3-768x612.jpg 768w\" sizes=\"auto, (max-width: 2995px) 100vw, 2995px\" \/><\/a><\/p>\n<ul style=\"list-style-type: disc\">\n<li>\n<h4>2\u00e8me journ\u00e9e : Jeudi 28\/09\/2017<\/h4>\n<\/li>\n<\/ul>\n<p><strong><em>\u00ab La nouvelle strat\u00e9gie financi\u00e8re des collectivit\u00e9s locales : quels besoins, quels outils pour quels objectifs ? \u00bb<\/em><\/strong><\/p>\n<p>&nbsp;<\/p>\n<p><a href=\"http:\/\/blog.ube.fr\/m2fctg\/wp-content\/uploads\/sites\/36\/2017\/10\/2eme-journ\u00e9e-2017.png\"><img loading=\"lazy\" decoding=\"async\" class=\"alignright wp-image-1158 size-full\" title=\"12\u00e8me Journ\u00e9e des Finances Locales - Programme 02\" src=\"http:\/\/blog.ube.fr\/m2fctg\/wp-content\/uploads\/sites\/36\/2017\/10\/2eme-journ\u00e9e-2017.png\" alt=\"12\u00e8me Journ\u00e9e des Finances Locales - Programme 02\" width=\"1068\" height=\"812\" srcset=\"https:\/\/blog.ube.fr\/m2fctg\/wp-content\/uploads\/sites\/36\/2017\/10\/2eme-journ\u00e9e-2017.png 1068w, https:\/\/blog.ube.fr\/m2fctg\/wp-content\/uploads\/sites\/36\/2017\/10\/2eme-journ\u00e9e-2017-290x220.png 290w, https:\/\/blog.ube.fr\/m2fctg\/wp-content\/uploads\/sites\/36\/2017\/10\/2eme-journ\u00e9e-2017-768x584.png 768w\" sizes=\"auto, (max-width: 1068px) 100vw, 1068px\" \/><\/a> <a href=\"http:\/\/blog.ube.fr\/m2fctg\/wp-content\/uploads\/sites\/36\/2015\/10\/JFL-EDIT-4.jpg\"><img loading=\"lazy\" decoding=\"async\" class=\"alignright wp-image-1164 size-full\" title=\"12\u00e8me Journ\u00e9e des Finances Locales - 05\" src=\"http:\/\/blog.ube.fr\/m2fctg\/wp-content\/uploads\/sites\/36\/2015\/10\/JFL-EDIT-4.jpg\" alt=\"12\u00e8me Journ\u00e9e des Finances Locales - 05\" width=\"4245\" height=\"2597\" srcset=\"https:\/\/blog.ube.fr\/m2fctg\/wp-content\/uploads\/sites\/36\/2015\/10\/JFL-EDIT-4.jpg 4245w, https:\/\/blog.ube.fr\/m2fctg\/wp-content\/uploads\/sites\/36\/2015\/10\/JFL-EDIT-4-768x470.jpg 768w\" sizes=\"auto, (max-width: 4245px) 100vw, 4245px\" \/><\/a> <a href=\"http:\/\/blog.ube.fr\/m2fctg\/wp-content\/uploads\/sites\/36\/2015\/10\/JFL-EDIT-6.jpg\"><img loading=\"lazy\" decoding=\"async\" class=\"alignright wp-image-1161 size-full\" title=\"12\u00e8me Journ\u00e9e des Finances Locales - 06\" src=\"http:\/\/blog.ube.fr\/m2fctg\/wp-content\/uploads\/sites\/36\/2015\/10\/JFL-EDIT-6.jpg\" alt=\"12\u00e8me Journ\u00e9e des Finances Locales - 06\" width=\"2873\" height=\"3426\" srcset=\"https:\/\/blog.ube.fr\/m2fctg\/wp-content\/uploads\/sites\/36\/2015\/10\/JFL-EDIT-6.jpg 2873w, https:\/\/blog.ube.fr\/m2fctg\/wp-content\/uploads\/sites\/36\/2015\/10\/JFL-EDIT-6-768x916.jpg 768w\" sizes=\"auto, (max-width: 2873px) 100vw, 2873px\" \/><\/a> <a href=\"http:\/\/blog.ube.fr\/m2fctg\/wp-content\/uploads\/sites\/36\/2015\/10\/JFL-EDIT-2.jpg\"><img loading=\"lazy\" decoding=\"async\" class=\"alignright wp-image-1160 size-full\" title=\"12\u00e8me Journ\u00e9e des Finances Locales - 07\" src=\"http:\/\/blog.ube.fr\/m2fctg\/wp-content\/uploads\/sites\/36\/2015\/10\/JFL-EDIT-2.jpg\" alt=\"12\u00e8me Journ\u00e9e des Finances Locales - 07\" width=\"3097\" height=\"1689\" srcset=\"https:\/\/blog.ube.fr\/m2fctg\/wp-content\/uploads\/sites\/36\/2015\/10\/JFL-EDIT-2.jpg 3097w, https:\/\/blog.ube.fr\/m2fctg\/wp-content\/uploads\/sites\/36\/2015\/10\/JFL-EDIT-2-768x419.jpg 768w\" sizes=\"auto, (max-width: 3097px) 100vw, 3097px\" \/><\/a> <a href=\"http:\/\/blog.ube.fr\/m2fctg\/wp-content\/uploads\/sites\/36\/2015\/10\/JFL-EDIT-11.jpg\"><img loading=\"lazy\" decoding=\"async\" class=\"alignright wp-image-1169 size-full\" title=\"12\u00e8me Journ\u00e9e des Finances Locales - 08\" src=\"http:\/\/blog.ube.fr\/m2fctg\/wp-content\/uploads\/sites\/36\/2015\/10\/JFL-EDIT-11.jpg\" alt=\"12\u00e8me Journ\u00e9e des Finances Locales - 08\" width=\"2729\" height=\"3217\" srcset=\"https:\/\/blog.ube.fr\/m2fctg\/wp-content\/uploads\/sites\/36\/2015\/10\/JFL-EDIT-11.jpg 2729w, https:\/\/blog.ube.fr\/m2fctg\/wp-content\/uploads\/sites\/36\/2015\/10\/JFL-EDIT-11-768x905.jpg 768w\" sizes=\"auto, (max-width: 2729px) 100vw, 2729px\" \/><\/a> <a href=\"http:\/\/blog.ube.fr\/m2fctg\/wp-content\/uploads\/sites\/36\/2015\/10\/JFL-EDIT-9.jpg\"><img loading=\"lazy\" decoding=\"async\" class=\"alignright wp-image-1166 size-full\" title=\"12\u00e8me Journ\u00e9e des Finances Locales - 09\" src=\"http:\/\/blog.ube.fr\/m2fctg\/wp-content\/uploads\/sites\/36\/2015\/10\/JFL-EDIT-9.jpg\" alt=\"12\u00e8me Journ\u00e9e des Finances Locales - 09\" width=\"4185\" height=\"3041\" srcset=\"https:\/\/blog.ube.fr\/m2fctg\/wp-content\/uploads\/sites\/36\/2015\/10\/JFL-EDIT-9.jpg 4185w, https:\/\/blog.ube.fr\/m2fctg\/wp-content\/uploads\/sites\/36\/2015\/10\/JFL-EDIT-9-768x558.jpg 768w\" sizes=\"auto, (max-width: 4185px) 100vw, 4185px\" \/><\/a> <a href=\"http:\/\/blog.ube.fr\/m2fctg\/wp-content\/uploads\/sites\/36\/2015\/10\/JFL-EDIT-7.jpg\"><img loading=\"lazy\" decoding=\"async\" class=\"alignright wp-image-1162 size-full\" title=\"12\u00e8me Journ\u00e9e des Finances Locales - 10\" src=\"http:\/\/blog.ube.fr\/m2fctg\/wp-content\/uploads\/sites\/36\/2015\/10\/JFL-EDIT-7.jpg\" alt=\"12\u00e8me Journ\u00e9e des Finances Locales - 10\" width=\"4553\" height=\"2561\" srcset=\"https:\/\/blog.ube.fr\/m2fctg\/wp-content\/uploads\/sites\/36\/2015\/10\/JFL-EDIT-7.jpg 4553w, https:\/\/blog.ube.fr\/m2fctg\/wp-content\/uploads\/sites\/36\/2015\/10\/JFL-EDIT-7-768x432.jpg 768w\" sizes=\"auto, (max-width: 4553px) 100vw, 4553px\" \/><\/a> <a href=\"http:\/\/blog.ube.fr\/m2fctg\/wp-content\/uploads\/sites\/36\/2017\/10\/DSCN4890.jpg\"><img loading=\"lazy\" decoding=\"async\" class=\"alignright wp-image-1147 size-full\" title=\"12\u00e8me Journ\u00e9e des Finances Locales - 11\" src=\"http:\/\/blog.ube.fr\/m2fctg\/wp-content\/uploads\/sites\/36\/2017\/10\/DSCN4890.jpg\" alt=\"12\u00e8me Journ\u00e9e des Finances Locales - 11\" width=\"4608\" height=\"3456\" srcset=\"https:\/\/blog.ube.fr\/m2fctg\/wp-content\/uploads\/sites\/36\/2017\/10\/DSCN4890.jpg 4608w, https:\/\/blog.ube.fr\/m2fctg\/wp-content\/uploads\/sites\/36\/2017\/10\/DSCN4890-768x576.jpg 768w\" sizes=\"auto, (max-width: 4608px) 100vw, 4608px\" \/><\/a> <a href=\"http:\/\/blog.ube.fr\/m2fctg\/wp-content\/uploads\/sites\/36\/2015\/10\/DSCN4871.jpg\"><img loading=\"lazy\" decoding=\"async\" class=\"alignright wp-image-1173 size-full\" title=\"12\u00e8me Journ\u00e9e des Finances Locales - 12\" src=\"http:\/\/blog.ube.fr\/m2fctg\/wp-content\/uploads\/sites\/36\/2015\/10\/DSCN4871.jpg\" alt=\"12\u00e8me Journ\u00e9e des Finances Locales - 12\" width=\"4608\" height=\"3456\" srcset=\"https:\/\/blog.ube.fr\/m2fctg\/wp-content\/uploads\/sites\/36\/2015\/10\/DSCN4871.jpg 4608w, https:\/\/blog.ube.fr\/m2fctg\/wp-content\/uploads\/sites\/36\/2015\/10\/DSCN4871-768x576.jpg 768w\" sizes=\"auto, (max-width: 4608px) 100vw, 4608px\" \/><\/a> <img loading=\"lazy\" decoding=\"async\" class=\"aligncenter wp-image-1172 size-full\" title=\"12\u00e8me Journ\u00e9e des Finances Locales - 13\" src=\"http:\/\/blog.ube.fr\/m2fctg\/wp-content\/uploads\/sites\/36\/2015\/10\/JFL-EDIT-13.jpg\" alt=\"12\u00e8me Journ\u00e9e des Finances Locales - 13\" width=\"4005\" height=\"2929\" srcset=\"https:\/\/blog.ube.fr\/m2fctg\/wp-content\/uploads\/sites\/36\/2015\/10\/JFL-EDIT-13.jpg 4005w, https:\/\/blog.ube.fr\/m2fctg\/wp-content\/uploads\/sites\/36\/2015\/10\/JFL-EDIT-13-768x562.jpg 768w\" sizes=\"auto, (max-width: 4005px) 100vw, 4005px\" \/><\/p>\n<ul style=\"list-style-type: disc\">\n<li><strong>Documents\/supports des intervenants :<\/strong><\/li>\n<\/ul>\n<ul style=\"list-style-type: square\">\n<li>Aumeras Patric, &#8220;La certification appliqu\u00e9e au secteur hospitalier : proc\u00e9dure et objectifs&#8221;, <em>EXCO &amp; Associ\u00e9s<\/em>, 27 septembre 2017, 26 slides (.pptx ; 417 ko)<br \/>\n-&gt; <a href=\"https:\/\/drive.google.com\/open?id=1XTnZrIYmr5I1vuxfs1XuFbxXOh20XD4k\" target=\"_blank\" rel=\"noopener\">Consulter<\/a><\/li>\n<li>Evin-Leclerc Alexandre, &#8220;Evolution &amp; Enjeux de la fonction Finance au sein du secteur public local&#8221;, <em>Observatoire SFL &amp; Forum des territoires<\/em>, septembre 207, 35 p. (.pdf ; 2 Mo)<br \/>\n-&gt; <a href=\"http:\/\/blog.ube.fr\/m2fctg\/wp-content\/uploads\/sites\/36\/2018\/01\/Evoloution-fonction-Finance-Evin-Leclerc-2017.pdf\" target=\"_blank\" rel=\"noopener\">Consulter<\/a><\/li>\n<li>Marcoff Julie, &#8220;Note de conjoncture sur les finances locales, TENDANCES 2017&#8221;, <em>La Banque Postale Collectivit\u00e9s locales<\/em>, Direction des \u00e9tudes, 28 septembre 2017, 14 slides (.pptx ; 1,6 Mo)<br \/>\n-&gt; <a href=\"https:\/\/drive.google.com\/open?id=1SsX2MagSLJFQvxavuNN-RsQkpgLSqNko\" target=\"_blank\" rel=\"noopener\">Consulter<\/a><\/li>\n<li>Van Herzele Pierre, &#8220;La certification des comptes public locaux : la base d&#8217;une nouvelle nature de contr\u00f4le des comptes ?&#8221;, <em>Chambre r\u00e9gionale des comptes Bourgogne Franche-Comt\u00e9<\/em>, 27 septembre 2017, 12 slides (.pptx ; 119 ko)<br \/>\n-&gt; <a href=\"https:\/\/drive.google.com\/open?id=1aMq7bJhEo0YBRPOZKvYgE2TzfJPsVWu_\" target=\"_blank\" rel=\"noopener\">Consulter<\/a><\/li>\n<\/ul>\n","protected":false},"excerpt":{"rendered":"<p>12\u00e8me journ\u00e9e des Finances Locales &#8211; Mercredi 27 et Jeudi 28 Septembre 1\u00e8re Journ\u00e9e : Mercredi 27\/09\/2017 \u00abLa certification des comptes publics locaux : Vers un Compte financier unique (CFU) pour quel objectif ?\u00bb 2\u00e8me journ\u00e9e : Jeudi 28\/09\/2017 \u00ab La nouvelle strat\u00e9gie financi\u00e8re des collectivit\u00e9s locales : quels besoins, quels outils pour quels objectifs<\/p>\n<p><a class=\"button\" href=\"https:\/\/blog.ube.fr\/m2fctg\/12eme-journee-des-finances-locales\/\" title=\"More\">  Voir plus \u2192<\/a><\/p>\n","protected":false},"author":101,"featured_media":0,"parent":0,"menu_order":0,"comment_status":"closed","ping_status":"closed","template":"","meta":{"footnotes":""},"class_list":["post-1230","page","type-page","status-publish","hentry"],"_links":{"self":[{"href":"https:\/\/blog.ube.fr\/m2fctg\/wp-json\/wp\/v2\/pages\/1230","targetHints":{"allow":["GET"]}}],"collection":[{"href":"https:\/\/blog.ube.fr\/m2fctg\/wp-json\/wp\/v2\/pages"}],"about":[{"href":"https:\/\/blog.ube.fr\/m2fctg\/wp-json\/wp\/v2\/types\/page"}],"author":[{"embeddable":true,"href":"https:\/\/blog.ube.fr\/m2fctg\/wp-json\/wp\/v2\/users\/101"}],"replies":[{"embeddable":true,"href":"https:\/\/blog.ube.fr\/m2fctg\/wp-json\/wp\/v2\/comments?post=1230"}],"version-history":[{"count":9,"href":"https:\/\/blog.ube.fr\/m2fctg\/wp-json\/wp\/v2\/pages\/1230\/revisions"}],"predecessor-version":[{"id":1368,"href":"https:\/\/blog.ube.fr\/m2fctg\/wp-json\/wp\/v2\/pages\/1230\/revisions\/1368"}],"wp:attachment":[{"href":"https:\/\/blog.ube.fr\/m2fctg\/wp-json\/wp\/v2\/media?parent=1230"}],"curies":[{"name":"wp","href":"https:\/\/api.w.org\/{rel}","templated":true}]}}