{"id":1026,"date":"2016-11-07T20:48:20","date_gmt":"2016-11-07T19:48:20","guid":{"rendered":"http:\/\/blog.u-bourgogne.fr\/m2fctg\/?page_id=1026"},"modified":"2025-09-02T09:31:12","modified_gmt":"2025-09-02T08:31:12","slug":"2015-2016","status":"publish","type":"page","link":"https:\/\/blog.ube.fr\/m2fctg\/promos-2\/2015-2016\/","title":{"rendered":"2015 &#8211; 2016"},"content":{"rendered":"<h2 style=\"text-align: center;\">&#8220;Didier MIGAUD, Premier Pr\u00e9sident de la Cour des Comptes et Patrice RAYMOND r\u00e9compensent les \u00e9tudiants de l&#8217;Universit\u00e9 de Bourgogne Franche Comt\u00e9&#8221;<a href=\"http:\/\/blog.ube.fr\/m2fctg\/wp-content\/uploads\/sites\/36\/2018\/12\/Photo-dacompagnement-note-du-directeur.jpg\"><img loading=\"lazy\" decoding=\"async\" class=\"alignright size-full wp-image-1802\" src=\"http:\/\/blog.ube.fr\/m2fctg\/wp-content\/uploads\/sites\/36\/2018\/12\/Photo-dacompagnement-note-du-directeur.jpg\" alt=\"\" width=\"1740\" height=\"1336\" srcset=\"https:\/\/blog.ube.fr\/m2fctg\/wp-content\/uploads\/sites\/36\/2018\/12\/Photo-dacompagnement-note-du-directeur.jpg 1740w, https:\/\/blog.ube.fr\/m2fctg\/wp-content\/uploads\/sites\/36\/2018\/12\/Photo-dacompagnement-note-du-directeur-768x590.jpg 768w\" sizes=\"auto, (max-width: 1740px) 100vw, 1740px\" \/><\/a><\/h2>\n<p style=\"text-align: center;\">Encore f\u00e9licitation aux dipl\u00f4m\u00e9s de la promotion 2015-2016 qui ont eu l&#8217;honneur de se voir remettre leur dipl\u00f4me \u00e0 Paris par Monsieur Didier Migaud, Premier Pr\u00e9sident de la cour des comptes. Nous leur souhaitons une bonne r\u00e9ussite dans leur carri\u00e8re professionnelle. Merci \u00e0 Monsieur Patrice Raymond, Directeur et fondateur\u00a0du Master, de permettre chaque ann\u00e9es aux \u00e9tudiants de recevoir leur dipl\u00f4me dans des lieux aussi prestigieux et symboliques que sont la Cour des comptes, Le Conseil Constitutionnel, la Banque de France et le Parlement Europ\u00e9en.<\/p>\n<p>Vifs remerciements de Patrice RAYMOND \u00e0 Didier MIGAUD, Premier Pr\u00e9sident de la Cour des comptes pour ses encouragements, sa disponibilit\u00e9 et pour le chaleureux accueil des laur\u00e9ats du Master 2.<\/p>\n<div class='gallery'>\n<dl class='gallery-item'>\n<dt class='gallery-icon landscape'>\n\t\t\t\t<img loading=\"lazy\" decoding=\"async\" width=\"2208\" height=\"1474\" src=\"https:\/\/blog.ube.fr\/m2fctg\/wp-content\/uploads\/sites\/36\/2016\/11\/20161028-Remise-Diplome-Universite-Bourgogne-24.jpg\" class=\"attachment-full size-full\" alt=\"\" srcset=\"https:\/\/blog.ube.fr\/m2fctg\/wp-content\/uploads\/sites\/36\/2016\/11\/20161028-Remise-Diplome-Universite-Bourgogne-24.jpg 2208w, https:\/\/blog.ube.fr\/m2fctg\/wp-content\/uploads\/sites\/36\/2016\/11\/20161028-Remise-Diplome-Universite-Bourgogne-24-768x513.jpg 768w, https:\/\/blog.ube.fr\/m2fctg\/wp-content\/uploads\/sites\/36\/2016\/11\/20161028-Remise-Diplome-Universite-Bourgogne-24-300x200.jpg 300w\" sizes=\"auto, (max-width: 2208px) 100vw, 2208px\" \/>\n\t\t\t<\/dt>\n<\/dl>\n<dl class='gallery-item'>\n<dt class='gallery-icon landscape'>\n\t\t\t\t<img loading=\"lazy\" decoding=\"async\" width=\"2208\" height=\"1474\" src=\"https:\/\/blog.ube.fr\/m2fctg\/wp-content\/uploads\/sites\/36\/2016\/11\/20161028-Remise-Diplome-Universite-Bourgogne-06.jpg\" class=\"attachment-full size-full\" alt=\"\" srcset=\"https:\/\/blog.ube.fr\/m2fctg\/wp-content\/uploads\/sites\/36\/2016\/11\/20161028-Remise-Diplome-Universite-Bourgogne-06.jpg 2208w, https:\/\/blog.ube.fr\/m2fctg\/wp-content\/uploads\/sites\/36\/2016\/11\/20161028-Remise-Diplome-Universite-Bourgogne-06-768x513.jpg 768w, https:\/\/blog.ube.fr\/m2fctg\/wp-content\/uploads\/sites\/36\/2016\/11\/20161028-Remise-Diplome-Universite-Bourgogne-06-300x200.jpg 300w\" sizes=\"auto, (max-width: 2208px) 100vw, 2208px\" \/>\n\t\t\t<\/dt>\n<\/dl>\n<dl class='gallery-item'>\n<dt class='gallery-icon landscape'>\n\t\t\t\t<img loading=\"lazy\" decoding=\"async\" width=\"2208\" height=\"1474\" src=\"https:\/\/blog.ube.fr\/m2fctg\/wp-content\/uploads\/sites\/36\/2016\/11\/20161028-Remise-Diplome-Universite-Bourgogne-01.jpg\" class=\"attachment-full size-full\" alt=\"\" srcset=\"https:\/\/blog.ube.fr\/m2fctg\/wp-content\/uploads\/sites\/36\/2016\/11\/20161028-Remise-Diplome-Universite-Bourgogne-01.jpg 2208w, https:\/\/blog.ube.fr\/m2fctg\/wp-content\/uploads\/sites\/36\/2016\/11\/20161028-Remise-Diplome-Universite-Bourgogne-01-768x513.jpg 768w, https:\/\/blog.ube.fr\/m2fctg\/wp-content\/uploads\/sites\/36\/2016\/11\/20161028-Remise-Diplome-Universite-Bourgogne-01-300x200.jpg 300w\" sizes=\"auto, (max-width: 2208px) 100vw, 2208px\" \/>\n\t\t\t<\/dt>\n<\/dl>\n<p><br style=\"clear: both\" \/>\n\t\t<\/div>\n<p>Pour voir l&#8217;article du Bien public c&#8217;est <a href=\"http:\/\/www.bienpublic.com\/education\/2016\/11\/09\/didier-migaud-(cour-des-comptes)-recompense-des-etudiants-de-l-ub\" target=\"_blank\" rel=\"noopener\">ici<\/a><\/p>\n","protected":false},"excerpt":{"rendered":"<p>&#8220;Didier MIGAUD, Premier Pr\u00e9sident de la Cour des Comptes et Patrice RAYMOND r\u00e9compensent les \u00e9tudiants de l&#8217;Universit\u00e9 de Bourgogne Franche Comt\u00e9&#8221; Encore f\u00e9licitation aux dipl\u00f4m\u00e9s de la promotion 2015-2016 qui ont eu l&#8217;honneur de se voir remettre leur dipl\u00f4me \u00e0 Paris par Monsieur Didier Migaud, Premier Pr\u00e9sident de la cour des comptes. Nous leur souhaitons<\/p>\n<p><a class=\"button\" href=\"https:\/\/blog.ube.fr\/m2fctg\/promos-2\/2015-2016\/\" title=\"More\">  Voir plus \u2192<\/a><\/p>\n","protected":false},"author":103,"featured_media":0,"parent":3190,"menu_order":0,"comment_status":"closed","ping_status":"closed","template":"","meta":{"footnotes":""},"class_list":["post-1026","page","type-page","status-publish","hentry"],"_links":{"self":[{"href":"https:\/\/blog.ube.fr\/m2fctg\/wp-json\/wp\/v2\/pages\/1026","targetHints":{"allow":["GET"]}}],"collection":[{"href":"https:\/\/blog.ube.fr\/m2fctg\/wp-json\/wp\/v2\/pages"}],"about":[{"href":"https:\/\/blog.ube.fr\/m2fctg\/wp-json\/wp\/v2\/types\/page"}],"author":[{"embeddable":true,"href":"https:\/\/blog.ube.fr\/m2fctg\/wp-json\/wp\/v2\/users\/103"}],"replies":[{"embeddable":true,"href":"https:\/\/blog.ube.fr\/m2fctg\/wp-json\/wp\/v2\/comments?post=1026"}],"version-history":[{"count":12,"href":"https:\/\/blog.ube.fr\/m2fctg\/wp-json\/wp\/v2\/pages\/1026\/revisions"}],"predecessor-version":[{"id":3198,"href":"https:\/\/blog.ube.fr\/m2fctg\/wp-json\/wp\/v2\/pages\/1026\/revisions\/3198"}],"up":[{"embeddable":true,"href":"https:\/\/blog.ube.fr\/m2fctg\/wp-json\/wp\/v2\/pages\/3190"}],"wp:attachment":[{"href":"https:\/\/blog.ube.fr\/m2fctg\/wp-json\/wp\/v2\/media?parent=1026"}],"curies":[{"name":"wp","href":"https:\/\/api.w.org\/{rel}","templated":true}]}}