{"id":100,"date":"2015-10-19T16:40:27","date_gmt":"2015-10-19T15:40:27","guid":{"rendered":"http:\/\/blog.u-bourgogne.fr\/m2fctg\/?page_id=100"},"modified":"2018-12-10T11:42:08","modified_gmt":"2018-12-10T10:42:08","slug":"evenements-2","status":"publish","type":"page","link":"https:\/\/blog.ube.fr\/m2fctg\/evenements-2\/","title":{"rendered":"Archives"},"content":{"rendered":"<div class=\"entry-content\">\n<h2 style=\"text-align: center\">\u00c9V\u00c8NEMENTS DES ANN\u00c9ES PASS\u00c9ES<\/h2>\n<\/div>\n<p>&nbsp;<\/p>\n<p><em><strong>Repas de fin d&#8217;ann\u00e9e apr\u00e8s la remise des dipl\u00f4mes de la promotion 2017-2018, accompagn\u00e9e de la promotion 2016-2017 et la promotion du D.U 2017-2018.<\/strong><\/em><\/p>\n<p><a href=\"http:\/\/blog.ube.fr\/m2fctg\/wp-content\/uploads\/sites\/36\/2018\/12\/Capture-d\u2019\u00e9cran-2018-12-10-\u00e0-11.12.47.png\"><img loading=\"lazy\" decoding=\"async\" class=\"aligncenter wp-image-1778 size-full\" src=\"http:\/\/blog.ube.fr\/m2fctg\/wp-content\/uploads\/sites\/36\/2018\/12\/Capture-d\u2019\u00e9cran-2018-12-10-\u00e0-11.12.47.png\" alt=\"\" width=\"2336\" height=\"1012\" srcset=\"https:\/\/blog.ube.fr\/m2fctg\/wp-content\/uploads\/sites\/36\/2018\/12\/Capture-d\u2019\u00e9cran-2018-12-10-\u00e0-11.12.47.png 2336w, https:\/\/blog.ube.fr\/m2fctg\/wp-content\/uploads\/sites\/36\/2018\/12\/Capture-d\u2019\u00e9cran-2018-12-10-\u00e0-11.12.47-768x333.png 768w\" sizes=\"auto, (max-width: 2336px) 100vw, 2336px\" \/><\/a><\/p>\n<p>&nbsp;<\/p>\n<div class=\"entry-content\">\n<p><em><strong>Soir\u00e9e entre la Promotion 2017-2018 et les anciens<\/strong><\/em><\/p>\n<\/div>\n<p><a href=\"http:\/\/blog.ube.fr\/m2fctg\/wp-content\/uploads\/sites\/36\/2018\/11\/Capture-d\u2019\u00e9cran-2018-11-17-\u00e0-10.43.29.png\"><img loading=\"lazy\" decoding=\"async\" class=\"wp-image-1713 size-full aligncenter\" src=\"http:\/\/blog.ube.fr\/m2fctg\/wp-content\/uploads\/sites\/36\/2018\/11\/Capture-d\u2019\u00e9cran-2018-11-17-\u00e0-10.43.29.png\" alt=\"\" width=\"2334\" height=\"1150\" srcset=\"https:\/\/blog.ube.fr\/m2fctg\/wp-content\/uploads\/sites\/36\/2018\/11\/Capture-d\u2019\u00e9cran-2018-11-17-\u00e0-10.43.29.png 2334w, https:\/\/blog.ube.fr\/m2fctg\/wp-content\/uploads\/sites\/36\/2018\/11\/Capture-d\u2019\u00e9cran-2018-11-17-\u00e0-10.43.29-768x378.png 768w\" sizes=\"auto, (max-width: 2334px) 100vw, 2334px\" \/><\/a><\/p>\n<div class=\"entry-content\">\n<p>&nbsp;<\/p>\n<p><em><b>Soir\u00e9e Galette des Rois de la Promotion 2017-2018<\/b><\/em><\/p>\n<\/div>\n<p><a href=\"http:\/\/blog.ube.fr\/m2fctg\/wp-content\/uploads\/sites\/36\/2018\/01\/Soir\u00e9e-galettes-2018.jpg\"><img loading=\"lazy\" decoding=\"async\" class=\"wp-image-1293 aligncenter\" src=\"http:\/\/blog.ube.fr\/m2fctg\/wp-content\/uploads\/sites\/36\/2018\/01\/Soir\u00e9e-galettes-2018.jpg\" alt=\"\" width=\"650\" height=\"433\" srcset=\"https:\/\/blog.ube.fr\/m2fctg\/wp-content\/uploads\/sites\/36\/2018\/01\/Soir\u00e9e-galettes-2018.jpg 960w, https:\/\/blog.ube.fr\/m2fctg\/wp-content\/uploads\/sites\/36\/2018\/01\/Soir\u00e9e-galettes-2018-768x512.jpg 768w\" sizes=\"auto, (max-width: 650px) 100vw, 650px\" \/><\/a><\/p>\n<div class=\"entry-content\"><\/div>\n<div><a href=\"http:\/\/blog.ube.fr\/m2fctg\/wp-content\/uploads\/sites\/36\/2018\/11\/Capture-d\u2019\u00e9cran-2018-11-17-\u00e0-10.37.12.png\"><img loading=\"lazy\" decoding=\"async\" class=\"wp-image-1710 aligncenter\" src=\"http:\/\/blog.ube.fr\/m2fctg\/wp-content\/uploads\/sites\/36\/2018\/11\/Capture-d\u2019\u00e9cran-2018-11-17-\u00e0-10.37.12.png\" alt=\"\" width=\"635\" height=\"495\" srcset=\"https:\/\/blog.ube.fr\/m2fctg\/wp-content\/uploads\/sites\/36\/2018\/11\/Capture-d\u2019\u00e9cran-2018-11-17-\u00e0-10.37.12.png 1556w, https:\/\/blog.ube.fr\/m2fctg\/wp-content\/uploads\/sites\/36\/2018\/11\/Capture-d\u2019\u00e9cran-2018-11-17-\u00e0-10.37.12-768x598.png 768w\" sizes=\"auto, (max-width: 635px) 100vw, 635px\" \/><\/a><\/div>\n<p>&nbsp;<\/p>\n<p><em><strong>Repas organis\u00e9 par M. GOMIS (Promotion 2017-2018)<\/strong><\/em><\/p>\n<p><a href=\"http:\/\/blog.ube.fr\/m2fctg\/wp-content\/uploads\/sites\/36\/2018\/11\/Capture-d\u2019\u00e9cran-2018-11-17-\u00e0-10.40.48.png\"><img loading=\"lazy\" decoding=\"async\" class=\"wp-image-1712 aligncenter\" src=\"http:\/\/blog.ube.fr\/m2fctg\/wp-content\/uploads\/sites\/36\/2018\/11\/Capture-d\u2019\u00e9cran-2018-11-17-\u00e0-10.40.48.png\" alt=\"\" width=\"703\" height=\"446\" srcset=\"https:\/\/blog.ube.fr\/m2fctg\/wp-content\/uploads\/sites\/36\/2018\/11\/Capture-d\u2019\u00e9cran-2018-11-17-\u00e0-10.40.48.png 2088w, https:\/\/blog.ube.fr\/m2fctg\/wp-content\/uploads\/sites\/36\/2018\/11\/Capture-d\u2019\u00e9cran-2018-11-17-\u00e0-10.40.48-768x488.png 768w\" sizes=\"auto, (max-width: 703px) 100vw, 703px\" \/><\/a><\/p>\n<p>&nbsp;<\/p>\n<p><em><strong>Soir\u00e9e D\u00e9gustation de la Promotion 2016-2017<\/strong><\/em><\/p>\n<p><a href=\"http:\/\/blog.ube.fr\/m2fctg\/wp-content\/uploads\/sites\/36\/2018\/11\/Capture-d\u2019\u00e9cran-2018-11-17-\u00e0-10.38.42.png\"><img loading=\"lazy\" decoding=\"async\" class=\"wp-image-1711 size-full aligncenter\" src=\"http:\/\/blog.ube.fr\/m2fctg\/wp-content\/uploads\/sites\/36\/2018\/11\/Capture-d\u2019\u00e9cran-2018-11-17-\u00e0-10.38.42.png\" alt=\"\" width=\"1968\" height=\"1110\" srcset=\"https:\/\/blog.ube.fr\/m2fctg\/wp-content\/uploads\/sites\/36\/2018\/11\/Capture-d\u2019\u00e9cran-2018-11-17-\u00e0-10.38.42.png 1968w, https:\/\/blog.ube.fr\/m2fctg\/wp-content\/uploads\/sites\/36\/2018\/11\/Capture-d\u2019\u00e9cran-2018-11-17-\u00e0-10.38.42-768x433.png 768w\" sizes=\"auto, (max-width: 1968px) 100vw, 1968px\" \/><\/a><\/p>\n<p>&nbsp;<\/p>\n<div class=\"entry-content\">\n<p><em><strong>Forum des masters 2,\u00a0 19 janvier 2015<\/strong> <\/em><\/p>\n<p><a href=\"http:\/\/blog.ube.fr\/m2fctg\/wp-content\/uploads\/sites\/36\/2016\/01\/IMAG15981.jpg\" rel=\"attachment wp-att-499\"><img loading=\"lazy\" decoding=\"async\" class=\"wp-image-499 size-full aligncenter\" src=\"http:\/\/blog.ube.fr\/m2fctg\/wp-content\/uploads\/sites\/36\/2016\/01\/IMAG15981.jpg\" alt=\"IMAG1598[1]\" width=\"480\" height=\"271\" srcset=\"https:\/\/blog.ube.fr\/m2fctg\/wp-content\/uploads\/sites\/36\/2016\/01\/IMAG15981.jpg 480w, https:\/\/blog.ube.fr\/m2fctg\/wp-content\/uploads\/sites\/36\/2016\/01\/IMAG15981-300x169.jpg 300w\" sizes=\"auto, (max-width: 480px) 100vw, 480px\" \/><\/a><\/p>\n<p><strong><em>\u00a0Soir\u00e9e Galette des rois<br \/>\n<\/em><\/strong><\/p>\n<\/div>\n<p><img loading=\"lazy\" decoding=\"async\" title=\"\" src=\"http:\/\/blog.ube.fr\/m2fctg\/wp-content\/uploads\/sites\/36\/2016\/02\/DSC_0919m.jpg\" alt=\"\" width=\"981\" height=\"652\" \/><\/p>\n<div class=\"entry-content\">\n<p><img decoding=\"async\" title=\"\" src=\"http:\/\/blog.ube.fr\/m2fctg\/wp-content\/uploads\/sites\/36\/2016\/02\/DSC_0930l.jpg\" alt=\"\" \/><\/p>\n<p>&nbsp;<\/p>\n<p><strong><em>Soir\u00e9e sp\u00e9cialit\u00e9 d\u00e9cembre 2015<\/em><br \/>\n<\/strong><\/p>\n<p><a href=\"http:\/\/blog.ube.fr\/m2fctg\/wp-content\/uploads\/sites\/36\/2015\/10\/20151202_184154-1.jpg\" rel=\"attachment wp-att-500\"><img loading=\"lazy\" decoding=\"async\" class=\"alignnone wp-image-500 size-full\" src=\"http:\/\/blog.ube.fr\/m2fctg\/wp-content\/uploads\/sites\/36\/2015\/10\/20151202_184154-1.jpg\" alt=\"20151202_184154\" width=\"1280\" height=\"720\" srcset=\"https:\/\/blog.ube.fr\/m2fctg\/wp-content\/uploads\/sites\/36\/2015\/10\/20151202_184154-1.jpg 1280w, https:\/\/blog.ube.fr\/m2fctg\/wp-content\/uploads\/sites\/36\/2015\/10\/20151202_184154-1-768x432.jpg 768w, https:\/\/blog.ube.fr\/m2fctg\/wp-content\/uploads\/sites\/36\/2015\/10\/20151202_184154-1-300x169.jpg 300w\" sizes=\"auto, (max-width: 1280px) 100vw, 1280px\" \/><\/a><\/p>\n<p>&nbsp;<\/p>\n<p><em><strong>Soir\u00e9e rencontre promotion 2014\/2015 et nouvelle promotion 2015\/2016<\/strong><\/em><\/p>\n<p><img loading=\"lazy\" decoding=\"async\" title=\"\" src=\"http:\/\/blog.ube.fr\/m2fctg\/wp-content\/uploads\/sites\/36\/2016\/02\/DSC_0564m1.jpg\" alt=\"\" width=\"981\" height=\"652\" \/><\/p>\n<p><img loading=\"lazy\" decoding=\"async\" title=\"\" src=\"http:\/\/blog.ube.fr\/m2fctg\/wp-content\/uploads\/sites\/36\/2016\/02\/DSC_0580m.jpg\" alt=\"\" width=\"981\" height=\"767\" \/><\/p>\n<p>&nbsp;<\/p>\n<p><em><strong>D\u00eener de fin d&#8217;ann\u00e9e promotion 2014\/2015<\/strong><\/em><\/p>\n<p><a href=\"http:\/\/blog.ube.fr\/m2fctg\/wp-content\/uploads\/sites\/36\/2015\/10\/20150319_201412.jpg\" rel=\"attachment wp-att-397\"><img loading=\"lazy\" decoding=\"async\" class=\"alignnone wp-image-397 size-full\" src=\"http:\/\/blog.ube.fr\/m2fctg\/wp-content\/uploads\/sites\/36\/2015\/10\/20150319_201412.jpg\" alt=\"20150319_201412\" width=\"1280\" height=\"720\" srcset=\"https:\/\/blog.ube.fr\/m2fctg\/wp-content\/uploads\/sites\/36\/2015\/10\/20150319_201412.jpg 1280w, https:\/\/blog.ube.fr\/m2fctg\/wp-content\/uploads\/sites\/36\/2015\/10\/20150319_201412-768x432.jpg 768w, https:\/\/blog.ube.fr\/m2fctg\/wp-content\/uploads\/sites\/36\/2015\/10\/20150319_201412-300x169.jpg 300w\" sizes=\"auto, (max-width: 1280px) 100vw, 1280px\" \/><\/a><\/p>\n<p>&nbsp;<\/p>\n<p><em><strong>Forum des masters 2, janvier 2015<\/strong><\/em><\/p>\n<\/div>\n<p><img decoding=\"async\" class=\"aligncenter\" title=\"\" src=\"http:\/\/blog.ube.fr\/m2fctg\/wp-content\/uploads\/sites\/36\/2016\/03\/Forum-M2-f\u00e9vrier-2015.jpg\" alt=\"\" \/><\/p>\n<div class=\"entry-content\">\n<p><em><strong>Rencontre avec les\u00a0 anciens du\u00a0 M2<\/strong><\/em><\/p>\n<\/div>\n<p><a href=\"http:\/\/blog.ube.fr\/m2fctg\/wp-content\/uploads\/sites\/36\/2016\/01\/IMG_0170-1.jpg\" rel=\"attachment wp-att-361\"><img loading=\"lazy\" decoding=\"async\" class=\"alignnone wp-image-361 size-full\" src=\"http:\/\/blog.ube.fr\/m2fctg\/wp-content\/uploads\/sites\/36\/2016\/01\/IMG_0170-1.jpg\" alt=\"IMG_0170\" width=\"3264\" height=\"2448\" srcset=\"https:\/\/blog.ube.fr\/m2fctg\/wp-content\/uploads\/sites\/36\/2016\/01\/IMG_0170-1.jpg 3264w, https:\/\/blog.ube.fr\/m2fctg\/wp-content\/uploads\/sites\/36\/2016\/01\/IMG_0170-1-768x576.jpg 768w, https:\/\/blog.ube.fr\/m2fctg\/wp-content\/uploads\/sites\/36\/2016\/01\/IMG_0170-1-300x225.jpg 300w\" sizes=\"auto, (max-width: 3264px) 100vw, 3264px\" \/><\/a><\/p>\n<div class=\"entry-content\">\n<p><a href=\"http:\/\/blog.ube.fr\/m2fctg\/wp-content\/uploads\/sites\/36\/2016\/01\/IMG_0167.jpg\" rel=\"attachment wp-att-360\"><img loading=\"lazy\" decoding=\"async\" class=\"alignnone wp-image-360 size-full\" src=\"http:\/\/blog.ube.fr\/m2fctg\/wp-content\/uploads\/sites\/36\/2016\/01\/IMG_0167.jpg\" alt=\"IMG_0167\" width=\"3264\" height=\"2448\" srcset=\"https:\/\/blog.ube.fr\/m2fctg\/wp-content\/uploads\/sites\/36\/2016\/01\/IMG_0167.jpg 3264w, https:\/\/blog.ube.fr\/m2fctg\/wp-content\/uploads\/sites\/36\/2016\/01\/IMG_0167-768x576.jpg 768w, https:\/\/blog.ube.fr\/m2fctg\/wp-content\/uploads\/sites\/36\/2016\/01\/IMG_0167-300x225.jpg 300w\" sizes=\"auto, (max-width: 3264px) 100vw, 3264px\" \/><\/a><\/p>\n<\/div>\n<p>&nbsp;<\/p>\n<div class=\"entry-content\">\n<p><strong><em>Velars sur Ouche: Pr\u00e9sentation fiscale d\u2019une fusion d\u2019EPCI<\/em><a href=\"http:\/\/m2fctg.free.fr\/wp-content\/uploads\/2012\/11\/VelarssurOuche.jpg\"><img decoding=\"async\" class=\"alignright size-full wp-image-1726\" title=\"VelarssurOuche\" src=\"http:\/\/m2fctg.free.fr\/wp-content\/uploads\/2012\/11\/VelarssurOuche.jpg\" alt=\"\" \/><\/a><\/strong><\/p>\n<p><em>Nos remerciements \u00e0 M. Dupaquier pr\u00e9sident de la communaut\u00e9 de communes du Sombernonnais et de l\u2019Ouche, M. Beaufum\u00e9 directeur g\u00e9n\u00e9ral des services et M. Decaux pour sa disponibilit\u00e9. \u00a0<\/em><\/p>\n<p><em><strong>\u00a0<\/strong><\/em><\/p>\n<p><em><strong>Rencontre sportive avec nos camarades du Master 2 DRHFP<\/strong><\/em><\/p>\n<p><strong><br \/>\n<a href=\"http:\/\/m2fctg.free.fr\/wp-content\/uploads\/2012\/11\/IMG_0525-2.jpg\"><img decoding=\"async\" class=\"aligncenter size-full wp-image-1715\" title=\"IMG_0525 (2)\" src=\"http:\/\/m2fctg.free.fr\/wp-content\/uploads\/2012\/11\/IMG_0525-2.jpg\" alt=\"\" \/><\/a><\/strong><\/p>\n<p><a href=\"http:\/\/www.gifsanimes.fr\/diviseur\/\"><img decoding=\"async\" class=\"aligncenter\" src=\"http:\/\/www.gifsanimes.fr\/diviseur\/diviseur\/le-sport\/le-sport-gifs-animes-1442058.gif\" alt=\"\" border=\"0\" \/><\/a><\/p>\n<p><strong><br \/>\n<a href=\"http:\/\/m2fctg.free.fr\/wp-content\/uploads\/2012\/11\/montageforum.jpg\"><img loading=\"lazy\" decoding=\"async\" class=\"aligncenter size-full wp-image-1714\" title=\"montageforum\" src=\"http:\/\/m2fctg.free.fr\/wp-content\/uploads\/2012\/11\/montageforum.jpg\" alt=\"\" width=\"1271\" height=\"953\" \/><\/a><\/strong><\/p>\n<p>&nbsp;<\/p>\n<p><strong><em>La galette des rois 2014:\u00a0<\/em><\/strong><\/p>\n<p><a href=\"http:\/\/m2fctg.free.fr\/wp-content\/uploads\/2012\/11\/galettedesrois.jpg\"><img decoding=\"async\" class=\"alignright size-full wp-image-1729\" title=\"galettedesrois\" src=\"http:\/\/m2fctg.free.fr\/wp-content\/uploads\/2012\/11\/galettedesrois.jpg\" alt=\"\" \/><\/a><\/p>\n<\/div>\n<p><strong>\u00a0<\/strong><\/p>\n<p><strong>~~~Repas de No\u00ebl 2013 ~~~<\/strong><\/p>\n<div class=\"entry-content\">\n<p><a href=\"http:\/\/m2fctg.free.fr\/wp-content\/uploads\/2012\/11\/Resto1.jpg\"><img loading=\"lazy\" decoding=\"async\" class=\"aligncenter size-full wp-image-1678\" title=\"Resto\" src=\"http:\/\/m2fctg.free.fr\/wp-content\/uploads\/2012\/11\/Resto1.jpg\" alt=\"\" width=\"630\" height=\"630\" \/><\/a><\/p>\n<p>&nbsp;<\/p>\n<p><em><strong>Ap\u00e9ro d\u00eenatoire \u00e9quipe p\u00e9dagogique\/association:\u00a0<\/strong><\/em><\/p>\n<p><a href=\"http:\/\/m2fctg.free.fr\/wp-content\/uploads\/2012\/11\/ap%C3%A9rodinatoire.jpg\"><img decoding=\"async\" class=\"alignright size-full wp-image-1724\" title=\"ap\u00e9rodinatoire\" src=\"http:\/\/m2fctg.free.fr\/wp-content\/uploads\/2012\/11\/ap%C3%A9rodinatoire.jpg\" alt=\"\" \/><\/a><\/p>\n<p>&nbsp;<\/p>\n<p>&nbsp;<\/p>\n<p>&nbsp;<\/p>\n<p>&nbsp;<\/p>\n<\/div>\n<p><strong>\u00a0<\/strong><\/p>\n<p><em><strong>Rencontre avec les \u00ab\u00a0Anciens\u00a0\u00bb\u2026 Bons conseils et Beaux t\u00e9moignages pour les\u00a0<\/strong><strong>recrutements\u2026 une belle et encourageante solidarit\u00e9 entre les promotions \u2013 29 Mars 2013<\/strong><\/em><\/p>\n<div class=\"entry-content\">\n<p><strong>\u00a0\u00a0\u00a0\u00a0<img loading=\"lazy\" decoding=\"async\" class=\"alignnone size-full wp-image-1447\" title=\"DSC04424\" src=\"http:\/\/m2fctg.free.fr\/wp-content\/uploads\/2011\/10\/DSC04424.jpg\" alt=\"\" width=\"300\" height=\"200\" \/><br \/>\n<\/strong><\/p>\n<p>&nbsp;<\/p>\n<p><em>Pr\u00e9sentation du site internet aux anciens du M2FCTG\u00a0par\u00a0Patrice RAYMOND avec<br \/>\n<\/em><em>Morgane LE GALLO,\u00a0Pr\u00e9sidente de l\u2019Association des \u00e9tudiants<br \/>\n<\/em><em>Maxime EICHELBERGER, Vice-Pr\u00e9sident de l\u2019Association des \u00e9tudiants<br \/>\n<\/em><em>Fanny LOREAUD, Webmaster (Promotion 2012\/2013)<br \/>\nLieutenant de vaisseau Yves CHEVAL (Promotion 2008\/2009)<\/em><\/p>\n<p><strong>_ _ _<\/strong><\/p>\n<p><em><strong>Pr\u00e9sentation du M2 FCTG lors du forum des masters de l\u2019UFR Droit &amp; Science Politique \u2013 22 Janvier 2013<br \/>\n<\/strong><\/em><\/p>\n<p><strong>_ _ _<\/strong><\/p>\n<p><em><strong>Journ\u00e9e SKI \u2013 19 Janvier 2013<\/strong><\/em><\/p>\n<p><strong>_ _ _<\/strong><\/p>\n<p><em><strong>Echanges des voeux 2013 autour de la galette des rois en pr\u00e9sence de Mme Laurence RAVILLON, Doyen de l\u2019UFR Droit et Science Politique ainsi que de plusieurs membres de l\u2019\u00e9quipe p\u00e9dagogique<\/strong><\/em><br \/>\n_ _ _<\/p>\n<p><em><strong>D\u00eener de fin d&#8217;ann\u00e9e Etudiants\/Intervenants \u2013\u00a0 2012<\/strong><\/em><\/p>\n<p><strong><a href=\"http:\/\/blog.ube.fr\/m2fctg\/wp-content\/uploads\/sites\/36\/2015\/10\/DSC02639.jpg\" rel=\"attachment wp-att-392\"><img loading=\"lazy\" decoding=\"async\" class=\"alignnone wp-image-392 size-full\" src=\"http:\/\/blog.ube.fr\/m2fctg\/wp-content\/uploads\/sites\/36\/2015\/10\/DSC02639.jpg\" alt=\"DSC02639\" width=\"2592\" height=\"1944\" srcset=\"https:\/\/blog.ube.fr\/m2fctg\/wp-content\/uploads\/sites\/36\/2015\/10\/DSC02639.jpg 2592w, https:\/\/blog.ube.fr\/m2fctg\/wp-content\/uploads\/sites\/36\/2015\/10\/DSC02639-768x576.jpg 768w, https:\/\/blog.ube.fr\/m2fctg\/wp-content\/uploads\/sites\/36\/2015\/10\/DSC02639-300x225.jpg 300w\" sizes=\"auto, (max-width: 2592px) 100vw, 2592px\" \/><\/a><br \/>\n<\/strong><\/p>\n<p>_ _ _<\/p>\n<p><em><strong>Soir\u00e9e Etudiants\/Intervenants \u2013 27 novembre 2012<\/strong><\/em><\/p>\n<p>C\u2019est dans une ambiance conviviale que s\u2019est d\u00e9roul\u00e9e la premi\u00e8re soir\u00e9e Etudiants\/Intervenants organis\u00e9e par l\u2019association FICOTEG.<br \/>\n<strong><a href=\"https:\/\/picasaweb.google.com\/117794930924554932287\/SoireeEtudiantsIntervenantsDu27Novembre2012?authkey=Gv1sRgCJXQ9Z7OhvrV8wE#slideshow\/5816285281842618898\" target=\"_blank\" rel=\"noopener\">Reportage photos !<\/a>\u00a0<\/strong><\/p>\n<h3>_ _ _<\/h3>\n<p style=\"text-align: center\"><strong><em>Le site internet du Master 2 \u00ab\u00a0Finances des Collectivit\u00e9s Territoriales et des Groupements\u00a0\u00bb a \u00e9t\u00e9 inaugur\u00e9 en avril 2012 \u00e0 Dijon<\/em><br \/>\n<a href=\"https:\/\/picasaweb.google.com\/117794930924554932287\/InaugurationDuSiteInternet?authkey=Gv1sRgCOir3_f5_aaPRQ#slideshow\/5815178497411881010\" target=\"_blank\" rel=\"noopener\">Album de l\u2019\u00e9v\u00e9nement<\/a><\/strong><\/p>\n<p><a href=\"http:\/\/blog.ube.fr\/m2fctg\/wp-content\/uploads\/sites\/36\/2015\/10\/DSC02677.jpg\" rel=\"attachment wp-att-426\"><img loading=\"lazy\" decoding=\"async\" class=\"alignnone wp-image-426 size-full\" src=\"http:\/\/blog.ube.fr\/m2fctg\/wp-content\/uploads\/sites\/36\/2015\/10\/DSC02677.jpg\" alt=\"DSC02677\" width=\"1024\" height=\"768\" srcset=\"https:\/\/blog.ube.fr\/m2fctg\/wp-content\/uploads\/sites\/36\/2015\/10\/DSC02677.jpg 1024w, https:\/\/blog.ube.fr\/m2fctg\/wp-content\/uploads\/sites\/36\/2015\/10\/DSC02677-768x576.jpg 768w, https:\/\/blog.ube.fr\/m2fctg\/wp-content\/uploads\/sites\/36\/2015\/10\/DSC02677-300x225.jpg 300w\" sizes=\"auto, (max-width: 1024px) 100vw, 1024px\" \/><\/a><\/p>\n<\/div>\n<p>&nbsp;<\/p>\n<p style=\"padding-left: 450px\"><em>Site r\u00e9alis\u00e9 par Thomas Cornille<\/em><\/p>\n","protected":false},"excerpt":{"rendered":"<p>\u00c9V\u00c8NEMENTS DES ANN\u00c9ES PASS\u00c9ES &nbsp; Repas de fin d&#8217;ann\u00e9e apr\u00e8s la remise des dipl\u00f4mes de la promotion 2017-2018, accompagn\u00e9e de la promotion 2016-2017 et la promotion du D.U 2017-2018. &nbsp; Soir\u00e9e entre la Promotion 2017-2018 et les anciens &nbsp; Soir\u00e9e Galette des Rois de la Promotion 2017-2018 &nbsp; Repas organis\u00e9 par M. GOMIS (Promotion 2017-2018)<\/p>\n<p><a class=\"button\" href=\"https:\/\/blog.ube.fr\/m2fctg\/evenements-2\/\" title=\"More\">  Voir plus \u2192<\/a><\/p>\n","protected":false},"author":103,"featured_media":0,"parent":0,"menu_order":0,"comment_status":"closed","ping_status":"closed","template":"","meta":{"footnotes":""},"class_list":["post-100","page","type-page","status-publish","hentry"],"_links":{"self":[{"href":"https:\/\/blog.ube.fr\/m2fctg\/wp-json\/wp\/v2\/pages\/100","targetHints":{"allow":["GET"]}}],"collection":[{"href":"https:\/\/blog.ube.fr\/m2fctg\/wp-json\/wp\/v2\/pages"}],"about":[{"href":"https:\/\/blog.ube.fr\/m2fctg\/wp-json\/wp\/v2\/types\/page"}],"author":[{"embeddable":true,"href":"https:\/\/blog.ube.fr\/m2fctg\/wp-json\/wp\/v2\/users\/103"}],"replies":[{"embeddable":true,"href":"https:\/\/blog.ube.fr\/m2fctg\/wp-json\/wp\/v2\/comments?post=100"}],"version-history":[{"count":34,"href":"https:\/\/blog.ube.fr\/m2fctg\/wp-json\/wp\/v2\/pages\/100\/revisions"}],"predecessor-version":[{"id":2031,"href":"https:\/\/blog.ube.fr\/m2fctg\/wp-json\/wp\/v2\/pages\/100\/revisions\/2031"}],"wp:attachment":[{"href":"https:\/\/blog.ube.fr\/m2fctg\/wp-json\/wp\/v2\/media?parent=100"}],"curies":[{"name":"wp","href":"https:\/\/api.w.org\/{rel}","templated":true}]}}