{"id":9,"date":"2017-05-09T16:12:30","date_gmt":"2017-05-09T14:12:30","guid":{"rendered":"http:\/\/blog.u-bourgogne.fr\/lpro-gpsac\/?page_id=9"},"modified":"2022-07-01T16:55:39","modified_gmt":"2022-07-01T14:55:39","slug":"presentation-du-diplome","status":"publish","type":"page","link":"https:\/\/blog.ube.fr\/lpro-gpsac\/presentation-du-diplome\/","title":{"rendered":"Pr\u00e9sentation du dipl\u00f4me"},"content":{"rendered":"<h1>\u00a0<\/h1>\n<h1><strong><img loading=\"lazy\" decoding=\"async\" class=\"size-full wp-image-43 alignnone\" src=\"http:\/\/blog.ube.fr\/lpro-gpsac\/wp-content\/uploads\/sites\/86\/2017\/05\/losange.png\" width=\"25\" height=\"25\" srcset=\"https:\/\/blog.ube.fr\/lpro-gpsac\/wp-content\/uploads\/sites\/86\/2017\/05\/losange.png 459w, https:\/\/blog.ube.fr\/lpro-gpsac\/wp-content\/uploads\/sites\/86\/2017\/05\/losange-150x150.png 150w, https:\/\/blog.ube.fr\/lpro-gpsac\/wp-content\/uploads\/sites\/86\/2017\/05\/losange-300x300.png 300w\" sizes=\"auto, (max-width: 25px) 100vw, 25px\" \/> Objectifs<\/strong><\/h1>\n<p>&nbsp;<\/p>\n<p style=\"text-align: justify;\">Le titulaire de ce dipl\u00f4me participe \u00e0 la gestion et au d\u00e9veloppement des activit\u00e9s artistiques dans le domaine des arts vivants (danse, cirque, th\u00e9\u00e2tre, arts de rue\u2026etc). Il d\u00e9veloppe et dirige des projets artistiques et culturels dans un contexte local singulier et en initie de nouveaux en consid\u00e9rant les diff\u00e9rentes composantes de l\u2019environnement social, politique, artistique, culturel et \u00e9conomique. Il incite au d\u00e9veloppement de nouvelles activit\u00e9s en r\u00e9ponse \u00e0 des demandes de publics vis\u00e9s.<\/p>\n<p style=\"text-align: justify;\">Soutien constructif au projet artistique, interface avec les diff\u00e9rents partenaires financiers et professionnels, analyste de la faisabilit\u00e9 \u00e9conomique et organisationnelle, le titulaire de cette licence d\u00e9veloppe des comp\u00e9tences de gestion administrative et financi\u00e8re pour manager des projets et g\u00e9rer de petites structures. Plus encore, c\u2019est un traducteur qui doit permettre le dialogue entre les p\u00f4les artistiques, techniques, administratifs, financiers, politiques\u2026<\/p>\n<p style=\"text-align: justify;\">En administrant un projet artistique, il s\u2019inscrit dans une \u00e9quipe de travail force d\u2019analyse et de proposition sur un territoire. Il cr\u00e9e des contractualisations et des partenariats. Il d\u00e9veloppe et met en \u0153uvre une m\u00e9thodologie pour obtenir des collaborations et des financements notamment en mutualisant les moyens des diverses composantes associ\u00e9es (collectivit\u00e9s territoriales, intercommunalit\u00e9s, partenaires priv\u00e9s\u2026), et dans le respect du cadre l\u00e9gislatif.<\/p>\n<p style=\"text-align: justify;\">\u00a0<\/p>\n<h1><strong><img loading=\"lazy\" decoding=\"async\" class=\"size-full wp-image-43 alignnone\" src=\"http:\/\/blog.ube.fr\/lpro-gpsac\/wp-content\/uploads\/sites\/86\/2017\/05\/losange.png\" width=\"25\" height=\"25\" srcset=\"https:\/\/blog.ube.fr\/lpro-gpsac\/wp-content\/uploads\/sites\/86\/2017\/05\/losange.png 459w, https:\/\/blog.ube.fr\/lpro-gpsac\/wp-content\/uploads\/sites\/86\/2017\/05\/losange-150x150.png 150w, https:\/\/blog.ube.fr\/lpro-gpsac\/wp-content\/uploads\/sites\/86\/2017\/05\/losange-300x300.png 300w\" sizes=\"auto, (max-width: 25px) 100vw, 25px\" \/> Comp\u00e9tences Acquises<br \/>\n<\/strong><\/h1>\n<p>&nbsp;<\/p>\n<ul>\n<li style=\"text-align: justify;\"><strong>D\u00e9velopper des projets<\/strong>: concevoir un projet culturel, en nommer les enjeux\/ \/ r\u00e9diger un projet et convaincre de sa pertinence aupr\u00e8s de diff\u00e9rents partenaires\/ \u00e9tablir une convention \/rechercher des financements priv\u00e9s et ou publics\/ analyser sa faisabilit\u00e9 et en mesurer les risques \/ d\u00e9finir les phases d\u2019un projet \/ d\u00e9finir le calendrier de mise en \u0153uvre d\u2019un projet \/ d\u00e9finir les moyens de mise en \u0153uvre d\u2019un projet \/d\u00e9finir et piloter des actions de m\u00e9diation autour d\u2019un projet\/ concevoir et ex\u00e9cuter un cahier des charges \/ respecter et mettre en \u0153uvre les conditions de s\u00e9curit\u00e9 relatives \u00e0 l\u2019accueil des publics \/\u00e9tablir un bilan d\u2019activit\u00e9.<\/li>\n<\/ul>\n<ul style=\"text-align: justify;\">\n<li><strong>Coordonner un projet artistique\u00a0<\/strong>: animer une \u00e9quipe\u00a0: d\u00e9velopper des techniques de management\/ g\u00e9rer les relations avec les artistes et les publics \/ \u00e9laborer un syst\u00e8me de tarification \/ organiser une billetterie \/ argumenter un projet de diffusion\/ organiser une tourn\u00e9e \/ g\u00e9rer une tourn\u00e9e.<\/li>\n<\/ul>\n<ul style=\"text-align: justify;\">\n<li><strong>D\u00e9velopper une programmation culturelle <\/strong>\u00a0<strong>et des actions de m\u00e9diation pour un \u00e9v\u00e9nement ou festival:<\/strong> d\u00e9finir la ligne artistique d\u2019une programmation \/ traduire une politique en projet op\u00e9rationnel \/ concevoir la programmation d\u2019un festival ou d\u2019un \u00e9v\u00e8nement \/ concevoir une programmation jeune public \/ caract\u00e9riser un public\/ concevoir un programme d\u2019animation \/ concevoir un atelier artistique\u00a0 \/analyser une situation de m\u00e9diation\/ organiser des rencontres avec les artistes et ou les \u0153uvres (ateliers, visites, r\u00e9p\u00e9tition, conf\u00e9rences), cr\u00e9er des dossiers p\u00e9dagogiques.<\/li>\n<\/ul>\n<ul>\n<li style=\"text-align: justify;\"><strong>D\u00e9velopper des outils de communication au service d\u2019un projet\u00a0<\/strong>: d\u00e9finir les supports de communication \/ concevoir un plan de communication \/ \/utiliser les outils num\u00e9riques au service de la communication\/ cr\u00e9er et animer un site internet, utiliser les r\u00e9seaux sociaux\/ concevoir et conduire un questionnaire d\u2019enqu\u00eate pour le public.<\/li>\n<\/ul>\n<p>&nbsp;<\/p>\n<h1><strong><img loading=\"lazy\" decoding=\"async\" class=\"size-full wp-image-43 alignnone\" src=\"http:\/\/blog.ube.fr\/lpro-gpsac\/wp-content\/uploads\/sites\/86\/2017\/05\/losange.png\" width=\"25\" height=\"25\" srcset=\"https:\/\/blog.ube.fr\/lpro-gpsac\/wp-content\/uploads\/sites\/86\/2017\/05\/losange.png 459w, https:\/\/blog.ube.fr\/lpro-gpsac\/wp-content\/uploads\/sites\/86\/2017\/05\/losange-150x150.png 150w, https:\/\/blog.ube.fr\/lpro-gpsac\/wp-content\/uploads\/sites\/86\/2017\/05\/losange-300x300.png 300w\" sizes=\"auto, (max-width: 25px) 100vw, 25px\" \/> Organisation de la Formation<br \/>\n<\/strong><\/h1>\n<p>&nbsp;<\/p>\n<p style=\"text-align: justify;\"><img loading=\"lazy\" decoding=\"async\" class=\"size-full wp-image-77 alignright\" src=\"http:\/\/blog.ube.fr\/lpro-gpsac\/wp-content\/uploads\/sites\/86\/2017\/05\/theatre.png\" width=\"300\" height=\"376\" srcset=\"https:\/\/blog.ube.fr\/lpro-gpsac\/wp-content\/uploads\/sites\/86\/2017\/05\/theatre.png 2239w, https:\/\/blog.ube.fr\/lpro-gpsac\/wp-content\/uploads\/sites\/86\/2017\/05\/theatre-239x300.png 239w, https:\/\/blog.ube.fr\/lpro-gpsac\/wp-content\/uploads\/sites\/86\/2017\/05\/theatre-768x962.png 768w, https:\/\/blog.ube.fr\/lpro-gpsac\/wp-content\/uploads\/sites\/86\/2017\/05\/theatre-817x1024.png 817w\" sizes=\"auto, (max-width: 300px) 100vw, 300px\" \/><\/p>\n<p>518 heures d\u2019enseignements au total (CM, TD, TP)<\/p>\n<p>100 heures de\u00a0projets tutor\u00e9s<\/p>\n<p>12 semaines de stage \u00a0minimum (d&#8217;avril \u00e0 septembre)<\/p>\n<p>Enseignements assur\u00e9s par des universitaires (1\/3) et des professionnels (2\/3)<\/p>\n<p>D\u00e9couverte et analyse d&#8217;une quinzaine de repr\u00e9sentations<\/p>\n<p>&nbsp;<\/p>\n<h1><strong><img loading=\"lazy\" decoding=\"async\" class=\"size-full wp-image-43 alignnone\" src=\"http:\/\/blog.ube.fr\/lpro-gpsac\/wp-content\/uploads\/sites\/86\/2017\/05\/losange.png\" width=\"25\" height=\"25\" srcset=\"https:\/\/blog.ube.fr\/lpro-gpsac\/wp-content\/uploads\/sites\/86\/2017\/05\/losange.png 459w, https:\/\/blog.ube.fr\/lpro-gpsac\/wp-content\/uploads\/sites\/86\/2017\/05\/losange-150x150.png 150w, https:\/\/blog.ube.fr\/lpro-gpsac\/wp-content\/uploads\/sites\/86\/2017\/05\/losange-300x300.png 300w\" sizes=\"auto, (max-width: 25px) 100vw, 25px\" \/>\u00a0Contenu\u00a0de la Formation<\/strong><\/h1>\n<h5>\u00a0<\/h5>\n<p>Semestre 1<\/p>\n<ul style=\"list-style-type: square;\">\n<li>Connaissance de milieux culturels<\/li>\n<li>Analyse du spectacle vivant<\/li>\n<li>Management de projet culturel<\/li>\n<li>Langage et communication appliqu\u00e9e au spectacle<\/li>\n<li>Gestion appliqu\u00e9e au secteur des arts et de la culture<\/li>\n<\/ul>\n<p>Semestre 2<\/p>\n<ul style=\"list-style-type: square;\">\n<li>Management d\u2019\u00e9v\u00e9nements et festivals<\/li>\n<li>Culture et territoires<\/li>\n<li>Nouvelles technologies au service des projets culturels et artistiques<\/li>\n<li>Connaissance des Activit\u00e9s Physiques Artistiques et action culturelle<\/li>\n<li>Analyse du milieu et acquisition de comp\u00e9tences d\u2019intervention (Stage et projet tutor\u00e9)<\/li>\n<\/ul>\n<h5>\u00a0<\/h5>\n<p style=\"text-align: justify;\">\u00a0<\/p>\n<h1><strong><img loading=\"lazy\" decoding=\"async\" class=\"size-full wp-image-43 alignnone\" src=\"http:\/\/blog.ube.fr\/lpro-gpsac\/wp-content\/uploads\/sites\/86\/2017\/05\/losange.png\" width=\"25\" height=\"25\" srcset=\"https:\/\/blog.ube.fr\/lpro-gpsac\/wp-content\/uploads\/sites\/86\/2017\/05\/losange.png 459w, https:\/\/blog.ube.fr\/lpro-gpsac\/wp-content\/uploads\/sites\/86\/2017\/05\/losange-150x150.png 150w, https:\/\/blog.ube.fr\/lpro-gpsac\/wp-content\/uploads\/sites\/86\/2017\/05\/losange-300x300.png 300w\" sizes=\"auto, (max-width: 25px) 100vw, 25px\" \/> Les partenaires<br \/>\n<\/strong><\/h1>\n<p style=\"text-align: justify;\">\u00a0<\/p>\n<p><img loading=\"lazy\" decoding=\"async\" class=\"alignleft size-full wp-image-283\" src=\"http:\/\/blog.ube.fr\/lpro-gpsac\/wp-content\/uploads\/sites\/86\/2022\/07\/logos-partenaires.png\" alt=\"\" width=\"2835\" height=\"2008\" srcset=\"https:\/\/blog.ube.fr\/lpro-gpsac\/wp-content\/uploads\/sites\/86\/2022\/07\/logos-partenaires.png 2835w, https:\/\/blog.ube.fr\/lpro-gpsac\/wp-content\/uploads\/sites\/86\/2022\/07\/logos-partenaires-300x212.png 300w, https:\/\/blog.ube.fr\/lpro-gpsac\/wp-content\/uploads\/sites\/86\/2022\/07\/logos-partenaires-1024x725.png 1024w, https:\/\/blog.ube.fr\/lpro-gpsac\/wp-content\/uploads\/sites\/86\/2022\/07\/logos-partenaires-768x544.png 768w, https:\/\/blog.ube.fr\/lpro-gpsac\/wp-content\/uploads\/sites\/86\/2022\/07\/logos-partenaires-1536x1088.png 1536w, https:\/\/blog.ube.fr\/lpro-gpsac\/wp-content\/uploads\/sites\/86\/2022\/07\/logos-partenaires-2048x1451.png 2048w\" sizes=\"auto, (max-width: 2835px) 100vw, 2835px\" \/><\/p>\n<p>&nbsp;<\/p>\n<p>&nbsp;<\/p>\n<p>&nbsp;<\/p>\n<p>&nbsp;<\/p>\n<p>&nbsp;<\/p>\n<p>&nbsp;<\/p>\n<p>&nbsp;<\/p>\n<p>&nbsp;<\/p>\n<p>&nbsp;<\/p>\n<p>&nbsp;<\/p>\n<p>&nbsp;<\/p>\n<p>&nbsp;<\/p>\n<p>&nbsp;<\/p>\n<p>&nbsp;<\/p>\n<p>&nbsp;<\/p>\n<p>&nbsp;<\/p>\n<p>&nbsp;<\/p>\n<p>&nbsp;<\/p>\n<p>&nbsp;<\/p>\n<p>&nbsp;<\/p>\n<p>&nbsp;<\/p>\n<p>&nbsp;<\/p>\n<p>&nbsp;<\/p>\n<p>&nbsp;<\/p>\n<p>&nbsp;<\/p>\n<p>&nbsp;<\/p>\n<p>&nbsp;<\/p>\n<p>&nbsp;<\/p>\n<p>&nbsp;<\/p>\n<p>&nbsp;<\/p>\n<p>&nbsp;<\/p>\n","protected":false},"excerpt":{"rendered":"<p>\u00a0 Objectifs &nbsp; Le titulaire de ce dipl\u00f4me participe \u00e0 la gestion et au d\u00e9veloppement des activit\u00e9s artistiques dans le domaine des arts vivants (danse, cirque, th\u00e9\u00e2tre, arts de rue\u2026etc). Il d\u00e9veloppe et dirige des projets artistiques et culturels dans un contexte local singulier et en initie de nouveaux en consid\u00e9rant les diff\u00e9rentes composantes de&hellip;<\/p>\n<p class=\"more-link-p\"><a class=\"btn btn-primary\" href=\"https:\/\/blog.ube.fr\/lpro-gpsac\/presentation-du-diplome\/\">Voir plus &rarr;<\/a><\/p>\n","protected":false},"author":270,"featured_media":0,"parent":0,"menu_order":2,"comment_status":"closed","ping_status":"closed","template":"","meta":{"footnotes":""},"class_list":["post-9","page","type-page","status-publish","hentry"],"_links":{"self":[{"href":"https:\/\/blog.ube.fr\/lpro-gpsac\/wp-json\/wp\/v2\/pages\/9","targetHints":{"allow":["GET"]}}],"collection":[{"href":"https:\/\/blog.ube.fr\/lpro-gpsac\/wp-json\/wp\/v2\/pages"}],"about":[{"href":"https:\/\/blog.ube.fr\/lpro-gpsac\/wp-json\/wp\/v2\/types\/page"}],"author":[{"embeddable":true,"href":"https:\/\/blog.ube.fr\/lpro-gpsac\/wp-json\/wp\/v2\/users\/270"}],"replies":[{"embeddable":true,"href":"https:\/\/blog.ube.fr\/lpro-gpsac\/wp-json\/wp\/v2\/comments?post=9"}],"version-history":[{"count":70,"href":"https:\/\/blog.ube.fr\/lpro-gpsac\/wp-json\/wp\/v2\/pages\/9\/revisions"}],"predecessor-version":[{"id":285,"href":"https:\/\/blog.ube.fr\/lpro-gpsac\/wp-json\/wp\/v2\/pages\/9\/revisions\/285"}],"wp:attachment":[{"href":"https:\/\/blog.ube.fr\/lpro-gpsac\/wp-json\/wp\/v2\/media?parent=9"}],"curies":[{"name":"wp","href":"https:\/\/api.w.org\/{rel}","templated":true}]}}